{"id":5330,"date":"2021-01-13T16:29:55","date_gmt":"2021-01-13T16:29:55","guid":{"rendered":"https:\/\/smartmag.theme-sphere.com\/news-time\/"},"modified":"2026-04-22T19:01:31","modified_gmt":"2026-04-22T22:01:31","slug":"homepage","status":"publish","type":"page","link":"https:\/\/tarauacanamidia.com.br\/","title":{"rendered":"Homepage"},"content":{"rendered":"\t\t<div data-elementor-type=\"wp-page\" data-elementor-id=\"5330\" class=\"elementor elementor-5330\" data-elementor-post-type=\"page\">\n\t\t\t\t\t\t<section class=\"has-el-gap el-gap-default elementor-section elementor-top-section elementor-element elementor-element-d64554f elementor-section-boxed elementor-section-height-default elementor-section-height-default\" data-id=\"d64554f\" data-element_type=\"section\" data-e-type=\"section\">\n\t\t\t\t\t\t<div class=\"elementor-container elementor-column-gap-no\">\n\t\t\t\t\t<div class=\"elementor-column elementor-col-66 elementor-top-column elementor-element elementor-element-0cd2772 main-content\" data-id=\"0cd2772\" data-element_type=\"column\" data-e-type=\"column\">\n\t\t\t<div class=\"elementor-widget-wrap elementor-element-populated\">\n\t\t\t\t\t\t<div class=\"elementor-element elementor-element-264c1be upk-content-position--center upk-navigation-type-both elementor-widget elementor-widget-upk-paradox-slider\" data-id=\"264c1be\" data-element_type=\"widget\" data-e-type=\"widget\" data-widget_type=\"upk-paradox-slider.default\">\n\t\t\t\t<div class=\"elementor-widget-container\">\n\t\t\t\t\t\t\t<div id=\"upk-paradox-slider-264c1be\" class=\"upk-paradox-slider upk-arrows-dots-align-center\" data-settings=\"{&quot;autoplay&quot;:{&quot;delay&quot;:5000},&quot;loop&quot;:true,&quot;speed&quot;:500,&quot;effect&quot;:&quot;fade&quot;,&quot;lazy&quot;:{&quot;loadPrevNext&quot;:&quot;true&quot;},&quot;parallax&quot;:true,&quot;slidesPerView&quot;:1,&quot;navigation&quot;:{&quot;nextEl&quot;:&quot;#upk-paradox-slider-264c1be .upk-navigation-next&quot;,&quot;prevEl&quot;:&quot;#upk-paradox-slider-264c1be .upk-navigation-prev&quot;},&quot;pagination&quot;:{&quot;el&quot;:&quot;#upk-paradox-slider-264c1be .swiper-pagination&quot;,&quot;type&quot;:&quot;bullets&quot;,&quot;clickable&quot;:&quot;true&quot;,&quot;dynamicBullets&quot;:false},&quot;scrollbar&quot;:{&quot;el&quot;:&quot;#upk-paradox-slider-264c1be .swiper-scrollbar&quot;,&quot;hide&quot;:&quot;true&quot;}}\">\n\t\t\t<div class=\"upk-paradox-slider-wrapper\">\n\t\t\t\t<div class=\"swiper-container\">\n\t\t\t\t\t<div class=\"swiper-wrapper\">\n\t\t\t\t<div class=\"upk-paradox-slider-item swiper-slide upk-transition-toggle\">\n\t\t\t<div class=\"upk-image-wrapper\">\n\t\t\t\t\n\t\t<img decoding=\"async\" class=\"upk-paradox-img swiper-lazy\" src=\"https:\/\/tarauacanamidia.com.br\/wp-content\/uploads\/2026\/05\/155667-cartorios-eleitorais-de-sp-abrem-no-feriado-e-fim-de-semana-para-regularizacao-do-titulo.png\" alt=\"Cart\u00f3rios eleitorais de SP abrem no feriado e fim de semana para regulariza\u00e7\u00e3o do t\u00edtulo\">\n\n\t\t\t\t\t<\/div>\n\n\t\t\t<div class=\"upk-paradox-content-box upk-position-center\">\n\t\t\t\t<div class=\"upk-content-inner\">\n\t\t\t\t\t<div class=\"upk-category-date-wrap upk-flex upk-flex-middle\" data-swiper-parallax=\"-100\" data-swiper-parallax-opacity=\"0.5\" data-swiper-parallax-duration=\"600\">\n\t\t\t\t\t\t\t\t<div class=\"upk-paradox-category\">\n\t\t\t<a href=\"https:\/\/tarauacanamidia.com.br\/?cat=41\">Tecnologia<\/a>\t\t<\/div>\n\t\t\t\t\t\t\t\t\n\t\t<div class=\"upk-paradox-date\">\n\t\t\t1 de maio de 2026\t\t<\/div>\n\n\t\t\n\t\t\t\t\t\t\t<\/div>\n\n\t\t\t\t\t<div data-swiper-parallax=\"-200\" data-swiper-parallax-opacity=\"0.5\" data-swiper-parallax-duration=\"700\">\n\t\t\t\t\t\t<h3 class=\"upk-paradox-title-wrap\" >\n\t\t\t\t<a href=\"https:\/\/tarauacanamidia.com.br\/?p=155667\" class=\"upk-paradox-title\" title=\"Cart\u00f3rios eleitorais de SP abrem no feriado e fim de semana para regulariza\u00e7\u00e3o do t\u00edtulo\">\n\t\t\t\t\tCart\u00f3rios eleitorais de SP abrem no feriado e fim de semana para regulariza\u00e7\u00e3o do t\u00edtulo\n\t\t\t\t<\/a>\n\t\t\t<\/h3>\t\t\t\t\t<\/div>\n\n\t\t\t\t\t<div data-swiper-parallax=\"-300\" data-swiper-parallax-opacity=\"0.5\" data-swiper-parallax-duration=\"800\">\n\t\t\t\t\t\t\t\t\t\t\t<\/div>\n\t\t\t\t\t\n\t\t\t\t\t<div data-swiper-parallax=\"-400\" data-swiper-parallax-opacity=\"0.5\" data-swiper-parallax-duration=\"900\">\n\t\t\t\t\t\t\t\t\t\t\t<\/div>\n\t\t\t\t<\/div>\n\t\t\t<\/div>\n\t\t<\/div>\n\t\t\t\t<div class=\"upk-paradox-slider-item swiper-slide upk-transition-toggle\">\n\t\t\t<div class=\"upk-image-wrapper\">\n\t\t\t\t\n\t\t<img decoding=\"async\" class=\"upk-paradox-img swiper-lazy\" src=\"https:\/\/tarauacanamidia.com.br\/wp-content\/uploads\/2026\/05\/155669-mercado-financeiro-mantem-pressao-sobre-juros-e-projeta-selic-a-13-diante-de-inflacao-resistente.jpg\" alt=\"Mercado financeiro mant\u00e9m press\u00e3o sobre juros e projeta Selic a 13% diante de infla\u00e7\u00e3o resistente\">\n\n\t\t\t\t\t<\/div>\n\n\t\t\t<div class=\"upk-paradox-content-box upk-position-center\">\n\t\t\t\t<div class=\"upk-content-inner\">\n\t\t\t\t\t<div class=\"upk-category-date-wrap upk-flex upk-flex-middle\" data-swiper-parallax=\"-100\" data-swiper-parallax-opacity=\"0.5\" data-swiper-parallax-duration=\"600\">\n\t\t\t\t\t\t\t\t<div class=\"upk-paradox-category\">\n\t\t\t<a href=\"https:\/\/tarauacanamidia.com.br\/?cat=41\">Tecnologia<\/a>\t\t<\/div>\n\t\t\t\t\t\t\t\t\n\t\t<div class=\"upk-paradox-date\">\n\t\t\t1 de maio de 2026\t\t<\/div>\n\n\t\t\n\t\t\t\t\t\t\t<\/div>\n\n\t\t\t\t\t<div data-swiper-parallax=\"-200\" data-swiper-parallax-opacity=\"0.5\" data-swiper-parallax-duration=\"700\">\n\t\t\t\t\t\t<h3 class=\"upk-paradox-title-wrap\" >\n\t\t\t\t<a href=\"https:\/\/tarauacanamidia.com.br\/?p=155669\" class=\"upk-paradox-title\" title=\"Mercado financeiro mant\u00e9m press\u00e3o sobre juros e projeta Selic a 13% diante de infla\u00e7\u00e3o resistente\">\n\t\t\t\t\tMercado financeiro mant\u00e9m press\u00e3o sobre juros e projeta Selic a 13% diante de infla\u00e7\u00e3o resistente\n\t\t\t\t<\/a>\n\t\t\t<\/h3>\t\t\t\t\t<\/div>\n\n\t\t\t\t\t<div data-swiper-parallax=\"-300\" data-swiper-parallax-opacity=\"0.5\" data-swiper-parallax-duration=\"800\">\n\t\t\t\t\t\t\t\t\t\t\t<\/div>\n\t\t\t\t\t\n\t\t\t\t\t<div data-swiper-parallax=\"-400\" data-swiper-parallax-opacity=\"0.5\" data-swiper-parallax-duration=\"900\">\n\t\t\t\t\t\t\t\t\t\t\t<\/div>\n\t\t\t\t<\/div>\n\t\t\t<\/div>\n\t\t<\/div>\n\t\t\t\t<div class=\"upk-paradox-slider-item swiper-slide upk-transition-toggle\">\n\t\t\t<div class=\"upk-image-wrapper\">\n\t\t\t\t\n\t\t<img decoding=\"async\" class=\"upk-paradox-img swiper-lazy\" src=\"https:\/\/tarauacanamidia.com.br\/wp-content\/uploads\/2026\/05\/155671-pesquisadores-de-sp-desenvolvem-dispositivo-que-integra-computacao-ao-cerebro-humano.png\" alt=\"Pesquisadores de SP desenvolvem dispositivo que integra computa\u00e7\u00e3o ao c\u00e9rebro humano\">\n\n\t\t\t\t\t<\/div>\n\n\t\t\t<div class=\"upk-paradox-content-box upk-position-center\">\n\t\t\t\t<div class=\"upk-content-inner\">\n\t\t\t\t\t<div class=\"upk-category-date-wrap upk-flex upk-flex-middle\" data-swiper-parallax=\"-100\" data-swiper-parallax-opacity=\"0.5\" data-swiper-parallax-duration=\"600\">\n\t\t\t\t\t\t\t\t<div class=\"upk-paradox-category\">\n\t\t\t<a href=\"https:\/\/tarauacanamidia.com.br\/?cat=41\">Tecnologia<\/a>\t\t<\/div>\n\t\t\t\t\t\t\t\t\n\t\t<div class=\"upk-paradox-date\">\n\t\t\t1 de maio de 2026\t\t<\/div>\n\n\t\t\n\t\t\t\t\t\t\t<\/div>\n\n\t\t\t\t\t<div data-swiper-parallax=\"-200\" data-swiper-parallax-opacity=\"0.5\" data-swiper-parallax-duration=\"700\">\n\t\t\t\t\t\t<h3 class=\"upk-paradox-title-wrap\" >\n\t\t\t\t<a href=\"https:\/\/tarauacanamidia.com.br\/?p=155671\" class=\"upk-paradox-title\" title=\"Pesquisadores de SP desenvolvem dispositivo que integra computa\u00e7\u00e3o ao c\u00e9rebro humano\">\n\t\t\t\t\tPesquisadores de SP desenvolvem dispositivo que integra computa\u00e7\u00e3o ao c\u00e9rebro humano\n\t\t\t\t<\/a>\n\t\t\t<\/h3>\t\t\t\t\t<\/div>\n\n\t\t\t\t\t<div data-swiper-parallax=\"-300\" data-swiper-parallax-opacity=\"0.5\" data-swiper-parallax-duration=\"800\">\n\t\t\t\t\t\t\t\t\t\t\t<\/div>\n\t\t\t\t\t\n\t\t\t\t\t<div data-swiper-parallax=\"-400\" data-swiper-parallax-opacity=\"0.5\" data-swiper-parallax-duration=\"900\">\n\t\t\t\t\t\t\t\t\t\t\t<\/div>\n\t\t\t\t<\/div>\n\t\t\t<\/div>\n\t\t<\/div>\n\t\t\t\t<div class=\"upk-paradox-slider-item swiper-slide upk-transition-toggle\">\n\t\t\t<div class=\"upk-image-wrapper\">\n\t\t\t\t\n\t\t<img decoding=\"async\" class=\"upk-paradox-img swiper-lazy\" src=\"https:\/\/tarauacanamidia.com.br\/wp-content\/uploads\/2026\/05\/155661-van-escolar-com-criancas-bate-em-casa-na-capital-paulista.png\" alt=\"Van escolar com crian\u00e7as bate em casa na capital paulista\">\n\n\t\t\t\t\t<\/div>\n\n\t\t\t<div class=\"upk-paradox-content-box upk-position-center\">\n\t\t\t\t<div class=\"upk-content-inner\">\n\t\t\t\t\t<div class=\"upk-category-date-wrap upk-flex upk-flex-middle\" data-swiper-parallax=\"-100\" data-swiper-parallax-opacity=\"0.5\" data-swiper-parallax-duration=\"600\">\n\t\t\t\t\t\t\t\t<div class=\"upk-paradox-category\">\n\t\t\t<a href=\"https:\/\/tarauacanamidia.com.br\/?cat=37\">Educa\u00e7\u00e3o<\/a>\t\t<\/div>\n\t\t\t\t\t\t\t\t\n\t\t<div class=\"upk-paradox-date\">\n\t\t\t1 de maio de 2026\t\t<\/div>\n\n\t\t\n\t\t\t\t\t\t\t<\/div>\n\n\t\t\t\t\t<div data-swiper-parallax=\"-200\" data-swiper-parallax-opacity=\"0.5\" data-swiper-parallax-duration=\"700\">\n\t\t\t\t\t\t<h3 class=\"upk-paradox-title-wrap\" >\n\t\t\t\t<a href=\"https:\/\/tarauacanamidia.com.br\/?p=155661\" class=\"upk-paradox-title\" title=\"Van escolar com crian\u00e7as bate em casa na capital paulista\">\n\t\t\t\t\tVan escolar com crian\u00e7as bate em casa na capital paulista\n\t\t\t\t<\/a>\n\t\t\t<\/h3>\t\t\t\t\t<\/div>\n\n\t\t\t\t\t<div data-swiper-parallax=\"-300\" data-swiper-parallax-opacity=\"0.5\" data-swiper-parallax-duration=\"800\">\n\t\t\t\t\t\t\t\t\t\t\t<\/div>\n\t\t\t\t\t\n\t\t\t\t\t<div data-swiper-parallax=\"-400\" data-swiper-parallax-opacity=\"0.5\" data-swiper-parallax-duration=\"900\">\n\t\t\t\t\t\t\t\t\t\t\t<\/div>\n\t\t\t\t<\/div>\n\t\t\t<\/div>\n\t\t<\/div>\n\t\t\t\t<div class=\"upk-paradox-slider-item swiper-slide upk-transition-toggle\">\n\t\t\t<div class=\"upk-image-wrapper\">\n\t\t\t\t\n\t\t<img decoding=\"async\" class=\"upk-paradox-img swiper-lazy\" src=\"https:\/\/tarauacanamidia.com.br\/wp-content\/uploads\/2026\/05\/155663-prefeitura-de-osasco-descarta-livros-de-biblioteca-publica-e-acao-gera-repercussao.png\" alt=\"Prefeitura de Osasco descarta livros de biblioteca p\u00fablica e a\u00e7\u00e3o gera repercuss\u00e3o\">\n\n\t\t\t\t\t<\/div>\n\n\t\t\t<div class=\"upk-paradox-content-box upk-position-center\">\n\t\t\t\t<div class=\"upk-content-inner\">\n\t\t\t\t\t<div class=\"upk-category-date-wrap upk-flex upk-flex-middle\" data-swiper-parallax=\"-100\" data-swiper-parallax-opacity=\"0.5\" data-swiper-parallax-duration=\"600\">\n\t\t\t\t\t\t\t\t<div class=\"upk-paradox-category\">\n\t\t\t<a href=\"https:\/\/tarauacanamidia.com.br\/?cat=37\">Educa\u00e7\u00e3o<\/a>\t\t<\/div>\n\t\t\t\t\t\t\t\t\n\t\t<div class=\"upk-paradox-date\">\n\t\t\t1 de maio de 2026\t\t<\/div>\n\n\t\t\n\t\t\t\t\t\t\t<\/div>\n\n\t\t\t\t\t<div data-swiper-parallax=\"-200\" data-swiper-parallax-opacity=\"0.5\" data-swiper-parallax-duration=\"700\">\n\t\t\t\t\t\t<h3 class=\"upk-paradox-title-wrap\" >\n\t\t\t\t<a href=\"https:\/\/tarauacanamidia.com.br\/?p=155663\" class=\"upk-paradox-title\" title=\"Prefeitura de Osasco descarta livros de biblioteca p\u00fablica e a\u00e7\u00e3o gera repercuss\u00e3o\">\n\t\t\t\t\tPrefeitura de Osasco descarta livros de biblioteca p\u00fablica e a\u00e7\u00e3o gera repercuss\u00e3o\n\t\t\t\t<\/a>\n\t\t\t<\/h3>\t\t\t\t\t<\/div>\n\n\t\t\t\t\t<div data-swiper-parallax=\"-300\" data-swiper-parallax-opacity=\"0.5\" data-swiper-parallax-duration=\"800\">\n\t\t\t\t\t\t\t\t\t\t\t<\/div>\n\t\t\t\t\t\n\t\t\t\t\t<div data-swiper-parallax=\"-400\" data-swiper-parallax-opacity=\"0.5\" data-swiper-parallax-duration=\"900\">\n\t\t\t\t\t\t\t\t\t\t\t<\/div>\n\t\t\t\t<\/div>\n\t\t\t<\/div>\n\t\t<\/div>\n\t\t\t\t<div class=\"upk-paradox-slider-item swiper-slide upk-transition-toggle\">\n\t\t\t<div class=\"upk-image-wrapper\">\n\t\t\t\t\n\t\t<img decoding=\"async\" class=\"upk-paradox-img swiper-lazy\" src=\"https:\/\/tarauacanamidia.com.br\/wp-content\/uploads\/2026\/05\/155665-polo-aeroespacial-de-sao-jose-dos-campos-recebe-incentivo-e-amplia-projetos-industriais.png\" alt=\"Polo aeroespacial de S\u00e3o Jos\u00e9 dos Campos recebe incentivo e amplia projetos industriais\">\n\n\t\t\t\t\t<\/div>\n\n\t\t\t<div class=\"upk-paradox-content-box upk-position-center\">\n\t\t\t\t<div class=\"upk-content-inner\">\n\t\t\t\t\t<div class=\"upk-category-date-wrap upk-flex upk-flex-middle\" data-swiper-parallax=\"-100\" data-swiper-parallax-opacity=\"0.5\" data-swiper-parallax-duration=\"600\">\n\t\t\t\t\t\t\t\t<div class=\"upk-paradox-category\">\n\t\t\t<a href=\"https:\/\/tarauacanamidia.com.br\/?cat=37\">Educa\u00e7\u00e3o<\/a>\t\t<\/div>\n\t\t\t\t\t\t\t\t\n\t\t<div class=\"upk-paradox-date\">\n\t\t\t1 de maio de 2026\t\t<\/div>\n\n\t\t\n\t\t\t\t\t\t\t<\/div>\n\n\t\t\t\t\t<div data-swiper-parallax=\"-200\" data-swiper-parallax-opacity=\"0.5\" data-swiper-parallax-duration=\"700\">\n\t\t\t\t\t\t<h3 class=\"upk-paradox-title-wrap\" >\n\t\t\t\t<a href=\"https:\/\/tarauacanamidia.com.br\/?p=155665\" class=\"upk-paradox-title\" title=\"Polo aeroespacial de S\u00e3o Jos\u00e9 dos Campos recebe incentivo e amplia projetos industriais\">\n\t\t\t\t\tPolo aeroespacial de S\u00e3o Jos\u00e9 dos Campos recebe incentivo e amplia projetos industriais\n\t\t\t\t<\/a>\n\t\t\t<\/h3>\t\t\t\t\t<\/div>\n\n\t\t\t\t\t<div data-swiper-parallax=\"-300\" data-swiper-parallax-opacity=\"0.5\" data-swiper-parallax-duration=\"800\">\n\t\t\t\t\t\t\t\t\t\t\t<\/div>\n\t\t\t\t\t\n\t\t\t\t\t<div data-swiper-parallax=\"-400\" data-swiper-parallax-opacity=\"0.5\" data-swiper-parallax-duration=\"900\">\n\t\t\t\t\t\t\t\t\t\t\t<\/div>\n\t\t\t\t<\/div>\n\t\t\t<\/div>\n\t\t<\/div>\n\t\t\t\t<div class=\"upk-paradox-slider-item swiper-slide upk-transition-toggle\">\n\t\t\t<div class=\"upk-image-wrapper\">\n\t\t\t\t\n\t\t<img decoding=\"async\" class=\"upk-paradox-img swiper-lazy\" src=\"https:\/\/tarauacanamidia.com.br\/wp-content\/uploads\/2026\/05\/155655-sao-paulo-confirma-segundo-caso-importado-de-sarampo-e-reforca-alerta-sanitario.png\" alt=\"S\u00e3o Paulo confirma segundo caso importado de sarampo e refor\u00e7a alerta sanit\u00e1rio\">\n\n\t\t\t\t\t<\/div>\n\n\t\t\t<div class=\"upk-paradox-content-box upk-position-center\">\n\t\t\t\t<div class=\"upk-content-inner\">\n\t\t\t\t\t<div class=\"upk-category-date-wrap upk-flex upk-flex-middle\" data-swiper-parallax=\"-100\" data-swiper-parallax-opacity=\"0.5\" data-swiper-parallax-duration=\"600\">\n\t\t\t\t\t\t\t\t<div class=\"upk-paradox-category\">\n\t\t\t<a href=\"https:\/\/tarauacanamidia.com.br\/?cat=36\">Saude<\/a>\t\t<\/div>\n\t\t\t\t\t\t\t\t\n\t\t<div class=\"upk-paradox-date\">\n\t\t\t1 de maio de 2026\t\t<\/div>\n\n\t\t\n\t\t\t\t\t\t\t<\/div>\n\n\t\t\t\t\t<div data-swiper-parallax=\"-200\" data-swiper-parallax-opacity=\"0.5\" data-swiper-parallax-duration=\"700\">\n\t\t\t\t\t\t<h3 class=\"upk-paradox-title-wrap\" >\n\t\t\t\t<a href=\"https:\/\/tarauacanamidia.com.br\/?p=155655\" class=\"upk-paradox-title\" title=\"S\u00e3o Paulo confirma segundo caso importado de sarampo e refor\u00e7a alerta sanit\u00e1rio\">\n\t\t\t\t\tS\u00e3o Paulo confirma segundo caso importado de sarampo e refor\u00e7a alerta sanit\u00e1rio\n\t\t\t\t<\/a>\n\t\t\t<\/h3>\t\t\t\t\t<\/div>\n\n\t\t\t\t\t<div data-swiper-parallax=\"-300\" data-swiper-parallax-opacity=\"0.5\" data-swiper-parallax-duration=\"800\">\n\t\t\t\t\t\t\t\t\t\t\t<\/div>\n\t\t\t\t\t\n\t\t\t\t\t<div data-swiper-parallax=\"-400\" data-swiper-parallax-opacity=\"0.5\" data-swiper-parallax-duration=\"900\">\n\t\t\t\t\t\t\t\t\t\t\t<\/div>\n\t\t\t\t<\/div>\n\t\t\t<\/div>\n\t\t<\/div>\n\t\t\t\t<div class=\"upk-paradox-slider-item swiper-slide upk-transition-toggle\">\n\t\t\t<div class=\"upk-image-wrapper\">\n\t\t\t\t\n\t\t<img decoding=\"async\" class=\"upk-paradox-img swiper-lazy\" src=\"https:\/\/tarauacanamidia.com.br\/wp-content\/uploads\/2026\/05\/155657-governo-federal-entrega-mais-de-3-mil-veiculos-e-novos-equipamentos-de-radioterapia-ao-sus.webp\" alt=\"Governo federal entrega mais de 3 mil ve\u00edculos e novos equipamentos de radioterapia ao SUS\">\n\n\t\t\t\t\t<\/div>\n\n\t\t\t<div class=\"upk-paradox-content-box upk-position-center\">\n\t\t\t\t<div class=\"upk-content-inner\">\n\t\t\t\t\t<div class=\"upk-category-date-wrap upk-flex upk-flex-middle\" data-swiper-parallax=\"-100\" data-swiper-parallax-opacity=\"0.5\" data-swiper-parallax-duration=\"600\">\n\t\t\t\t\t\t\t\t<div class=\"upk-paradox-category\">\n\t\t\t<a href=\"https:\/\/tarauacanamidia.com.br\/?cat=36\">Saude<\/a>\t\t<\/div>\n\t\t\t\t\t\t\t\t\n\t\t<div class=\"upk-paradox-date\">\n\t\t\t1 de maio de 2026\t\t<\/div>\n\n\t\t\n\t\t\t\t\t\t\t<\/div>\n\n\t\t\t\t\t<div data-swiper-parallax=\"-200\" data-swiper-parallax-opacity=\"0.5\" data-swiper-parallax-duration=\"700\">\n\t\t\t\t\t\t<h3 class=\"upk-paradox-title-wrap\" >\n\t\t\t\t<a href=\"https:\/\/tarauacanamidia.com.br\/?p=155657\" class=\"upk-paradox-title\" title=\"Governo federal entrega mais de 3 mil ve\u00edculos e novos equipamentos de radioterapia ao SUS\">\n\t\t\t\t\tGoverno federal entrega mais de 3 mil ve\u00edculos e novos equipamentos de radioterapia ao SUS\n\t\t\t\t<\/a>\n\t\t\t<\/h3>\t\t\t\t\t<\/div>\n\n\t\t\t\t\t<div data-swiper-parallax=\"-300\" data-swiper-parallax-opacity=\"0.5\" data-swiper-parallax-duration=\"800\">\n\t\t\t\t\t\t\t\t\t\t\t<\/div>\n\t\t\t\t\t\n\t\t\t\t\t<div data-swiper-parallax=\"-400\" data-swiper-parallax-opacity=\"0.5\" data-swiper-parallax-duration=\"900\">\n\t\t\t\t\t\t\t\t\t\t\t<\/div>\n\t\t\t\t<\/div>\n\t\t\t<\/div>\n\t\t<\/div>\n\t\t\t\t<div class=\"upk-paradox-slider-item swiper-slide upk-transition-toggle\">\n\t\t\t<div class=\"upk-image-wrapper\">\n\t\t\t\t\n\t\t<img decoding=\"async\" class=\"upk-paradox-img swiper-lazy\" src=\"https:\/\/tarauacanamidia.com.br\/wp-content\/uploads\/2026\/05\/155659-governo-de-sp-abre-consulta-publica-para-programa-de-saneamento-com-previsao-de-r-100-bilhoes.jpg\" alt=\"Governo de SP abre consulta p\u00fablica para programa de saneamento com previs\u00e3o de R$ 100 bilh\u00f5es\">\n\n\t\t\t\t\t<\/div>\n\n\t\t\t<div class=\"upk-paradox-content-box upk-position-center\">\n\t\t\t\t<div class=\"upk-content-inner\">\n\t\t\t\t\t<div class=\"upk-category-date-wrap upk-flex upk-flex-middle\" data-swiper-parallax=\"-100\" data-swiper-parallax-opacity=\"0.5\" data-swiper-parallax-duration=\"600\">\n\t\t\t\t\t\t\t\t<div class=\"upk-paradox-category\">\n\t\t\t<a href=\"https:\/\/tarauacanamidia.com.br\/?cat=36\">Saude<\/a>\t\t<\/div>\n\t\t\t\t\t\t\t\t\n\t\t<div class=\"upk-paradox-date\">\n\t\t\t1 de maio de 2026\t\t<\/div>\n\n\t\t\n\t\t\t\t\t\t\t<\/div>\n\n\t\t\t\t\t<div data-swiper-parallax=\"-200\" data-swiper-parallax-opacity=\"0.5\" data-swiper-parallax-duration=\"700\">\n\t\t\t\t\t\t<h3 class=\"upk-paradox-title-wrap\" >\n\t\t\t\t<a href=\"https:\/\/tarauacanamidia.com.br\/?p=155659\" class=\"upk-paradox-title\" title=\"Governo de SP abre consulta p\u00fablica para programa de saneamento com previs\u00e3o de R$ 100 bilh\u00f5es\">\n\t\t\t\t\tGoverno de SP abre consulta p\u00fablica para programa de saneamento com previs\u00e3o de R$ 100 bilh\u00f5es\n\t\t\t\t<\/a>\n\t\t\t<\/h3>\t\t\t\t\t<\/div>\n\n\t\t\t\t\t<div data-swiper-parallax=\"-300\" data-swiper-parallax-opacity=\"0.5\" data-swiper-parallax-duration=\"800\">\n\t\t\t\t\t\t\t\t\t\t\t<\/div>\n\t\t\t\t\t\n\t\t\t\t\t<div data-swiper-parallax=\"-400\" data-swiper-parallax-opacity=\"0.5\" data-swiper-parallax-duration=\"900\">\n\t\t\t\t\t\t\t\t\t\t\t<\/div>\n\t\t\t\t<\/div>\n\t\t\t<\/div>\n\t\t<\/div>\n\t\t\t\t<div class=\"upk-paradox-slider-item swiper-slide upk-transition-toggle\">\n\t\t\t<div class=\"upk-image-wrapper\">\n\t\t\t\t\n\t\t<img decoding=\"async\" class=\"upk-paradox-img swiper-lazy\" src=\"https:\/\/tarauacanamidia.com.br\/wp-content\/uploads\/2026\/05\/155649-governo-anuncia-desenrola-2-0-para-4-de-maio-com-descontos-de-ate-90-e-novo-foco-em-d69f44bb2e2241.jpeg\" alt=\"Governo anuncia Desenrola 2.0 para 4 de maio com descontos de at\u00e9 90% e novo foco em d\u00edvidas de cart\u00e3o e cr\u00e9dito pessoal\">\n\n\t\t\t\t\t<\/div>\n\n\t\t\t<div class=\"upk-paradox-content-box upk-position-center\">\n\t\t\t\t<div class=\"upk-content-inner\">\n\t\t\t\t\t<div class=\"upk-category-date-wrap upk-flex upk-flex-middle\" data-swiper-parallax=\"-100\" data-swiper-parallax-opacity=\"0.5\" data-swiper-parallax-duration=\"600\">\n\t\t\t\t\t\t\t\t<div class=\"upk-paradox-category\">\n\t\t\t<a href=\"https:\/\/tarauacanamidia.com.br\/?cat=38\">Economia<\/a>\t\t<\/div>\n\t\t\t\t\t\t\t\t\n\t\t<div class=\"upk-paradox-date\">\n\t\t\t1 de maio de 2026\t\t<\/div>\n\n\t\t\n\t\t\t\t\t\t\t<\/div>\n\n\t\t\t\t\t<div data-swiper-parallax=\"-200\" data-swiper-parallax-opacity=\"0.5\" data-swiper-parallax-duration=\"700\">\n\t\t\t\t\t\t<h3 class=\"upk-paradox-title-wrap\" >\n\t\t\t\t<a href=\"https:\/\/tarauacanamidia.com.br\/?p=155649\" class=\"upk-paradox-title\" title=\"Governo anuncia Desenrola 2.0 para 4 de maio com descontos de at\u00e9 90% e novo foco em d\u00edvidas de cart\u00e3o e cr\u00e9dito pessoal\">\n\t\t\t\t\tGoverno anuncia Desenrola 2.0 para 4 de maio com descontos de at\u00e9 90% e novo foco em d\u00edvidas de cart\u00e3o e cr\u00e9dito pessoal\n\t\t\t\t<\/a>\n\t\t\t<\/h3>\t\t\t\t\t<\/div>\n\n\t\t\t\t\t<div data-swiper-parallax=\"-300\" data-swiper-parallax-opacity=\"0.5\" data-swiper-parallax-duration=\"800\">\n\t\t\t\t\t\t\t\t\t\t\t<\/div>\n\t\t\t\t\t\n\t\t\t\t\t<div data-swiper-parallax=\"-400\" data-swiper-parallax-opacity=\"0.5\" data-swiper-parallax-duration=\"900\">\n\t\t\t\t\t\t\t\t\t\t\t<\/div>\n\t\t\t\t<\/div>\n\t\t\t<\/div>\n\t\t<\/div>\n\t\t\t\t<div class=\"upk-paradox-slider-item swiper-slide upk-transition-toggle\">\n\t\t\t<div class=\"upk-image-wrapper\">\n\t\t\t\t\n\t\t<img decoding=\"async\" class=\"upk-paradox-img swiper-lazy\" src=\"https:\/\/tarauacanamidia.com.br\/wp-content\/uploads\/2026\/05\/155651-confira-o-funcionamento-dos-servicos-estaduais-em-sp-no-feriado-de-1o-de-maio.jpg\" alt=\"Confira o funcionamento dos servi\u00e7os estaduais em SP no feriado de 1\u00ba de maio\">\n\n\t\t\t\t\t<\/div>\n\n\t\t\t<div class=\"upk-paradox-content-box upk-position-center\">\n\t\t\t\t<div class=\"upk-content-inner\">\n\t\t\t\t\t<div class=\"upk-category-date-wrap upk-flex upk-flex-middle\" data-swiper-parallax=\"-100\" data-swiper-parallax-opacity=\"0.5\" data-swiper-parallax-duration=\"600\">\n\t\t\t\t\t\t\t\t<div class=\"upk-paradox-category\">\n\t\t\t<a href=\"https:\/\/tarauacanamidia.com.br\/?cat=38\">Economia<\/a>\t\t<\/div>\n\t\t\t\t\t\t\t\t\n\t\t<div class=\"upk-paradox-date\">\n\t\t\t1 de maio de 2026\t\t<\/div>\n\n\t\t\n\t\t\t\t\t\t\t<\/div>\n\n\t\t\t\t\t<div data-swiper-parallax=\"-200\" data-swiper-parallax-opacity=\"0.5\" data-swiper-parallax-duration=\"700\">\n\t\t\t\t\t\t<h3 class=\"upk-paradox-title-wrap\" >\n\t\t\t\t<a href=\"https:\/\/tarauacanamidia.com.br\/?p=155651\" class=\"upk-paradox-title\" title=\"Confira o funcionamento dos servi\u00e7os estaduais em SP no feriado de 1\u00ba de maio\">\n\t\t\t\t\tConfira o funcionamento dos servi\u00e7os estaduais em SP no feriado de 1\u00ba de maio\n\t\t\t\t<\/a>\n\t\t\t<\/h3>\t\t\t\t\t<\/div>\n\n\t\t\t\t\t<div data-swiper-parallax=\"-300\" data-swiper-parallax-opacity=\"0.5\" data-swiper-parallax-duration=\"800\">\n\t\t\t\t\t\t\t\t\t\t\t<\/div>\n\t\t\t\t\t\n\t\t\t\t\t<div data-swiper-parallax=\"-400\" data-swiper-parallax-opacity=\"0.5\" data-swiper-parallax-duration=\"900\">\n\t\t\t\t\t\t\t\t\t\t\t<\/div>\n\t\t\t\t<\/div>\n\t\t\t<\/div>\n\t\t<\/div>\n\t\t\t\t<div class=\"upk-paradox-slider-item swiper-slide upk-transition-toggle\">\n\t\t\t<div class=\"upk-image-wrapper\">\n\t\t\t\t\n\t\t<img decoding=\"async\" class=\"upk-paradox-img swiper-lazy\" src=\"https:\/\/tarauacanamidia.com.br\/wp-content\/uploads\/2026\/05\/155653-mega-sena-acumula-premio-de-r-115-milhoes-no-concurso-3001-e-renova-o-sonho-coletivo-69f44bb81c271.jpg\" alt=\"Mega-Sena acumula pr\u00eamio de R$ 115 milh\u00f5es no concurso 3001 e renova o sonho coletivo da fortuna instant\u00e2nea no Brasil\">\n\n\t\t\t\t\t<\/div>\n\n\t\t\t<div class=\"upk-paradox-content-box upk-position-center\">\n\t\t\t\t<div class=\"upk-content-inner\">\n\t\t\t\t\t<div class=\"upk-category-date-wrap upk-flex upk-flex-middle\" data-swiper-parallax=\"-100\" data-swiper-parallax-opacity=\"0.5\" data-swiper-parallax-duration=\"600\">\n\t\t\t\t\t\t\t\t<div class=\"upk-paradox-category\">\n\t\t\t<a href=\"https:\/\/tarauacanamidia.com.br\/?cat=38\">Economia<\/a>\t\t<\/div>\n\t\t\t\t\t\t\t\t\n\t\t<div class=\"upk-paradox-date\">\n\t\t\t1 de maio de 2026\t\t<\/div>\n\n\t\t\n\t\t\t\t\t\t\t<\/div>\n\n\t\t\t\t\t<div data-swiper-parallax=\"-200\" data-swiper-parallax-opacity=\"0.5\" data-swiper-parallax-duration=\"700\">\n\t\t\t\t\t\t<h3 class=\"upk-paradox-title-wrap\" >\n\t\t\t\t<a href=\"https:\/\/tarauacanamidia.com.br\/?p=155653\" class=\"upk-paradox-title\" title=\"Mega-Sena acumula pr\u00eamio de R$ 115 milh\u00f5es no concurso 3001 e renova o sonho coletivo da fortuna instant\u00e2nea no Brasil\">\n\t\t\t\t\tMega-Sena acumula pr\u00eamio de R$ 115 milh\u00f5es no concurso 3001 e renova o sonho coletivo da fortuna instant\u00e2nea no Brasil\n\t\t\t\t<\/a>\n\t\t\t<\/h3>\t\t\t\t\t<\/div>\n\n\t\t\t\t\t<div data-swiper-parallax=\"-300\" data-swiper-parallax-opacity=\"0.5\" data-swiper-parallax-duration=\"800\">\n\t\t\t\t\t\t\t\t\t\t\t<\/div>\n\t\t\t\t\t\n\t\t\t\t\t<div data-swiper-parallax=\"-400\" data-swiper-parallax-opacity=\"0.5\" data-swiper-parallax-duration=\"900\">\n\t\t\t\t\t\t\t\t\t\t\t<\/div>\n\t\t\t\t<\/div>\n\t\t\t<\/div>\n\t\t<\/div>\n\t\t\t\t<div class=\"upk-paradox-slider-item swiper-slide upk-transition-toggle\">\n\t\t\t<div class=\"upk-image-wrapper\">\n\t\t\t\t\n\t\t<img decoding=\"async\" class=\"upk-paradox-img swiper-lazy\" src=\"https:\/\/tarauacanamidia.com.br\/wp-content\/uploads\/2026\/05\/155643-congresso-nacional-vota-nesta-quinta-feira-o-veto-presidencial-ao-pl-da-dosimetria-e-69f44baaed8b9.jpg\" alt=\"Congresso Nacional vota nesta quinta-feira o veto presidencial ao PL da dosimetria e decide o futuro dos condenados pelo 8 de janeiro\">\n\n\t\t\t\t\t<\/div>\n\n\t\t\t<div class=\"upk-paradox-content-box upk-position-center\">\n\t\t\t\t<div class=\"upk-content-inner\">\n\t\t\t\t\t<div class=\"upk-category-date-wrap upk-flex upk-flex-middle\" data-swiper-parallax=\"-100\" data-swiper-parallax-opacity=\"0.5\" data-swiper-parallax-duration=\"600\">\n\t\t\t\t\t\t\t\t<div class=\"upk-paradox-category\">\n\t\t\t<a href=\"https:\/\/tarauacanamidia.com.br\/?cat=33\">Politica<\/a>\t\t<\/div>\n\t\t\t\t\t\t\t\t\n\t\t<div class=\"upk-paradox-date\">\n\t\t\t1 de maio de 2026\t\t<\/div>\n\n\t\t\n\t\t\t\t\t\t\t<\/div>\n\n\t\t\t\t\t<div data-swiper-parallax=\"-200\" data-swiper-parallax-opacity=\"0.5\" data-swiper-parallax-duration=\"700\">\n\t\t\t\t\t\t<h3 class=\"upk-paradox-title-wrap\" >\n\t\t\t\t<a href=\"https:\/\/tarauacanamidia.com.br\/?p=155643\" class=\"upk-paradox-title\" title=\"Congresso Nacional vota nesta quinta-feira o veto presidencial ao PL da dosimetria e decide o futuro dos condenados pelo 8 de janeiro\">\n\t\t\t\t\tCongresso Nacional vota nesta quinta-feira o veto presidencial ao PL da dosimetria e decide o futuro dos condenados pelo 8 de janeiro\n\t\t\t\t<\/a>\n\t\t\t<\/h3>\t\t\t\t\t<\/div>\n\n\t\t\t\t\t<div data-swiper-parallax=\"-300\" data-swiper-parallax-opacity=\"0.5\" data-swiper-parallax-duration=\"800\">\n\t\t\t\t\t\t\t\t\t\t\t<\/div>\n\t\t\t\t\t\n\t\t\t\t\t<div data-swiper-parallax=\"-400\" data-swiper-parallax-opacity=\"0.5\" data-swiper-parallax-duration=\"900\">\n\t\t\t\t\t\t\t\t\t\t\t<\/div>\n\t\t\t\t<\/div>\n\t\t\t<\/div>\n\t\t<\/div>\n\t\t\t\t<div class=\"upk-paradox-slider-item swiper-slide upk-transition-toggle\">\n\t\t\t<div class=\"upk-image-wrapper\">\n\t\t\t\t\n\t\t<img decoding=\"async\" class=\"upk-paradox-img swiper-lazy\" src=\"https:\/\/tarauacanamidia.com.br\/wp-content\/uploads\/2026\/05\/155645-stf-atinge-marca-de-1-400-condenados-pelos-atos-golpistas-de-8-de-janeiro-e-reafirma-69f44babebcea.jpg\" alt=\"STF atinge marca de 1.400 condenados pelos atos golpistas de 8 de janeiro e reafirma o papel da Justi\u00e7a na defesa da Democracia\">\n\n\t\t\t\t\t<\/div>\n\n\t\t\t<div class=\"upk-paradox-content-box upk-position-center\">\n\t\t\t\t<div class=\"upk-content-inner\">\n\t\t\t\t\t<div class=\"upk-category-date-wrap upk-flex upk-flex-middle\" data-swiper-parallax=\"-100\" data-swiper-parallax-opacity=\"0.5\" data-swiper-parallax-duration=\"600\">\n\t\t\t\t\t\t\t\t<div class=\"upk-paradox-category\">\n\t\t\t<a href=\"https:\/\/tarauacanamidia.com.br\/?cat=33\">Politica<\/a>\t\t<\/div>\n\t\t\t\t\t\t\t\t\n\t\t<div class=\"upk-paradox-date\">\n\t\t\t1 de maio de 2026\t\t<\/div>\n\n\t\t\n\t\t\t\t\t\t\t<\/div>\n\n\t\t\t\t\t<div data-swiper-parallax=\"-200\" data-swiper-parallax-opacity=\"0.5\" data-swiper-parallax-duration=\"700\">\n\t\t\t\t\t\t<h3 class=\"upk-paradox-title-wrap\" >\n\t\t\t\t<a href=\"https:\/\/tarauacanamidia.com.br\/?p=155645\" class=\"upk-paradox-title\" title=\"STF atinge marca de 1.400 condenados pelos atos golpistas de 8 de janeiro e reafirma o papel da Justi\u00e7a na defesa da Democracia\">\n\t\t\t\t\tSTF atinge marca de 1.400 condenados pelos atos golpistas de 8 de janeiro e reafirma o papel da Justi\u00e7a na defesa da Democracia\n\t\t\t\t<\/a>\n\t\t\t<\/h3>\t\t\t\t\t<\/div>\n\n\t\t\t\t\t<div data-swiper-parallax=\"-300\" data-swiper-parallax-opacity=\"0.5\" data-swiper-parallax-duration=\"800\">\n\t\t\t\t\t\t\t\t\t\t\t<\/div>\n\t\t\t\t\t\n\t\t\t\t\t<div data-swiper-parallax=\"-400\" data-swiper-parallax-opacity=\"0.5\" data-swiper-parallax-duration=\"900\">\n\t\t\t\t\t\t\t\t\t\t\t<\/div>\n\t\t\t\t<\/div>\n\t\t\t<\/div>\n\t\t<\/div>\n\t\t\t\t<div class=\"upk-paradox-slider-item swiper-slide upk-transition-toggle\">\n\t\t\t<div class=\"upk-image-wrapper\">\n\t\t\t\t\n\t\t<img decoding=\"async\" class=\"upk-paradox-img swiper-lazy\" src=\"https:\/\/tarauacanamidia.com.br\/wp-content\/uploads\/2026\/05\/155647-governo-de-sp-demite-auditores-fiscais-e-reforca-acoes-contra-irregularidades.png\" alt=\"Governo de SP demite auditores fiscais e refor\u00e7a a\u00e7\u00f5es contra irregularidades\">\n\n\t\t\t\t\t<\/div>\n\n\t\t\t<div class=\"upk-paradox-content-box upk-position-center\">\n\t\t\t\t<div class=\"upk-content-inner\">\n\t\t\t\t\t<div class=\"upk-category-date-wrap upk-flex upk-flex-middle\" data-swiper-parallax=\"-100\" data-swiper-parallax-opacity=\"0.5\" data-swiper-parallax-duration=\"600\">\n\t\t\t\t\t\t\t\t<div class=\"upk-paradox-category\">\n\t\t\t<a href=\"https:\/\/tarauacanamidia.com.br\/?cat=33\">Politica<\/a>\t\t<\/div>\n\t\t\t\t\t\t\t\t\n\t\t<div class=\"upk-paradox-date\">\n\t\t\t1 de maio de 2026\t\t<\/div>\n\n\t\t\n\t\t\t\t\t\t\t<\/div>\n\n\t\t\t\t\t<div data-swiper-parallax=\"-200\" data-swiper-parallax-opacity=\"0.5\" data-swiper-parallax-duration=\"700\">\n\t\t\t\t\t\t<h3 class=\"upk-paradox-title-wrap\" >\n\t\t\t\t<a href=\"https:\/\/tarauacanamidia.com.br\/?p=155647\" class=\"upk-paradox-title\" title=\"Governo de SP demite auditores fiscais e refor\u00e7a a\u00e7\u00f5es contra irregularidades\">\n\t\t\t\t\tGoverno de SP demite auditores fiscais e refor\u00e7a a\u00e7\u00f5es contra irregularidades\n\t\t\t\t<\/a>\n\t\t\t<\/h3>\t\t\t\t\t<\/div>\n\n\t\t\t\t\t<div data-swiper-parallax=\"-300\" data-swiper-parallax-opacity=\"0.5\" data-swiper-parallax-duration=\"800\">\n\t\t\t\t\t\t\t\t\t\t\t<\/div>\n\t\t\t\t\t\n\t\t\t\t\t<div data-swiper-parallax=\"-400\" data-swiper-parallax-opacity=\"0.5\" data-swiper-parallax-duration=\"900\">\n\t\t\t\t\t\t\t\t\t\t\t<\/div>\n\t\t\t\t<\/div>\n\t\t\t<\/div>\n\t\t<\/div>\n\t\t\t\t\t\t\t<\/div>\n\t\t\t\t\t\t\t\t\t<\/div>\n\t\t\t\t\n\t\t\t\t\t\t\t\t\t\t\t<div class=\"upk-position-z-index upk-position-center\">\n\t\t\t<div class=\"upk-arrows-dots-container upk-slidenav-container \">\n\t\t\t\t\n\t\t\t\t<div class=\"upk-flex upk-flex-middle\">\n\t\t\t\t\t<div class=\"upk-visible@m upk-flex\">\n\t\t\t\t\t\t<a href=\"\" class=\"upk-navigation-prev upk-slidenav-previous upk-icon upk-slidenav\">\n\t\t\t\t\t\t\t<i class=\"upk-icon-arrow-left-0\" aria-hidden=\"true\"><\/i>\n\t\t\t\t\t\t<\/a>\n\t\t\t\t\t<\/div>\n\n\t\t\t\t\t\t\t\t\t\t\n\t\t\t\t\t<div class=\"upk-visible@m upk-flex\">\n\t\t\t\t\t\t<a href=\"\" class=\"upk-navigation-next upk-slidenav-next upk-icon upk-slidenav\">\n\t\t\t\t\t\t\t<i class=\"upk-icon-arrow-right-0\" aria-hidden=\"true\"><\/i>\n\t\t\t\t\t\t<\/a>\n\t\t\t\t\t<\/div>\n\t\t\t\t\t\n\t\t\t\t<\/div>\n\t\t\t<\/div>\n\t\t<\/div>\t\t\n\t\t\t\t\t\t\t\t\t\t\t\t\t<div class=\"upk-position-z-index upk-position-bottom\">\n\t\t\t\t\t\t\t<div class=\"upk-dots-container\">\n\t\t\t\t\t\t\t\t<div class=\"swiper-pagination\"><\/div>\n\t\t\t\t\t\t\t<\/div>\n\t\t\t\t\t\t<\/div>\n\t\t\t\t\t\t\t\t\t\t\t\t\t\n\t\t\t<\/div>\n\t\t<\/div>\n\n\t\t\t\t\t\t<\/div>\n\t\t\t\t<\/div>\n\t\t\t\t\t<\/div>\n\t\t<\/div>\n\t\t\t\t<div class=\"elementor-column elementor-col-33 elementor-top-column elementor-element elementor-element-98a6ee8 ts-sticky-native main-sidebar\" data-id=\"98a6ee8\" data-element_type=\"column\" data-e-type=\"column\">\n\t\t\t<div class=\"elementor-widget-wrap elementor-element-populated\">\n\t\t\t\t\t\t<div class=\"elementor-element elementor-element-ba5f819 elementor-widget elementor-widget-smartmag-postssmall\" data-id=\"ba5f819\" data-element_type=\"widget\" data-e-type=\"widget\" data-widget_type=\"smartmag-postssmall.default\">\n\t\t\t\t<div class=\"elementor-widget-container\">\n\t\t\t\t\t\t\t<section class=\"block-wrap block-posts-small block-sc mb-none\" data-id=\"1\">\n\n\t\t\t\t\t\t\t\t\n\t\t\t\t\t\t\t\n\t\t\t\t<div class=\"block-head block-head-ac block-head-d is-center\">\n\n\t\t\t\t\t<h4 class=\"heading\">NOTICIAS DA CIDADE E REGI\u00c3O<\/h4>\t\t\t\t\t\n\t\t\t\t\t\t\t\t\t<\/div>\n\t\t\t\t\n\t\t\t\n\t\t\t\n\t\t\t<div class=\"block-content\">\n\t\t\t\t\n\t<div class=\"loop loop-small loop-small- grid grid-1 md:grid-1 sm:grid-1 xs:grid-1\">\n\n\t\t\t\t\t\n<article class=\"l-post small-post m-pos-right\">\n\n\t\n\t\t\t<div class=\"media\">\n\n\t\t\n\t\t\t<a href=\"https:\/\/tarauacanamidia.com.br\/?p=155625\" class=\"image-link media-ratio ratio-4-3\" title=\"A\u00e7\u00e3o de GCM com bicicleta de entregador gera repercuss\u00e3o e questionamentos na capital\"><img decoding=\"async\" width=\"153\" height=\"115\" src=\"https:\/\/tarauacanamidia.com.br\/wp-content\/uploads\/2026\/05\/155625-acao-de-gcm-com-bicicleta-de-entregador-gera-repercussao-e-questionamentos-na-capital-300x234.png\" class=\"attachment-medium size-medium wp-post-image\" alt=\"acao-de-gcm-com-bicicleta-de-entregador-gera-repercussao-e-questionamentos-na-capital\" sizes=\"(max-width: 153px) 100vw, 153px\" title=\"A\u00e7\u00e3o de GCM com bicicleta de entregador gera repercuss\u00e3o e questionamentos na capital\" srcset=\"https:\/\/tarauacanamidia.com.br\/wp-content\/uploads\/2026\/05\/155625-acao-de-gcm-com-bicicleta-de-entregador-gera-repercussao-e-questionamentos-na-capital-300x234.png 300w, https:\/\/tarauacanamidia.com.br\/wp-content\/uploads\/2026\/05\/155625-acao-de-gcm-com-bicicleta-de-entregador-gera-repercussao-e-questionamentos-na-capital-150x117.png 150w, https:\/\/tarauacanamidia.com.br\/wp-content\/uploads\/2026\/05\/155625-acao-de-gcm-com-bicicleta-de-entregador-gera-repercussao-e-questionamentos-na-capital-187x146.png 187w, https:\/\/tarauacanamidia.com.br\/wp-content\/uploads\/2026\/05\/155625-acao-de-gcm-com-bicicleta-de-entregador-gera-repercussao-e-questionamentos-na-capital.png 425w\" \/><\/a>\t\t\t\n\t\t\t\n\t\t\t\n\t\t\t\n\t\t\n\t\t<\/div>\n\t\n\n\t\n\t\t<div class=\"content\">\n\n\t\t\t<div class=\"post-meta post-meta-a post-meta-left has-below\"><h4 class=\"is-title post-title limit-lines l-lines-2\"><a href=\"https:\/\/tarauacanamidia.com.br\/?p=155625\">A\u00e7\u00e3o de GCM com bicicleta de entregador gera repercuss\u00e3o e questionamentos na capital<\/a><\/h4><div class=\"post-meta-items meta-below\"><span class=\"meta-item date\"><span class=\"date-link\"><time class=\"post-date\" datetime=\"2026-05-01T03:43:21-03:00\">1 de maio de 2026<\/time><\/span><\/span><\/div><\/div>\t\t\t\n\t\t\t\n\t\t\t\n\t\t<\/div>\n\n\t\n<\/article>\t\n\t\t\t\t\t\n<article class=\"l-post small-post m-pos-right\">\n\n\t\n\t\t\t<div class=\"media\">\n\n\t\t\n\t\t\t<a href=\"https:\/\/tarauacanamidia.com.br\/?p=155627\" class=\"image-link media-ratio ratio-4-3\" title=\"Pesquisa vai entrevistar moradores de Jundia\u00ed para mapear deslocamentos e melhorar mobilidade\"><img decoding=\"async\" width=\"153\" height=\"115\" src=\"https:\/\/tarauacanamidia.com.br\/wp-content\/uploads\/2026\/05\/155627-pesquisa-vai-entrevistar-moradores-de-jundiai-para-mapear-deslocamentos-e-melhorar-mobilidade-300x200.jpg\" class=\"attachment-medium size-medium wp-post-image\" alt=\"pesquisa-vai-entrevistar-moradores-de-jundiai-para-mapear-deslocamentos-e-melhorar-mobilidade\" sizes=\"(max-width: 153px) 100vw, 153px\" title=\"Pesquisa vai entrevistar moradores de Jundia\u00ed para mapear deslocamentos e melhorar mobilidade\" srcset=\"https:\/\/tarauacanamidia.com.br\/wp-content\/uploads\/2026\/05\/155627-pesquisa-vai-entrevistar-moradores-de-jundiai-para-mapear-deslocamentos-e-melhorar-mobilidade-300x200.jpg 300w, https:\/\/tarauacanamidia.com.br\/wp-content\/uploads\/2026\/05\/155627-pesquisa-vai-entrevistar-moradores-de-jundiai-para-mapear-deslocamentos-e-melhorar-mobilidade-1024x683.jpg 1024w, https:\/\/tarauacanamidia.com.br\/wp-content\/uploads\/2026\/05\/155627-pesquisa-vai-entrevistar-moradores-de-jundiai-para-mapear-deslocamentos-e-melhorar-mobilidade-768x512.jpg 768w, https:\/\/tarauacanamidia.com.br\/wp-content\/uploads\/2026\/05\/155627-pesquisa-vai-entrevistar-moradores-de-jundiai-para-mapear-deslocamentos-e-melhorar-mobilidade-1536x1024.jpg 1536w, https:\/\/tarauacanamidia.com.br\/wp-content\/uploads\/2026\/05\/155627-pesquisa-vai-entrevistar-moradores-de-jundiai-para-mapear-deslocamentos-e-melhorar-mobilidade-450x300.jpg 450w, https:\/\/tarauacanamidia.com.br\/wp-content\/uploads\/2026\/05\/155627-pesquisa-vai-entrevistar-moradores-de-jundiai-para-mapear-deslocamentos-e-melhorar-mobilidade-1200x800.jpg 1200w, https:\/\/tarauacanamidia.com.br\/wp-content\/uploads\/2026\/05\/155627-pesquisa-vai-entrevistar-moradores-de-jundiai-para-mapear-deslocamentos-e-melhorar-mobilidade-219x146.jpg 219w, https:\/\/tarauacanamidia.com.br\/wp-content\/uploads\/2026\/05\/155627-pesquisa-vai-entrevistar-moradores-de-jundiai-para-mapear-deslocamentos-e-melhorar-mobilidade.jpg 1920w\" \/><\/a>\t\t\t\n\t\t\t\n\t\t\t\n\t\t\t\n\t\t\n\t\t<\/div>\n\t\n\n\t\n\t\t<div class=\"content\">\n\n\t\t\t<div class=\"post-meta post-meta-a post-meta-left has-below\"><h4 class=\"is-title post-title limit-lines l-lines-2\"><a href=\"https:\/\/tarauacanamidia.com.br\/?p=155627\">Pesquisa vai entrevistar moradores de Jundia\u00ed para mapear deslocamentos e melhorar mobilidade<\/a><\/h4><div class=\"post-meta-items meta-below\"><span class=\"meta-item date\"><span class=\"date-link\"><time class=\"post-date\" datetime=\"2026-05-01T03:43:20-03:00\">1 de maio de 2026<\/time><\/span><\/span><\/div><\/div>\t\t\t\n\t\t\t\n\t\t\t\n\t\t<\/div>\n\n\t\n<\/article>\t\n\t\t\t\t\t\n<article class=\"l-post small-post m-pos-right\">\n\n\t\n\t\t\t<div class=\"media\">\n\n\t\t\n\t\t\t<a href=\"https:\/\/tarauacanamidia.com.br\/?p=155629\" class=\"image-link media-ratio ratio-4-3\" title=\"Tup\u00e3 recebe mais de R$ 4 milh\u00f5es em obras de esgoto para ampliar infraestrutura urbana\"><img decoding=\"async\" width=\"153\" height=\"115\" src=\"https:\/\/tarauacanamidia.com.br\/wp-content\/uploads\/2026\/05\/155629-tupa-recebe-mais-de-r-4-milhoes-em-obras-de-esgoto-para-ampliar-infraestrutura-urbana-300x200.png\" class=\"attachment-medium size-medium wp-post-image\" alt=\"tupa-recebe-mais-de-r$-4-milhoes-em-obras-de-esgoto-para-ampliar-infraestrutura-urbana\" sizes=\"(max-width: 153px) 100vw, 153px\" title=\"Tup\u00e3 recebe mais de R$ 4 milh\u00f5es em obras de esgoto para ampliar infraestrutura urbana\" srcset=\"https:\/\/tarauacanamidia.com.br\/wp-content\/uploads\/2026\/05\/155629-tupa-recebe-mais-de-r-4-milhoes-em-obras-de-esgoto-para-ampliar-infraestrutura-urbana-300x200.png 300w, https:\/\/tarauacanamidia.com.br\/wp-content\/uploads\/2026\/05\/155629-tupa-recebe-mais-de-r-4-milhoes-em-obras-de-esgoto-para-ampliar-infraestrutura-urbana-1024x683.png 1024w, https:\/\/tarauacanamidia.com.br\/wp-content\/uploads\/2026\/05\/155629-tupa-recebe-mais-de-r-4-milhoes-em-obras-de-esgoto-para-ampliar-infraestrutura-urbana-768x512.png 768w, https:\/\/tarauacanamidia.com.br\/wp-content\/uploads\/2026\/05\/155629-tupa-recebe-mais-de-r-4-milhoes-em-obras-de-esgoto-para-ampliar-infraestrutura-urbana-450x300.png 450w, https:\/\/tarauacanamidia.com.br\/wp-content\/uploads\/2026\/05\/155629-tupa-recebe-mais-de-r-4-milhoes-em-obras-de-esgoto-para-ampliar-infraestrutura-urbana-1200x800.png 1200w, https:\/\/tarauacanamidia.com.br\/wp-content\/uploads\/2026\/05\/155629-tupa-recebe-mais-de-r-4-milhoes-em-obras-de-esgoto-para-ampliar-infraestrutura-urbana-219x146.png 219w, https:\/\/tarauacanamidia.com.br\/wp-content\/uploads\/2026\/05\/155629-tupa-recebe-mais-de-r-4-milhoes-em-obras-de-esgoto-para-ampliar-infraestrutura-urbana.png 1536w\" \/><\/a>\t\t\t\n\t\t\t\n\t\t\t\n\t\t\t\n\t\t\n\t\t<\/div>\n\t\n\n\t\n\t\t<div class=\"content\">\n\n\t\t\t<div class=\"post-meta post-meta-a post-meta-left has-below\"><h4 class=\"is-title post-title limit-lines l-lines-2\"><a href=\"https:\/\/tarauacanamidia.com.br\/?p=155629\">Tup\u00e3 recebe mais de R$ 4 milh\u00f5es em obras de esgoto para ampliar infraestrutura urbana<\/a><\/h4><div class=\"post-meta-items meta-below\"><span class=\"meta-item date\"><span class=\"date-link\"><time class=\"post-date\" datetime=\"2026-05-01T03:43:19-03:00\">1 de maio de 2026<\/time><\/span><\/span><\/div><\/div>\t\t\t\n\t\t\t\n\t\t\t\n\t\t<\/div>\n\n\t\n<\/article>\t\n\t\t\t\t\t\n<article class=\"l-post small-post m-pos-right\">\n\n\t\n\t\t\t<div class=\"media\">\n\n\t\t\n\t\t\t<a href=\"https:\/\/tarauacanamidia.com.br\/?p=155682\" class=\"image-link media-ratio ratio-4-3\" title=\"Justi\u00e7a condena Estado de SP a indenizar fam\u00edlia de homem morto por PM de folga\"><img loading=\"lazy\" decoding=\"async\" width=\"153\" height=\"115\" src=\"https:\/\/tarauacanamidia.com.br\/wp-content\/uploads\/2026\/05\/155682-justica-condena-estado-de-sp-a-indenizar-familia-de-homem-morto-por-pm-de-folga-300x200.png\" class=\"attachment-medium size-medium wp-post-image\" alt=\"justica-condena-estado-de-sp-a-indenizar-familia-de-homem-morto-por-pm-de-folga\" sizes=\"(max-width: 153px) 100vw, 153px\" title=\"Justi\u00e7a condena Estado de SP a indenizar fam\u00edlia de homem morto por PM de folga\" srcset=\"https:\/\/tarauacanamidia.com.br\/wp-content\/uploads\/2026\/05\/155682-justica-condena-estado-de-sp-a-indenizar-familia-de-homem-morto-por-pm-de-folga-300x200.png 300w, https:\/\/tarauacanamidia.com.br\/wp-content\/uploads\/2026\/05\/155682-justica-condena-estado-de-sp-a-indenizar-familia-de-homem-morto-por-pm-de-folga-1024x683.png 1024w, https:\/\/tarauacanamidia.com.br\/wp-content\/uploads\/2026\/05\/155682-justica-condena-estado-de-sp-a-indenizar-familia-de-homem-morto-por-pm-de-folga-768x512.png 768w, https:\/\/tarauacanamidia.com.br\/wp-content\/uploads\/2026\/05\/155682-justica-condena-estado-de-sp-a-indenizar-familia-de-homem-morto-por-pm-de-folga-450x300.png 450w, https:\/\/tarauacanamidia.com.br\/wp-content\/uploads\/2026\/05\/155682-justica-condena-estado-de-sp-a-indenizar-familia-de-homem-morto-por-pm-de-folga-1200x800.png 1200w, https:\/\/tarauacanamidia.com.br\/wp-content\/uploads\/2026\/05\/155682-justica-condena-estado-de-sp-a-indenizar-familia-de-homem-morto-por-pm-de-folga-219x146.png 219w, https:\/\/tarauacanamidia.com.br\/wp-content\/uploads\/2026\/05\/155682-justica-condena-estado-de-sp-a-indenizar-familia-de-homem-morto-por-pm-de-folga.png 1536w\" \/><\/a>\t\t\t\n\t\t\t\n\t\t\t\n\t\t\t\n\t\t\n\t\t<\/div>\n\t\n\n\t\n\t\t<div class=\"content\">\n\n\t\t\t<div class=\"post-meta post-meta-a post-meta-left has-below\"><h4 class=\"is-title post-title limit-lines l-lines-2\"><a href=\"https:\/\/tarauacanamidia.com.br\/?p=155682\">Justi\u00e7a condena Estado de SP a indenizar fam\u00edlia de homem morto por PM de folga<\/a><\/h4><div class=\"post-meta-items meta-below\"><span class=\"meta-item date\"><span class=\"date-link\"><time class=\"post-date\" datetime=\"2026-04-28T01:27:00-03:00\">28 de abril de 2026<\/time><\/span><\/span><\/div><\/div>\t\t\t\n\t\t\t\n\t\t\t\n\t\t<\/div>\n\n\t\n<\/article>\t\n\t\t\n\t<\/div>\n\n\t\t\t\t\t<\/div>\n\n\t\t<\/section>\n\t\t\t\t\t\t<\/div>\n\t\t\t\t<\/div>\n\t\t\t\t\t<\/div>\n\t\t<\/div>\n\t\t\t\t\t<\/div>\n\t\t<\/section>\n\t\t\t\t<section class=\"has-el-gap el-gap-default elementor-section elementor-top-section elementor-element elementor-element-2e33943 elementor-section-boxed elementor-section-height-default elementor-section-height-default\" data-id=\"2e33943\" data-element_type=\"section\" data-e-type=\"section\">\n\t\t\t\t\t\t<div class=\"elementor-container elementor-column-gap-no\">\n\t\t\t\t\t<div class=\"elementor-column elementor-col-100 elementor-top-column elementor-element elementor-element-746d02b\" data-id=\"746d02b\" data-element_type=\"column\" data-e-type=\"column\">\n\t\t\t<div class=\"elementor-widget-wrap elementor-element-populated\">\n\t\t\t\t\t\t<div class=\"elementor-element elementor-element-2a612da elementor-widget elementor-widget-smartmag-overlay\" data-id=\"2a612da\" data-element_type=\"widget\" data-e-type=\"widget\" data-widget_type=\"smartmag-overlay.default\">\n\t\t\t\t<div class=\"elementor-widget-container\">\n\t\t\t\t\t\t\t<section class=\"block-wrap block-overlay block-sc cols-gap-sm mb-none\" data-id=\"2\">\n\n\t\t\t\t\t\t\t\t\n\t\t\t\t\t\t\t\n\t\t\t\t<div class=\"block-head block-head-ac block-head-c is-left\">\n\n\t\t\t\t\t<h4 class=\"heading\">GIRO DE NOT\u00cdCIAS NO BRASIL E NO MUNDO<\/h4>\t\t\t\t\t\n\t\t\t\t\t\t\t\t\t<\/div>\n\t\t\t\t\n\t\t\t\n\t\t\t\n\t\t\t<div class=\"block-content\">\n\t\t\t\t\t\n\t<div data-slider=\"carousel\" data-autoplay=\"1\" data-speed data-slides=\"3\" data-slides-md data-slides-sm data-arrows=\"b\" data-dots=\"1\" class=\"loop loop-overlay common-slider loop-carousel arrow-hover slider-arrow-b grid grid-3 md:grid-2 xs:grid-1\">\n\n\t\t\t\n\t\t\t\n<article class=\"l-post grid-overlay overlay-post grid-overlay-a overlay-base-post\">\n\n\t\n\t\t\t<div class=\"media\">\n\n\t\t\n\t\t\t<a href=\"https:\/\/tarauacanamidia.com.br\/?p=155619\" class=\"image-link media-ratio ratio-4-3\" title=\"Agroneg\u00f3cio e exporta\u00e7\u00f5es sustentam crescimento, mas gargalos de infraestrutura pressionam competitividade\"><img loading=\"lazy\" decoding=\"async\" width=\"408\" height=\"306\" src=\"https:\/\/tarauacanamidia.com.br\/wp-content\/uploads\/2026\/05\/155619-agronegocio-e-exportacoes-sustentam-crescimento-mas-gargalos-de-infraestrutura-pressi69f44b801274a-450x300.webp\" class=\"attachment-bunyad-medium size-bunyad-medium wp-post-image\" alt=\"agronegocio-e-exportacoes-sustentam-crescimento,-mas-gargalos-de-infraestrutura-pressionam-competitividade\" sizes=\"(max-width: 408px) 100vw, 408px\" title=\"Agroneg\u00f3cio e exporta\u00e7\u00f5es sustentam crescimento, mas gargalos de infraestrutura pressionam competitividade\" srcset=\"https:\/\/tarauacanamidia.com.br\/wp-content\/uploads\/2026\/05\/155619-agronegocio-e-exportacoes-sustentam-crescimento-mas-gargalos-de-infraestrutura-pressi69f44b801274a-450x300.webp 450w, https:\/\/tarauacanamidia.com.br\/wp-content\/uploads\/2026\/05\/155619-agronegocio-e-exportacoes-sustentam-crescimento-mas-gargalos-de-infraestrutura-pressi69f44b801274a-1024x683.webp 1024w, https:\/\/tarauacanamidia.com.br\/wp-content\/uploads\/2026\/05\/155619-agronegocio-e-exportacoes-sustentam-crescimento-mas-gargalos-de-infraestrutura-pressi69f44b801274a-768x512.webp 768w, https:\/\/tarauacanamidia.com.br\/wp-content\/uploads\/2026\/05\/155619-agronegocio-e-exportacoes-sustentam-crescimento-mas-gargalos-de-infraestrutura-pressi69f44b801274a-1536x1025.webp 1536w, https:\/\/tarauacanamidia.com.br\/wp-content\/uploads\/2026\/05\/155619-agronegocio-e-exportacoes-sustentam-crescimento-mas-gargalos-de-infraestrutura-pressi69f44b801274a-1200x801.webp 1200w, https:\/\/tarauacanamidia.com.br\/wp-content\/uploads\/2026\/05\/155619-agronegocio-e-exportacoes-sustentam-crescimento-mas-gargalos-de-infraestrutura-pressi69f44b801274a.webp 1920w\" \/><\/a>\t\t\t\n\t\t\t\n\t\t\t\n\t\t\t\n\t\t\n\t\t<\/div>\n\t\n\n\t\t\t<div class=\"content-wrap\">\n\t\n\t\t<div class=\"content\">\n\n\t\t\t<div class=\"post-meta post-meta-a meta-contrast\"><div class=\"post-meta-items meta-above\"><span class=\"meta-item cat-labels\">\n\t\t\t\t\t\t\n\t\t\t\t\t\t<a href=\"https:\/\/tarauacanamidia.com.br\/?cat=31\" class=\"category term-color-31\" rel=\"category\" tabindex=\"-1\">Mundo<\/a>\n\t\t\t\t\t<\/span>\n\t\t\t\t\t<\/div><h2 class=\"is-title post-title\"><a href=\"https:\/\/tarauacanamidia.com.br\/?p=155619\">Agroneg\u00f3cio e exporta\u00e7\u00f5es sustentam crescimento, mas gargalos de infraestrutura pressionam competitividade<\/a><\/h2><\/div>\t\t\t\n\t\t\t\n\t\t\t\n\t\t<\/div>\n\n\t\t\t<\/div>\n\t\n<\/article>\n\t\t\t\n\t\t\t\n<article class=\"l-post grid-overlay overlay-post grid-overlay-a overlay-base-post\">\n\n\t\n\t\t\t<div class=\"media\">\n\n\t\t\n\t\t\t<a href=\"https:\/\/tarauacanamidia.com.br\/?p=155621\" class=\"image-link media-ratio ratio-4-3\" title=\"Brasil consolida protagonismo no mercado de carbono \u00e0s v\u00e9speras da COP31 na Turquia\"><img loading=\"lazy\" decoding=\"async\" width=\"408\" height=\"306\" src=\"https:\/\/tarauacanamidia.com.br\/wp-content\/uploads\/2026\/05\/155621-brasil-consolida-protagonismo-no-mercado-de-carbono-as-vesperas-da-cop31-na-turquia-450x300.jpg\" class=\"attachment-bunyad-medium size-bunyad-medium wp-post-image\" alt=\"brasil-consolida-protagonismo-no-mercado-de-carbono-as-vesperas-da-cop31-na-turquia\" sizes=\"(max-width: 408px) 100vw, 408px\" title=\"Brasil consolida protagonismo no mercado de carbono \u00e0s v\u00e9speras da COP31 na Turquia\" srcset=\"https:\/\/tarauacanamidia.com.br\/wp-content\/uploads\/2026\/05\/155621-brasil-consolida-protagonismo-no-mercado-de-carbono-as-vesperas-da-cop31-na-turquia-450x300.jpg 450w, https:\/\/tarauacanamidia.com.br\/wp-content\/uploads\/2026\/05\/155621-brasil-consolida-protagonismo-no-mercado-de-carbono-as-vesperas-da-cop31-na-turquia-1024x683.jpg 1024w, https:\/\/tarauacanamidia.com.br\/wp-content\/uploads\/2026\/05\/155621-brasil-consolida-protagonismo-no-mercado-de-carbono-as-vesperas-da-cop31-na-turquia-768x512.jpg 768w, https:\/\/tarauacanamidia.com.br\/wp-content\/uploads\/2026\/05\/155621-brasil-consolida-protagonismo-no-mercado-de-carbono-as-vesperas-da-cop31-na-turquia-1536x1024.jpg 1536w, https:\/\/tarauacanamidia.com.br\/wp-content\/uploads\/2026\/05\/155621-brasil-consolida-protagonismo-no-mercado-de-carbono-as-vesperas-da-cop31-na-turquia-1200x800.jpg 1200w, https:\/\/tarauacanamidia.com.br\/wp-content\/uploads\/2026\/05\/155621-brasil-consolida-protagonismo-no-mercado-de-carbono-as-vesperas-da-cop31-na-turquia.jpg 2048w\" \/><\/a>\t\t\t\n\t\t\t\n\t\t\t\n\t\t\t\n\t\t\n\t\t<\/div>\n\t\n\n\t\t\t<div class=\"content-wrap\">\n\t\n\t\t<div class=\"content\">\n\n\t\t\t<div class=\"post-meta post-meta-a meta-contrast\"><div class=\"post-meta-items meta-above\"><span class=\"meta-item cat-labels\">\n\t\t\t\t\t\t\n\t\t\t\t\t\t<a href=\"https:\/\/tarauacanamidia.com.br\/?cat=31\" class=\"category term-color-31\" rel=\"category\" tabindex=\"-1\">Mundo<\/a>\n\t\t\t\t\t<\/span>\n\t\t\t\t\t<\/div><h2 class=\"is-title post-title\"><a href=\"https:\/\/tarauacanamidia.com.br\/?p=155621\">Brasil consolida protagonismo no mercado de carbono \u00e0s v\u00e9speras da COP31 na Turquia<\/a><\/h2><\/div>\t\t\t\n\t\t\t\n\t\t\t\n\t\t<\/div>\n\n\t\t\t<\/div>\n\t\n<\/article>\n\t\t\t\n\t\t\t\n<article class=\"l-post grid-overlay overlay-post grid-overlay-a overlay-base-post\">\n\n\t\n\t\t\t<div class=\"media\">\n\n\t\t\n\t\t\t<a href=\"https:\/\/tarauacanamidia.com.br\/?p=155623\" class=\"image-link media-ratio ratio-4-3\" title=\"Maratona Internacional de S\u00e3o Paulo altera tr\u00e2nsito e transporte na capital neste fim de semana\"><img loading=\"lazy\" decoding=\"async\" width=\"408\" height=\"306\" src=\"https:\/\/tarauacanamidia.com.br\/wp-content\/uploads\/2026\/05\/155623-maratona-internacional-de-sao-paulo-altera-transito-e-transporte-na-capital-neste-fim-de-semana-450x300.png\" class=\"attachment-bunyad-medium size-bunyad-medium wp-post-image\" alt=\"maratona-internacional-de-sao-paulo-altera-transito-e-transporte-na-capital-neste-fim-de-semana\" sizes=\"(max-width: 408px) 100vw, 408px\" title=\"Maratona Internacional de S\u00e3o Paulo altera tr\u00e2nsito e transporte na capital neste fim de semana\" srcset=\"https:\/\/tarauacanamidia.com.br\/wp-content\/uploads\/2026\/05\/155623-maratona-internacional-de-sao-paulo-altera-transito-e-transporte-na-capital-neste-fim-de-semana-450x300.png 450w, https:\/\/tarauacanamidia.com.br\/wp-content\/uploads\/2026\/05\/155623-maratona-internacional-de-sao-paulo-altera-transito-e-transporte-na-capital-neste-fim-de-semana-1024x683.png 1024w, https:\/\/tarauacanamidia.com.br\/wp-content\/uploads\/2026\/05\/155623-maratona-internacional-de-sao-paulo-altera-transito-e-transporte-na-capital-neste-fim-de-semana-768x512.png 768w, https:\/\/tarauacanamidia.com.br\/wp-content\/uploads\/2026\/05\/155623-maratona-internacional-de-sao-paulo-altera-transito-e-transporte-na-capital-neste-fim-de-semana-1200x800.png 1200w, https:\/\/tarauacanamidia.com.br\/wp-content\/uploads\/2026\/05\/155623-maratona-internacional-de-sao-paulo-altera-transito-e-transporte-na-capital-neste-fim-de-semana.png 1536w\" \/><\/a>\t\t\t\n\t\t\t\n\t\t\t\n\t\t\t\n\t\t\n\t\t<\/div>\n\t\n\n\t\t\t<div class=\"content-wrap\">\n\t\n\t\t<div class=\"content\">\n\n\t\t\t<div class=\"post-meta post-meta-a meta-contrast\"><div class=\"post-meta-items meta-above\"><span class=\"meta-item cat-labels\">\n\t\t\t\t\t\t\n\t\t\t\t\t\t<a href=\"https:\/\/tarauacanamidia.com.br\/?cat=31\" class=\"category term-color-31\" rel=\"category\" tabindex=\"-1\">Mundo<\/a>\n\t\t\t\t\t<\/span>\n\t\t\t\t\t<\/div><h2 class=\"is-title post-title\"><a href=\"https:\/\/tarauacanamidia.com.br\/?p=155623\">Maratona Internacional de S\u00e3o Paulo altera tr\u00e2nsito e transporte na capital neste fim de semana<\/a><\/h2><\/div>\t\t\t\n\t\t\t\n\t\t\t\n\t\t<\/div>\n\n\t\t\t<\/div>\n\t\n<\/article>\n\t\t\t\n\t\t\t\n<article class=\"l-post grid-overlay overlay-post grid-overlay-a overlay-base-post\">\n\n\t\n\t\t\t<div class=\"media\">\n\n\t\t\n\t\t\t<a href=\"https:\/\/tarauacanamidia.com.br\/?p=155673\" class=\"image-link media-ratio ratio-4-3\" title=\"Congresso e STF travam novo round na disputa sobre autonomia dos poderes e limites jurisdicionais\"><img loading=\"lazy\" decoding=\"async\" width=\"408\" height=\"306\" src=\"https:\/\/tarauacanamidia.com.br\/wp-content\/uploads\/2026\/05\/155673-congresso-e-stf-travam-novo-round-na-disputa-sobre-autonomia-dos-poderes-e-limites-ju69f44bde8f53f-450x239.jpg\" class=\"attachment-bunyad-medium size-bunyad-medium wp-post-image\" alt=\"congresso-e-stf-travam-novo-round-na-disputa-sobre-autonomia-dos-poderes-e-limites-jurisdicionais\" sizes=\"(max-width: 408px) 100vw, 408px\" title=\"Congresso e STF travam novo round na disputa sobre autonomia dos poderes e limites jurisdicionais\" srcset=\"https:\/\/tarauacanamidia.com.br\/wp-content\/uploads\/2026\/05\/155673-congresso-e-stf-travam-novo-round-na-disputa-sobre-autonomia-dos-poderes-e-limites-ju69f44bde8f53f-1024x544.jpg 1024w, https:\/\/tarauacanamidia.com.br\/wp-content\/uploads\/2026\/05\/155673-congresso-e-stf-travam-novo-round-na-disputa-sobre-autonomia-dos-poderes-e-limites-ju69f44bde8f53f-768x408.jpg 768w, https:\/\/tarauacanamidia.com.br\/wp-content\/uploads\/2026\/05\/155673-congresso-e-stf-travam-novo-round-na-disputa-sobre-autonomia-dos-poderes-e-limites-ju69f44bde8f53f-1536x816.jpg 1536w, https:\/\/tarauacanamidia.com.br\/wp-content\/uploads\/2026\/05\/155673-congresso-e-stf-travam-novo-round-na-disputa-sobre-autonomia-dos-poderes-e-limites-ju69f44bde8f53f-2048x1088.jpg 2048w, https:\/\/tarauacanamidia.com.br\/wp-content\/uploads\/2026\/05\/155673-congresso-e-stf-travam-novo-round-na-disputa-sobre-autonomia-dos-poderes-e-limites-ju69f44bde8f53f-1200x638.jpg 1200w\" \/><\/a>\t\t\t\n\t\t\t\n\t\t\t\n\t\t\t\n\t\t\n\t\t<\/div>\n\t\n\n\t\t\t<div class=\"content-wrap\">\n\t\n\t\t<div class=\"content\">\n\n\t\t\t<div class=\"post-meta post-meta-a meta-contrast\"><div class=\"post-meta-items meta-above\"><span class=\"meta-item cat-labels\">\n\t\t\t\t\t\t\n\t\t\t\t\t\t<a href=\"https:\/\/tarauacanamidia.com.br\/?cat=55\" class=\"category term-color-55\" rel=\"category\" tabindex=\"-1\">Geral<\/a>\n\t\t\t\t\t<\/span>\n\t\t\t\t\t<\/div><h2 class=\"is-title post-title\"><a href=\"https:\/\/tarauacanamidia.com.br\/?p=155673\">Congresso e STF travam novo round na disputa sobre autonomia dos poderes e limites jurisdicionais<\/a><\/h2><\/div>\t\t\t\n\t\t\t\n\t\t\t\n\t\t<\/div>\n\n\t\t\t<\/div>\n\t\n<\/article>\n\t\t\t\n\t\t\t\n<article class=\"l-post grid-overlay overlay-post grid-overlay-a overlay-base-post\">\n\n\t\n\t\t\t<div class=\"media\">\n\n\t\t\n\t\t\t<a href=\"https:\/\/tarauacanamidia.com.br\/?p=155675\" class=\"image-link media-ratio ratio-4-3\" title=\"Caso Thawanna: inqu\u00e9rito avan\u00e7a e debate sobre c\u00e2meras corporais em PMs ganha for\u00e7a no Congresso\"><img loading=\"lazy\" decoding=\"async\" width=\"408\" height=\"306\" src=\"https:\/\/tarauacanamidia.com.br\/wp-content\/uploads\/2026\/05\/155675-caso-thawanna-inquerito-avanca-e-debate-sobre-cameras-corporais-em-pms-ganha-forca-no-congresso-450x300.jpg\" class=\"attachment-bunyad-medium size-bunyad-medium wp-post-image\" alt=\"caso-thawanna:-inquerito-avanca-e-debate-sobre-cameras-corporais-em-pms-ganha-forca-no-congresso\" sizes=\"(max-width: 408px) 100vw, 408px\" title=\"Caso Thawanna: inqu\u00e9rito avan\u00e7a e debate sobre c\u00e2meras corporais em PMs ganha for\u00e7a no Congresso\" srcset=\"https:\/\/tarauacanamidia.com.br\/wp-content\/uploads\/2026\/05\/155675-caso-thawanna-inquerito-avanca-e-debate-sobre-cameras-corporais-em-pms-ganha-forca-no-congresso-450x300.jpg 450w, https:\/\/tarauacanamidia.com.br\/wp-content\/uploads\/2026\/05\/155675-caso-thawanna-inquerito-avanca-e-debate-sobre-cameras-corporais-em-pms-ganha-forca-no-congresso-1024x683.jpg 1024w, https:\/\/tarauacanamidia.com.br\/wp-content\/uploads\/2026\/05\/155675-caso-thawanna-inquerito-avanca-e-debate-sobre-cameras-corporais-em-pms-ganha-forca-no-congresso-768x512.jpg 768w, https:\/\/tarauacanamidia.com.br\/wp-content\/uploads\/2026\/05\/155675-caso-thawanna-inquerito-avanca-e-debate-sobre-cameras-corporais-em-pms-ganha-forca-no-congresso-1536x1024.jpg 1536w, https:\/\/tarauacanamidia.com.br\/wp-content\/uploads\/2026\/05\/155675-caso-thawanna-inquerito-avanca-e-debate-sobre-cameras-corporais-em-pms-ganha-forca-no-congresso-1200x800.jpg 1200w, https:\/\/tarauacanamidia.com.br\/wp-content\/uploads\/2026\/05\/155675-caso-thawanna-inquerito-avanca-e-debate-sobre-cameras-corporais-em-pms-ganha-forca-no-congresso.jpg 1900w\" \/><\/a>\t\t\t\n\t\t\t\n\t\t\t\n\t\t\t\n\t\t\n\t\t<\/div>\n\t\n\n\t\t\t<div class=\"content-wrap\">\n\t\n\t\t<div class=\"content\">\n\n\t\t\t<div class=\"post-meta post-meta-a meta-contrast\"><div class=\"post-meta-items meta-above\"><span class=\"meta-item cat-labels\">\n\t\t\t\t\t\t\n\t\t\t\t\t\t<a href=\"https:\/\/tarauacanamidia.com.br\/?cat=55\" class=\"category term-color-55\" rel=\"category\" tabindex=\"-1\">Geral<\/a>\n\t\t\t\t\t<\/span>\n\t\t\t\t\t<\/div><h2 class=\"is-title post-title\"><a href=\"https:\/\/tarauacanamidia.com.br\/?p=155675\">Caso Thawanna: inqu\u00e9rito avan\u00e7a e debate sobre c\u00e2meras corporais em PMs ganha for\u00e7a no Congresso<\/a><\/h2><\/div>\t\t\t\n\t\t\t\n\t\t\t\n\t\t<\/div>\n\n\t\t\t<\/div>\n\t\n<\/article>\n\t\t\t\n\t\t\t\n<article class=\"l-post grid-overlay overlay-post grid-overlay-a overlay-base-post\">\n\n\t\n\t\t\t<div class=\"media\">\n\n\t\t\n\t\t\t<a href=\"https:\/\/tarauacanamidia.com.br\/?p=155370\" class=\"image-link media-ratio ratio-4-3\" title=\"Chef indica o que comer em cada regi\u00e3o do Jap\u00e3o e destaca diversidade da culin\u00e1ria local\"><img loading=\"lazy\" decoding=\"async\" width=\"408\" height=\"306\" src=\"https:\/\/tarauacanamidia.com.br\/wp-content\/uploads\/2026\/04\/155370-chef-indica-o-que-comer-em-cada-regiao-do-japao-e-destaca-diversidade-da-culinaria-local-450x300.png\" class=\"attachment-bunyad-medium size-bunyad-medium wp-post-image\" alt=\"chef-indica-o-que-comer-em-cada-regiao-do-japao-e-destaca-diversidade-da-culinaria-local\" sizes=\"(max-width: 408px) 100vw, 408px\" title=\"Chef indica o que comer em cada regi\u00e3o do Jap\u00e3o e destaca diversidade da culin\u00e1ria local\" srcset=\"https:\/\/tarauacanamidia.com.br\/wp-content\/uploads\/2026\/04\/155370-chef-indica-o-que-comer-em-cada-regiao-do-japao-e-destaca-diversidade-da-culinaria-local-450x300.png 450w, https:\/\/tarauacanamidia.com.br\/wp-content\/uploads\/2026\/04\/155370-chef-indica-o-que-comer-em-cada-regiao-do-japao-e-destaca-diversidade-da-culinaria-local-1024x683.png 1024w, https:\/\/tarauacanamidia.com.br\/wp-content\/uploads\/2026\/04\/155370-chef-indica-o-que-comer-em-cada-regiao-do-japao-e-destaca-diversidade-da-culinaria-local-768x512.png 768w, https:\/\/tarauacanamidia.com.br\/wp-content\/uploads\/2026\/04\/155370-chef-indica-o-que-comer-em-cada-regiao-do-japao-e-destaca-diversidade-da-culinaria-local-1200x800.png 1200w, https:\/\/tarauacanamidia.com.br\/wp-content\/uploads\/2026\/04\/155370-chef-indica-o-que-comer-em-cada-regiao-do-japao-e-destaca-diversidade-da-culinaria-local.png 1536w\" \/><\/a>\t\t\t\n\t\t\t\n\t\t\t\n\t\t\t\n\t\t\n\t\t<\/div>\n\t\n\n\t\t\t<div class=\"content-wrap\">\n\t\n\t\t<div class=\"content\">\n\n\t\t\t<div class=\"post-meta post-meta-a meta-contrast\"><div class=\"post-meta-items meta-above\"><span class=\"meta-item cat-labels\">\n\t\t\t\t\t\t\n\t\t\t\t\t\t<a href=\"https:\/\/tarauacanamidia.com.br\/?cat=31\" class=\"category term-color-31\" rel=\"category\" tabindex=\"-1\">Mundo<\/a>\n\t\t\t\t\t<\/span>\n\t\t\t\t\t<\/div><h2 class=\"is-title post-title\"><a href=\"https:\/\/tarauacanamidia.com.br\/?p=155370\">Chef indica o que comer em cada regi\u00e3o do Jap\u00e3o e destaca diversidade da culin\u00e1ria local<\/a><\/h2><\/div>\t\t\t\n\t\t\t\n\t\t\t\n\t\t<\/div>\n\n\t\t\t<\/div>\n\t\n<\/article>\n\t\t\t\n\t\t\t\n<article class=\"l-post grid-overlay overlay-post grid-overlay-a overlay-base-post\">\n\n\t\n\t\t\t<div class=\"media\">\n\n\t\t\n\t\t\t<a href=\"https:\/\/tarauacanamidia.com.br\/?p=155372\" class=\"image-link media-ratio ratio-4-3\" title=\"Filme brasileiro O Filho de Mil Homens \u00e9 destacado pelo New York Times\"><img loading=\"lazy\" decoding=\"async\" width=\"408\" height=\"306\" src=\"https:\/\/tarauacanamidia.com.br\/wp-content\/uploads\/2026\/04\/155372-filme-brasileiro-o-filho-de-mil-homens-e-destacado-pelo-new-york-times-450x300.png\" class=\"attachment-bunyad-medium size-bunyad-medium wp-post-image\" alt=\"filme-brasileiro-o-filho-de-mil-homens-e-destacado-pelo-new-york-times\" sizes=\"(max-width: 408px) 100vw, 408px\" title=\"Filme brasileiro O Filho de Mil Homens \u00e9 destacado pelo New York Times\" srcset=\"https:\/\/tarauacanamidia.com.br\/wp-content\/uploads\/2026\/04\/155372-filme-brasileiro-o-filho-de-mil-homens-e-destacado-pelo-new-york-times-450x300.png 450w, https:\/\/tarauacanamidia.com.br\/wp-content\/uploads\/2026\/04\/155372-filme-brasileiro-o-filho-de-mil-homens-e-destacado-pelo-new-york-times-1024x683.png 1024w, https:\/\/tarauacanamidia.com.br\/wp-content\/uploads\/2026\/04\/155372-filme-brasileiro-o-filho-de-mil-homens-e-destacado-pelo-new-york-times-768x512.png 768w, https:\/\/tarauacanamidia.com.br\/wp-content\/uploads\/2026\/04\/155372-filme-brasileiro-o-filho-de-mil-homens-e-destacado-pelo-new-york-times-1200x800.png 1200w, https:\/\/tarauacanamidia.com.br\/wp-content\/uploads\/2026\/04\/155372-filme-brasileiro-o-filho-de-mil-homens-e-destacado-pelo-new-york-times.png 1536w\" \/><\/a>\t\t\t\n\t\t\t\n\t\t\t\n\t\t\t\n\t\t\n\t\t<\/div>\n\t\n\n\t\t\t<div class=\"content-wrap\">\n\t\n\t\t<div class=\"content\">\n\n\t\t\t<div class=\"post-meta post-meta-a meta-contrast\"><div class=\"post-meta-items meta-above\"><span class=\"meta-item cat-labels\">\n\t\t\t\t\t\t\n\t\t\t\t\t\t<a href=\"https:\/\/tarauacanamidia.com.br\/?cat=31\" class=\"category term-color-31\" rel=\"category\" tabindex=\"-1\">Mundo<\/a>\n\t\t\t\t\t<\/span>\n\t\t\t\t\t<\/div><h2 class=\"is-title post-title\"><a href=\"https:\/\/tarauacanamidia.com.br\/?p=155372\">Filme brasileiro O Filho de Mil Homens \u00e9 destacado pelo New York Times<\/a><\/h2><\/div>\t\t\t\n\t\t\t\n\t\t\t\n\t\t<\/div>\n\n\t\t\t<\/div>\n\t\n<\/article>\n\t\t\t\n\t\t\t\n<article class=\"l-post grid-overlay overlay-post grid-overlay-a overlay-base-post\">\n\n\t\n\t\t\t<div class=\"media\">\n\n\t\t\n\t\t\t<a href=\"https:\/\/tarauacanamidia.com.br\/?p=155378\" class=\"image-link media-ratio ratio-4-3\" title=\"Nova edi\u00e7\u00e3o de luxo de O Pequeno Pr\u00edncipe \u00e9 lan\u00e7ada em 22 pa\u00edses com participa\u00e7\u00e3o de artista brasileiro\"><img loading=\"lazy\" decoding=\"async\" width=\"408\" height=\"306\" src=\"https:\/\/tarauacanamidia.com.br\/wp-content\/uploads\/2026\/04\/155378-nova-edicao-de-luxo-de-o-pequeno-principe-e-lancada-em-22-paises-com-participacao-de-69e92ced1c7a4-450x300.png\" class=\"attachment-bunyad-medium size-bunyad-medium wp-post-image\" alt=\"nova-edicao-de-luxo-de-o-pequeno-principe-e-lancada-em-22-paises-com-participacao-de-artista-brasileiro\" sizes=\"(max-width: 408px) 100vw, 408px\" title=\"Nova edi\u00e7\u00e3o de luxo de O Pequeno Pr\u00edncipe \u00e9 lan\u00e7ada em 22 pa\u00edses com participa\u00e7\u00e3o de artista brasileiro\" srcset=\"https:\/\/tarauacanamidia.com.br\/wp-content\/uploads\/2026\/04\/155378-nova-edicao-de-luxo-de-o-pequeno-principe-e-lancada-em-22-paises-com-participacao-de-69e92ced1c7a4-450x300.png 450w, https:\/\/tarauacanamidia.com.br\/wp-content\/uploads\/2026\/04\/155378-nova-edicao-de-luxo-de-o-pequeno-principe-e-lancada-em-22-paises-com-participacao-de-69e92ced1c7a4-1024x683.png 1024w, https:\/\/tarauacanamidia.com.br\/wp-content\/uploads\/2026\/04\/155378-nova-edicao-de-luxo-de-o-pequeno-principe-e-lancada-em-22-paises-com-participacao-de-69e92ced1c7a4-768x512.png 768w, https:\/\/tarauacanamidia.com.br\/wp-content\/uploads\/2026\/04\/155378-nova-edicao-de-luxo-de-o-pequeno-principe-e-lancada-em-22-paises-com-participacao-de-69e92ced1c7a4-1200x800.png 1200w, https:\/\/tarauacanamidia.com.br\/wp-content\/uploads\/2026\/04\/155378-nova-edicao-de-luxo-de-o-pequeno-principe-e-lancada-em-22-paises-com-participacao-de-69e92ced1c7a4.png 1536w\" \/><\/a>\t\t\t\n\t\t\t\n\t\t\t\n\t\t\t\n\t\t\n\t\t<\/div>\n\t\n\n\t\t\t<div class=\"content-wrap\">\n\t\n\t\t<div class=\"content\">\n\n\t\t\t<div class=\"post-meta post-meta-a meta-contrast\"><div class=\"post-meta-items meta-above\"><span class=\"meta-item cat-labels\">\n\t\t\t\t\t\t\n\t\t\t\t\t\t<a href=\"https:\/\/tarauacanamidia.com.br\/?cat=31\" class=\"category term-color-31\" rel=\"category\" tabindex=\"-1\">Mundo<\/a>\n\t\t\t\t\t<\/span>\n\t\t\t\t\t<\/div><h2 class=\"is-title post-title\"><a href=\"https:\/\/tarauacanamidia.com.br\/?p=155378\">Nova edi\u00e7\u00e3o de luxo de O Pequeno Pr\u00edncipe \u00e9 lan\u00e7ada em 22 pa\u00edses com participa\u00e7\u00e3o de artista brasileiro<\/a><\/h2><\/div>\t\t\t\n\t\t\t\n\t\t\t\n\t\t<\/div>\n\n\t\t\t<\/div>\n\t\n<\/article>\n\t\t\n\t<\/div>\n\n\t\t\n\t\t\t<\/div>\n\n\t\t<\/section>\n\t\t\t\t\t\t<\/div>\n\t\t\t\t<\/div>\n\t\t\t\t\t<\/div>\n\t\t<\/div>\n\t\t\t\t\t<\/div>\n\t\t<\/section>\n\t\t\t\t<section class=\"has-el-gap el-gap-default elementor-section elementor-top-section elementor-element elementor-element-8040fec elementor-section-boxed elementor-section-height-default elementor-section-height-default\" data-id=\"8040fec\" data-element_type=\"section\" data-e-type=\"section\">\n\t\t\t\t\t\t<div class=\"elementor-container elementor-column-gap-no\">\n\t\t\t\t\t<div class=\"elementor-column elementor-col-66 elementor-top-column elementor-element elementor-element-c44cde6 main-content\" data-id=\"c44cde6\" data-element_type=\"column\" data-e-type=\"column\">\n\t\t\t<div class=\"elementor-widget-wrap elementor-element-populated\">\n\t\t\t\t\t\t<div class=\"elementor-element elementor-element-42fb03f upk-content-position--center upk-navigation-type-both elementor-widget elementor-widget-upk-paradox-slider\" data-id=\"42fb03f\" data-element_type=\"widget\" data-e-type=\"widget\" data-widget_type=\"upk-paradox-slider.default\">\n\t\t\t\t<div class=\"elementor-widget-container\">\n\t\t\t\t\t\t\t<div id=\"upk-paradox-slider-42fb03f\" class=\"upk-paradox-slider upk-arrows-dots-align-center\" data-settings=\"{&quot;autoplay&quot;:{&quot;delay&quot;:5000},&quot;loop&quot;:true,&quot;speed&quot;:500,&quot;effect&quot;:&quot;fade&quot;,&quot;lazy&quot;:{&quot;loadPrevNext&quot;:&quot;true&quot;},&quot;parallax&quot;:true,&quot;slidesPerView&quot;:1,&quot;navigation&quot;:{&quot;nextEl&quot;:&quot;#upk-paradox-slider-42fb03f .upk-navigation-next&quot;,&quot;prevEl&quot;:&quot;#upk-paradox-slider-42fb03f .upk-navigation-prev&quot;},&quot;pagination&quot;:{&quot;el&quot;:&quot;#upk-paradox-slider-42fb03f .swiper-pagination&quot;,&quot;type&quot;:&quot;bullets&quot;,&quot;clickable&quot;:&quot;true&quot;,&quot;dynamicBullets&quot;:false},&quot;scrollbar&quot;:{&quot;el&quot;:&quot;#upk-paradox-slider-42fb03f .swiper-scrollbar&quot;,&quot;hide&quot;:&quot;true&quot;}}\">\n\t\t\t<div class=\"upk-paradox-slider-wrapper\">\n\t\t\t\t<div class=\"swiper-container\">\n\t\t\t\t\t<div class=\"swiper-wrapper\">\n\t\t\t\t<div class=\"upk-paradox-slider-item swiper-slide upk-transition-toggle\">\n\t\t\t<div class=\"upk-image-wrapper\">\n\t\t\t\t\n\t\t<img decoding=\"async\" class=\"upk-paradox-img swiper-lazy\" src=\"https:\/\/tarauacanamidia.com.br\/wp-content\/uploads\/2026\/05\/155667-cartorios-eleitorais-de-sp-abrem-no-feriado-e-fim-de-semana-para-regularizacao-do-titulo.png\" alt=\"Cart\u00f3rios eleitorais de SP abrem no feriado e fim de semana para regulariza\u00e7\u00e3o do t\u00edtulo\">\n\n\t\t\t\t\t<\/div>\n\n\t\t\t<div class=\"upk-paradox-content-box upk-position-center\">\n\t\t\t\t<div class=\"upk-content-inner\">\n\t\t\t\t\t<div class=\"upk-category-date-wrap upk-flex upk-flex-middle\" data-swiper-parallax=\"-100\" data-swiper-parallax-opacity=\"0.5\" data-swiper-parallax-duration=\"600\">\n\t\t\t\t\t\t\t\t<div class=\"upk-paradox-category\">\n\t\t\t<a href=\"https:\/\/tarauacanamidia.com.br\/?cat=41\">Tecnologia<\/a>\t\t<\/div>\n\t\t\t\t\t\t\t\t\n\t\t<div class=\"upk-paradox-date\">\n\t\t\t1 de maio de 2026\t\t<\/div>\n\n\t\t\n\t\t\t\t\t\t\t<\/div>\n\n\t\t\t\t\t<div data-swiper-parallax=\"-200\" data-swiper-parallax-opacity=\"0.5\" data-swiper-parallax-duration=\"700\">\n\t\t\t\t\t\t<h3 class=\"upk-paradox-title-wrap\" >\n\t\t\t\t<a href=\"https:\/\/tarauacanamidia.com.br\/?p=155667\" class=\"upk-paradox-title\" title=\"Cart\u00f3rios eleitorais de SP abrem no feriado e fim de semana para regulariza\u00e7\u00e3o do t\u00edtulo\">\n\t\t\t\t\tCart\u00f3rios eleitorais de SP abrem no feriado e fim de semana para regulariza\u00e7\u00e3o do t\u00edtulo\n\t\t\t\t<\/a>\n\t\t\t<\/h3>\t\t\t\t\t<\/div>\n\n\t\t\t\t\t<div data-swiper-parallax=\"-300\" data-swiper-parallax-opacity=\"0.5\" data-swiper-parallax-duration=\"800\">\n\t\t\t\t\t\t\t\t\t\t\t<\/div>\n\t\t\t\t\t\n\t\t\t\t\t<div data-swiper-parallax=\"-400\" data-swiper-parallax-opacity=\"0.5\" data-swiper-parallax-duration=\"900\">\n\t\t\t\t\t\t\t\t\t\t\t<\/div>\n\t\t\t\t<\/div>\n\t\t\t<\/div>\n\t\t<\/div>\n\t\t\t\t<div class=\"upk-paradox-slider-item swiper-slide upk-transition-toggle\">\n\t\t\t<div class=\"upk-image-wrapper\">\n\t\t\t\t\n\t\t<img decoding=\"async\" class=\"upk-paradox-img swiper-lazy\" src=\"https:\/\/tarauacanamidia.com.br\/wp-content\/uploads\/2026\/05\/155669-mercado-financeiro-mantem-pressao-sobre-juros-e-projeta-selic-a-13-diante-de-inflacao-resistente.jpg\" alt=\"Mercado financeiro mant\u00e9m press\u00e3o sobre juros e projeta Selic a 13% diante de infla\u00e7\u00e3o resistente\">\n\n\t\t\t\t\t<\/div>\n\n\t\t\t<div class=\"upk-paradox-content-box upk-position-center\">\n\t\t\t\t<div class=\"upk-content-inner\">\n\t\t\t\t\t<div class=\"upk-category-date-wrap upk-flex upk-flex-middle\" data-swiper-parallax=\"-100\" data-swiper-parallax-opacity=\"0.5\" data-swiper-parallax-duration=\"600\">\n\t\t\t\t\t\t\t\t<div class=\"upk-paradox-category\">\n\t\t\t<a href=\"https:\/\/tarauacanamidia.com.br\/?cat=41\">Tecnologia<\/a>\t\t<\/div>\n\t\t\t\t\t\t\t\t\n\t\t<div class=\"upk-paradox-date\">\n\t\t\t1 de maio de 2026\t\t<\/div>\n\n\t\t\n\t\t\t\t\t\t\t<\/div>\n\n\t\t\t\t\t<div data-swiper-parallax=\"-200\" data-swiper-parallax-opacity=\"0.5\" data-swiper-parallax-duration=\"700\">\n\t\t\t\t\t\t<h3 class=\"upk-paradox-title-wrap\" >\n\t\t\t\t<a href=\"https:\/\/tarauacanamidia.com.br\/?p=155669\" class=\"upk-paradox-title\" title=\"Mercado financeiro mant\u00e9m press\u00e3o sobre juros e projeta Selic a 13% diante de infla\u00e7\u00e3o resistente\">\n\t\t\t\t\tMercado financeiro mant\u00e9m press\u00e3o sobre juros e projeta Selic a 13% diante de infla\u00e7\u00e3o resistente\n\t\t\t\t<\/a>\n\t\t\t<\/h3>\t\t\t\t\t<\/div>\n\n\t\t\t\t\t<div data-swiper-parallax=\"-300\" data-swiper-parallax-opacity=\"0.5\" data-swiper-parallax-duration=\"800\">\n\t\t\t\t\t\t\t\t\t\t\t<\/div>\n\t\t\t\t\t\n\t\t\t\t\t<div data-swiper-parallax=\"-400\" data-swiper-parallax-opacity=\"0.5\" data-swiper-parallax-duration=\"900\">\n\t\t\t\t\t\t\t\t\t\t\t<\/div>\n\t\t\t\t<\/div>\n\t\t\t<\/div>\n\t\t<\/div>\n\t\t\t\t<div class=\"upk-paradox-slider-item swiper-slide upk-transition-toggle\">\n\t\t\t<div class=\"upk-image-wrapper\">\n\t\t\t\t\n\t\t<img decoding=\"async\" class=\"upk-paradox-img swiper-lazy\" src=\"https:\/\/tarauacanamidia.com.br\/wp-content\/uploads\/2026\/05\/155671-pesquisadores-de-sp-desenvolvem-dispositivo-que-integra-computacao-ao-cerebro-humano.png\" alt=\"Pesquisadores de SP desenvolvem dispositivo que integra computa\u00e7\u00e3o ao c\u00e9rebro humano\">\n\n\t\t\t\t\t<\/div>\n\n\t\t\t<div class=\"upk-paradox-content-box upk-position-center\">\n\t\t\t\t<div class=\"upk-content-inner\">\n\t\t\t\t\t<div class=\"upk-category-date-wrap upk-flex upk-flex-middle\" data-swiper-parallax=\"-100\" data-swiper-parallax-opacity=\"0.5\" data-swiper-parallax-duration=\"600\">\n\t\t\t\t\t\t\t\t<div class=\"upk-paradox-category\">\n\t\t\t<a href=\"https:\/\/tarauacanamidia.com.br\/?cat=41\">Tecnologia<\/a>\t\t<\/div>\n\t\t\t\t\t\t\t\t\n\t\t<div class=\"upk-paradox-date\">\n\t\t\t1 de maio de 2026\t\t<\/div>\n\n\t\t\n\t\t\t\t\t\t\t<\/div>\n\n\t\t\t\t\t<div data-swiper-parallax=\"-200\" data-swiper-parallax-opacity=\"0.5\" data-swiper-parallax-duration=\"700\">\n\t\t\t\t\t\t<h3 class=\"upk-paradox-title-wrap\" >\n\t\t\t\t<a href=\"https:\/\/tarauacanamidia.com.br\/?p=155671\" class=\"upk-paradox-title\" title=\"Pesquisadores de SP desenvolvem dispositivo que integra computa\u00e7\u00e3o ao c\u00e9rebro humano\">\n\t\t\t\t\tPesquisadores de SP desenvolvem dispositivo que integra computa\u00e7\u00e3o ao c\u00e9rebro humano\n\t\t\t\t<\/a>\n\t\t\t<\/h3>\t\t\t\t\t<\/div>\n\n\t\t\t\t\t<div data-swiper-parallax=\"-300\" data-swiper-parallax-opacity=\"0.5\" data-swiper-parallax-duration=\"800\">\n\t\t\t\t\t\t\t\t\t\t\t<\/div>\n\t\t\t\t\t\n\t\t\t\t\t<div data-swiper-parallax=\"-400\" data-swiper-parallax-opacity=\"0.5\" data-swiper-parallax-duration=\"900\">\n\t\t\t\t\t\t\t\t\t\t\t<\/div>\n\t\t\t\t<\/div>\n\t\t\t<\/div>\n\t\t<\/div>\n\t\t\t\t<div class=\"upk-paradox-slider-item swiper-slide upk-transition-toggle\">\n\t\t\t<div class=\"upk-image-wrapper\">\n\t\t\t\t\n\t\t<img decoding=\"async\" class=\"upk-paradox-img swiper-lazy\" src=\"https:\/\/tarauacanamidia.com.br\/wp-content\/uploads\/2026\/05\/155661-van-escolar-com-criancas-bate-em-casa-na-capital-paulista.png\" alt=\"Van escolar com crian\u00e7as bate em casa na capital paulista\">\n\n\t\t\t\t\t<\/div>\n\n\t\t\t<div class=\"upk-paradox-content-box upk-position-center\">\n\t\t\t\t<div class=\"upk-content-inner\">\n\t\t\t\t\t<div class=\"upk-category-date-wrap upk-flex upk-flex-middle\" data-swiper-parallax=\"-100\" data-swiper-parallax-opacity=\"0.5\" data-swiper-parallax-duration=\"600\">\n\t\t\t\t\t\t\t\t<div class=\"upk-paradox-category\">\n\t\t\t<a href=\"https:\/\/tarauacanamidia.com.br\/?cat=37\">Educa\u00e7\u00e3o<\/a>\t\t<\/div>\n\t\t\t\t\t\t\t\t\n\t\t<div class=\"upk-paradox-date\">\n\t\t\t1 de maio de 2026\t\t<\/div>\n\n\t\t\n\t\t\t\t\t\t\t<\/div>\n\n\t\t\t\t\t<div data-swiper-parallax=\"-200\" data-swiper-parallax-opacity=\"0.5\" data-swiper-parallax-duration=\"700\">\n\t\t\t\t\t\t<h3 class=\"upk-paradox-title-wrap\" >\n\t\t\t\t<a href=\"https:\/\/tarauacanamidia.com.br\/?p=155661\" class=\"upk-paradox-title\" title=\"Van escolar com crian\u00e7as bate em casa na capital paulista\">\n\t\t\t\t\tVan escolar com crian\u00e7as bate em casa na capital paulista\n\t\t\t\t<\/a>\n\t\t\t<\/h3>\t\t\t\t\t<\/div>\n\n\t\t\t\t\t<div data-swiper-parallax=\"-300\" data-swiper-parallax-opacity=\"0.5\" data-swiper-parallax-duration=\"800\">\n\t\t\t\t\t\t\t\t\t\t\t<\/div>\n\t\t\t\t\t\n\t\t\t\t\t<div data-swiper-parallax=\"-400\" data-swiper-parallax-opacity=\"0.5\" data-swiper-parallax-duration=\"900\">\n\t\t\t\t\t\t\t\t\t\t\t<\/div>\n\t\t\t\t<\/div>\n\t\t\t<\/div>\n\t\t<\/div>\n\t\t\t\t<div class=\"upk-paradox-slider-item swiper-slide upk-transition-toggle\">\n\t\t\t<div class=\"upk-image-wrapper\">\n\t\t\t\t\n\t\t<img decoding=\"async\" class=\"upk-paradox-img swiper-lazy\" src=\"https:\/\/tarauacanamidia.com.br\/wp-content\/uploads\/2026\/05\/155663-prefeitura-de-osasco-descarta-livros-de-biblioteca-publica-e-acao-gera-repercussao.png\" alt=\"Prefeitura de Osasco descarta livros de biblioteca p\u00fablica e a\u00e7\u00e3o gera repercuss\u00e3o\">\n\n\t\t\t\t\t<\/div>\n\n\t\t\t<div class=\"upk-paradox-content-box upk-position-center\">\n\t\t\t\t<div class=\"upk-content-inner\">\n\t\t\t\t\t<div class=\"upk-category-date-wrap upk-flex upk-flex-middle\" data-swiper-parallax=\"-100\" data-swiper-parallax-opacity=\"0.5\" data-swiper-parallax-duration=\"600\">\n\t\t\t\t\t\t\t\t<div class=\"upk-paradox-category\">\n\t\t\t<a href=\"https:\/\/tarauacanamidia.com.br\/?cat=37\">Educa\u00e7\u00e3o<\/a>\t\t<\/div>\n\t\t\t\t\t\t\t\t\n\t\t<div class=\"upk-paradox-date\">\n\t\t\t1 de maio de 2026\t\t<\/div>\n\n\t\t\n\t\t\t\t\t\t\t<\/div>\n\n\t\t\t\t\t<div data-swiper-parallax=\"-200\" data-swiper-parallax-opacity=\"0.5\" data-swiper-parallax-duration=\"700\">\n\t\t\t\t\t\t<h3 class=\"upk-paradox-title-wrap\" >\n\t\t\t\t<a href=\"https:\/\/tarauacanamidia.com.br\/?p=155663\" class=\"upk-paradox-title\" title=\"Prefeitura de Osasco descarta livros de biblioteca p\u00fablica e a\u00e7\u00e3o gera repercuss\u00e3o\">\n\t\t\t\t\tPrefeitura de Osasco descarta livros de biblioteca p\u00fablica e a\u00e7\u00e3o gera repercuss\u00e3o\n\t\t\t\t<\/a>\n\t\t\t<\/h3>\t\t\t\t\t<\/div>\n\n\t\t\t\t\t<div data-swiper-parallax=\"-300\" data-swiper-parallax-opacity=\"0.5\" data-swiper-parallax-duration=\"800\">\n\t\t\t\t\t\t\t\t\t\t\t<\/div>\n\t\t\t\t\t\n\t\t\t\t\t<div data-swiper-parallax=\"-400\" data-swiper-parallax-opacity=\"0.5\" data-swiper-parallax-duration=\"900\">\n\t\t\t\t\t\t\t\t\t\t\t<\/div>\n\t\t\t\t<\/div>\n\t\t\t<\/div>\n\t\t<\/div>\n\t\t\t\t<div class=\"upk-paradox-slider-item swiper-slide upk-transition-toggle\">\n\t\t\t<div class=\"upk-image-wrapper\">\n\t\t\t\t\n\t\t<img decoding=\"async\" class=\"upk-paradox-img swiper-lazy\" src=\"https:\/\/tarauacanamidia.com.br\/wp-content\/uploads\/2026\/05\/155665-polo-aeroespacial-de-sao-jose-dos-campos-recebe-incentivo-e-amplia-projetos-industriais.png\" alt=\"Polo aeroespacial de S\u00e3o Jos\u00e9 dos Campos recebe incentivo e amplia projetos industriais\">\n\n\t\t\t\t\t<\/div>\n\n\t\t\t<div class=\"upk-paradox-content-box upk-position-center\">\n\t\t\t\t<div class=\"upk-content-inner\">\n\t\t\t\t\t<div class=\"upk-category-date-wrap upk-flex upk-flex-middle\" data-swiper-parallax=\"-100\" data-swiper-parallax-opacity=\"0.5\" data-swiper-parallax-duration=\"600\">\n\t\t\t\t\t\t\t\t<div class=\"upk-paradox-category\">\n\t\t\t<a href=\"https:\/\/tarauacanamidia.com.br\/?cat=37\">Educa\u00e7\u00e3o<\/a>\t\t<\/div>\n\t\t\t\t\t\t\t\t\n\t\t<div class=\"upk-paradox-date\">\n\t\t\t1 de maio de 2026\t\t<\/div>\n\n\t\t\n\t\t\t\t\t\t\t<\/div>\n\n\t\t\t\t\t<div data-swiper-parallax=\"-200\" data-swiper-parallax-opacity=\"0.5\" data-swiper-parallax-duration=\"700\">\n\t\t\t\t\t\t<h3 class=\"upk-paradox-title-wrap\" >\n\t\t\t\t<a href=\"https:\/\/tarauacanamidia.com.br\/?p=155665\" class=\"upk-paradox-title\" title=\"Polo aeroespacial de S\u00e3o Jos\u00e9 dos Campos recebe incentivo e amplia projetos industriais\">\n\t\t\t\t\tPolo aeroespacial de S\u00e3o Jos\u00e9 dos Campos recebe incentivo e amplia projetos industriais\n\t\t\t\t<\/a>\n\t\t\t<\/h3>\t\t\t\t\t<\/div>\n\n\t\t\t\t\t<div data-swiper-parallax=\"-300\" data-swiper-parallax-opacity=\"0.5\" data-swiper-parallax-duration=\"800\">\n\t\t\t\t\t\t\t\t\t\t\t<\/div>\n\t\t\t\t\t\n\t\t\t\t\t<div data-swiper-parallax=\"-400\" data-swiper-parallax-opacity=\"0.5\" data-swiper-parallax-duration=\"900\">\n\t\t\t\t\t\t\t\t\t\t\t<\/div>\n\t\t\t\t<\/div>\n\t\t\t<\/div>\n\t\t<\/div>\n\t\t\t\t<div class=\"upk-paradox-slider-item swiper-slide upk-transition-toggle\">\n\t\t\t<div class=\"upk-image-wrapper\">\n\t\t\t\t\n\t\t<img decoding=\"async\" class=\"upk-paradox-img swiper-lazy\" src=\"https:\/\/tarauacanamidia.com.br\/wp-content\/uploads\/2026\/05\/155655-sao-paulo-confirma-segundo-caso-importado-de-sarampo-e-reforca-alerta-sanitario.png\" alt=\"S\u00e3o Paulo confirma segundo caso importado de sarampo e refor\u00e7a alerta sanit\u00e1rio\">\n\n\t\t\t\t\t<\/div>\n\n\t\t\t<div class=\"upk-paradox-content-box upk-position-center\">\n\t\t\t\t<div class=\"upk-content-inner\">\n\t\t\t\t\t<div class=\"upk-category-date-wrap upk-flex upk-flex-middle\" data-swiper-parallax=\"-100\" data-swiper-parallax-opacity=\"0.5\" data-swiper-parallax-duration=\"600\">\n\t\t\t\t\t\t\t\t<div class=\"upk-paradox-category\">\n\t\t\t<a href=\"https:\/\/tarauacanamidia.com.br\/?cat=36\">Saude<\/a>\t\t<\/div>\n\t\t\t\t\t\t\t\t\n\t\t<div class=\"upk-paradox-date\">\n\t\t\t1 de maio de 2026\t\t<\/div>\n\n\t\t\n\t\t\t\t\t\t\t<\/div>\n\n\t\t\t\t\t<div data-swiper-parallax=\"-200\" data-swiper-parallax-opacity=\"0.5\" data-swiper-parallax-duration=\"700\">\n\t\t\t\t\t\t<h3 class=\"upk-paradox-title-wrap\" >\n\t\t\t\t<a href=\"https:\/\/tarauacanamidia.com.br\/?p=155655\" class=\"upk-paradox-title\" title=\"S\u00e3o Paulo confirma segundo caso importado de sarampo e refor\u00e7a alerta sanit\u00e1rio\">\n\t\t\t\t\tS\u00e3o Paulo confirma segundo caso importado de sarampo e refor\u00e7a alerta sanit\u00e1rio\n\t\t\t\t<\/a>\n\t\t\t<\/h3>\t\t\t\t\t<\/div>\n\n\t\t\t\t\t<div data-swiper-parallax=\"-300\" data-swiper-parallax-opacity=\"0.5\" data-swiper-parallax-duration=\"800\">\n\t\t\t\t\t\t\t\t\t\t\t<\/div>\n\t\t\t\t\t\n\t\t\t\t\t<div data-swiper-parallax=\"-400\" data-swiper-parallax-opacity=\"0.5\" data-swiper-parallax-duration=\"900\">\n\t\t\t\t\t\t\t\t\t\t\t<\/div>\n\t\t\t\t<\/div>\n\t\t\t<\/div>\n\t\t<\/div>\n\t\t\t\t<div class=\"upk-paradox-slider-item swiper-slide upk-transition-toggle\">\n\t\t\t<div class=\"upk-image-wrapper\">\n\t\t\t\t\n\t\t<img decoding=\"async\" class=\"upk-paradox-img swiper-lazy\" src=\"https:\/\/tarauacanamidia.com.br\/wp-content\/uploads\/2026\/05\/155657-governo-federal-entrega-mais-de-3-mil-veiculos-e-novos-equipamentos-de-radioterapia-ao-sus.webp\" alt=\"Governo federal entrega mais de 3 mil ve\u00edculos e novos equipamentos de radioterapia ao SUS\">\n\n\t\t\t\t\t<\/div>\n\n\t\t\t<div class=\"upk-paradox-content-box upk-position-center\">\n\t\t\t\t<div class=\"upk-content-inner\">\n\t\t\t\t\t<div class=\"upk-category-date-wrap upk-flex upk-flex-middle\" data-swiper-parallax=\"-100\" data-swiper-parallax-opacity=\"0.5\" data-swiper-parallax-duration=\"600\">\n\t\t\t\t\t\t\t\t<div class=\"upk-paradox-category\">\n\t\t\t<a href=\"https:\/\/tarauacanamidia.com.br\/?cat=36\">Saude<\/a>\t\t<\/div>\n\t\t\t\t\t\t\t\t\n\t\t<div class=\"upk-paradox-date\">\n\t\t\t1 de maio de 2026\t\t<\/div>\n\n\t\t\n\t\t\t\t\t\t\t<\/div>\n\n\t\t\t\t\t<div data-swiper-parallax=\"-200\" data-swiper-parallax-opacity=\"0.5\" data-swiper-parallax-duration=\"700\">\n\t\t\t\t\t\t<h3 class=\"upk-paradox-title-wrap\" >\n\t\t\t\t<a href=\"https:\/\/tarauacanamidia.com.br\/?p=155657\" class=\"upk-paradox-title\" title=\"Governo federal entrega mais de 3 mil ve\u00edculos e novos equipamentos de radioterapia ao SUS\">\n\t\t\t\t\tGoverno federal entrega mais de 3 mil ve\u00edculos e novos equipamentos de radioterapia ao SUS\n\t\t\t\t<\/a>\n\t\t\t<\/h3>\t\t\t\t\t<\/div>\n\n\t\t\t\t\t<div data-swiper-parallax=\"-300\" data-swiper-parallax-opacity=\"0.5\" data-swiper-parallax-duration=\"800\">\n\t\t\t\t\t\t\t\t\t\t\t<\/div>\n\t\t\t\t\t\n\t\t\t\t\t<div data-swiper-parallax=\"-400\" data-swiper-parallax-opacity=\"0.5\" data-swiper-parallax-duration=\"900\">\n\t\t\t\t\t\t\t\t\t\t\t<\/div>\n\t\t\t\t<\/div>\n\t\t\t<\/div>\n\t\t<\/div>\n\t\t\t\t<div class=\"upk-paradox-slider-item swiper-slide upk-transition-toggle\">\n\t\t\t<div class=\"upk-image-wrapper\">\n\t\t\t\t\n\t\t<img decoding=\"async\" class=\"upk-paradox-img swiper-lazy\" src=\"https:\/\/tarauacanamidia.com.br\/wp-content\/uploads\/2026\/05\/155659-governo-de-sp-abre-consulta-publica-para-programa-de-saneamento-com-previsao-de-r-100-bilhoes.jpg\" alt=\"Governo de SP abre consulta p\u00fablica para programa de saneamento com previs\u00e3o de R$ 100 bilh\u00f5es\">\n\n\t\t\t\t\t<\/div>\n\n\t\t\t<div class=\"upk-paradox-content-box upk-position-center\">\n\t\t\t\t<div class=\"upk-content-inner\">\n\t\t\t\t\t<div class=\"upk-category-date-wrap upk-flex upk-flex-middle\" data-swiper-parallax=\"-100\" data-swiper-parallax-opacity=\"0.5\" data-swiper-parallax-duration=\"600\">\n\t\t\t\t\t\t\t\t<div class=\"upk-paradox-category\">\n\t\t\t<a href=\"https:\/\/tarauacanamidia.com.br\/?cat=36\">Saude<\/a>\t\t<\/div>\n\t\t\t\t\t\t\t\t\n\t\t<div class=\"upk-paradox-date\">\n\t\t\t1 de maio de 2026\t\t<\/div>\n\n\t\t\n\t\t\t\t\t\t\t<\/div>\n\n\t\t\t\t\t<div data-swiper-parallax=\"-200\" data-swiper-parallax-opacity=\"0.5\" data-swiper-parallax-duration=\"700\">\n\t\t\t\t\t\t<h3 class=\"upk-paradox-title-wrap\" >\n\t\t\t\t<a href=\"https:\/\/tarauacanamidia.com.br\/?p=155659\" class=\"upk-paradox-title\" title=\"Governo de SP abre consulta p\u00fablica para programa de saneamento com previs\u00e3o de R$ 100 bilh\u00f5es\">\n\t\t\t\t\tGoverno de SP abre consulta p\u00fablica para programa de saneamento com previs\u00e3o de R$ 100 bilh\u00f5es\n\t\t\t\t<\/a>\n\t\t\t<\/h3>\t\t\t\t\t<\/div>\n\n\t\t\t\t\t<div data-swiper-parallax=\"-300\" data-swiper-parallax-opacity=\"0.5\" data-swiper-parallax-duration=\"800\">\n\t\t\t\t\t\t\t\t\t\t\t<\/div>\n\t\t\t\t\t\n\t\t\t\t\t<div data-swiper-parallax=\"-400\" data-swiper-parallax-opacity=\"0.5\" data-swiper-parallax-duration=\"900\">\n\t\t\t\t\t\t\t\t\t\t\t<\/div>\n\t\t\t\t<\/div>\n\t\t\t<\/div>\n\t\t<\/div>\n\t\t\t\t<div class=\"upk-paradox-slider-item swiper-slide upk-transition-toggle\">\n\t\t\t<div class=\"upk-image-wrapper\">\n\t\t\t\t\n\t\t<img decoding=\"async\" class=\"upk-paradox-img swiper-lazy\" src=\"https:\/\/tarauacanamidia.com.br\/wp-content\/uploads\/2026\/05\/155649-governo-anuncia-desenrola-2-0-para-4-de-maio-com-descontos-de-ate-90-e-novo-foco-em-d69f44bb2e2241.jpeg\" alt=\"Governo anuncia Desenrola 2.0 para 4 de maio com descontos de at\u00e9 90% e novo foco em d\u00edvidas de cart\u00e3o e cr\u00e9dito pessoal\">\n\n\t\t\t\t\t<\/div>\n\n\t\t\t<div class=\"upk-paradox-content-box upk-position-center\">\n\t\t\t\t<div class=\"upk-content-inner\">\n\t\t\t\t\t<div class=\"upk-category-date-wrap upk-flex upk-flex-middle\" data-swiper-parallax=\"-100\" data-swiper-parallax-opacity=\"0.5\" data-swiper-parallax-duration=\"600\">\n\t\t\t\t\t\t\t\t<div class=\"upk-paradox-category\">\n\t\t\t<a href=\"https:\/\/tarauacanamidia.com.br\/?cat=38\">Economia<\/a>\t\t<\/div>\n\t\t\t\t\t\t\t\t\n\t\t<div class=\"upk-paradox-date\">\n\t\t\t1 de maio de 2026\t\t<\/div>\n\n\t\t\n\t\t\t\t\t\t\t<\/div>\n\n\t\t\t\t\t<div data-swiper-parallax=\"-200\" data-swiper-parallax-opacity=\"0.5\" data-swiper-parallax-duration=\"700\">\n\t\t\t\t\t\t<h3 class=\"upk-paradox-title-wrap\" >\n\t\t\t\t<a href=\"https:\/\/tarauacanamidia.com.br\/?p=155649\" class=\"upk-paradox-title\" title=\"Governo anuncia Desenrola 2.0 para 4 de maio com descontos de at\u00e9 90% e novo foco em d\u00edvidas de cart\u00e3o e cr\u00e9dito pessoal\">\n\t\t\t\t\tGoverno anuncia Desenrola 2.0 para 4 de maio com descontos de at\u00e9 90% e novo foco em d\u00edvidas de cart\u00e3o e cr\u00e9dito pessoal\n\t\t\t\t<\/a>\n\t\t\t<\/h3>\t\t\t\t\t<\/div>\n\n\t\t\t\t\t<div data-swiper-parallax=\"-300\" data-swiper-parallax-opacity=\"0.5\" data-swiper-parallax-duration=\"800\">\n\t\t\t\t\t\t\t\t\t\t\t<\/div>\n\t\t\t\t\t\n\t\t\t\t\t<div data-swiper-parallax=\"-400\" data-swiper-parallax-opacity=\"0.5\" data-swiper-parallax-duration=\"900\">\n\t\t\t\t\t\t\t\t\t\t\t<\/div>\n\t\t\t\t<\/div>\n\t\t\t<\/div>\n\t\t<\/div>\n\t\t\t\t<div class=\"upk-paradox-slider-item swiper-slide upk-transition-toggle\">\n\t\t\t<div class=\"upk-image-wrapper\">\n\t\t\t\t\n\t\t<img decoding=\"async\" class=\"upk-paradox-img swiper-lazy\" src=\"https:\/\/tarauacanamidia.com.br\/wp-content\/uploads\/2026\/05\/155651-confira-o-funcionamento-dos-servicos-estaduais-em-sp-no-feriado-de-1o-de-maio.jpg\" alt=\"Confira o funcionamento dos servi\u00e7os estaduais em SP no feriado de 1\u00ba de maio\">\n\n\t\t\t\t\t<\/div>\n\n\t\t\t<div class=\"upk-paradox-content-box upk-position-center\">\n\t\t\t\t<div class=\"upk-content-inner\">\n\t\t\t\t\t<div class=\"upk-category-date-wrap upk-flex upk-flex-middle\" data-swiper-parallax=\"-100\" data-swiper-parallax-opacity=\"0.5\" data-swiper-parallax-duration=\"600\">\n\t\t\t\t\t\t\t\t<div class=\"upk-paradox-category\">\n\t\t\t<a href=\"https:\/\/tarauacanamidia.com.br\/?cat=38\">Economia<\/a>\t\t<\/div>\n\t\t\t\t\t\t\t\t\n\t\t<div class=\"upk-paradox-date\">\n\t\t\t1 de maio de 2026\t\t<\/div>\n\n\t\t\n\t\t\t\t\t\t\t<\/div>\n\n\t\t\t\t\t<div data-swiper-parallax=\"-200\" data-swiper-parallax-opacity=\"0.5\" data-swiper-parallax-duration=\"700\">\n\t\t\t\t\t\t<h3 class=\"upk-paradox-title-wrap\" >\n\t\t\t\t<a href=\"https:\/\/tarauacanamidia.com.br\/?p=155651\" class=\"upk-paradox-title\" title=\"Confira o funcionamento dos servi\u00e7os estaduais em SP no feriado de 1\u00ba de maio\">\n\t\t\t\t\tConfira o funcionamento dos servi\u00e7os estaduais em SP no feriado de 1\u00ba de maio\n\t\t\t\t<\/a>\n\t\t\t<\/h3>\t\t\t\t\t<\/div>\n\n\t\t\t\t\t<div data-swiper-parallax=\"-300\" data-swiper-parallax-opacity=\"0.5\" data-swiper-parallax-duration=\"800\">\n\t\t\t\t\t\t\t\t\t\t\t<\/div>\n\t\t\t\t\t\n\t\t\t\t\t<div data-swiper-parallax=\"-400\" data-swiper-parallax-opacity=\"0.5\" data-swiper-parallax-duration=\"900\">\n\t\t\t\t\t\t\t\t\t\t\t<\/div>\n\t\t\t\t<\/div>\n\t\t\t<\/div>\n\t\t<\/div>\n\t\t\t\t<div class=\"upk-paradox-slider-item swiper-slide upk-transition-toggle\">\n\t\t\t<div class=\"upk-image-wrapper\">\n\t\t\t\t\n\t\t<img decoding=\"async\" class=\"upk-paradox-img swiper-lazy\" src=\"https:\/\/tarauacanamidia.com.br\/wp-content\/uploads\/2026\/05\/155653-mega-sena-acumula-premio-de-r-115-milhoes-no-concurso-3001-e-renova-o-sonho-coletivo-69f44bb81c271.jpg\" alt=\"Mega-Sena acumula pr\u00eamio de R$ 115 milh\u00f5es no concurso 3001 e renova o sonho coletivo da fortuna instant\u00e2nea no Brasil\">\n\n\t\t\t\t\t<\/div>\n\n\t\t\t<div class=\"upk-paradox-content-box upk-position-center\">\n\t\t\t\t<div class=\"upk-content-inner\">\n\t\t\t\t\t<div class=\"upk-category-date-wrap upk-flex upk-flex-middle\" data-swiper-parallax=\"-100\" data-swiper-parallax-opacity=\"0.5\" data-swiper-parallax-duration=\"600\">\n\t\t\t\t\t\t\t\t<div class=\"upk-paradox-category\">\n\t\t\t<a href=\"https:\/\/tarauacanamidia.com.br\/?cat=38\">Economia<\/a>\t\t<\/div>\n\t\t\t\t\t\t\t\t\n\t\t<div class=\"upk-paradox-date\">\n\t\t\t1 de maio de 2026\t\t<\/div>\n\n\t\t\n\t\t\t\t\t\t\t<\/div>\n\n\t\t\t\t\t<div data-swiper-parallax=\"-200\" data-swiper-parallax-opacity=\"0.5\" data-swiper-parallax-duration=\"700\">\n\t\t\t\t\t\t<h3 class=\"upk-paradox-title-wrap\" >\n\t\t\t\t<a href=\"https:\/\/tarauacanamidia.com.br\/?p=155653\" class=\"upk-paradox-title\" title=\"Mega-Sena acumula pr\u00eamio de R$ 115 milh\u00f5es no concurso 3001 e renova o sonho coletivo da fortuna instant\u00e2nea no Brasil\">\n\t\t\t\t\tMega-Sena acumula pr\u00eamio de R$ 115 milh\u00f5es no concurso 3001 e renova o sonho coletivo da fortuna instant\u00e2nea no Brasil\n\t\t\t\t<\/a>\n\t\t\t<\/h3>\t\t\t\t\t<\/div>\n\n\t\t\t\t\t<div data-swiper-parallax=\"-300\" data-swiper-parallax-opacity=\"0.5\" data-swiper-parallax-duration=\"800\">\n\t\t\t\t\t\t\t\t\t\t\t<\/div>\n\t\t\t\t\t\n\t\t\t\t\t<div data-swiper-parallax=\"-400\" data-swiper-parallax-opacity=\"0.5\" data-swiper-parallax-duration=\"900\">\n\t\t\t\t\t\t\t\t\t\t\t<\/div>\n\t\t\t\t<\/div>\n\t\t\t<\/div>\n\t\t<\/div>\n\t\t\t\t<div class=\"upk-paradox-slider-item swiper-slide upk-transition-toggle\">\n\t\t\t<div class=\"upk-image-wrapper\">\n\t\t\t\t\n\t\t<img decoding=\"async\" class=\"upk-paradox-img swiper-lazy\" src=\"https:\/\/tarauacanamidia.com.br\/wp-content\/uploads\/2026\/05\/155643-congresso-nacional-vota-nesta-quinta-feira-o-veto-presidencial-ao-pl-da-dosimetria-e-69f44baaed8b9.jpg\" alt=\"Congresso Nacional vota nesta quinta-feira o veto presidencial ao PL da dosimetria e decide o futuro dos condenados pelo 8 de janeiro\">\n\n\t\t\t\t\t<\/div>\n\n\t\t\t<div class=\"upk-paradox-content-box upk-position-center\">\n\t\t\t\t<div class=\"upk-content-inner\">\n\t\t\t\t\t<div class=\"upk-category-date-wrap upk-flex upk-flex-middle\" data-swiper-parallax=\"-100\" data-swiper-parallax-opacity=\"0.5\" data-swiper-parallax-duration=\"600\">\n\t\t\t\t\t\t\t\t<div class=\"upk-paradox-category\">\n\t\t\t<a href=\"https:\/\/tarauacanamidia.com.br\/?cat=33\">Politica<\/a>\t\t<\/div>\n\t\t\t\t\t\t\t\t\n\t\t<div class=\"upk-paradox-date\">\n\t\t\t1 de maio de 2026\t\t<\/div>\n\n\t\t\n\t\t\t\t\t\t\t<\/div>\n\n\t\t\t\t\t<div data-swiper-parallax=\"-200\" data-swiper-parallax-opacity=\"0.5\" data-swiper-parallax-duration=\"700\">\n\t\t\t\t\t\t<h3 class=\"upk-paradox-title-wrap\" >\n\t\t\t\t<a href=\"https:\/\/tarauacanamidia.com.br\/?p=155643\" class=\"upk-paradox-title\" title=\"Congresso Nacional vota nesta quinta-feira o veto presidencial ao PL da dosimetria e decide o futuro dos condenados pelo 8 de janeiro\">\n\t\t\t\t\tCongresso Nacional vota nesta quinta-feira o veto presidencial ao PL da dosimetria e decide o futuro dos condenados pelo 8 de janeiro\n\t\t\t\t<\/a>\n\t\t\t<\/h3>\t\t\t\t\t<\/div>\n\n\t\t\t\t\t<div data-swiper-parallax=\"-300\" data-swiper-parallax-opacity=\"0.5\" data-swiper-parallax-duration=\"800\">\n\t\t\t\t\t\t\t\t\t\t\t<\/div>\n\t\t\t\t\t\n\t\t\t\t\t<div data-swiper-parallax=\"-400\" data-swiper-parallax-opacity=\"0.5\" data-swiper-parallax-duration=\"900\">\n\t\t\t\t\t\t\t\t\t\t\t<\/div>\n\t\t\t\t<\/div>\n\t\t\t<\/div>\n\t\t<\/div>\n\t\t\t\t<div class=\"upk-paradox-slider-item swiper-slide upk-transition-toggle\">\n\t\t\t<div class=\"upk-image-wrapper\">\n\t\t\t\t\n\t\t<img decoding=\"async\" class=\"upk-paradox-img swiper-lazy\" src=\"https:\/\/tarauacanamidia.com.br\/wp-content\/uploads\/2026\/05\/155645-stf-atinge-marca-de-1-400-condenados-pelos-atos-golpistas-de-8-de-janeiro-e-reafirma-69f44babebcea.jpg\" alt=\"STF atinge marca de 1.400 condenados pelos atos golpistas de 8 de janeiro e reafirma o papel da Justi\u00e7a na defesa da Democracia\">\n\n\t\t\t\t\t<\/div>\n\n\t\t\t<div class=\"upk-paradox-content-box upk-position-center\">\n\t\t\t\t<div class=\"upk-content-inner\">\n\t\t\t\t\t<div class=\"upk-category-date-wrap upk-flex upk-flex-middle\" data-swiper-parallax=\"-100\" data-swiper-parallax-opacity=\"0.5\" data-swiper-parallax-duration=\"600\">\n\t\t\t\t\t\t\t\t<div class=\"upk-paradox-category\">\n\t\t\t<a href=\"https:\/\/tarauacanamidia.com.br\/?cat=33\">Politica<\/a>\t\t<\/div>\n\t\t\t\t\t\t\t\t\n\t\t<div class=\"upk-paradox-date\">\n\t\t\t1 de maio de 2026\t\t<\/div>\n\n\t\t\n\t\t\t\t\t\t\t<\/div>\n\n\t\t\t\t\t<div data-swiper-parallax=\"-200\" data-swiper-parallax-opacity=\"0.5\" data-swiper-parallax-duration=\"700\">\n\t\t\t\t\t\t<h3 class=\"upk-paradox-title-wrap\" >\n\t\t\t\t<a href=\"https:\/\/tarauacanamidia.com.br\/?p=155645\" class=\"upk-paradox-title\" title=\"STF atinge marca de 1.400 condenados pelos atos golpistas de 8 de janeiro e reafirma o papel da Justi\u00e7a na defesa da Democracia\">\n\t\t\t\t\tSTF atinge marca de 1.400 condenados pelos atos golpistas de 8 de janeiro e reafirma o papel da Justi\u00e7a na defesa da Democracia\n\t\t\t\t<\/a>\n\t\t\t<\/h3>\t\t\t\t\t<\/div>\n\n\t\t\t\t\t<div data-swiper-parallax=\"-300\" data-swiper-parallax-opacity=\"0.5\" data-swiper-parallax-duration=\"800\">\n\t\t\t\t\t\t\t\t\t\t\t<\/div>\n\t\t\t\t\t\n\t\t\t\t\t<div data-swiper-parallax=\"-400\" data-swiper-parallax-opacity=\"0.5\" data-swiper-parallax-duration=\"900\">\n\t\t\t\t\t\t\t\t\t\t\t<\/div>\n\t\t\t\t<\/div>\n\t\t\t<\/div>\n\t\t<\/div>\n\t\t\t\t<div class=\"upk-paradox-slider-item swiper-slide upk-transition-toggle\">\n\t\t\t<div class=\"upk-image-wrapper\">\n\t\t\t\t\n\t\t<img decoding=\"async\" class=\"upk-paradox-img swiper-lazy\" src=\"https:\/\/tarauacanamidia.com.br\/wp-content\/uploads\/2026\/05\/155647-governo-de-sp-demite-auditores-fiscais-e-reforca-acoes-contra-irregularidades.png\" alt=\"Governo de SP demite auditores fiscais e refor\u00e7a a\u00e7\u00f5es contra irregularidades\">\n\n\t\t\t\t\t<\/div>\n\n\t\t\t<div class=\"upk-paradox-content-box upk-position-center\">\n\t\t\t\t<div class=\"upk-content-inner\">\n\t\t\t\t\t<div class=\"upk-category-date-wrap upk-flex upk-flex-middle\" data-swiper-parallax=\"-100\" data-swiper-parallax-opacity=\"0.5\" data-swiper-parallax-duration=\"600\">\n\t\t\t\t\t\t\t\t<div class=\"upk-paradox-category\">\n\t\t\t<a href=\"https:\/\/tarauacanamidia.com.br\/?cat=33\">Politica<\/a>\t\t<\/div>\n\t\t\t\t\t\t\t\t\n\t\t<div class=\"upk-paradox-date\">\n\t\t\t1 de maio de 2026\t\t<\/div>\n\n\t\t\n\t\t\t\t\t\t\t<\/div>\n\n\t\t\t\t\t<div data-swiper-parallax=\"-200\" data-swiper-parallax-opacity=\"0.5\" data-swiper-parallax-duration=\"700\">\n\t\t\t\t\t\t<h3 class=\"upk-paradox-title-wrap\" >\n\t\t\t\t<a href=\"https:\/\/tarauacanamidia.com.br\/?p=155647\" class=\"upk-paradox-title\" title=\"Governo de SP demite auditores fiscais e refor\u00e7a a\u00e7\u00f5es contra irregularidades\">\n\t\t\t\t\tGoverno de SP demite auditores fiscais e refor\u00e7a a\u00e7\u00f5es contra irregularidades\n\t\t\t\t<\/a>\n\t\t\t<\/h3>\t\t\t\t\t<\/div>\n\n\t\t\t\t\t<div data-swiper-parallax=\"-300\" data-swiper-parallax-opacity=\"0.5\" data-swiper-parallax-duration=\"800\">\n\t\t\t\t\t\t\t\t\t\t\t<\/div>\n\t\t\t\t\t\n\t\t\t\t\t<div data-swiper-parallax=\"-400\" data-swiper-parallax-opacity=\"0.5\" data-swiper-parallax-duration=\"900\">\n\t\t\t\t\t\t\t\t\t\t\t<\/div>\n\t\t\t\t<\/div>\n\t\t\t<\/div>\n\t\t<\/div>\n\t\t\t\t\t\t\t<\/div>\n\t\t\t\t\t\t\t\t\t<\/div>\n\t\t\t\t\n\t\t\t\t\t\t\t\t\t\t\t<div class=\"upk-position-z-index upk-position-center\">\n\t\t\t<div class=\"upk-arrows-dots-container upk-slidenav-container \">\n\t\t\t\t\n\t\t\t\t<div class=\"upk-flex upk-flex-middle\">\n\t\t\t\t\t<div class=\"upk-visible@m upk-flex\">\n\t\t\t\t\t\t<a href=\"\" class=\"upk-navigation-prev upk-slidenav-previous upk-icon upk-slidenav\">\n\t\t\t\t\t\t\t<i class=\"upk-icon-arrow-left-0\" aria-hidden=\"true\"><\/i>\n\t\t\t\t\t\t<\/a>\n\t\t\t\t\t<\/div>\n\n\t\t\t\t\t\t\t\t\t\t\n\t\t\t\t\t<div class=\"upk-visible@m upk-flex\">\n\t\t\t\t\t\t<a href=\"\" class=\"upk-navigation-next upk-slidenav-next upk-icon upk-slidenav\">\n\t\t\t\t\t\t\t<i class=\"upk-icon-arrow-right-0\" aria-hidden=\"true\"><\/i>\n\t\t\t\t\t\t<\/a>\n\t\t\t\t\t<\/div>\n\t\t\t\t\t\n\t\t\t\t<\/div>\n\t\t\t<\/div>\n\t\t<\/div>\t\t\n\t\t\t\t\t\t\t\t\t\t\t\t\t<div class=\"upk-position-z-index upk-position-bottom\">\n\t\t\t\t\t\t\t<div class=\"upk-dots-container\">\n\t\t\t\t\t\t\t\t<div class=\"swiper-pagination\"><\/div>\n\t\t\t\t\t\t\t<\/div>\n\t\t\t\t\t\t<\/div>\n\t\t\t\t\t\t\t\t\t\t\t\t\t\n\t\t\t<\/div>\n\t\t<\/div>\n\n\t\t\t\t\t\t<\/div>\n\t\t\t\t<\/div>\n\t\t\t\t<div class=\"elementor-element elementor-element-6403bc2 elementor-widget elementor-widget-sidebar\" data-id=\"6403bc2\" data-element_type=\"widget\" data-e-type=\"widget\" data-widget_type=\"sidebar.default\">\n\t\t\t\t<div class=\"elementor-widget-container\">\n\t\t\t\t\t<li id=\"adni_widgets-2\" class=\"widget \"><div class=\"angwp_148535 _ning_outer ang_zone_148535 _ning_jss_zone has_label _align_center\" style=\"max-width:1200px;width:100%;overflow:hidden;height:inherit;\"><div class=\"_ning_label _center\" style=\"\">Anunciantes<\/div><div id=\"_ning_zone_148535_584629153\" class=\"_ning_zone_inner\" style=\"width:1200px; height:200px;position:relative;\"><div u=\"slides\" style=\"position:absolute; overflow:hidden; left:0px; top:0px;width:1200px; height:200px;\"><div class=\"slide_1 slide\" idle=\"5000\"><div class=\"angwp_148528 _ning_cont _ning_hidden _align_center\" data-size=\"custom\" data-bid=\"148528\" data-aid=\"148535\" style=\"max-width:1200px; width:100%;height:inherit;\"><div class=\"_ning_inner\" style=\"\"><a href=\"https:\/\/tarauacanamidia.com.br?_dnlink=148528&aid=148535&t=1777612731\" class=\"strack_cli _ning_link\" target=\"_blank\">&nbsp;<\/a><div class=\"_ning_elmt\"><img decoding=\"async\" src=\"https:\/\/tarauacanamidia.com.br\/wp-content\/uploads\/angwp\/items\/148528\/69c322a496e3b_1774396068.png\" \/><\/div><\/div><\/div><div class=\"clear\"><\/div><\/div><div class=\"slide_2 slide\" idle=\"5000\"><div class=\"angwp_148533 _ning_cont _ning_hidden _align_center\" data-size=\"custom\" data-bid=\"148533\" data-aid=\"148535\" style=\"max-width:1200px; width:100%;height:inherit;\"><div class=\"_ning_inner\" style=\"\"><a href=\"https:\/\/tarauacanamidia.com.br?_dnlink=148533&aid=148535&t=1777612731\" class=\"strack_cli _ning_link\" target=\"_blank\">&nbsp;<\/a><div class=\"_ning_elmt\"><img decoding=\"async\" src=\"https:\/\/tarauacanamidia.com.br\/wp-content\/uploads\/angwp\/items\/148533\/69c322a496e3b_1774396068.png\" \/><\/div><\/div><\/div><div class=\"clear\"><\/div><\/div><div class=\"slide_3 slide\" idle=\"5000\"><div class=\"angwp_148534 _ning_cont _ning_hidden _align_center\" data-size=\"custom\" data-bid=\"148534\" data-aid=\"148535\" style=\"max-width:1200px; width:100%;height:inherit;\"><div class=\"_ning_inner\" style=\"\"><a href=\"https:\/\/tarauacanamidia.com.br?_dnlink=148534&aid=148535&t=1777612731\" class=\"strack_cli _ning_link\" target=\"_blank\">&nbsp;<\/a><div class=\"_ning_elmt\"><img decoding=\"async\" src=\"https:\/\/tarauacanamidia.com.br\/wp-content\/uploads\/angwp\/items\/148534\/69c322a496e3b_1774396068.png\" \/><\/div><\/div><\/div><div class=\"clear\"><\/div><\/div><\/div><\/div><\/div><div class=\"clear\"><\/div><\/li>\n\t\t\t\t<\/div>\n\t\t\t\t<\/div>\n\t\t\t\t<div class=\"elementor-element elementor-element-18bb1e9 elementor-widget elementor-widget-smartmag-grid\" data-id=\"18bb1e9\" data-element_type=\"widget\" data-e-type=\"widget\" data-widget_type=\"smartmag-grid.default\">\n\t\t\t\t<div class=\"elementor-widget-container\">\n\t\t\t\t\t\t\t<section class=\"block-wrap block-grid block-sc mb-none\" data-id=\"3\">\n\n\t\t\t\t\n\t\t\t<div class=\"block-content\">\n\t\t\t\t\t\n\t<div data-slider=\"carousel\" data-autoplay=\"1\" data-speed data-slides=\"3\" data-slides-md=\"2\" data-slides-sm=\"2\" data-arrows=\"b\" data-dots=\"1\" class=\"loop loop-grid loop-grid-base common-slider loop-carousel arrow-hover slider-arrow-b grid grid-5 md:grid-2 sm:grid-2\">\n\n\t\t\t\t\t\n<article class=\"l-post grid-post grid-base-post\">\n\n\t\n\t\t\t<div class=\"media\">\n\n\t\t\n\t\t\t<a href=\"https:\/\/tarauacanamidia.com.br\/?p=155491\" class=\"image-link media-ratio ratio-is-custom\" title=\"Temporal atinge litoral e interior de SP e provoca impactos em diferentes regi\u00f5es\"><img loading=\"lazy\" decoding=\"async\" width=\"408\" height=\"243\" src=\"https:\/\/tarauacanamidia.com.br\/wp-content\/uploads\/2026\/04\/155491-temporal-atinge-litoral-e-interior-de-sp-e-provoca-impactos-em-diferentes-regioes-450x300.png\" class=\"attachment-bunyad-medium size-bunyad-medium wp-post-image\" alt=\"temporal-atinge-litoral-e-interior-de-sp-e-provoca-impactos-em-diferentes-regioes\" sizes=\"(max-width: 408px) 100vw, 408px\" title=\"Temporal atinge litoral e interior de SP e provoca impactos em diferentes regi\u00f5es\" srcset=\"https:\/\/tarauacanamidia.com.br\/wp-content\/uploads\/2026\/04\/155491-temporal-atinge-litoral-e-interior-de-sp-e-provoca-impactos-em-diferentes-regioes-450x300.png 450w, https:\/\/tarauacanamidia.com.br\/wp-content\/uploads\/2026\/04\/155491-temporal-atinge-litoral-e-interior-de-sp-e-provoca-impactos-em-diferentes-regioes-1024x683.png 1024w, https:\/\/tarauacanamidia.com.br\/wp-content\/uploads\/2026\/04\/155491-temporal-atinge-litoral-e-interior-de-sp-e-provoca-impactos-em-diferentes-regioes-768x512.png 768w, https:\/\/tarauacanamidia.com.br\/wp-content\/uploads\/2026\/04\/155491-temporal-atinge-litoral-e-interior-de-sp-e-provoca-impactos-em-diferentes-regioes-1200x800.png 1200w, https:\/\/tarauacanamidia.com.br\/wp-content\/uploads\/2026\/04\/155491-temporal-atinge-litoral-e-interior-de-sp-e-provoca-impactos-em-diferentes-regioes.png 1536w\" \/><\/a>\t\t\t\n\t\t\t\n\t\t\t\n\t\t\t\n\t\t\n\t\t<\/div>\n\t\n\n\t\n\t\t<div class=\"content\">\n\n\t\t\t<div class=\"post-meta post-meta-a\"><h2 class=\"is-title post-title limit-lines l-lines-2\"><a href=\"https:\/\/tarauacanamidia.com.br\/?p=155491\">Temporal atinge litoral e interior de SP e provoca impactos em diferentes regi\u00f5es<\/a><\/h2><\/div>\t\t\t\n\t\t\t\n\t\t\t\n\t\t<\/div>\n\n\t\n<\/article>\t\t\t\t\t\n<article class=\"l-post grid-post grid-base-post\">\n\n\t\n\t\t\t<div class=\"media\">\n\n\t\t\n\t\t\t<a href=\"https:\/\/tarauacanamidia.com.br\/?p=155458\" class=\"image-link media-ratio ratio-is-custom\" title=\"Casal \u00e9 preso ap\u00f3s roubo de R$ 160 mil em medicamentos no Morumbi\"><img loading=\"lazy\" decoding=\"async\" width=\"408\" height=\"243\" src=\"https:\/\/tarauacanamidia.com.br\/wp-content\/uploads\/2026\/04\/155458-casal-e-preso-apos-roubo-de-r-160-mil-em-medicamentos-no-morumbi-450x300.png\" class=\"attachment-bunyad-medium size-bunyad-medium wp-post-image\" alt=\"casal-e-preso-apos-roubo-de-r$-160-mil-em-medicamentos-no-morumbi\" sizes=\"(max-width: 408px) 100vw, 408px\" title=\"Casal \u00e9 preso ap\u00f3s roubo de R$ 160 mil em medicamentos no Morumbi\" srcset=\"https:\/\/tarauacanamidia.com.br\/wp-content\/uploads\/2026\/04\/155458-casal-e-preso-apos-roubo-de-r-160-mil-em-medicamentos-no-morumbi-450x300.png 450w, https:\/\/tarauacanamidia.com.br\/wp-content\/uploads\/2026\/04\/155458-casal-e-preso-apos-roubo-de-r-160-mil-em-medicamentos-no-morumbi-1024x683.png 1024w, https:\/\/tarauacanamidia.com.br\/wp-content\/uploads\/2026\/04\/155458-casal-e-preso-apos-roubo-de-r-160-mil-em-medicamentos-no-morumbi-768x512.png 768w, https:\/\/tarauacanamidia.com.br\/wp-content\/uploads\/2026\/04\/155458-casal-e-preso-apos-roubo-de-r-160-mil-em-medicamentos-no-morumbi-1200x800.png 1200w, https:\/\/tarauacanamidia.com.br\/wp-content\/uploads\/2026\/04\/155458-casal-e-preso-apos-roubo-de-r-160-mil-em-medicamentos-no-morumbi.png 1536w\" \/><\/a>\t\t\t\n\t\t\t\n\t\t\t\n\t\t\t\n\t\t\n\t\t<\/div>\n\t\n\n\t\n\t\t<div class=\"content\">\n\n\t\t\t<div class=\"post-meta post-meta-a\"><h2 class=\"is-title post-title limit-lines l-lines-2\"><a href=\"https:\/\/tarauacanamidia.com.br\/?p=155458\">Casal \u00e9 preso ap\u00f3s roubo de R$ 160 mil em medicamentos no Morumbi<\/a><\/h2><\/div>\t\t\t\n\t\t\t\n\t\t\t\n\t\t<\/div>\n\n\t\n<\/article>\t\t\t\t\t\n<article class=\"l-post grid-post grid-base-post\">\n\n\t\n\t\t\t<div class=\"media\">\n\n\t\t\n\t\t\t<a href=\"https:\/\/tarauacanamidia.com.br\/?p=155736\" class=\"image-link media-ratio ratio-is-custom\" title=\"Feir\u00e3o de emprego em Vinhedo oferece mais de 350 vagas nesta segunda-feira\"><img loading=\"lazy\" decoding=\"async\" width=\"408\" height=\"243\" src=\"https:\/\/tarauacanamidia.com.br\/wp-content\/uploads\/2026\/05\/155736-feirao-de-emprego-em-vinhedo-oferece-mais-de-350-vagas-nesta-segunda-feira-450x300.png\" class=\"attachment-bunyad-medium size-bunyad-medium wp-post-image\" alt=\"feirao-de-emprego-em-vinhedo-oferece-mais-de-350-vagas-nesta-segunda-feira\" sizes=\"(max-width: 408px) 100vw, 408px\" title=\"Feir\u00e3o de emprego em Vinhedo oferece mais de 350 vagas nesta segunda-feira\" srcset=\"https:\/\/tarauacanamidia.com.br\/wp-content\/uploads\/2026\/05\/155736-feirao-de-emprego-em-vinhedo-oferece-mais-de-350-vagas-nesta-segunda-feira-450x300.png 450w, https:\/\/tarauacanamidia.com.br\/wp-content\/uploads\/2026\/05\/155736-feirao-de-emprego-em-vinhedo-oferece-mais-de-350-vagas-nesta-segunda-feira-1024x683.png 1024w, https:\/\/tarauacanamidia.com.br\/wp-content\/uploads\/2026\/05\/155736-feirao-de-emprego-em-vinhedo-oferece-mais-de-350-vagas-nesta-segunda-feira-768x512.png 768w, https:\/\/tarauacanamidia.com.br\/wp-content\/uploads\/2026\/05\/155736-feirao-de-emprego-em-vinhedo-oferece-mais-de-350-vagas-nesta-segunda-feira-1200x800.png 1200w, https:\/\/tarauacanamidia.com.br\/wp-content\/uploads\/2026\/05\/155736-feirao-de-emprego-em-vinhedo-oferece-mais-de-350-vagas-nesta-segunda-feira.png 1536w\" \/><\/a>\t\t\t\n\t\t\t\n\t\t\t\n\t\t\t\n\t\t\n\t\t<\/div>\n\t\n\n\t\n\t\t<div class=\"content\">\n\n\t\t\t<div class=\"post-meta post-meta-a\"><h2 class=\"is-title post-title limit-lines l-lines-2\"><a href=\"https:\/\/tarauacanamidia.com.br\/?p=155736\">Feir\u00e3o de emprego em Vinhedo oferece mais de 350 vagas nesta segunda-feira<\/a><\/h2><\/div>\t\t\t\n\t\t\t\n\t\t\t\n\t\t<\/div>\n\n\t\n<\/article>\t\t\t\t\t\n<article class=\"l-post grid-post grid-base-post\">\n\n\t\n\t\t\t<div class=\"media\">\n\n\t\t\n\t\t\t<a href=\"https:\/\/tarauacanamidia.com.br\/?p=155702\" class=\"image-link media-ratio ratio-is-custom\" title=\"Pol\u00edcia investiga den\u00fancia de viol\u00eancia sexual envolvendo estudantes em escola da zona norte de SP\"><img loading=\"lazy\" decoding=\"async\" width=\"408\" height=\"243\" src=\"https:\/\/tarauacanamidia.com.br\/wp-content\/uploads\/2026\/05\/155702-policia-investiga-denuncia-de-violencia-sexual-envolvendo-estudantes-em-escola-da-zon69f44c13106ff-450x300.png\" class=\"attachment-bunyad-medium size-bunyad-medium wp-post-image\" alt=\"policia-investiga-denuncia-de-violencia-sexual-envolvendo-estudantes-em-escola-da-zona-norte-de-sp\" sizes=\"(max-width: 408px) 100vw, 408px\" title=\"Pol\u00edcia investiga den\u00fancia de viol\u00eancia sexual envolvendo estudantes em escola da zona norte de SP\" srcset=\"https:\/\/tarauacanamidia.com.br\/wp-content\/uploads\/2026\/05\/155702-policia-investiga-denuncia-de-violencia-sexual-envolvendo-estudantes-em-escola-da-zon69f44c13106ff-450x300.png 450w, https:\/\/tarauacanamidia.com.br\/wp-content\/uploads\/2026\/05\/155702-policia-investiga-denuncia-de-violencia-sexual-envolvendo-estudantes-em-escola-da-zon69f44c13106ff-1024x683.png 1024w, https:\/\/tarauacanamidia.com.br\/wp-content\/uploads\/2026\/05\/155702-policia-investiga-denuncia-de-violencia-sexual-envolvendo-estudantes-em-escola-da-zon69f44c13106ff-768x512.png 768w, https:\/\/tarauacanamidia.com.br\/wp-content\/uploads\/2026\/05\/155702-policia-investiga-denuncia-de-violencia-sexual-envolvendo-estudantes-em-escola-da-zon69f44c13106ff-1200x800.png 1200w, https:\/\/tarauacanamidia.com.br\/wp-content\/uploads\/2026\/05\/155702-policia-investiga-denuncia-de-violencia-sexual-envolvendo-estudantes-em-escola-da-zon69f44c13106ff.png 1536w\" \/><\/a>\t\t\t\n\t\t\t\n\t\t\t\n\t\t\t\n\t\t\n\t\t<\/div>\n\t\n\n\t\n\t\t<div class=\"content\">\n\n\t\t\t<div class=\"post-meta post-meta-a\"><h2 class=\"is-title post-title limit-lines l-lines-2\"><a href=\"https:\/\/tarauacanamidia.com.br\/?p=155702\">Pol\u00edcia investiga den\u00fancia de viol\u00eancia sexual envolvendo estudantes em escola da zona norte de SP<\/a><\/h2><\/div>\t\t\t\n\t\t\t\n\t\t\t\n\t\t<\/div>\n\n\t\n<\/article>\t\t\t\t\t\n<article class=\"l-post grid-post grid-base-post\">\n\n\t\n\t\t\t<div class=\"media\">\n\n\t\t\n\t\t\t<a href=\"https:\/\/tarauacanamidia.com.br\/?p=155682\" class=\"image-link media-ratio ratio-is-custom\" title=\"Justi\u00e7a condena Estado de SP a indenizar fam\u00edlia de homem morto por PM de folga\"><img loading=\"lazy\" decoding=\"async\" width=\"408\" height=\"243\" src=\"https:\/\/tarauacanamidia.com.br\/wp-content\/uploads\/2026\/05\/155682-justica-condena-estado-de-sp-a-indenizar-familia-de-homem-morto-por-pm-de-folga-450x300.png\" class=\"attachment-bunyad-medium size-bunyad-medium wp-post-image\" alt=\"justica-condena-estado-de-sp-a-indenizar-familia-de-homem-morto-por-pm-de-folga\" sizes=\"(max-width: 408px) 100vw, 408px\" title=\"Justi\u00e7a condena Estado de SP a indenizar fam\u00edlia de homem morto por PM de folga\" srcset=\"https:\/\/tarauacanamidia.com.br\/wp-content\/uploads\/2026\/05\/155682-justica-condena-estado-de-sp-a-indenizar-familia-de-homem-morto-por-pm-de-folga-450x300.png 450w, https:\/\/tarauacanamidia.com.br\/wp-content\/uploads\/2026\/05\/155682-justica-condena-estado-de-sp-a-indenizar-familia-de-homem-morto-por-pm-de-folga-1024x683.png 1024w, https:\/\/tarauacanamidia.com.br\/wp-content\/uploads\/2026\/05\/155682-justica-condena-estado-de-sp-a-indenizar-familia-de-homem-morto-por-pm-de-folga-768x512.png 768w, https:\/\/tarauacanamidia.com.br\/wp-content\/uploads\/2026\/05\/155682-justica-condena-estado-de-sp-a-indenizar-familia-de-homem-morto-por-pm-de-folga-1200x800.png 1200w, https:\/\/tarauacanamidia.com.br\/wp-content\/uploads\/2026\/05\/155682-justica-condena-estado-de-sp-a-indenizar-familia-de-homem-morto-por-pm-de-folga.png 1536w\" \/><\/a>\t\t\t\n\t\t\t\n\t\t\t\n\t\t\t\n\t\t\n\t\t<\/div>\n\t\n\n\t\n\t\t<div class=\"content\">\n\n\t\t\t<div class=\"post-meta post-meta-a\"><h2 class=\"is-title post-title limit-lines l-lines-2\"><a href=\"https:\/\/tarauacanamidia.com.br\/?p=155682\">Justi\u00e7a condena Estado de SP a indenizar fam\u00edlia de homem morto por PM de folga<\/a><\/h2><\/div>\t\t\t\n\t\t\t\n\t\t\t\n\t\t<\/div>\n\n\t\n<\/article>\t\t\t\t\t\n<article class=\"l-post grid-post grid-base-post\">\n\n\t\n\t\t\t<div class=\"media\">\n\n\t\t\n\t\t\t<a href=\"https:\/\/tarauacanamidia.com.br\/?p=155734\" class=\"image-link media-ratio ratio-is-custom\" title=\"Comiss\u00e3o especial para an\u00e1lise da PEC do fim da escala 61 \u00e9 instalada na C\u00e2mara dos Deputados\"><img loading=\"lazy\" decoding=\"async\" width=\"408\" height=\"243\" src=\"https:\/\/tarauacanamidia.com.br\/wp-content\/uploads\/2026\/05\/155734-comissao-especial-para-analise-da-pec-do-fim-da-escala-61-e-instalada-na-camara-dos-deputados-450x269.webp\" class=\"attachment-bunyad-medium size-bunyad-medium wp-post-image\" alt=\"comissao-especial-para-analise-da-pec-do-fim-da-escala-61-e-instalada-na-camara-dos-deputados\" sizes=\"(max-width: 408px) 100vw, 408px\" title=\"Comiss\u00e3o especial para an\u00e1lise da PEC do fim da escala 61 \u00e9 instalada na C\u00e2mara dos Deputados\" srcset=\"https:\/\/tarauacanamidia.com.br\/wp-content\/uploads\/2026\/05\/155734-comissao-especial-para-analise-da-pec-do-fim-da-escala-61-e-instalada-na-camara-dos-deputados-450x269.webp 450w, https:\/\/tarauacanamidia.com.br\/wp-content\/uploads\/2026\/05\/155734-comissao-especial-para-analise-da-pec-do-fim-da-escala-61-e-instalada-na-camara-dos-deputados-300x179.webp 300w, https:\/\/tarauacanamidia.com.br\/wp-content\/uploads\/2026\/05\/155734-comissao-especial-para-analise-da-pec-do-fim-da-escala-61-e-instalada-na-camara-dos-deputados-1024x613.webp 1024w, https:\/\/tarauacanamidia.com.br\/wp-content\/uploads\/2026\/05\/155734-comissao-especial-para-analise-da-pec-do-fim-da-escala-61-e-instalada-na-camara-dos-deputados-768x459.webp 768w, https:\/\/tarauacanamidia.com.br\/wp-content\/uploads\/2026\/05\/155734-comissao-especial-para-analise-da-pec-do-fim-da-escala-61-e-instalada-na-camara-dos-deputados-150x90.webp 150w, https:\/\/tarauacanamidia.com.br\/wp-content\/uploads\/2026\/05\/155734-comissao-especial-para-analise-da-pec-do-fim-da-escala-61-e-instalada-na-camara-dos-deputados-244x146.webp 244w, https:\/\/tarauacanamidia.com.br\/wp-content\/uploads\/2026\/05\/155734-comissao-especial-para-analise-da-pec-do-fim-da-escala-61-e-instalada-na-camara-dos-deputados.webp 1170w\" \/><\/a>\t\t\t\n\t\t\t\n\t\t\t\n\t\t\t\n\t\t\n\t\t<\/div>\n\t\n\n\t\n\t\t<div class=\"content\">\n\n\t\t\t<div class=\"post-meta post-meta-a\"><h2 class=\"is-title post-title limit-lines l-lines-2\"><a href=\"https:\/\/tarauacanamidia.com.br\/?p=155734\">Comiss\u00e3o especial para an\u00e1lise da PEC do fim da escala 61 \u00e9 instalada na C\u00e2mara dos Deputados<\/a><\/h2><\/div>\t\t\t\n\t\t\t\n\t\t\t\n\t\t<\/div>\n\n\t\n<\/article>\t\t\t\t\t\n<article class=\"l-post grid-post grid-base-post\">\n\n\t\n\t\t\t<div class=\"media\">\n\n\t\t\n\t\t\t<a href=\"https:\/\/tarauacanamidia.com.br\/?p=155663\" class=\"image-link media-ratio ratio-is-custom\" title=\"Prefeitura de Osasco descarta livros de biblioteca p\u00fablica e a\u00e7\u00e3o gera repercuss\u00e3o\"><img loading=\"lazy\" decoding=\"async\" width=\"408\" height=\"243\" src=\"https:\/\/tarauacanamidia.com.br\/wp-content\/uploads\/2026\/05\/155663-prefeitura-de-osasco-descarta-livros-de-biblioteca-publica-e-acao-gera-repercussao-450x300.png\" class=\"attachment-bunyad-medium size-bunyad-medium wp-post-image\" alt=\"prefeitura-de-osasco-descarta-livros-de-biblioteca-publica-e-acao-gera-repercussao\" sizes=\"(max-width: 408px) 100vw, 408px\" title=\"Prefeitura de Osasco descarta livros de biblioteca p\u00fablica e a\u00e7\u00e3o gera repercuss\u00e3o\" srcset=\"https:\/\/tarauacanamidia.com.br\/wp-content\/uploads\/2026\/05\/155663-prefeitura-de-osasco-descarta-livros-de-biblioteca-publica-e-acao-gera-repercussao-450x300.png 450w, https:\/\/tarauacanamidia.com.br\/wp-content\/uploads\/2026\/05\/155663-prefeitura-de-osasco-descarta-livros-de-biblioteca-publica-e-acao-gera-repercussao-1024x683.png 1024w, https:\/\/tarauacanamidia.com.br\/wp-content\/uploads\/2026\/05\/155663-prefeitura-de-osasco-descarta-livros-de-biblioteca-publica-e-acao-gera-repercussao-768x512.png 768w, https:\/\/tarauacanamidia.com.br\/wp-content\/uploads\/2026\/05\/155663-prefeitura-de-osasco-descarta-livros-de-biblioteca-publica-e-acao-gera-repercussao-1200x800.png 1200w, https:\/\/tarauacanamidia.com.br\/wp-content\/uploads\/2026\/05\/155663-prefeitura-de-osasco-descarta-livros-de-biblioteca-publica-e-acao-gera-repercussao.png 1536w\" \/><\/a>\t\t\t\n\t\t\t\n\t\t\t\n\t\t\t\n\t\t\n\t\t<\/div>\n\t\n\n\t\n\t\t<div class=\"content\">\n\n\t\t\t<div class=\"post-meta post-meta-a\"><h2 class=\"is-title post-title limit-lines l-lines-2\"><a href=\"https:\/\/tarauacanamidia.com.br\/?p=155663\">Prefeitura de Osasco descarta livros de biblioteca p\u00fablica e a\u00e7\u00e3o gera repercuss\u00e3o<\/a><\/h2><\/div>\t\t\t\n\t\t\t\n\t\t\t\n\t\t<\/div>\n\n\t\n<\/article>\t\t\t\t\t\n<article class=\"l-post grid-post grid-base-post\">\n\n\t\n\t\t\t<div class=\"media\">\n\n\t\t\n\t\t\t<a href=\"https:\/\/tarauacanamidia.com.br\/?p=155383\" class=\"image-link media-ratio ratio-is-custom\" title=\"Ta\u00e7a Paulistana de futebol amador come\u00e7a dia 11 com mais de 2 mil jogadores em S\u00e3o Paulo\"><img loading=\"lazy\" decoding=\"async\" width=\"408\" height=\"243\" src=\"https:\/\/tarauacanamidia.com.br\/wp-content\/uploads\/2026\/04\/155383-taca-paulistana-de-futebol-amador-comeca-dia-11-com-mais-de-2-mil-jogadores-em-sao-paulo-450x300.png\" class=\"attachment-bunyad-medium size-bunyad-medium wp-post-image\" alt=\"taca-paulistana-de-futebol-amador-comeca-dia-11-com-mais-de-2-mil-jogadores-em-sao-paulo\" sizes=\"(max-width: 408px) 100vw, 408px\" title=\"Ta\u00e7a Paulistana de futebol amador come\u00e7a dia 11 com mais de 2 mil jogadores em S\u00e3o Paulo\" srcset=\"https:\/\/tarauacanamidia.com.br\/wp-content\/uploads\/2026\/04\/155383-taca-paulistana-de-futebol-amador-comeca-dia-11-com-mais-de-2-mil-jogadores-em-sao-paulo-450x300.png 450w, https:\/\/tarauacanamidia.com.br\/wp-content\/uploads\/2026\/04\/155383-taca-paulistana-de-futebol-amador-comeca-dia-11-com-mais-de-2-mil-jogadores-em-sao-paulo-1024x683.png 1024w, https:\/\/tarauacanamidia.com.br\/wp-content\/uploads\/2026\/04\/155383-taca-paulistana-de-futebol-amador-comeca-dia-11-com-mais-de-2-mil-jogadores-em-sao-paulo-768x512.png 768w, https:\/\/tarauacanamidia.com.br\/wp-content\/uploads\/2026\/04\/155383-taca-paulistana-de-futebol-amador-comeca-dia-11-com-mais-de-2-mil-jogadores-em-sao-paulo-1200x800.png 1200w, https:\/\/tarauacanamidia.com.br\/wp-content\/uploads\/2026\/04\/155383-taca-paulistana-de-futebol-amador-comeca-dia-11-com-mais-de-2-mil-jogadores-em-sao-paulo.png 1536w\" \/><\/a>\t\t\t\n\t\t\t\n\t\t\t\n\t\t\t\n\t\t\n\t\t<\/div>\n\t\n\n\t\n\t\t<div class=\"content\">\n\n\t\t\t<div class=\"post-meta post-meta-a\"><h2 class=\"is-title post-title limit-lines l-lines-2\"><a href=\"https:\/\/tarauacanamidia.com.br\/?p=155383\">Ta\u00e7a Paulistana de futebol amador come\u00e7a dia 11 com mais de 2 mil jogadores em S\u00e3o Paulo<\/a><\/h2><\/div>\t\t\t\n\t\t\t\n\t\t\t\n\t\t<\/div>\n\n\t\n<\/article>\t\t\t\t\t\n<article class=\"l-post grid-post grid-base-post\">\n\n\t\n\t\t\t<div class=\"media\">\n\n\t\t\n\t\t\t<a href=\"https:\/\/tarauacanamidia.com.br\/?p=154971\" class=\"image-link media-ratio ratio-is-custom\" title=\"MEC Livros soma 122 mil empr\u00e9stimos gratuitos em apenas uma semana\"><img loading=\"lazy\" decoding=\"async\" width=\"408\" height=\"243\" src=\"https:\/\/tarauacanamidia.com.br\/wp-content\/uploads\/2026\/04\/154971-mec-livros-soma-122-mil-emprestimos-gratuitos-em-apenas-uma-semana-450x225.jpg\" class=\"attachment-bunyad-medium size-bunyad-medium wp-post-image\" alt=\"mec-livros-soma-122-mil-emprestimos-gratuitos-em-apenas-uma-semana\" sizes=\"(max-width: 408px) 100vw, 408px\" title=\"MEC Livros soma 122 mil empr\u00e9stimos gratuitos em apenas uma semana\" srcset=\"https:\/\/tarauacanamidia.com.br\/wp-content\/uploads\/2026\/04\/154971-mec-livros-soma-122-mil-emprestimos-gratuitos-em-apenas-uma-semana-450x225.jpg 450w, https:\/\/tarauacanamidia.com.br\/wp-content\/uploads\/2026\/04\/154971-mec-livros-soma-122-mil-emprestimos-gratuitos-em-apenas-uma-semana-1024x512.jpg 1024w, https:\/\/tarauacanamidia.com.br\/wp-content\/uploads\/2026\/04\/154971-mec-livros-soma-122-mil-emprestimos-gratuitos-em-apenas-uma-semana-768x384.jpg 768w, https:\/\/tarauacanamidia.com.br\/wp-content\/uploads\/2026\/04\/154971-mec-livros-soma-122-mil-emprestimos-gratuitos-em-apenas-uma-semana-1536x768.jpg 1536w, https:\/\/tarauacanamidia.com.br\/wp-content\/uploads\/2026\/04\/154971-mec-livros-soma-122-mil-emprestimos-gratuitos-em-apenas-uma-semana-1200x600.jpg 1200w, https:\/\/tarauacanamidia.com.br\/wp-content\/uploads\/2026\/04\/154971-mec-livros-soma-122-mil-emprestimos-gratuitos-em-apenas-uma-semana.jpg 1600w\" \/><\/a>\t\t\t\n\t\t\t\n\t\t\t\n\t\t\t\n\t\t\n\t\t<\/div>\n\t\n\n\t\n\t\t<div class=\"content\">\n\n\t\t\t<div class=\"post-meta post-meta-a\"><h2 class=\"is-title post-title limit-lines l-lines-2\"><a href=\"https:\/\/tarauacanamidia.com.br\/?p=154971\">MEC Livros soma 122 mil empr\u00e9stimos gratuitos em apenas uma semana<\/a><\/h2><\/div>\t\t\t\n\t\t\t\n\t\t\t\n\t\t<\/div>\n\n\t\n<\/article>\t\t\t\t\t\n<article class=\"l-post grid-post grid-base-post\">\n\n\t\n\t\t\t<div class=\"media\">\n\n\t\t\n\t\t\t<a href=\"https:\/\/tarauacanamidia.com.br\/?p=155537\" class=\"image-link media-ratio ratio-is-custom\" title=\"Porsche se manifesta sobre acidentes com carros da marca em S\u00e3o Paulo\"><img loading=\"lazy\" decoding=\"async\" width=\"408\" height=\"243\" src=\"https:\/\/tarauacanamidia.com.br\/wp-content\/uploads\/2026\/04\/155537-porsche-se-manifesta-sobre-acidentes-com-carros-da-marca-em-sao-paulo-450x300.png\" class=\"attachment-bunyad-medium size-bunyad-medium wp-post-image\" alt=\"porsche-se-manifesta-sobre-acidentes-com-carros-da-marca-em-sao-paulo\" sizes=\"(max-width: 408px) 100vw, 408px\" title=\"Porsche se manifesta sobre acidentes com carros da marca em S\u00e3o Paulo\" srcset=\"https:\/\/tarauacanamidia.com.br\/wp-content\/uploads\/2026\/04\/155537-porsche-se-manifesta-sobre-acidentes-com-carros-da-marca-em-sao-paulo-450x300.png 450w, https:\/\/tarauacanamidia.com.br\/wp-content\/uploads\/2026\/04\/155537-porsche-se-manifesta-sobre-acidentes-com-carros-da-marca-em-sao-paulo-1024x683.png 1024w, https:\/\/tarauacanamidia.com.br\/wp-content\/uploads\/2026\/04\/155537-porsche-se-manifesta-sobre-acidentes-com-carros-da-marca-em-sao-paulo-768x512.png 768w, https:\/\/tarauacanamidia.com.br\/wp-content\/uploads\/2026\/04\/155537-porsche-se-manifesta-sobre-acidentes-com-carros-da-marca-em-sao-paulo-1200x800.png 1200w, https:\/\/tarauacanamidia.com.br\/wp-content\/uploads\/2026\/04\/155537-porsche-se-manifesta-sobre-acidentes-com-carros-da-marca-em-sao-paulo.png 1536w\" \/><\/a>\t\t\t\n\t\t\t\n\t\t\t\n\t\t\t\n\t\t\n\t\t<\/div>\n\t\n\n\t\n\t\t<div class=\"content\">\n\n\t\t\t<div class=\"post-meta post-meta-a\"><h2 class=\"is-title post-title limit-lines l-lines-2\"><a href=\"https:\/\/tarauacanamidia.com.br\/?p=155537\">Porsche se manifesta sobre acidentes com carros da marca em S\u00e3o Paulo<\/a><\/h2><\/div>\t\t\t\n\t\t\t\n\t\t\t\n\t\t<\/div>\n\n\t\n<\/article>\t\t\t\t\t\n<article class=\"l-post grid-post grid-base-post\">\n\n\t\n\t\t\t<div class=\"media\">\n\n\t\t\n\t\t\t<a href=\"https:\/\/tarauacanamidia.com.br\/?p=155665\" class=\"image-link media-ratio ratio-is-custom\" title=\"Polo aeroespacial de S\u00e3o Jos\u00e9 dos Campos recebe incentivo e amplia projetos industriais\"><img loading=\"lazy\" decoding=\"async\" width=\"408\" height=\"243\" src=\"https:\/\/tarauacanamidia.com.br\/wp-content\/uploads\/2026\/05\/155665-polo-aeroespacial-de-sao-jose-dos-campos-recebe-incentivo-e-amplia-projetos-industriais-450x300.png\" class=\"attachment-bunyad-medium size-bunyad-medium wp-post-image\" alt=\"polo-aeroespacial-de-sao-jose-dos-campos-recebe-incentivo-e-amplia-projetos-industriais\" sizes=\"(max-width: 408px) 100vw, 408px\" title=\"Polo aeroespacial de S\u00e3o Jos\u00e9 dos Campos recebe incentivo e amplia projetos industriais\" srcset=\"https:\/\/tarauacanamidia.com.br\/wp-content\/uploads\/2026\/05\/155665-polo-aeroespacial-de-sao-jose-dos-campos-recebe-incentivo-e-amplia-projetos-industriais-450x300.png 450w, https:\/\/tarauacanamidia.com.br\/wp-content\/uploads\/2026\/05\/155665-polo-aeroespacial-de-sao-jose-dos-campos-recebe-incentivo-e-amplia-projetos-industriais-1024x683.png 1024w, https:\/\/tarauacanamidia.com.br\/wp-content\/uploads\/2026\/05\/155665-polo-aeroespacial-de-sao-jose-dos-campos-recebe-incentivo-e-amplia-projetos-industriais-768x512.png 768w, https:\/\/tarauacanamidia.com.br\/wp-content\/uploads\/2026\/05\/155665-polo-aeroespacial-de-sao-jose-dos-campos-recebe-incentivo-e-amplia-projetos-industriais-1200x800.png 1200w, https:\/\/tarauacanamidia.com.br\/wp-content\/uploads\/2026\/05\/155665-polo-aeroespacial-de-sao-jose-dos-campos-recebe-incentivo-e-amplia-projetos-industriais.png 1536w\" \/><\/a>\t\t\t\n\t\t\t\n\t\t\t\n\t\t\t\n\t\t\n\t\t<\/div>\n\t\n\n\t\n\t\t<div class=\"content\">\n\n\t\t\t<div class=\"post-meta post-meta-a\"><h2 class=\"is-title post-title limit-lines l-lines-2\"><a href=\"https:\/\/tarauacanamidia.com.br\/?p=155665\">Polo aeroespacial de S\u00e3o Jos\u00e9 dos Campos recebe incentivo e amplia projetos industriais<\/a><\/h2><\/div>\t\t\t\n\t\t\t\n\t\t\t\n\t\t<\/div>\n\n\t\n<\/article>\t\t\t\t\t\n<article class=\"l-post grid-post grid-base-post\">\n\n\t\n\t\t\t<div class=\"media\">\n\n\t\t\n\t\t\t<a href=\"https:\/\/tarauacanamidia.com.br\/?p=155645\" class=\"image-link media-ratio ratio-is-custom\" title=\"STF atinge marca de 1.400 condenados pelos atos golpistas de 8 de janeiro e reafirma o papel da Justi\u00e7a na defesa da Democracia\"><img loading=\"lazy\" decoding=\"async\" width=\"408\" height=\"243\" src=\"https:\/\/tarauacanamidia.com.br\/wp-content\/uploads\/2026\/05\/155645-stf-atinge-marca-de-1-400-condenados-pelos-atos-golpistas-de-8-de-janeiro-e-reafirma-69f44babebcea-450x239.jpg\" class=\"attachment-bunyad-medium size-bunyad-medium wp-post-image\" alt=\"stf-atinge-marca-de-1.400-condenados-pelos-atos-golpistas-de-8-de-janeiro-e-reafirma-o-papel-da-justica-na-defesa-da-democracia\" sizes=\"(max-width: 408px) 100vw, 408px\" title=\"STF atinge marca de 1.400 condenados pelos atos golpistas de 8 de janeiro e reafirma o papel da Justi\u00e7a na defesa da Democracia\" srcset=\"https:\/\/tarauacanamidia.com.br\/wp-content\/uploads\/2026\/05\/155645-stf-atinge-marca-de-1-400-condenados-pelos-atos-golpistas-de-8-de-janeiro-e-reafirma-69f44babebcea-450x239.jpg 450w, https:\/\/tarauacanamidia.com.br\/wp-content\/uploads\/2026\/05\/155645-stf-atinge-marca-de-1-400-condenados-pelos-atos-golpistas-de-8-de-janeiro-e-reafirma-69f44babebcea-1024x544.jpg 1024w, https:\/\/tarauacanamidia.com.br\/wp-content\/uploads\/2026\/05\/155645-stf-atinge-marca-de-1-400-condenados-pelos-atos-golpistas-de-8-de-janeiro-e-reafirma-69f44babebcea-768x408.jpg 768w, https:\/\/tarauacanamidia.com.br\/wp-content\/uploads\/2026\/05\/155645-stf-atinge-marca-de-1-400-condenados-pelos-atos-golpistas-de-8-de-janeiro-e-reafirma-69f44babebcea-1536x816.jpg 1536w, https:\/\/tarauacanamidia.com.br\/wp-content\/uploads\/2026\/05\/155645-stf-atinge-marca-de-1-400-condenados-pelos-atos-golpistas-de-8-de-janeiro-e-reafirma-69f44babebcea-2048x1088.jpg 2048w, https:\/\/tarauacanamidia.com.br\/wp-content\/uploads\/2026\/05\/155645-stf-atinge-marca-de-1-400-condenados-pelos-atos-golpistas-de-8-de-janeiro-e-reafirma-69f44babebcea-1200x638.jpg 1200w\" \/><\/a>\t\t\t\n\t\t\t\n\t\t\t\n\t\t\t\n\t\t\n\t\t<\/div>\n\t\n\n\t\n\t\t<div class=\"content\">\n\n\t\t\t<div class=\"post-meta post-meta-a\"><h2 class=\"is-title post-title limit-lines l-lines-2\"><a href=\"https:\/\/tarauacanamidia.com.br\/?p=155645\">STF atinge marca de 1.400 condenados pelos atos golpistas de 8 de janeiro e reafirma o papel da Justi\u00e7a na defesa da Democracia<\/a><\/h2><\/div>\t\t\t\n\t\t\t\n\t\t\t\n\t\t<\/div>\n\n\t\n<\/article>\t\t\t\t\t\n<article class=\"l-post grid-post grid-base-post\">\n\n\t\n\t\t\t<div class=\"media\">\n\n\t\t\n\t\t\t<a href=\"https:\/\/tarauacanamidia.com.br\/?p=155400\" class=\"image-link media-ratio ratio-is-custom\" title=\"SP intensifica a\u00e7\u00f5es para conter avan\u00e7o de esp\u00e9cie invasora em manguezais do litoral\"><img loading=\"lazy\" decoding=\"async\" width=\"408\" height=\"243\" src=\"https:\/\/tarauacanamidia.com.br\/wp-content\/uploads\/2026\/04\/155400-sp-intensifica-acoes-para-conter-avanco-de-especie-invasora-em-manguezais-do-litoral-450x300.png\" class=\"attachment-bunyad-medium size-bunyad-medium wp-post-image\" alt=\"sp-intensifica-acoes-para-conter-avanco-de-especie-invasora-em-manguezais-do-litoral\" sizes=\"(max-width: 408px) 100vw, 408px\" title=\"SP intensifica a\u00e7\u00f5es para conter avan\u00e7o de esp\u00e9cie invasora em manguezais do litoral\" srcset=\"https:\/\/tarauacanamidia.com.br\/wp-content\/uploads\/2026\/04\/155400-sp-intensifica-acoes-para-conter-avanco-de-especie-invasora-em-manguezais-do-litoral-450x300.png 450w, https:\/\/tarauacanamidia.com.br\/wp-content\/uploads\/2026\/04\/155400-sp-intensifica-acoes-para-conter-avanco-de-especie-invasora-em-manguezais-do-litoral-1024x683.png 1024w, https:\/\/tarauacanamidia.com.br\/wp-content\/uploads\/2026\/04\/155400-sp-intensifica-acoes-para-conter-avanco-de-especie-invasora-em-manguezais-do-litoral-768x512.png 768w, https:\/\/tarauacanamidia.com.br\/wp-content\/uploads\/2026\/04\/155400-sp-intensifica-acoes-para-conter-avanco-de-especie-invasora-em-manguezais-do-litoral-1200x800.png 1200w, https:\/\/tarauacanamidia.com.br\/wp-content\/uploads\/2026\/04\/155400-sp-intensifica-acoes-para-conter-avanco-de-especie-invasora-em-manguezais-do-litoral.png 1536w\" \/><\/a>\t\t\t\n\t\t\t\n\t\t\t\n\t\t\t\n\t\t\n\t\t<\/div>\n\t\n\n\t\n\t\t<div class=\"content\">\n\n\t\t\t<div class=\"post-meta post-meta-a\"><h2 class=\"is-title post-title limit-lines l-lines-2\"><a href=\"https:\/\/tarauacanamidia.com.br\/?p=155400\">SP intensifica a\u00e7\u00f5es para conter avan\u00e7o de esp\u00e9cie invasora em manguezais do litoral<\/a><\/h2><\/div>\t\t\t\n\t\t\t\n\t\t\t\n\t\t<\/div>\n\n\t\n<\/article>\t\t\t\t\t\n<article class=\"l-post grid-post grid-base-post\">\n\n\t\n\t\t\t<div class=\"media\">\n\n\t\t\n\t\t\t<a href=\"https:\/\/tarauacanamidia.com.br\/?p=155710\" class=\"image-link media-ratio ratio-is-custom\" title=\"Consulta p\u00fablica sobre concess\u00e3o do Complexo do Ibirapuera \u00e9 prorrogada em SP\"><img loading=\"lazy\" decoding=\"async\" width=\"408\" height=\"243\" src=\"https:\/\/tarauacanamidia.com.br\/wp-content\/uploads\/2026\/05\/155710-consulta-publica-sobre-concessao-do-complexo-do-ibirapuera-e-prorrogada-em-sp-450x300.png\" class=\"attachment-bunyad-medium size-bunyad-medium wp-post-image\" alt=\"consulta-publica-sobre-concessao-do-complexo-do-ibirapuera-e-prorrogada-em-sp\" sizes=\"(max-width: 408px) 100vw, 408px\" title=\"Consulta p\u00fablica sobre concess\u00e3o do Complexo do Ibirapuera \u00e9 prorrogada em SP\" srcset=\"https:\/\/tarauacanamidia.com.br\/wp-content\/uploads\/2026\/05\/155710-consulta-publica-sobre-concessao-do-complexo-do-ibirapuera-e-prorrogada-em-sp-450x300.png 450w, https:\/\/tarauacanamidia.com.br\/wp-content\/uploads\/2026\/05\/155710-consulta-publica-sobre-concessao-do-complexo-do-ibirapuera-e-prorrogada-em-sp-1024x682.png 1024w, https:\/\/tarauacanamidia.com.br\/wp-content\/uploads\/2026\/05\/155710-consulta-publica-sobre-concessao-do-complexo-do-ibirapuera-e-prorrogada-em-sp-768x511.png 768w, https:\/\/tarauacanamidia.com.br\/wp-content\/uploads\/2026\/05\/155710-consulta-publica-sobre-concessao-do-complexo-do-ibirapuera-e-prorrogada-em-sp-1200x799.png 1200w, https:\/\/tarauacanamidia.com.br\/wp-content\/uploads\/2026\/05\/155710-consulta-publica-sobre-concessao-do-complexo-do-ibirapuera-e-prorrogada-em-sp.png 1537w\" \/><\/a>\t\t\t\n\t\t\t\n\t\t\t\n\t\t\t\n\t\t\n\t\t<\/div>\n\t\n\n\t\n\t\t<div class=\"content\">\n\n\t\t\t<div class=\"post-meta post-meta-a\"><h2 class=\"is-title post-title limit-lines l-lines-2\"><a href=\"https:\/\/tarauacanamidia.com.br\/?p=155710\">Consulta p\u00fablica sobre concess\u00e3o do Complexo do Ibirapuera \u00e9 prorrogada em SP<\/a><\/h2><\/div>\t\t\t\n\t\t\t\n\t\t\t\n\t\t<\/div>\n\n\t\n<\/article>\t\t\t\t\t\n<article class=\"l-post grid-post grid-base-post\">\n\n\t\n\t\t\t<div class=\"media\">\n\n\t\t\n\t\t\t<a href=\"https:\/\/tarauacanamidia.com.br\/?p=155746\" class=\"image-link media-ratio ratio-is-custom\" title=\"ESG  Construindo um Amanh\u00e3 Mais Justo: ESG e a Pol\u00edtica no Brasil\"><img loading=\"lazy\" decoding=\"async\" width=\"408\" height=\"243\" src=\"https:\/\/tarauacanamidia.com.br\/wp-content\/uploads\/2026\/05\/155746-esg-construindo-um-amanha-mais-justo-esg-e-a-politica-no-brasil-450x300.jpeg\" class=\"attachment-bunyad-medium size-bunyad-medium wp-post-image\" alt=\"esg-construindo-um-amanha-mais-justo:-esg-e-a-politica-no-brasil\" sizes=\"(max-width: 408px) 100vw, 408px\" title=\"ESG  Construindo um Amanh\u00e3 Mais Justo: ESG e a Pol\u00edtica no Brasil\" srcset=\"https:\/\/tarauacanamidia.com.br\/wp-content\/uploads\/2026\/05\/155746-esg-construindo-um-amanha-mais-justo-esg-e-a-politica-no-brasil-450x300.jpeg 450w, https:\/\/tarauacanamidia.com.br\/wp-content\/uploads\/2026\/05\/155746-esg-construindo-um-amanha-mais-justo-esg-e-a-politica-no-brasil-1024x683.jpeg 1024w, https:\/\/tarauacanamidia.com.br\/wp-content\/uploads\/2026\/05\/155746-esg-construindo-um-amanha-mais-justo-esg-e-a-politica-no-brasil-768x512.jpeg 768w, https:\/\/tarauacanamidia.com.br\/wp-content\/uploads\/2026\/05\/155746-esg-construindo-um-amanha-mais-justo-esg-e-a-politica-no-brasil-1536x1024.jpeg 1536w, https:\/\/tarauacanamidia.com.br\/wp-content\/uploads\/2026\/05\/155746-esg-construindo-um-amanha-mais-justo-esg-e-a-politica-no-brasil-1200x800.jpeg 1200w, https:\/\/tarauacanamidia.com.br\/wp-content\/uploads\/2026\/05\/155746-esg-construindo-um-amanha-mais-justo-esg-e-a-politica-no-brasil.jpeg 1599w\" \/><\/a>\t\t\t\n\t\t\t\n\t\t\t\n\t\t\t\n\t\t\n\t\t<\/div>\n\t\n\n\t\n\t\t<div class=\"content\">\n\n\t\t\t<div class=\"post-meta post-meta-a\"><h2 class=\"is-title post-title limit-lines l-lines-2\"><a href=\"https:\/\/tarauacanamidia.com.br\/?p=155746\">ESG  Construindo um Amanh\u00e3 Mais Justo: ESG e a Pol\u00edtica no Brasil<\/a><\/h2><\/div>\t\t\t\n\t\t\t\n\t\t\t\n\t\t<\/div>\n\n\t\n<\/article>\t\t\t\t\t\n<article class=\"l-post grid-post grid-base-post\">\n\n\t\n\t\t\t<div class=\"media\">\n\n\t\t\n\t\t\t<a href=\"https:\/\/tarauacanamidia.com.br\/?p=155712\" class=\"image-link media-ratio ratio-is-custom\" title=\"Empres\u00e1ria morre ap\u00f3s cirurgias est\u00e9ticas em hospital da zona sul de SP\"><img loading=\"lazy\" decoding=\"async\" width=\"408\" height=\"243\" src=\"https:\/\/tarauacanamidia.com.br\/wp-content\/uploads\/2026\/05\/155712-empresaria-morre-apos-cirurgias-esteticas-em-hospital-da-zona-sul-de-sp-450x300.png\" class=\"attachment-bunyad-medium size-bunyad-medium wp-post-image\" alt=\"empresaria-morre-apos-cirurgias-esteticas-em-hospital-da-zona-sul-de-sp\" sizes=\"(max-width: 408px) 100vw, 408px\" title=\"Empres\u00e1ria morre ap\u00f3s cirurgias est\u00e9ticas em hospital da zona sul de SP\" srcset=\"https:\/\/tarauacanamidia.com.br\/wp-content\/uploads\/2026\/05\/155712-empresaria-morre-apos-cirurgias-esteticas-em-hospital-da-zona-sul-de-sp-450x300.png 450w, https:\/\/tarauacanamidia.com.br\/wp-content\/uploads\/2026\/05\/155712-empresaria-morre-apos-cirurgias-esteticas-em-hospital-da-zona-sul-de-sp-1024x683.png 1024w, https:\/\/tarauacanamidia.com.br\/wp-content\/uploads\/2026\/05\/155712-empresaria-morre-apos-cirurgias-esteticas-em-hospital-da-zona-sul-de-sp-768x512.png 768w, https:\/\/tarauacanamidia.com.br\/wp-content\/uploads\/2026\/05\/155712-empresaria-morre-apos-cirurgias-esteticas-em-hospital-da-zona-sul-de-sp-1200x800.png 1200w, https:\/\/tarauacanamidia.com.br\/wp-content\/uploads\/2026\/05\/155712-empresaria-morre-apos-cirurgias-esteticas-em-hospital-da-zona-sul-de-sp.png 1536w\" \/><\/a>\t\t\t\n\t\t\t\n\t\t\t\n\t\t\t\n\t\t\n\t\t<\/div>\n\t\n\n\t\n\t\t<div class=\"content\">\n\n\t\t\t<div class=\"post-meta post-meta-a\"><h2 class=\"is-title post-title limit-lines l-lines-2\"><a href=\"https:\/\/tarauacanamidia.com.br\/?p=155712\">Empres\u00e1ria morre ap\u00f3s cirurgias est\u00e9ticas em hospital da zona sul de SP<\/a><\/h2><\/div>\t\t\t\n\t\t\t\n\t\t\t\n\t\t<\/div>\n\n\t\n<\/article>\t\t\t\t\t\n<article class=\"l-post grid-post grid-base-post\">\n\n\t\n\t\t\t<div class=\"media\">\n\n\t\t\n\t\t\t<a href=\"https:\/\/tarauacanamidia.com.br\/?p=155504\" class=\"image-link media-ratio ratio-is-custom\" title=\"Robert Downey Jr completa 61 anos e lista destaca filmes al\u00e9m do Homem de Ferro\"><img loading=\"lazy\" decoding=\"async\" width=\"408\" height=\"243\" src=\"https:\/\/tarauacanamidia.com.br\/wp-content\/uploads\/2026\/04\/155504-robert-downey-jr-completa-61-anos-e-lista-destaca-filmes-alem-do-homem-de-ferro-450x300.png\" class=\"attachment-bunyad-medium size-bunyad-medium wp-post-image\" alt=\"robert-downey-jr-completa-61-anos-e-lista-destaca-filmes-alem-do-homem-de-ferro\" sizes=\"(max-width: 408px) 100vw, 408px\" title=\"Robert Downey Jr completa 61 anos e lista destaca filmes al\u00e9m do Homem de Ferro\" srcset=\"https:\/\/tarauacanamidia.com.br\/wp-content\/uploads\/2026\/04\/155504-robert-downey-jr-completa-61-anos-e-lista-destaca-filmes-alem-do-homem-de-ferro-450x300.png 450w, https:\/\/tarauacanamidia.com.br\/wp-content\/uploads\/2026\/04\/155504-robert-downey-jr-completa-61-anos-e-lista-destaca-filmes-alem-do-homem-de-ferro-1024x683.png 1024w, https:\/\/tarauacanamidia.com.br\/wp-content\/uploads\/2026\/04\/155504-robert-downey-jr-completa-61-anos-e-lista-destaca-filmes-alem-do-homem-de-ferro-768x512.png 768w, https:\/\/tarauacanamidia.com.br\/wp-content\/uploads\/2026\/04\/155504-robert-downey-jr-completa-61-anos-e-lista-destaca-filmes-alem-do-homem-de-ferro-1200x800.png 1200w, https:\/\/tarauacanamidia.com.br\/wp-content\/uploads\/2026\/04\/155504-robert-downey-jr-completa-61-anos-e-lista-destaca-filmes-alem-do-homem-de-ferro.png 1536w\" \/><\/a>\t\t\t\n\t\t\t\n\t\t\t\n\t\t\t\n\t\t\n\t\t<\/div>\n\t\n\n\t\n\t\t<div class=\"content\">\n\n\t\t\t<div class=\"post-meta post-meta-a\"><h2 class=\"is-title post-title limit-lines l-lines-2\"><a href=\"https:\/\/tarauacanamidia.com.br\/?p=155504\">Robert Downey Jr completa 61 anos e lista destaca filmes al\u00e9m do Homem de Ferro<\/a><\/h2><\/div>\t\t\t\n\t\t\t\n\t\t\t\n\t\t<\/div>\n\n\t\n<\/article>\t\t\t\t\t\n<article class=\"l-post grid-post grid-base-post\">\n\n\t\n\t\t\t<div class=\"media\">\n\n\t\t\n\t\t\t<a href=\"https:\/\/tarauacanamidia.com.br\/?p=155718\" class=\"image-link media-ratio ratio-is-custom\" title=\"Governo prepara pacote bilion\u00e1rio contra o endividamento das fam\u00edlias, com an\u00fancio previsto para o Dia do Trabalhador\"><img loading=\"lazy\" decoding=\"async\" width=\"408\" height=\"243\" src=\"https:\/\/tarauacanamidia.com.br\/wp-content\/uploads\/2026\/05\/155718-governo-prepara-pacote-bilionario-contra-o-endividamento-das-familias-com-anuncio-pre69f44c30eb6a2-450x300.jpg\" class=\"attachment-bunyad-medium size-bunyad-medium wp-post-image\" alt=\"governo-prepara-pacote-bilionario-contra-o-endividamento-das-familias,-com-anuncio-previsto-para-o-dia-do-trabalhador\" sizes=\"(max-width: 408px) 100vw, 408px\" title=\"Governo prepara pacote bilion\u00e1rio contra o endividamento das fam\u00edlias, com an\u00fancio previsto para o Dia do Trabalhador\" srcset=\"https:\/\/tarauacanamidia.com.br\/wp-content\/uploads\/2026\/05\/155718-governo-prepara-pacote-bilionario-contra-o-endividamento-das-familias-com-anuncio-pre69f44c30eb6a2-450x300.jpg 450w, https:\/\/tarauacanamidia.com.br\/wp-content\/uploads\/2026\/05\/155718-governo-prepara-pacote-bilionario-contra-o-endividamento-das-familias-com-anuncio-pre69f44c30eb6a2-1024x683.jpg 1024w, https:\/\/tarauacanamidia.com.br\/wp-content\/uploads\/2026\/05\/155718-governo-prepara-pacote-bilionario-contra-o-endividamento-das-familias-com-anuncio-pre69f44c30eb6a2-768x512.jpg 768w, https:\/\/tarauacanamidia.com.br\/wp-content\/uploads\/2026\/05\/155718-governo-prepara-pacote-bilionario-contra-o-endividamento-das-familias-com-anuncio-pre69f44c30eb6a2-1536x1024.jpg 1536w, https:\/\/tarauacanamidia.com.br\/wp-content\/uploads\/2026\/05\/155718-governo-prepara-pacote-bilionario-contra-o-endividamento-das-familias-com-anuncio-pre69f44c30eb6a2-2048x1366.jpg 2048w, https:\/\/tarauacanamidia.com.br\/wp-content\/uploads\/2026\/05\/155718-governo-prepara-pacote-bilionario-contra-o-endividamento-das-familias-com-anuncio-pre69f44c30eb6a2-1200x800.jpg 1200w\" \/><\/a>\t\t\t\n\t\t\t\n\t\t\t\n\t\t\t\n\t\t\n\t\t<\/div>\n\t\n\n\t\n\t\t<div class=\"content\">\n\n\t\t\t<div class=\"post-meta post-meta-a\"><h2 class=\"is-title post-title limit-lines l-lines-2\"><a href=\"https:\/\/tarauacanamidia.com.br\/?p=155718\">Governo prepara pacote bilion\u00e1rio contra o endividamento das fam\u00edlias, com an\u00fancio previsto para o Dia do Trabalhador<\/a><\/h2><\/div>\t\t\t\n\t\t\t\n\t\t\t\n\t\t<\/div>\n\n\t\n<\/article>\t\t\t\t\t\n<article class=\"l-post grid-post grid-base-post\">\n\n\t\n\t\t\t<div class=\"media\">\n\n\t\t\n\t\t\t<a href=\"https:\/\/tarauacanamidia.com.br\/?p=155413\" class=\"image-link media-ratio ratio-is-custom\" title=\"Acesso ao pr\u00e9-natal completo \u00e9 menor entre ind\u00edgenas e mulheres com baixa escolaridade no Brasil\"><img loading=\"lazy\" decoding=\"async\" width=\"408\" height=\"243\" src=\"https:\/\/tarauacanamidia.com.br\/wp-content\/uploads\/2026\/04\/155413-acesso-ao-pre-natal-completo-e-menor-entre-indigenas-e-mulheres-com-baixa-escolaridade-no-brasil-450x300.png\" class=\"attachment-bunyad-medium size-bunyad-medium wp-post-image\" alt=\"acesso-ao-pre-natal-completo-e-menor-entre-indigenas-e-mulheres-com-baixa-escolaridade-no-brasil\" sizes=\"(max-width: 408px) 100vw, 408px\" title=\"Acesso ao pr\u00e9-natal completo \u00e9 menor entre ind\u00edgenas e mulheres com baixa escolaridade no Brasil\" srcset=\"https:\/\/tarauacanamidia.com.br\/wp-content\/uploads\/2026\/04\/155413-acesso-ao-pre-natal-completo-e-menor-entre-indigenas-e-mulheres-com-baixa-escolaridade-no-brasil-450x300.png 450w, https:\/\/tarauacanamidia.com.br\/wp-content\/uploads\/2026\/04\/155413-acesso-ao-pre-natal-completo-e-menor-entre-indigenas-e-mulheres-com-baixa-escolaridade-no-brasil-1024x683.png 1024w, https:\/\/tarauacanamidia.com.br\/wp-content\/uploads\/2026\/04\/155413-acesso-ao-pre-natal-completo-e-menor-entre-indigenas-e-mulheres-com-baixa-escolaridade-no-brasil-768x512.png 768w, https:\/\/tarauacanamidia.com.br\/wp-content\/uploads\/2026\/04\/155413-acesso-ao-pre-natal-completo-e-menor-entre-indigenas-e-mulheres-com-baixa-escolaridade-no-brasil-1200x800.png 1200w, https:\/\/tarauacanamidia.com.br\/wp-content\/uploads\/2026\/04\/155413-acesso-ao-pre-natal-completo-e-menor-entre-indigenas-e-mulheres-com-baixa-escolaridade-no-brasil.png 1536w\" \/><\/a>\t\t\t\n\t\t\t\n\t\t\t\n\t\t\t\n\t\t\n\t\t<\/div>\n\t\n\n\t\n\t\t<div class=\"content\">\n\n\t\t\t<div class=\"post-meta post-meta-a\"><h2 class=\"is-title post-title limit-lines l-lines-2\"><a href=\"https:\/\/tarauacanamidia.com.br\/?p=155413\">Acesso ao pr\u00e9-natal completo \u00e9 menor entre ind\u00edgenas e mulheres com baixa escolaridade no Brasil<\/a><\/h2><\/div>\t\t\t\n\t\t\t\n\t\t\t\n\t\t<\/div>\n\n\t\n<\/article>\t\t\t\t\t\n<article class=\"l-post grid-post grid-base-post\">\n\n\t\n\t\t\t<div class=\"media\">\n\n\t\t\n\t\t\t<a href=\"https:\/\/tarauacanamidia.com.br\/?p=155492\" class=\"image-link media-ratio ratio-is-custom\" title=\"MP de S\u00e3o Paulo recua de a\u00e7\u00e3o contra Monark por fala sobre nazismo em podcast\"><img loading=\"lazy\" decoding=\"async\" width=\"408\" height=\"243\" src=\"https:\/\/tarauacanamidia.com.br\/wp-content\/uploads\/2026\/04\/155492-mp-de-sao-paulo-recua-de-acao-contra-monark-por-fala-sobre-nazismo-em-podcast-450x300.png\" class=\"attachment-bunyad-medium size-bunyad-medium wp-post-image\" alt=\"mp-de-sao-paulo-recua-de-acao-contra-monark-por-fala-sobre-nazismo-em-podcast\" sizes=\"(max-width: 408px) 100vw, 408px\" title=\"MP de S\u00e3o Paulo recua de a\u00e7\u00e3o contra Monark por fala sobre nazismo em podcast\" srcset=\"https:\/\/tarauacanamidia.com.br\/wp-content\/uploads\/2026\/04\/155492-mp-de-sao-paulo-recua-de-acao-contra-monark-por-fala-sobre-nazismo-em-podcast-450x300.png 450w, https:\/\/tarauacanamidia.com.br\/wp-content\/uploads\/2026\/04\/155492-mp-de-sao-paulo-recua-de-acao-contra-monark-por-fala-sobre-nazismo-em-podcast-1024x683.png 1024w, https:\/\/tarauacanamidia.com.br\/wp-content\/uploads\/2026\/04\/155492-mp-de-sao-paulo-recua-de-acao-contra-monark-por-fala-sobre-nazismo-em-podcast-768x512.png 768w, https:\/\/tarauacanamidia.com.br\/wp-content\/uploads\/2026\/04\/155492-mp-de-sao-paulo-recua-de-acao-contra-monark-por-fala-sobre-nazismo-em-podcast-1200x800.png 1200w, https:\/\/tarauacanamidia.com.br\/wp-content\/uploads\/2026\/04\/155492-mp-de-sao-paulo-recua-de-acao-contra-monark-por-fala-sobre-nazismo-em-podcast.png 1536w\" \/><\/a>\t\t\t\n\t\t\t\n\t\t\t\n\t\t\t\n\t\t\n\t\t<\/div>\n\t\n\n\t\n\t\t<div class=\"content\">\n\n\t\t\t<div class=\"post-meta post-meta-a\"><h2 class=\"is-title post-title limit-lines l-lines-2\"><a href=\"https:\/\/tarauacanamidia.com.br\/?p=155492\">MP de S\u00e3o Paulo recua de a\u00e7\u00e3o contra Monark por fala sobre nazismo em podcast<\/a><\/h2><\/div>\t\t\t\n\t\t\t\n\t\t\t\n\t\t<\/div>\n\n\t\n<\/article>\t\t\t\t\t\n<article class=\"l-post grid-post grid-base-post\">\n\n\t\n\t\t\t<div class=\"media\">\n\n\t\t\n\t\t\t<a href=\"https:\/\/tarauacanamidia.com.br\/?p=155708\" class=\"image-link media-ratio ratio-is-custom\" title=\"Falha provoca transtornos a passageiros na Linha 9-Esmeralda em SP\"><img loading=\"lazy\" decoding=\"async\" width=\"408\" height=\"243\" src=\"https:\/\/tarauacanamidia.com.br\/wp-content\/uploads\/2026\/05\/155708-falha-provoca-transtornos-a-passageiros-na-linha-9-esmeralda-em-sp-450x300.png\" class=\"attachment-bunyad-medium size-bunyad-medium wp-post-image\" alt=\"falha-provoca-transtornos-a-passageiros-na-linha-9-esmeralda-em-sp\" sizes=\"(max-width: 408px) 100vw, 408px\" title=\"Falha provoca transtornos a passageiros na Linha 9-Esmeralda em SP\" srcset=\"https:\/\/tarauacanamidia.com.br\/wp-content\/uploads\/2026\/05\/155708-falha-provoca-transtornos-a-passageiros-na-linha-9-esmeralda-em-sp-450x300.png 450w, https:\/\/tarauacanamidia.com.br\/wp-content\/uploads\/2026\/05\/155708-falha-provoca-transtornos-a-passageiros-na-linha-9-esmeralda-em-sp-1024x683.png 1024w, https:\/\/tarauacanamidia.com.br\/wp-content\/uploads\/2026\/05\/155708-falha-provoca-transtornos-a-passageiros-na-linha-9-esmeralda-em-sp-768x512.png 768w, https:\/\/tarauacanamidia.com.br\/wp-content\/uploads\/2026\/05\/155708-falha-provoca-transtornos-a-passageiros-na-linha-9-esmeralda-em-sp-1200x800.png 1200w, https:\/\/tarauacanamidia.com.br\/wp-content\/uploads\/2026\/05\/155708-falha-provoca-transtornos-a-passageiros-na-linha-9-esmeralda-em-sp.png 1536w\" \/><\/a>\t\t\t\n\t\t\t\n\t\t\t\n\t\t\t\n\t\t\n\t\t<\/div>\n\t\n\n\t\n\t\t<div class=\"content\">\n\n\t\t\t<div class=\"post-meta post-meta-a\"><h2 class=\"is-title post-title limit-lines l-lines-2\"><a href=\"https:\/\/tarauacanamidia.com.br\/?p=155708\">Falha provoca transtornos a passageiros na Linha 9-Esmeralda em SP<\/a><\/h2><\/div>\t\t\t\n\t\t\t\n\t\t\t\n\t\t<\/div>\n\n\t\n<\/article>\t\t\t\t\t\n<article class=\"l-post grid-post grid-base-post\">\n\n\t\n\t\t\t<div class=\"media\">\n\n\t\t\n\t\t\t<a href=\"https:\/\/tarauacanamidia.com.br\/?p=155462\" class=\"image-link media-ratio ratio-is-custom\" title=\"Pol\u00edcia apreende R$ 220 mil em esp\u00e9cie durante opera\u00e7\u00e3o na Grande SP\"><img loading=\"lazy\" decoding=\"async\" width=\"408\" height=\"243\" src=\"https:\/\/tarauacanamidia.com.br\/wp-content\/uploads\/2026\/04\/155462-policia-apreende-r-220-mil-em-especie-durante-operacao-na-grande-sp-450x300.png\" class=\"attachment-bunyad-medium size-bunyad-medium wp-post-image\" alt=\"policia-apreende-r$-220-mil-em-especie-durante-operacao-na-grande-sp\" sizes=\"(max-width: 408px) 100vw, 408px\" title=\"Pol\u00edcia apreende R$ 220 mil em esp\u00e9cie durante opera\u00e7\u00e3o na Grande SP\" srcset=\"https:\/\/tarauacanamidia.com.br\/wp-content\/uploads\/2026\/04\/155462-policia-apreende-r-220-mil-em-especie-durante-operacao-na-grande-sp-450x300.png 450w, https:\/\/tarauacanamidia.com.br\/wp-content\/uploads\/2026\/04\/155462-policia-apreende-r-220-mil-em-especie-durante-operacao-na-grande-sp-1024x683.png 1024w, https:\/\/tarauacanamidia.com.br\/wp-content\/uploads\/2026\/04\/155462-policia-apreende-r-220-mil-em-especie-durante-operacao-na-grande-sp-768x512.png 768w, https:\/\/tarauacanamidia.com.br\/wp-content\/uploads\/2026\/04\/155462-policia-apreende-r-220-mil-em-especie-durante-operacao-na-grande-sp-1200x800.png 1200w, https:\/\/tarauacanamidia.com.br\/wp-content\/uploads\/2026\/04\/155462-policia-apreende-r-220-mil-em-especie-durante-operacao-na-grande-sp.png 1536w\" \/><\/a>\t\t\t\n\t\t\t\n\t\t\t\n\t\t\t\n\t\t\n\t\t<\/div>\n\t\n\n\t\n\t\t<div class=\"content\">\n\n\t\t\t<div class=\"post-meta post-meta-a\"><h2 class=\"is-title post-title limit-lines l-lines-2\"><a href=\"https:\/\/tarauacanamidia.com.br\/?p=155462\">Pol\u00edcia apreende R$ 220 mil em esp\u00e9cie durante opera\u00e7\u00e3o na Grande SP<\/a><\/h2><\/div>\t\t\t\n\t\t\t\n\t\t\t\n\t\t<\/div>\n\n\t\n<\/article>\t\t\t\t\t\n<article class=\"l-post grid-post grid-base-post\">\n\n\t\n\t\t\t<div class=\"media\">\n\n\t\t\n\t\t\t<a href=\"https:\/\/tarauacanamidia.com.br\/?p=155436\" class=\"image-link media-ratio ratio-is-custom\" title=\"Motorista de Porsche invade contram\u00e3o e provoca acidente com quatro feridos na Zona Leste de S\u00e3o Paulo\"><img loading=\"lazy\" decoding=\"async\" width=\"408\" height=\"243\" src=\"https:\/\/tarauacanamidia.com.br\/wp-content\/uploads\/2026\/04\/155436-motorista-de-porsche-invade-contramao-e-provoca-acidente-com-quatro-feridos-na-zona-l69e92d5cebfb8-450x300.png\" class=\"attachment-bunyad-medium size-bunyad-medium wp-post-image\" alt=\"motorista-de-porsche-invade-contramao-e-provoca-acidente-com-quatro-feridos-na-zona-leste-de-sao-paulo\" sizes=\"(max-width: 408px) 100vw, 408px\" title=\"Motorista de Porsche invade contram\u00e3o e provoca acidente com quatro feridos na Zona Leste de S\u00e3o Paulo\" srcset=\"https:\/\/tarauacanamidia.com.br\/wp-content\/uploads\/2026\/04\/155436-motorista-de-porsche-invade-contramao-e-provoca-acidente-com-quatro-feridos-na-zona-l69e92d5cebfb8-450x300.png 450w, https:\/\/tarauacanamidia.com.br\/wp-content\/uploads\/2026\/04\/155436-motorista-de-porsche-invade-contramao-e-provoca-acidente-com-quatro-feridos-na-zona-l69e92d5cebfb8-1024x683.png 1024w, https:\/\/tarauacanamidia.com.br\/wp-content\/uploads\/2026\/04\/155436-motorista-de-porsche-invade-contramao-e-provoca-acidente-com-quatro-feridos-na-zona-l69e92d5cebfb8-768x512.png 768w, https:\/\/tarauacanamidia.com.br\/wp-content\/uploads\/2026\/04\/155436-motorista-de-porsche-invade-contramao-e-provoca-acidente-com-quatro-feridos-na-zona-l69e92d5cebfb8-1200x800.png 1200w, https:\/\/tarauacanamidia.com.br\/wp-content\/uploads\/2026\/04\/155436-motorista-de-porsche-invade-contramao-e-provoca-acidente-com-quatro-feridos-na-zona-l69e92d5cebfb8.png 1536w\" \/><\/a>\t\t\t\n\t\t\t\n\t\t\t\n\t\t\t\n\t\t\n\t\t<\/div>\n\t\n\n\t\n\t\t<div class=\"content\">\n\n\t\t\t<div class=\"post-meta post-meta-a\"><h2 class=\"is-title post-title limit-lines l-lines-2\"><a href=\"https:\/\/tarauacanamidia.com.br\/?p=155436\">Motorista de Porsche invade contram\u00e3o e provoca acidente com quatro feridos na Zona Leste de S\u00e3o Paulo<\/a><\/h2><\/div>\t\t\t\n\t\t\t\n\t\t\t\n\t\t<\/div>\n\n\t\n<\/article>\t\t\t\t\t\n<article class=\"l-post grid-post grid-base-post\">\n\n\t\n\t\t\t<div class=\"media\">\n\n\t\t\n\t\t\t<a href=\"https:\/\/tarauacanamidia.com.br\/?p=154999\" class=\"image-link media-ratio ratio-is-custom\" title=\"Lula: \u00e9 preciso dar logo Nobel da Paz \u00e0 Trump para encerrar guerras\"><img loading=\"lazy\" decoding=\"async\" width=\"408\" height=\"243\" src=\"https:\/\/tarauacanamidia.com.br\/wp-content\/uploads\/2026\/04\/154999-lula-e-preciso-dar-logo-nobel-da-paz-a-trump-para-encerrar-guerras-450x225.jpg\" class=\"attachment-bunyad-medium size-bunyad-medium wp-post-image\" alt=\"lula:-e-preciso-dar-logo-nobel-da-paz-a-trump-para-encerrar-guerras\" sizes=\"(max-width: 408px) 100vw, 408px\" title=\"Lula: \u00e9 preciso dar logo Nobel da Paz \u00e0 Trump para encerrar guerras\" srcset=\"https:\/\/tarauacanamidia.com.br\/wp-content\/uploads\/2026\/04\/154999-lula-e-preciso-dar-logo-nobel-da-paz-a-trump-para-encerrar-guerras-450x225.jpg 450w, https:\/\/tarauacanamidia.com.br\/wp-content\/uploads\/2026\/04\/154999-lula-e-preciso-dar-logo-nobel-da-paz-a-trump-para-encerrar-guerras-1024x512.jpg 1024w, https:\/\/tarauacanamidia.com.br\/wp-content\/uploads\/2026\/04\/154999-lula-e-preciso-dar-logo-nobel-da-paz-a-trump-para-encerrar-guerras-768x384.jpg 768w, https:\/\/tarauacanamidia.com.br\/wp-content\/uploads\/2026\/04\/154999-lula-e-preciso-dar-logo-nobel-da-paz-a-trump-para-encerrar-guerras-1536x768.jpg 1536w, https:\/\/tarauacanamidia.com.br\/wp-content\/uploads\/2026\/04\/154999-lula-e-preciso-dar-logo-nobel-da-paz-a-trump-para-encerrar-guerras-1200x600.jpg 1200w, https:\/\/tarauacanamidia.com.br\/wp-content\/uploads\/2026\/04\/154999-lula-e-preciso-dar-logo-nobel-da-paz-a-trump-para-encerrar-guerras.jpg 1600w\" \/><\/a>\t\t\t\n\t\t\t\n\t\t\t\n\t\t\t\n\t\t\n\t\t<\/div>\n\t\n\n\t\n\t\t<div class=\"content\">\n\n\t\t\t<div class=\"post-meta post-meta-a\"><h2 class=\"is-title post-title limit-lines l-lines-2\"><a href=\"https:\/\/tarauacanamidia.com.br\/?p=154999\">Lula: \u00e9 preciso dar logo Nobel da Paz \u00e0 Trump para encerrar guerras<\/a><\/h2><\/div>\t\t\t\n\t\t\t\n\t\t\t\n\t\t<\/div>\n\n\t\n<\/article>\t\t\t\t\t\n<article class=\"l-post grid-post grid-base-post\">\n\n\t\n\t\t\t<div class=\"media\">\n\n\t\t\n\t\t\t<a href=\"https:\/\/tarauacanamidia.com.br\/?p=155442\" class=\"image-link media-ratio ratio-is-custom\" title=\"Embu das Artes passa a pagar por reciclagem de garrafas PET\"><img loading=\"lazy\" decoding=\"async\" width=\"408\" height=\"243\" src=\"https:\/\/tarauacanamidia.com.br\/wp-content\/uploads\/2026\/04\/155442-embu-das-artes-passa-a-pagar-por-reciclagem-de-garrafas-pet-450x300.png\" class=\"attachment-bunyad-medium size-bunyad-medium wp-post-image\" alt=\"embu-das-artes-passa-a-pagar-por-reciclagem-de-garrafas-pet\" sizes=\"(max-width: 408px) 100vw, 408px\" title=\"Embu das Artes passa a pagar por reciclagem de garrafas PET\" srcset=\"https:\/\/tarauacanamidia.com.br\/wp-content\/uploads\/2026\/04\/155442-embu-das-artes-passa-a-pagar-por-reciclagem-de-garrafas-pet-450x300.png 450w, https:\/\/tarauacanamidia.com.br\/wp-content\/uploads\/2026\/04\/155442-embu-das-artes-passa-a-pagar-por-reciclagem-de-garrafas-pet-1024x683.png 1024w, https:\/\/tarauacanamidia.com.br\/wp-content\/uploads\/2026\/04\/155442-embu-das-artes-passa-a-pagar-por-reciclagem-de-garrafas-pet-768x512.png 768w, https:\/\/tarauacanamidia.com.br\/wp-content\/uploads\/2026\/04\/155442-embu-das-artes-passa-a-pagar-por-reciclagem-de-garrafas-pet-1200x800.png 1200w, https:\/\/tarauacanamidia.com.br\/wp-content\/uploads\/2026\/04\/155442-embu-das-artes-passa-a-pagar-por-reciclagem-de-garrafas-pet.png 1536w\" \/><\/a>\t\t\t\n\t\t\t\n\t\t\t\n\t\t\t\n\t\t\n\t\t<\/div>\n\t\n\n\t\n\t\t<div class=\"content\">\n\n\t\t\t<div class=\"post-meta post-meta-a\"><h2 class=\"is-title post-title limit-lines l-lines-2\"><a href=\"https:\/\/tarauacanamidia.com.br\/?p=155442\">Embu das Artes passa a pagar por reciclagem de garrafas PET<\/a><\/h2><\/div>\t\t\t\n\t\t\t\n\t\t\t\n\t\t<\/div>\n\n\t\n<\/article>\t\t\t\t\t\n<article class=\"l-post grid-post grid-base-post\">\n\n\t\n\t\t\t<div class=\"media\">\n\n\t\t\n\t\t\t<a href=\"https:\/\/tarauacanamidia.com.br\/?p=155456\" class=\"image-link media-ratio ratio-is-custom\" title=\"Investimento de R$ 3 bilh\u00f5es em saneamento no Vale do Para\u00edba \u00e9 anunciado at\u00e9 2029\"><img loading=\"lazy\" decoding=\"async\" width=\"408\" height=\"243\" src=\"https:\/\/tarauacanamidia.com.br\/wp-content\/uploads\/2026\/04\/155456-investimento-de-r-3-bilhoes-em-saneamento-no-vale-do-paraiba-e-anunciado-ate-2029-450x300.png\" class=\"attachment-bunyad-medium size-bunyad-medium wp-post-image\" alt=\"investimento-de-r$-3-bilhoes-em-saneamento-no-vale-do-paraiba-e-anunciado-ate-2029\" sizes=\"(max-width: 408px) 100vw, 408px\" title=\"Investimento de R$ 3 bilh\u00f5es em saneamento no Vale do Para\u00edba \u00e9 anunciado at\u00e9 2029\" srcset=\"https:\/\/tarauacanamidia.com.br\/wp-content\/uploads\/2026\/04\/155456-investimento-de-r-3-bilhoes-em-saneamento-no-vale-do-paraiba-e-anunciado-ate-2029-450x300.png 450w, https:\/\/tarauacanamidia.com.br\/wp-content\/uploads\/2026\/04\/155456-investimento-de-r-3-bilhoes-em-saneamento-no-vale-do-paraiba-e-anunciado-ate-2029-1024x683.png 1024w, https:\/\/tarauacanamidia.com.br\/wp-content\/uploads\/2026\/04\/155456-investimento-de-r-3-bilhoes-em-saneamento-no-vale-do-paraiba-e-anunciado-ate-2029-768x512.png 768w, https:\/\/tarauacanamidia.com.br\/wp-content\/uploads\/2026\/04\/155456-investimento-de-r-3-bilhoes-em-saneamento-no-vale-do-paraiba-e-anunciado-ate-2029-1200x800.png 1200w, https:\/\/tarauacanamidia.com.br\/wp-content\/uploads\/2026\/04\/155456-investimento-de-r-3-bilhoes-em-saneamento-no-vale-do-paraiba-e-anunciado-ate-2029.png 1536w\" \/><\/a>\t\t\t\n\t\t\t\n\t\t\t\n\t\t\t\n\t\t\n\t\t<\/div>\n\t\n\n\t\n\t\t<div class=\"content\">\n\n\t\t\t<div class=\"post-meta post-meta-a\"><h2 class=\"is-title post-title limit-lines l-lines-2\"><a href=\"https:\/\/tarauacanamidia.com.br\/?p=155456\">Investimento de R$ 3 bilh\u00f5es em saneamento no Vale do Para\u00edba \u00e9 anunciado at\u00e9 2029<\/a><\/h2><\/div>\t\t\t\n\t\t\t\n\t\t\t\n\t\t<\/div>\n\n\t\n<\/article>\t\t\t\t\t\n<article class=\"l-post grid-post grid-base-post\">\n\n\t\n\t\t\t<div class=\"media\">\n\n\t\t\n\t\t\t<a href=\"https:\/\/tarauacanamidia.com.br\/?p=155404\" class=\"image-link media-ratio ratio-is-custom\" title=\"Renda per capita em SP dobra em 11 anos, mas desigualdade ainda persiste\"><img loading=\"lazy\" decoding=\"async\" width=\"408\" height=\"243\" src=\"https:\/\/tarauacanamidia.com.br\/wp-content\/uploads\/2026\/04\/155404-renda-per-capita-em-sp-dobra-em-11-anos-mas-desigualdade-ainda-persiste-450x300.png\" class=\"attachment-bunyad-medium size-bunyad-medium wp-post-image\" alt=\"renda-per-capita-em-sp-dobra-em-11-anos,-mas-desigualdade-ainda-persiste\" sizes=\"(max-width: 408px) 100vw, 408px\" title=\"Renda per capita em SP dobra em 11 anos, mas desigualdade ainda persiste\" srcset=\"https:\/\/tarauacanamidia.com.br\/wp-content\/uploads\/2026\/04\/155404-renda-per-capita-em-sp-dobra-em-11-anos-mas-desigualdade-ainda-persiste-450x300.png 450w, https:\/\/tarauacanamidia.com.br\/wp-content\/uploads\/2026\/04\/155404-renda-per-capita-em-sp-dobra-em-11-anos-mas-desigualdade-ainda-persiste-1024x683.png 1024w, https:\/\/tarauacanamidia.com.br\/wp-content\/uploads\/2026\/04\/155404-renda-per-capita-em-sp-dobra-em-11-anos-mas-desigualdade-ainda-persiste-768x512.png 768w, https:\/\/tarauacanamidia.com.br\/wp-content\/uploads\/2026\/04\/155404-renda-per-capita-em-sp-dobra-em-11-anos-mas-desigualdade-ainda-persiste-1200x800.png 1200w, https:\/\/tarauacanamidia.com.br\/wp-content\/uploads\/2026\/04\/155404-renda-per-capita-em-sp-dobra-em-11-anos-mas-desigualdade-ainda-persiste.png 1536w\" \/><\/a>\t\t\t\n\t\t\t\n\t\t\t\n\t\t\t\n\t\t\n\t\t<\/div>\n\t\n\n\t\n\t\t<div class=\"content\">\n\n\t\t\t<div class=\"post-meta post-meta-a\"><h2 class=\"is-title post-title limit-lines l-lines-2\"><a href=\"https:\/\/tarauacanamidia.com.br\/?p=155404\">Renda per capita em SP dobra em 11 anos, mas desigualdade ainda persiste<\/a><\/h2><\/div>\t\t\t\n\t\t\t\n\t\t\t\n\t\t<\/div>\n\n\t\n<\/article>\t\t\t\t\t\n<article class=\"l-post grid-post grid-base-post\">\n\n\t\n\t\t\t<div class=\"media\">\n\n\t\t\n\t\t\t<a href=\"https:\/\/tarauacanamidia.com.br\/?p=155669\" class=\"image-link media-ratio ratio-is-custom\" title=\"Mercado financeiro mant\u00e9m press\u00e3o sobre juros e projeta Selic a 13% diante de infla\u00e7\u00e3o resistente\"><img loading=\"lazy\" decoding=\"async\" width=\"408\" height=\"243\" src=\"https:\/\/tarauacanamidia.com.br\/wp-content\/uploads\/2026\/05\/155669-mercado-financeiro-mantem-pressao-sobre-juros-e-projeta-selic-a-13-diante-de-inflacao-resistente-450x300.jpg\" class=\"attachment-bunyad-medium size-bunyad-medium wp-post-image\" alt=\"mercado-financeiro-mantem-pressao-sobre-juros-e-projeta-selic-a-13%-diante-de-inflacao-resistente\" sizes=\"(max-width: 408px) 100vw, 408px\" title=\"Mercado financeiro mant\u00e9m press\u00e3o sobre juros e projeta Selic a 13% diante de infla\u00e7\u00e3o resistente\" srcset=\"https:\/\/tarauacanamidia.com.br\/wp-content\/uploads\/2026\/05\/155669-mercado-financeiro-mantem-pressao-sobre-juros-e-projeta-selic-a-13-diante-de-inflacao-resistente-450x300.jpg 450w, https:\/\/tarauacanamidia.com.br\/wp-content\/uploads\/2026\/05\/155669-mercado-financeiro-mantem-pressao-sobre-juros-e-projeta-selic-a-13-diante-de-inflacao-resistente-1024x682.jpg 1024w, https:\/\/tarauacanamidia.com.br\/wp-content\/uploads\/2026\/05\/155669-mercado-financeiro-mantem-pressao-sobre-juros-e-projeta-selic-a-13-diante-de-inflacao-resistente-768x512.jpg 768w, https:\/\/tarauacanamidia.com.br\/wp-content\/uploads\/2026\/05\/155669-mercado-financeiro-mantem-pressao-sobre-juros-e-projeta-selic-a-13-diante-de-inflacao-resistente-1536x1024.jpg 1536w, https:\/\/tarauacanamidia.com.br\/wp-content\/uploads\/2026\/05\/155669-mercado-financeiro-mantem-pressao-sobre-juros-e-projeta-selic-a-13-diante-de-inflacao-resistente-2048x1365.jpg 2048w, https:\/\/tarauacanamidia.com.br\/wp-content\/uploads\/2026\/05\/155669-mercado-financeiro-mantem-pressao-sobre-juros-e-projeta-selic-a-13-diante-de-inflacao-resistente-1200x800.jpg 1200w\" \/><\/a>\t\t\t\n\t\t\t\n\t\t\t\n\t\t\t\n\t\t\n\t\t<\/div>\n\t\n\n\t\n\t\t<div class=\"content\">\n\n\t\t\t<div class=\"post-meta post-meta-a\"><h2 class=\"is-title post-title limit-lines l-lines-2\"><a href=\"https:\/\/tarauacanamidia.com.br\/?p=155669\">Mercado financeiro mant\u00e9m press\u00e3o sobre juros e projeta Selic a 13% diante de infla\u00e7\u00e3o resistente<\/a><\/h2><\/div>\t\t\t\n\t\t\t\n\t\t\t\n\t\t<\/div>\n\n\t\n<\/article>\t\t\t\t\t\n<article class=\"l-post grid-post grid-base-post\">\n\n\t\n\t\t\t<div class=\"media\">\n\n\t\t\n\t\t\t<a href=\"https:\/\/tarauacanamidia.com.br\/?p=155671\" class=\"image-link media-ratio ratio-is-custom\" title=\"Pesquisadores de SP desenvolvem dispositivo que integra computa\u00e7\u00e3o ao c\u00e9rebro humano\"><img loading=\"lazy\" decoding=\"async\" width=\"408\" height=\"243\" src=\"https:\/\/tarauacanamidia.com.br\/wp-content\/uploads\/2026\/05\/155671-pesquisadores-de-sp-desenvolvem-dispositivo-que-integra-computacao-ao-cerebro-humano-450x300.png\" class=\"attachment-bunyad-medium size-bunyad-medium wp-post-image\" alt=\"pesquisadores-de-sp-desenvolvem-dispositivo-que-integra-computacao-ao-cerebro-humano\" sizes=\"(max-width: 408px) 100vw, 408px\" title=\"Pesquisadores de SP desenvolvem dispositivo que integra computa\u00e7\u00e3o ao c\u00e9rebro humano\" srcset=\"https:\/\/tarauacanamidia.com.br\/wp-content\/uploads\/2026\/05\/155671-pesquisadores-de-sp-desenvolvem-dispositivo-que-integra-computacao-ao-cerebro-humano-450x300.png 450w, https:\/\/tarauacanamidia.com.br\/wp-content\/uploads\/2026\/05\/155671-pesquisadores-de-sp-desenvolvem-dispositivo-que-integra-computacao-ao-cerebro-humano-1024x683.png 1024w, https:\/\/tarauacanamidia.com.br\/wp-content\/uploads\/2026\/05\/155671-pesquisadores-de-sp-desenvolvem-dispositivo-que-integra-computacao-ao-cerebro-humano-768x512.png 768w, https:\/\/tarauacanamidia.com.br\/wp-content\/uploads\/2026\/05\/155671-pesquisadores-de-sp-desenvolvem-dispositivo-que-integra-computacao-ao-cerebro-humano-1200x800.png 1200w, https:\/\/tarauacanamidia.com.br\/wp-content\/uploads\/2026\/05\/155671-pesquisadores-de-sp-desenvolvem-dispositivo-que-integra-computacao-ao-cerebro-humano.png 1536w\" \/><\/a>\t\t\t\n\t\t\t\n\t\t\t\n\t\t\t\n\t\t\n\t\t<\/div>\n\t\n\n\t\n\t\t<div class=\"content\">\n\n\t\t\t<div class=\"post-meta post-meta-a\"><h2 class=\"is-title post-title limit-lines l-lines-2\"><a href=\"https:\/\/tarauacanamidia.com.br\/?p=155671\">Pesquisadores de SP desenvolvem dispositivo que integra computa\u00e7\u00e3o ao c\u00e9rebro humano<\/a><\/h2><\/div>\t\t\t\n\t\t\t\n\t\t\t\n\t\t<\/div>\n\n\t\n<\/article>\t\t\t\t\t\n<article class=\"l-post grid-post grid-base-post\">\n\n\t\n\t\t\t<div class=\"media\">\n\n\t\t\n\t\t\t<a href=\"https:\/\/tarauacanamidia.com.br\/?p=155470\" class=\"image-link media-ratio ratio-is-custom\" title=\"Fisioterapia precoce pode influenciar desenvolvimento de beb\u00eas, aponta especialista\"><img loading=\"lazy\" decoding=\"async\" width=\"408\" height=\"243\" src=\"https:\/\/tarauacanamidia.com.br\/wp-content\/uploads\/2026\/04\/155470-fisioterapia-precoce-pode-influenciar-desenvolvimento-de-bebes-aponta-especialista-450x300.png\" class=\"attachment-bunyad-medium size-bunyad-medium wp-post-image\" alt=\"fisioterapia-precoce-pode-influenciar-desenvolvimento-de-bebes,-aponta-especialista\" sizes=\"(max-width: 408px) 100vw, 408px\" title=\"Fisioterapia precoce pode influenciar desenvolvimento de beb\u00eas, aponta especialista\" srcset=\"https:\/\/tarauacanamidia.com.br\/wp-content\/uploads\/2026\/04\/155470-fisioterapia-precoce-pode-influenciar-desenvolvimento-de-bebes-aponta-especialista-450x300.png 450w, https:\/\/tarauacanamidia.com.br\/wp-content\/uploads\/2026\/04\/155470-fisioterapia-precoce-pode-influenciar-desenvolvimento-de-bebes-aponta-especialista-1024x683.png 1024w, https:\/\/tarauacanamidia.com.br\/wp-content\/uploads\/2026\/04\/155470-fisioterapia-precoce-pode-influenciar-desenvolvimento-de-bebes-aponta-especialista-768x512.png 768w, https:\/\/tarauacanamidia.com.br\/wp-content\/uploads\/2026\/04\/155470-fisioterapia-precoce-pode-influenciar-desenvolvimento-de-bebes-aponta-especialista-1200x800.png 1200w, https:\/\/tarauacanamidia.com.br\/wp-content\/uploads\/2026\/04\/155470-fisioterapia-precoce-pode-influenciar-desenvolvimento-de-bebes-aponta-especialista.png 1536w\" \/><\/a>\t\t\t\n\t\t\t\n\t\t\t\n\t\t\t\n\t\t\n\t\t<\/div>\n\t\n\n\t\n\t\t<div class=\"content\">\n\n\t\t\t<div class=\"post-meta post-meta-a\"><h2 class=\"is-title post-title limit-lines l-lines-2\"><a href=\"https:\/\/tarauacanamidia.com.br\/?p=155470\">Fisioterapia precoce pode influenciar desenvolvimento de beb\u00eas, aponta especialista<\/a><\/h2><\/div>\t\t\t\n\t\t\t\n\t\t\t\n\t\t<\/div>\n\n\t\n<\/article>\t\t\n\t<\/div>\n\n\t\t\n\t\t\t<\/div>\n\n\t\t<\/section>\n\t\t\t\t\t\t<\/div>\n\t\t\t\t<\/div>\n\t\t\t\t<div class=\"elementor-element elementor-element-2a6b5ee elementor-widget elementor-widget-smartmag-newsfocus\" data-id=\"2a6b5ee\" data-element_type=\"widget\" data-e-type=\"widget\" data-widget_type=\"smartmag-newsfocus.default\">\n\t\t\t\t<div class=\"elementor-widget-container\">\n\t\t\t\t\t\t\t<section class=\"block-wrap block-news-focus block-sc mb-none\" data-id=\"4\" data-block=\"{&quot;id&quot;:&quot;news-focus&quot;,&quot;props&quot;:{&quot;cat_labels&quot;:1,&quot;cat_labels_pos&quot;:&quot;bot-left&quot;,&quot;reviews&quot;:&quot;stars&quot;,&quot;post_formats_pos&quot;:&quot;center&quot;,&quot;load_more_style&quot;:&quot;a&quot;,&quot;meta_cat_style&quot;:&quot;text&quot;,&quot;media_style_shadow&quot;:0,&quot;meta_sponsor&quot;:1,&quot;meta_sponsor_logo&quot;:0,&quot;meta_sponsor_label&quot;:&quot;Sponsor: {sponsor}&quot;,&quot;meta_above&quot;:[],&quot;meta_below&quot;:[&quot;author&quot;,&quot;date&quot;,&quot;views&quot;],&quot;meta_sponsor_above&quot;:[],&quot;meta_sponsor_below&quot;:[&quot;sponsor&quot;,&quot;date&quot;],&quot;container_width&quot;:66,&quot;heading&quot;:&quot;GIRO REGIONAL &quot;,&quot;space_below&quot;:&quot;none&quot;,&quot;filters&quot;:&quot;category&quot;,&quot;filters_terms&quot;:[8,7,11,9],&quot;terms&quot;:[&quot;34&quot;,&quot;35&quot;,&quot;56&quot;,&quot;59&quot;,&quot;65&quot;,&quot;69&quot;,&quot;70&quot;,&quot;71&quot;,&quot;74&quot;,&quot;75&quot;],&quot;sort_order&quot;:&quot;asc&quot;,&quot;pagination_type&quot;:null,&quot;pagination_links&quot;:null,&quot;excerpt_length&quot;:15,&quot;meta_sponsor_items_default&quot;:true,&quot;query_type&quot;:&quot;custom&quot;,&quot;sort_days&quot;:null,&quot;is_sc_call&quot;:true,&quot;meta_items_default&quot;:true}}\" data-is-mixed=\"1\">\n\n\t\t\t\t\t\t\t\t\n\t\t\t\t\t\t\t\n\t\t\t\t<div class=\"block-head block-head-ac block-head-c is-left\">\n\n\t\t\t\t\t<h4 class=\"heading\">GIRO REGIONAL <\/h4>\t\t\t\t\t\n\t\t\t\t\t\t\t\t\t<\/div>\n\t\t\t\t\n\t\t\t\n\t\t\t\n\t\t\t<div class=\"block-content\">\n\t\t\t\t\t\n\t<div class=\"grid cols-not-eq loops-mixed grid-2 md:grid-2 sm:grid-1\">\n\n\t\t\t\n\t<div class=\"loop loop-grid loop-grid-base grid grid-1 md:grid-1 xs:grid-1\">\n\n\t\t\t\t\t\n<article class=\"l-post grid-post grid-base-post\">\n\n\t\n\t\t\t<div class=\"media\">\n\n\t\t\n\t\t\t<a href=\"https:\/\/tarauacanamidia.com.br\/?p=155776\" class=\"image-link media-ratio ratio-is-custom\" title=\"Festa liberal re\u00fane 650 participantes e marca encerramento do carnaval em Campinas\"><img loading=\"lazy\" decoding=\"async\" width=\"408\" height=\"243\" src=\"https:\/\/tarauacanamidia.com.br\/wp-content\/uploads\/2026\/05\/155776-festa-liberal-reune-650-participantes-e-marca-encerramento-do-carnaval-em-campinas-450x263.jpg\" class=\"attachment-bunyad-medium size-bunyad-medium wp-post-image\" alt=\"festa-liberal-reune-650-participantes-e-marca-encerramento-do-carnaval-em-campinas\" sizes=\"(max-width: 408px) 100vw, 408px\" title=\"Festa liberal re\u00fane 650 participantes e marca encerramento do carnaval em Campinas\" srcset=\"https:\/\/tarauacanamidia.com.br\/wp-content\/uploads\/2026\/05\/155776-festa-liberal-reune-650-participantes-e-marca-encerramento-do-carnaval-em-campinas-450x263.jpg 450w, https:\/\/tarauacanamidia.com.br\/wp-content\/uploads\/2026\/05\/155776-festa-liberal-reune-650-participantes-e-marca-encerramento-do-carnaval-em-campinas-300x175.jpg 300w, https:\/\/tarauacanamidia.com.br\/wp-content\/uploads\/2026\/05\/155776-festa-liberal-reune-650-participantes-e-marca-encerramento-do-carnaval-em-campinas-150x88.jpg 150w, https:\/\/tarauacanamidia.com.br\/wp-content\/uploads\/2026\/05\/155776-festa-liberal-reune-650-participantes-e-marca-encerramento-do-carnaval-em-campinas-250x146.jpg 250w, https:\/\/tarauacanamidia.com.br\/wp-content\/uploads\/2026\/05\/155776-festa-liberal-reune-650-participantes-e-marca-encerramento-do-carnaval-em-campinas.jpg 476w\" \/><\/a>\t\t\t\n\t\t\t\n\t\t\t\n\t\t\t\t\t\t\t\n\t\t\t\t<span class=\"cat-labels cat-labels-overlay c-overlay p-bot-left\">\n\t\t\t\t<a href=\"https:\/\/tarauacanamidia.com.br\/?cat=71\" class=\"category term-color-71\" rel=\"category\" tabindex=\"-1\">Shows e Eventos<\/a>\n\t\t\t<\/span>\n\t\t\t\t\t\t\n\t\t\t\n\t\t\n\t\t<\/div>\n\t\n\n\t\n\t\t<div class=\"content\">\n\n\t\t\t<div class=\"post-meta post-meta-a has-below\"><h2 class=\"is-title post-title\"><a href=\"https:\/\/tarauacanamidia.com.br\/?p=155776\">Festa liberal re\u00fane 650 participantes e marca encerramento do carnaval em Campinas<\/a><\/h2><div class=\"post-meta-items meta-below\"><span class=\"meta-item post-author\"><span class=\"by\">Fonte:<\/span> <a href=\"https:\/\/tarauacanamidia.com.br\/author\/vinicius-mororo\" title=\"Posts de Vinicius Mororo\" rel=\"author\">Vinicius Mororo<\/a><\/span><span class=\"meta-item date\"><span class=\"date-link\"><time class=\"post-date\" datetime=\"2026-03-02T10:00:00-03:00\">2 de mar\u00e7o de 2026<\/time><\/span><\/span><\/div><\/div>\t\t\t\n\t\t\t\t\t\t\n\t\t\t\t<div class=\"excerpt\">\n\t\t\t\t\t<p>Evento em ch\u00e1cara no interior paulista atrai p\u00fablico de v\u00e1rios estados e at\u00e9 do exterior&hellip;<\/p>\n\t\t\t\t<\/div>\n\t\t\t\n\t\t\t\n\t\t\t\n\t\t<\/div>\n\n\t\n<\/article>\t\t\n\t<\/div>\n\n\t\t\n\n\t\t\n\t<div class=\"loop loop-small loop-small-a grid grid-1 md:grid-1 sm:grid-1 xs:grid-1\">\n\n\t\t\t\t\t\n<article class=\"l-post small-post small-a-post m-pos-left\">\n\n\t\n\t\t\t<div class=\"media\">\n\n\t\t\n\t\t\t<a href=\"https:\/\/tarauacanamidia.com.br\/?p=155772\" class=\"image-link media-ratio ratio-4-3\" title=\"Restaurantes reconhecidos pelo Guia Michelin oferecem menus executivos mais acess\u00edveis no almo\u00e7o\"><img loading=\"lazy\" decoding=\"async\" width=\"153\" height=\"115\" src=\"https:\/\/tarauacanamidia.com.br\/wp-content\/uploads\/2026\/05\/155772-restaurantes-reconhecidos-pelo-guia-michelin-oferecem-menus-executivos-mais-acessiveis-no-almoco-300x137.jpg\" class=\"attachment-medium size-medium wp-post-image\" alt=\"restaurantes-reconhecidos-pelo-guia-michelin-oferecem-menus-executivos-mais-acessiveis-no-almoco\" sizes=\"(max-width: 153px) 100vw, 153px\" title=\"Restaurantes reconhecidos pelo Guia Michelin oferecem menus executivos mais acess\u00edveis no almo\u00e7o\" srcset=\"https:\/\/tarauacanamidia.com.br\/wp-content\/uploads\/2026\/05\/155772-restaurantes-reconhecidos-pelo-guia-michelin-oferecem-menus-executivos-mais-acessiveis-no-almoco-300x137.jpg 300w, https:\/\/tarauacanamidia.com.br\/wp-content\/uploads\/2026\/05\/155772-restaurantes-reconhecidos-pelo-guia-michelin-oferecem-menus-executivos-mais-acessiveis-no-almoco-768x351.jpg 768w, https:\/\/tarauacanamidia.com.br\/wp-content\/uploads\/2026\/05\/155772-restaurantes-reconhecidos-pelo-guia-michelin-oferecem-menus-executivos-mais-acessiveis-no-almoco-450x206.jpg 450w, https:\/\/tarauacanamidia.com.br\/wp-content\/uploads\/2026\/05\/155772-restaurantes-reconhecidos-pelo-guia-michelin-oferecem-menus-executivos-mais-acessiveis-no-almoco-260x119.jpg 260w, https:\/\/tarauacanamidia.com.br\/wp-content\/uploads\/2026\/05\/155772-restaurantes-reconhecidos-pelo-guia-michelin-oferecem-menus-executivos-mais-acessiveis-no-almoco.jpg 850w\" \/><\/a>\t\t\t\n\t\t\t\n\t\t\t\n\t\t\t\n\t\t\n\t\t<\/div>\n\t\n\n\t\n\t\t<div class=\"content\">\n\n\t\t\t<div class=\"post-meta post-meta-a post-meta-left has-below\"><h4 class=\"is-title post-title\"><a href=\"https:\/\/tarauacanamidia.com.br\/?p=155772\">Restaurantes reconhecidos pelo Guia Michelin oferecem menus executivos mais acess\u00edveis no almo\u00e7o<\/a><\/h4><div class=\"post-meta-items meta-below\"><span class=\"meta-item date\"><span class=\"date-link\"><time class=\"post-date\" datetime=\"2026-03-07T05:43:00-03:00\">7 de mar\u00e7o de 2026<\/time><\/span><\/span><\/div><\/div>\t\t\t\n\t\t\t\n\t\t\t\n\t\t<\/div>\n\n\t\n<\/article>\t\n\t\t\t\t\t\n<article class=\"l-post small-post small-a-post m-pos-left\">\n\n\t\n\t\t\t<div class=\"media\">\n\n\t\t\n\t\t\t<a href=\"https:\/\/tarauacanamidia.com.br\/?p=155768\" class=\"image-link media-ratio ratio-4-3\" title=\"P\u00e3o de fermenta\u00e7\u00e3o natural e caf\u00e9 especial: conhe\u00e7a a padaria Na Fila do P\u00e3o perto da esta\u00e7\u00e3o Santa Cec\u00edlia\"><img loading=\"lazy\" decoding=\"async\" width=\"153\" height=\"115\" src=\"https:\/\/tarauacanamidia.com.br\/wp-content\/uploads\/2026\/05\/155768-pao-de-fermentacao-natural-e-cafe-especial-conheca-a-padaria-na-fila-do-pao-perto-da-69f44c8d448d2-300x296.jpg\" class=\"attachment-medium size-medium wp-post-image\" alt=\"pao-de-fermentacao-natural-e-cafe-especial:-conheca-a-padaria-na-fila-do-pao-perto-da-estacao-santa-cecilia\" sizes=\"(max-width: 153px) 100vw, 153px\" title=\"P\u00e3o de fermenta\u00e7\u00e3o natural e caf\u00e9 especial: conhe\u00e7a a padaria Na Fila do P\u00e3o perto da esta\u00e7\u00e3o Santa Cec\u00edlia\" srcset=\"https:\/\/tarauacanamidia.com.br\/wp-content\/uploads\/2026\/05\/155768-pao-de-fermentacao-natural-e-cafe-especial-conheca-a-padaria-na-fila-do-pao-perto-da-69f44c8d448d2-300x296.jpg 300w, https:\/\/tarauacanamidia.com.br\/wp-content\/uploads\/2026\/05\/155768-pao-de-fermentacao-natural-e-cafe-especial-conheca-a-padaria-na-fila-do-pao-perto-da-69f44c8d448d2-150x148.jpg 150w, https:\/\/tarauacanamidia.com.br\/wp-content\/uploads\/2026\/05\/155768-pao-de-fermentacao-natural-e-cafe-especial-conheca-a-padaria-na-fila-do-pao-perto-da-69f44c8d448d2-148x146.jpg 148w, https:\/\/tarauacanamidia.com.br\/wp-content\/uploads\/2026\/05\/155768-pao-de-fermentacao-natural-e-cafe-especial-conheca-a-padaria-na-fila-do-pao-perto-da-69f44c8d448d2.jpg 419w\" \/><\/a>\t\t\t\n\t\t\t\n\t\t\t\n\t\t\t\n\t\t\n\t\t<\/div>\n\t\n\n\t\n\t\t<div class=\"content\">\n\n\t\t\t<div class=\"post-meta post-meta-a post-meta-left has-below\"><h4 class=\"is-title post-title\"><a href=\"https:\/\/tarauacanamidia.com.br\/?p=155768\">P\u00e3o de fermenta\u00e7\u00e3o natural e caf\u00e9 especial: conhe\u00e7a a padaria Na Fila do P\u00e3o perto da esta\u00e7\u00e3o Santa Cec\u00edlia<\/a><\/h4><div class=\"post-meta-items meta-below\"><span class=\"meta-item date\"><span class=\"date-link\"><time class=\"post-date\" datetime=\"2026-03-08T06:00:00-03:00\">8 de mar\u00e7o de 2026<\/time><\/span><\/span><\/div><\/div>\t\t\t\n\t\t\t\n\t\t\t\n\t\t<\/div>\n\n\t\n<\/article>\t\n\t\t\t\t\t\n<article class=\"l-post small-post small-a-post m-pos-left\">\n\n\t\n\t\t\t<div class=\"media\">\n\n\t\t\n\t\t\t<a href=\"https:\/\/tarauacanamidia.com.br\/?p=155770\" class=\"image-link media-ratio ratio-4-3\" title=\"Verticaliza\u00e7\u00e3o pressiona restaurantes tradicionais e altera din\u00e2mica gastron\u00f4mica em bairros de S\u00e3o Paulo\"><img loading=\"lazy\" decoding=\"async\" width=\"153\" height=\"115\" src=\"https:\/\/tarauacanamidia.com.br\/wp-content\/uploads\/2026\/05\/155770-verticalizacao-pressiona-restaurantes-tradicionais-e-altera-dinamica-gastronomica-em-69f44c8f32e11-300x207.jpg\" class=\"attachment-medium size-medium wp-post-image\" alt=\"verticalizacao-pressiona-restaurantes-tradicionais-e-altera-dinamica-gastronomica-em-bairros-de-sao-paulo\" sizes=\"(max-width: 153px) 100vw, 153px\" title=\"Verticaliza\u00e7\u00e3o pressiona restaurantes tradicionais e altera din\u00e2mica gastron\u00f4mica em bairros de S\u00e3o Paulo\" srcset=\"https:\/\/tarauacanamidia.com.br\/wp-content\/uploads\/2026\/05\/155770-verticalizacao-pressiona-restaurantes-tradicionais-e-altera-dinamica-gastronomica-em-69f44c8f32e11-300x207.jpg 300w, https:\/\/tarauacanamidia.com.br\/wp-content\/uploads\/2026\/05\/155770-verticalizacao-pressiona-restaurantes-tradicionais-e-altera-dinamica-gastronomica-em-69f44c8f32e11-150x104.jpg 150w, https:\/\/tarauacanamidia.com.br\/wp-content\/uploads\/2026\/05\/155770-verticalizacao-pressiona-restaurantes-tradicionais-e-altera-dinamica-gastronomica-em-69f44c8f32e11-450x311.jpg 450w, https:\/\/tarauacanamidia.com.br\/wp-content\/uploads\/2026\/05\/155770-verticalizacao-pressiona-restaurantes-tradicionais-e-altera-dinamica-gastronomica-em-69f44c8f32e11-211x146.jpg 211w, https:\/\/tarauacanamidia.com.br\/wp-content\/uploads\/2026\/05\/155770-verticalizacao-pressiona-restaurantes-tradicionais-e-altera-dinamica-gastronomica-em-69f44c8f32e11.jpg 538w\" \/><\/a>\t\t\t\n\t\t\t\n\t\t\t\n\t\t\t\n\t\t\n\t\t<\/div>\n\t\n\n\t\n\t\t<div class=\"content\">\n\n\t\t\t<div class=\"post-meta post-meta-a post-meta-left has-below\"><h4 class=\"is-title post-title\"><a href=\"https:\/\/tarauacanamidia.com.br\/?p=155770\">Verticaliza\u00e7\u00e3o pressiona restaurantes tradicionais e altera din\u00e2mica gastron\u00f4mica em bairros de S\u00e3o Paulo<\/a><\/h4><div class=\"post-meta-items meta-below\"><span class=\"meta-item date\"><span class=\"date-link\"><time class=\"post-date\" datetime=\"2026-03-08T06:00:00-03:00\">8 de mar\u00e7o de 2026<\/time><\/span><\/span><\/div><\/div>\t\t\t\n\t\t\t\n\t\t\t\n\t\t<\/div>\n\n\t\n<\/article>\t\n\t\t\t\t\t\n<article class=\"l-post small-post small-a-post m-pos-left\">\n\n\t\n\t\t\t<div class=\"media\">\n\n\t\t\n\t\t\t<a href=\"https:\/\/tarauacanamidia.com.br\/?p=155542\" class=\"image-link media-ratio ratio-4-3\" title=\"Restaurante Zain oferece culin\u00e1ria \u00e1rabe perto da esta\u00e7\u00e3o Tatuap\u00e9\"><img loading=\"lazy\" decoding=\"async\" width=\"153\" height=\"115\" src=\"https:\/\/tarauacanamidia.com.br\/wp-content\/uploads\/2026\/04\/155542-restaurante-zain-oferece-culinaria-arabe-perto-da-estacao-tatuape-300x220.jpg\" class=\"attachment-medium size-medium wp-post-image\" alt=\"restaurante-zain-oferece-culinaria-arabe-perto-da-estacao-tatuape\" sizes=\"(max-width: 153px) 100vw, 153px\" title=\"Restaurante Zain oferece culin\u00e1ria \u00e1rabe perto da esta\u00e7\u00e3o Tatuap\u00e9\" srcset=\"https:\/\/tarauacanamidia.com.br\/wp-content\/uploads\/2026\/04\/155542-restaurante-zain-oferece-culinaria-arabe-perto-da-estacao-tatuape-300x220.jpg 300w, https:\/\/tarauacanamidia.com.br\/wp-content\/uploads\/2026\/04\/155542-restaurante-zain-oferece-culinaria-arabe-perto-da-estacao-tatuape-150x110.jpg 150w, https:\/\/tarauacanamidia.com.br\/wp-content\/uploads\/2026\/04\/155542-restaurante-zain-oferece-culinaria-arabe-perto-da-estacao-tatuape-450x330.jpg 450w, https:\/\/tarauacanamidia.com.br\/wp-content\/uploads\/2026\/04\/155542-restaurante-zain-oferece-culinaria-arabe-perto-da-estacao-tatuape-199x146.jpg 199w, https:\/\/tarauacanamidia.com.br\/wp-content\/uploads\/2026\/04\/155542-restaurante-zain-oferece-culinaria-arabe-perto-da-estacao-tatuape.jpg 576w\" \/><\/a>\t\t\t\n\t\t\t\n\t\t\t\n\t\t\t\n\t\t\n\t\t<\/div>\n\t\n\n\t\n\t\t<div class=\"content\">\n\n\t\t\t<div class=\"post-meta post-meta-a post-meta-left has-below\"><h4 class=\"is-title post-title\"><a href=\"https:\/\/tarauacanamidia.com.br\/?p=155542\">Restaurante Zain oferece culin\u00e1ria \u00e1rabe perto da esta\u00e7\u00e3o Tatuap\u00e9<\/a><\/h4><div class=\"post-meta-items meta-below\"><span class=\"meta-item date\"><span class=\"date-link\"><time class=\"post-date\" datetime=\"2026-03-08T06:18:00-03:00\">8 de mar\u00e7o de 2026<\/time><\/span><\/span><\/div><\/div>\t\t\t\n\t\t\t\n\t\t\t\n\t\t<\/div>\n\n\t\n<\/article>\t\n\t\t\n\t<\/div>\n\n\t\t\t<\/div>\n\t\n\t\t\t\t<\/div>\n\n\t\t<\/section>\n\t\t\t\t\t\t<\/div>\n\t\t\t\t<\/div>\n\t\t\t\t<div class=\"elementor-element elementor-element-cb0fce3 elementor-widget elementor-widget-sidebar\" data-id=\"cb0fce3\" data-element_type=\"widget\" data-e-type=\"widget\" data-widget_type=\"sidebar.default\">\n\t\t\t\t<div class=\"elementor-widget-container\">\n\t\t\t\t\t<li id=\"adni_widgets-3\" class=\"widget \"><div class=\"angwp_148547 _ning_outer ang_zone_148547 _ning_jss_zone has_label _align_center\" style=\"max-width:1200px;width:100%;overflow:hidden;height:inherit;\"><div class=\"_ning_label _center\" style=\"\">Anunciantes<\/div><div id=\"_ning_zone_148547_1311300210\" class=\"_ning_zone_inner\" style=\"width:1200px; height:200px;position:relative;\"><div u=\"slides\" style=\"position:absolute; overflow:hidden; left:0px; top:0px;width:1200px; height:200px;\"><div class=\"slide_1 slide\" idle=\"5000\"><div class=\"angwp_148544 _ning_cont _ning_hidden _align_center\" data-size=\"custom\" data-bid=\"148544\" data-aid=\"148547\" style=\"max-width:1200px; width:100%;height:inherit;\"><div class=\"_ning_inner\" style=\"\"><a href=\"https:\/\/tarauacanamidia.com.br?_dnlink=148544&aid=148547&t=1777612731\" class=\"strack_cli _ning_link\" target=\"_blank\">&nbsp;<\/a><div class=\"_ning_elmt\"><img decoding=\"async\" src=\"https:\/\/tarauacanamidia.com.br\/wp-content\/uploads\/angwp\/items\/148544\/69c322a496e3b_1774396068.png\" \/><\/div><\/div><\/div><div class=\"clear\"><\/div><\/div><div class=\"slide_2 slide\" idle=\"5000\"><div class=\"angwp_148545 _ning_cont _ning_hidden _align_center\" data-size=\"custom\" data-bid=\"148545\" data-aid=\"148547\" style=\"max-width:1200px; width:100%;height:inherit;\"><div class=\"_ning_inner\" style=\"\"><a href=\"https:\/\/tarauacanamidia.com.br?_dnlink=148545&aid=148547&t=1777612731\" class=\"strack_cli _ning_link\" target=\"_blank\">&nbsp;<\/a><div class=\"_ning_elmt\"><img decoding=\"async\" src=\"https:\/\/tarauacanamidia.com.br\/wp-content\/uploads\/angwp\/items\/148545\/69c322a496e3b_1774396068.png\" \/><\/div><\/div><\/div><div class=\"clear\"><\/div><\/div><div class=\"slide_3 slide\" idle=\"5000\"><div class=\"angwp_148546 _ning_cont _ning_hidden _align_center\" data-size=\"custom\" data-bid=\"148546\" data-aid=\"148547\" style=\"max-width:1200px; width:100%;height:inherit;\"><div class=\"_ning_inner\" style=\"\"><a href=\"https:\/\/tarauacanamidia.com.br?_dnlink=148546&aid=148547&t=1777612731\" class=\"strack_cli _ning_link\" target=\"_blank\">&nbsp;<\/a><div class=\"_ning_elmt\"><img decoding=\"async\" src=\"https:\/\/tarauacanamidia.com.br\/wp-content\/uploads\/angwp\/items\/148546\/69c322a496e3b_1774396068.png\" \/><\/div><\/div><\/div><div class=\"clear\"><\/div><\/div><\/div><\/div><\/div><div class=\"clear\"><\/div><\/li>\n\t\t\t\t<\/div>\n\t\t\t\t<\/div>\n\t\t\t\t<div class=\"elementor-element elementor-element-39ee86f elementor-widget elementor-widget-smartmag-overlay\" data-id=\"39ee86f\" data-element_type=\"widget\" data-e-type=\"widget\" data-widget_type=\"smartmag-overlay.default\">\n\t\t\t\t<div class=\"elementor-widget-container\">\n\t\t\t\t\t\t\t<section class=\"block-wrap block-overlay block-sc cols-gap-sm mb-none\" data-id=\"7\">\n\n\t\t\t\t\t\t\t\t\n\t\t\t\t\t\t\t\n\t\t\t\t<div class=\"block-head block-head-ac block-head-c is-left\">\n\n\t\t\t\t\t<h4 class=\"heading\">VEJA AS NOT\u00cdCIAS DOS BAIRROS<\/h4>\t\t\t\t\t\n\t\t\t\t\t\t\t\t\t<\/div>\n\t\t\t\t\n\t\t\t\n\t\t\t\n\t\t\t<div class=\"block-content\">\n\t\t\t\t\t\n\t<div data-slider=\"carousel\" data-autoplay=\"1\" data-speed data-slides=\"2\" data-slides-md data-slides-sm data-arrows=\"b\" data-dots=\"1\" class=\"loop loop-overlay common-slider loop-carousel arrow-hover slider-arrow-b grid grid-2 md:grid-2 xs:grid-1\">\n\n\t\t\t\n\t\t\t\n<article class=\"l-post grid-overlay overlay-post grid-overlay-a overlay-base-post\">\n\n\t\n\t\t\t<div class=\"media\">\n\n\t\t\n\t\t\t<a href=\"https:\/\/tarauacanamidia.com.br\/?p=155708\" class=\"image-link media-ratio ratio-3-2\" title=\"Falha provoca transtornos a passageiros na Linha 9-Esmeralda em SP\"><img loading=\"lazy\" decoding=\"async\" width=\"408\" height=\"272\" src=\"https:\/\/tarauacanamidia.com.br\/wp-content\/uploads\/2026\/05\/155708-falha-provoca-transtornos-a-passageiros-na-linha-9-esmeralda-em-sp-450x300.png\" class=\"attachment-bunyad-medium size-bunyad-medium wp-post-image\" alt=\"falha-provoca-transtornos-a-passageiros-na-linha-9-esmeralda-em-sp\" sizes=\"(max-width: 408px) 100vw, 408px\" title=\"Falha provoca transtornos a passageiros na Linha 9-Esmeralda em SP\" srcset=\"https:\/\/tarauacanamidia.com.br\/wp-content\/uploads\/2026\/05\/155708-falha-provoca-transtornos-a-passageiros-na-linha-9-esmeralda-em-sp-450x300.png 450w, https:\/\/tarauacanamidia.com.br\/wp-content\/uploads\/2026\/05\/155708-falha-provoca-transtornos-a-passageiros-na-linha-9-esmeralda-em-sp-300x200.png 300w, https:\/\/tarauacanamidia.com.br\/wp-content\/uploads\/2026\/05\/155708-falha-provoca-transtornos-a-passageiros-na-linha-9-esmeralda-em-sp-1024x683.png 1024w, https:\/\/tarauacanamidia.com.br\/wp-content\/uploads\/2026\/05\/155708-falha-provoca-transtornos-a-passageiros-na-linha-9-esmeralda-em-sp-768x512.png 768w, https:\/\/tarauacanamidia.com.br\/wp-content\/uploads\/2026\/05\/155708-falha-provoca-transtornos-a-passageiros-na-linha-9-esmeralda-em-sp-150x100.png 150w, https:\/\/tarauacanamidia.com.br\/wp-content\/uploads\/2026\/05\/155708-falha-provoca-transtornos-a-passageiros-na-linha-9-esmeralda-em-sp-1200x800.png 1200w, https:\/\/tarauacanamidia.com.br\/wp-content\/uploads\/2026\/05\/155708-falha-provoca-transtornos-a-passageiros-na-linha-9-esmeralda-em-sp-219x146.png 219w, https:\/\/tarauacanamidia.com.br\/wp-content\/uploads\/2026\/05\/155708-falha-provoca-transtornos-a-passageiros-na-linha-9-esmeralda-em-sp.png 1536w\" \/><\/a>\t\t\t\n\t\t\t\n\t\t\t\n\t\t\t\n\t\t\n\t\t<\/div>\n\t\n\n\t\t\t<div class=\"content-wrap\">\n\t\n\t\t<div class=\"content\">\n\n\t\t\t<div class=\"post-meta post-meta-a meta-contrast has-below\"><div class=\"post-meta-items meta-above\"><span class=\"meta-item cat-labels\">\n\t\t\t\t\t\t\n\t\t\t\t\t\t<a href=\"https:\/\/tarauacanamidia.com.br\/?cat=59\" class=\"category term-color-59\" rel=\"category\" tabindex=\"-1\">Bairros<\/a>\n\t\t\t\t\t<\/span>\n\t\t\t\t\t<\/div><h2 class=\"is-title post-title\"><a href=\"https:\/\/tarauacanamidia.com.br\/?p=155708\">Falha provoca transtornos a passageiros na Linha 9-Esmeralda em SP<\/a><\/h2><div class=\"post-meta-items meta-below\"><span class=\"meta-item post-author\"><span class=\"by\">Fonte:<\/span> <a href=\"https:\/\/tarauacanamidia.com.br\/author\/vinicius-mororo\" title=\"Posts de Vinicius Mororo\" rel=\"author\">Vinicius Mororo<\/a><\/span><span class=\"meta-item date\"><span class=\"date-link\"><time class=\"post-date\" datetime=\"2026-04-25T02:22:00-03:00\">25 de abril de 2026<\/time><\/span><\/span><\/div><\/div>\t\t\t\n\t\t\t\n\t\t\t\n\t\t<\/div>\n\n\t\t\t<\/div>\n\t\n<\/article>\n\t\t\t\n\t\t\t\n<article class=\"l-post grid-overlay overlay-post grid-overlay-a overlay-base-post\">\n\n\t\n\t\t\t<div class=\"media\">\n\n\t\t\n\t\t\t<a href=\"https:\/\/tarauacanamidia.com.br\/?p=155688\" class=\"image-link media-ratio ratio-3-2\" title=\"Justi\u00e7a condena Estado de SP a pagar R$ 258 mil por tortura em pres\u00eddio\"><img loading=\"lazy\" decoding=\"async\" width=\"408\" height=\"272\" src=\"https:\/\/tarauacanamidia.com.br\/wp-content\/uploads\/2026\/05\/155688-justica-condena-estado-de-sp-a-pagar-r-258-mil-por-tortura-em-presidio-450x300.png\" class=\"attachment-bunyad-medium size-bunyad-medium wp-post-image\" alt=\"justica-condena-estado-de-sp-a-pagar-r$-258-mil-por-tortura-em-presidio\" sizes=\"(max-width: 408px) 100vw, 408px\" title=\"Justi\u00e7a condena Estado de SP a pagar R$ 258 mil por tortura em pres\u00eddio\" srcset=\"https:\/\/tarauacanamidia.com.br\/wp-content\/uploads\/2026\/05\/155688-justica-condena-estado-de-sp-a-pagar-r-258-mil-por-tortura-em-presidio-450x300.png 450w, https:\/\/tarauacanamidia.com.br\/wp-content\/uploads\/2026\/05\/155688-justica-condena-estado-de-sp-a-pagar-r-258-mil-por-tortura-em-presidio-300x200.png 300w, https:\/\/tarauacanamidia.com.br\/wp-content\/uploads\/2026\/05\/155688-justica-condena-estado-de-sp-a-pagar-r-258-mil-por-tortura-em-presidio-1024x683.png 1024w, https:\/\/tarauacanamidia.com.br\/wp-content\/uploads\/2026\/05\/155688-justica-condena-estado-de-sp-a-pagar-r-258-mil-por-tortura-em-presidio-768x512.png 768w, https:\/\/tarauacanamidia.com.br\/wp-content\/uploads\/2026\/05\/155688-justica-condena-estado-de-sp-a-pagar-r-258-mil-por-tortura-em-presidio-150x100.png 150w, https:\/\/tarauacanamidia.com.br\/wp-content\/uploads\/2026\/05\/155688-justica-condena-estado-de-sp-a-pagar-r-258-mil-por-tortura-em-presidio-1200x800.png 1200w, https:\/\/tarauacanamidia.com.br\/wp-content\/uploads\/2026\/05\/155688-justica-condena-estado-de-sp-a-pagar-r-258-mil-por-tortura-em-presidio-219x146.png 219w, https:\/\/tarauacanamidia.com.br\/wp-content\/uploads\/2026\/05\/155688-justica-condena-estado-de-sp-a-pagar-r-258-mil-por-tortura-em-presidio.png 1536w\" \/><\/a>\t\t\t\n\t\t\t\n\t\t\t\n\t\t\t\n\t\t\n\t\t<\/div>\n\t\n\n\t\t\t<div class=\"content-wrap\">\n\t\n\t\t<div class=\"content\">\n\n\t\t\t<div class=\"post-meta post-meta-a meta-contrast has-below\"><div class=\"post-meta-items meta-above\"><span class=\"meta-item cat-labels\">\n\t\t\t\t\t\t\n\t\t\t\t\t\t<a href=\"https:\/\/tarauacanamidia.com.br\/?cat=59\" class=\"category term-color-59\" rel=\"category\" tabindex=\"-1\">Bairros<\/a>\n\t\t\t\t\t<\/span>\n\t\t\t\t\t<\/div><h2 class=\"is-title post-title\"><a href=\"https:\/\/tarauacanamidia.com.br\/?p=155688\">Justi\u00e7a condena Estado de SP a pagar R$ 258 mil por tortura em pres\u00eddio<\/a><\/h2><div class=\"post-meta-items meta-below\"><span class=\"meta-item post-author\"><span class=\"by\">Fonte:<\/span> <a href=\"https:\/\/tarauacanamidia.com.br\/author\/vinicius-mororo\" title=\"Posts de Vinicius Mororo\" rel=\"author\">Vinicius Mororo<\/a><\/span><span class=\"meta-item date\"><span class=\"date-link\"><time class=\"post-date\" datetime=\"2026-04-25T02:06:00-03:00\">25 de abril de 2026<\/time><\/span><\/span><\/div><\/div>\t\t\t\n\t\t\t\n\t\t\t\n\t\t<\/div>\n\n\t\t\t<\/div>\n\t\n<\/article>\n\t\t\t\n\t\t\t\n<article class=\"l-post grid-overlay overlay-post grid-overlay-a overlay-base-post\">\n\n\t\n\t\t\t<div class=\"media\">\n\n\t\t\n\t\t\t<a href=\"https:\/\/tarauacanamidia.com.br\/?p=155710\" class=\"image-link media-ratio ratio-3-2\" title=\"Consulta p\u00fablica sobre concess\u00e3o do Complexo do Ibirapuera \u00e9 prorrogada em SP\"><img loading=\"lazy\" decoding=\"async\" width=\"408\" height=\"272\" src=\"https:\/\/tarauacanamidia.com.br\/wp-content\/uploads\/2026\/05\/155710-consulta-publica-sobre-concessao-do-complexo-do-ibirapuera-e-prorrogada-em-sp-450x300.png\" class=\"attachment-bunyad-medium size-bunyad-medium wp-post-image\" alt=\"consulta-publica-sobre-concessao-do-complexo-do-ibirapuera-e-prorrogada-em-sp\" sizes=\"(max-width: 408px) 100vw, 408px\" title=\"Consulta p\u00fablica sobre concess\u00e3o do Complexo do Ibirapuera \u00e9 prorrogada em SP\" srcset=\"https:\/\/tarauacanamidia.com.br\/wp-content\/uploads\/2026\/05\/155710-consulta-publica-sobre-concessao-do-complexo-do-ibirapuera-e-prorrogada-em-sp-450x300.png 450w, https:\/\/tarauacanamidia.com.br\/wp-content\/uploads\/2026\/05\/155710-consulta-publica-sobre-concessao-do-complexo-do-ibirapuera-e-prorrogada-em-sp-300x200.png 300w, https:\/\/tarauacanamidia.com.br\/wp-content\/uploads\/2026\/05\/155710-consulta-publica-sobre-concessao-do-complexo-do-ibirapuera-e-prorrogada-em-sp-1024x682.png 1024w, https:\/\/tarauacanamidia.com.br\/wp-content\/uploads\/2026\/05\/155710-consulta-publica-sobre-concessao-do-complexo-do-ibirapuera-e-prorrogada-em-sp-768x511.png 768w, https:\/\/tarauacanamidia.com.br\/wp-content\/uploads\/2026\/05\/155710-consulta-publica-sobre-concessao-do-complexo-do-ibirapuera-e-prorrogada-em-sp-150x100.png 150w, https:\/\/tarauacanamidia.com.br\/wp-content\/uploads\/2026\/05\/155710-consulta-publica-sobre-concessao-do-complexo-do-ibirapuera-e-prorrogada-em-sp-1200x799.png 1200w, https:\/\/tarauacanamidia.com.br\/wp-content\/uploads\/2026\/05\/155710-consulta-publica-sobre-concessao-do-complexo-do-ibirapuera-e-prorrogada-em-sp-219x146.png 219w, https:\/\/tarauacanamidia.com.br\/wp-content\/uploads\/2026\/05\/155710-consulta-publica-sobre-concessao-do-complexo-do-ibirapuera-e-prorrogada-em-sp.png 1537w\" \/><\/a>\t\t\t\n\t\t\t\n\t\t\t\n\t\t\t\n\t\t\n\t\t<\/div>\n\t\n\n\t\t\t<div class=\"content-wrap\">\n\t\n\t\t<div class=\"content\">\n\n\t\t\t<div class=\"post-meta post-meta-a meta-contrast has-below\"><div class=\"post-meta-items meta-above\"><span class=\"meta-item cat-labels\">\n\t\t\t\t\t\t\n\t\t\t\t\t\t<a href=\"https:\/\/tarauacanamidia.com.br\/?cat=59\" class=\"category term-color-59\" rel=\"category\" tabindex=\"-1\">Bairros<\/a>\n\t\t\t\t\t<\/span>\n\t\t\t\t\t<\/div><h2 class=\"is-title post-title\"><a href=\"https:\/\/tarauacanamidia.com.br\/?p=155710\">Consulta p\u00fablica sobre concess\u00e3o do Complexo do Ibirapuera \u00e9 prorrogada em SP<\/a><\/h2><div class=\"post-meta-items meta-below\"><span class=\"meta-item post-author\"><span class=\"by\">Fonte:<\/span> <a href=\"https:\/\/tarauacanamidia.com.br\/author\/vinicius-mororo\" title=\"Posts de Vinicius Mororo\" rel=\"author\">Vinicius Mororo<\/a><\/span><span class=\"meta-item date\"><span class=\"date-link\"><time class=\"post-date\" datetime=\"2026-04-24T09:07:00-03:00\">24 de abril de 2026<\/time><\/span><\/span><\/div><\/div>\t\t\t\n\t\t\t\n\t\t\t\n\t\t<\/div>\n\n\t\t\t<\/div>\n\t\n<\/article>\n\t\t\t\n\t\t\t\n<article class=\"l-post grid-overlay overlay-post grid-overlay-a overlay-base-post\">\n\n\t\n\t\t\t<div class=\"media\">\n\n\t\t\n\t\t\t<a href=\"https:\/\/tarauacanamidia.com.br\/?p=155712\" class=\"image-link media-ratio ratio-3-2\" title=\"Empres\u00e1ria morre ap\u00f3s cirurgias est\u00e9ticas em hospital da zona sul de SP\"><img loading=\"lazy\" decoding=\"async\" width=\"408\" height=\"272\" src=\"https:\/\/tarauacanamidia.com.br\/wp-content\/uploads\/2026\/05\/155712-empresaria-morre-apos-cirurgias-esteticas-em-hospital-da-zona-sul-de-sp-450x300.png\" class=\"attachment-bunyad-medium size-bunyad-medium wp-post-image\" alt=\"empresaria-morre-apos-cirurgias-esteticas-em-hospital-da-zona-sul-de-sp\" sizes=\"(max-width: 408px) 100vw, 408px\" title=\"Empres\u00e1ria morre ap\u00f3s cirurgias est\u00e9ticas em hospital da zona sul de SP\" srcset=\"https:\/\/tarauacanamidia.com.br\/wp-content\/uploads\/2026\/05\/155712-empresaria-morre-apos-cirurgias-esteticas-em-hospital-da-zona-sul-de-sp-450x300.png 450w, https:\/\/tarauacanamidia.com.br\/wp-content\/uploads\/2026\/05\/155712-empresaria-morre-apos-cirurgias-esteticas-em-hospital-da-zona-sul-de-sp-300x200.png 300w, https:\/\/tarauacanamidia.com.br\/wp-content\/uploads\/2026\/05\/155712-empresaria-morre-apos-cirurgias-esteticas-em-hospital-da-zona-sul-de-sp-1024x683.png 1024w, https:\/\/tarauacanamidia.com.br\/wp-content\/uploads\/2026\/05\/155712-empresaria-morre-apos-cirurgias-esteticas-em-hospital-da-zona-sul-de-sp-768x512.png 768w, https:\/\/tarauacanamidia.com.br\/wp-content\/uploads\/2026\/05\/155712-empresaria-morre-apos-cirurgias-esteticas-em-hospital-da-zona-sul-de-sp-150x100.png 150w, https:\/\/tarauacanamidia.com.br\/wp-content\/uploads\/2026\/05\/155712-empresaria-morre-apos-cirurgias-esteticas-em-hospital-da-zona-sul-de-sp-1200x800.png 1200w, https:\/\/tarauacanamidia.com.br\/wp-content\/uploads\/2026\/05\/155712-empresaria-morre-apos-cirurgias-esteticas-em-hospital-da-zona-sul-de-sp-219x146.png 219w, https:\/\/tarauacanamidia.com.br\/wp-content\/uploads\/2026\/05\/155712-empresaria-morre-apos-cirurgias-esteticas-em-hospital-da-zona-sul-de-sp.png 1536w\" \/><\/a>\t\t\t\n\t\t\t\n\t\t\t\n\t\t\t\n\t\t\n\t\t<\/div>\n\t\n\n\t\t\t<div class=\"content-wrap\">\n\t\n\t\t<div class=\"content\">\n\n\t\t\t<div class=\"post-meta post-meta-a meta-contrast has-below\"><div class=\"post-meta-items meta-above\"><span class=\"meta-item cat-labels\">\n\t\t\t\t\t\t\n\t\t\t\t\t\t<a href=\"https:\/\/tarauacanamidia.com.br\/?cat=59\" class=\"category term-color-59\" rel=\"category\" tabindex=\"-1\">Bairros<\/a>\n\t\t\t\t\t<\/span>\n\t\t\t\t\t<\/div><h2 class=\"is-title post-title\"><a href=\"https:\/\/tarauacanamidia.com.br\/?p=155712\">Empres\u00e1ria morre ap\u00f3s cirurgias est\u00e9ticas em hospital da zona sul de SP<\/a><\/h2><div class=\"post-meta-items meta-below\"><span class=\"meta-item post-author\"><span class=\"by\">Fonte:<\/span> <a href=\"https:\/\/tarauacanamidia.com.br\/author\/vinicius-mororo\" title=\"Posts de Vinicius Mororo\" rel=\"author\">Vinicius Mororo<\/a><\/span><span class=\"meta-item date\"><span class=\"date-link\"><time class=\"post-date\" datetime=\"2026-04-24T08:22:00-03:00\">24 de abril de 2026<\/time><\/span><\/span><\/div><\/div>\t\t\t\n\t\t\t\n\t\t\t\n\t\t<\/div>\n\n\t\t\t<\/div>\n\t\n<\/article>\n\t\t\t\n\t\t\t\n<article class=\"l-post grid-overlay overlay-post grid-overlay-a overlay-base-post\">\n\n\t\n\t\t\t<div class=\"media\">\n\n\t\t\n\t\t\t<a href=\"https:\/\/tarauacanamidia.com.br\/?p=155690\" class=\"image-link media-ratio ratio-3-2\" title=\"Prefeitura quer ampliar hor\u00e1rio de polo tur\u00edstico inspirado na Times Square em SP\"><img loading=\"lazy\" decoding=\"async\" width=\"408\" height=\"272\" src=\"https:\/\/tarauacanamidia.com.br\/wp-content\/uploads\/2026\/05\/155690-prefeitura-quer-ampliar-horario-de-polo-turistico-inspirado-na-times-square-em-sp-450x300.png\" class=\"attachment-bunyad-medium size-bunyad-medium wp-post-image\" alt=\"prefeitura-quer-ampliar-horario-de-polo-turistico-inspirado-na-times-square-em-sp\" sizes=\"(max-width: 408px) 100vw, 408px\" title=\"Prefeitura quer ampliar hor\u00e1rio de polo tur\u00edstico inspirado na Times Square em SP\" srcset=\"https:\/\/tarauacanamidia.com.br\/wp-content\/uploads\/2026\/05\/155690-prefeitura-quer-ampliar-horario-de-polo-turistico-inspirado-na-times-square-em-sp-450x300.png 450w, https:\/\/tarauacanamidia.com.br\/wp-content\/uploads\/2026\/05\/155690-prefeitura-quer-ampliar-horario-de-polo-turistico-inspirado-na-times-square-em-sp-300x200.png 300w, https:\/\/tarauacanamidia.com.br\/wp-content\/uploads\/2026\/05\/155690-prefeitura-quer-ampliar-horario-de-polo-turistico-inspirado-na-times-square-em-sp-1024x683.png 1024w, https:\/\/tarauacanamidia.com.br\/wp-content\/uploads\/2026\/05\/155690-prefeitura-quer-ampliar-horario-de-polo-turistico-inspirado-na-times-square-em-sp-768x512.png 768w, https:\/\/tarauacanamidia.com.br\/wp-content\/uploads\/2026\/05\/155690-prefeitura-quer-ampliar-horario-de-polo-turistico-inspirado-na-times-square-em-sp-150x100.png 150w, https:\/\/tarauacanamidia.com.br\/wp-content\/uploads\/2026\/05\/155690-prefeitura-quer-ampliar-horario-de-polo-turistico-inspirado-na-times-square-em-sp-1200x800.png 1200w, https:\/\/tarauacanamidia.com.br\/wp-content\/uploads\/2026\/05\/155690-prefeitura-quer-ampliar-horario-de-polo-turistico-inspirado-na-times-square-em-sp-219x146.png 219w, https:\/\/tarauacanamidia.com.br\/wp-content\/uploads\/2026\/05\/155690-prefeitura-quer-ampliar-horario-de-polo-turistico-inspirado-na-times-square-em-sp.png 1536w\" \/><\/a>\t\t\t\n\t\t\t\n\t\t\t\n\t\t\t\n\t\t\n\t\t<\/div>\n\t\n\n\t\t\t<div class=\"content-wrap\">\n\t\n\t\t<div class=\"content\">\n\n\t\t\t<div class=\"post-meta post-meta-a meta-contrast has-below\"><div class=\"post-meta-items meta-above\"><span class=\"meta-item cat-labels\">\n\t\t\t\t\t\t\n\t\t\t\t\t\t<a href=\"https:\/\/tarauacanamidia.com.br\/?cat=59\" class=\"category term-color-59\" rel=\"category\" tabindex=\"-1\">Bairros<\/a>\n\t\t\t\t\t<\/span>\n\t\t\t\t\t<\/div><h2 class=\"is-title post-title\"><a href=\"https:\/\/tarauacanamidia.com.br\/?p=155690\">Prefeitura quer ampliar hor\u00e1rio de polo tur\u00edstico inspirado na Times Square em SP<\/a><\/h2><div class=\"post-meta-items meta-below\"><span class=\"meta-item post-author\"><span class=\"by\">Fonte:<\/span> <a href=\"https:\/\/tarauacanamidia.com.br\/author\/vinicius-mororo\" title=\"Posts de Vinicius Mororo\" rel=\"author\">Vinicius Mororo<\/a><\/span><span class=\"meta-item date\"><span class=\"date-link\"><time class=\"post-date\" datetime=\"2026-04-24T08:12:00-03:00\">24 de abril de 2026<\/time><\/span><\/span><\/div><\/div>\t\t\t\n\t\t\t\n\t\t\t\n\t\t<\/div>\n\n\t\t\t<\/div>\n\t\n<\/article>\n\t\t\t\n\t\t\t\n<article class=\"l-post grid-overlay overlay-post grid-overlay-a overlay-base-post\">\n\n\t\n\t\t\t<div class=\"media\">\n\n\t\t\n\t\t\t<a href=\"https:\/\/tarauacanamidia.com.br\/?p=155706\" class=\"image-link media-ratio ratio-3-2\" title=\"Pr\u00e9dio na Rua Oscar Freire \u00e9 interditado ap\u00f3s risco estrutural e falhas de seguran\u00e7a em SP\"><img loading=\"lazy\" decoding=\"async\" width=\"408\" height=\"272\" src=\"https:\/\/tarauacanamidia.com.br\/wp-content\/uploads\/2026\/05\/155706-predio-na-rua-oscar-freire-e-interditado-apos-risco-estrutural-e-falhas-de-seguranca-em-sp-450x300.png\" class=\"attachment-bunyad-medium size-bunyad-medium wp-post-image\" alt=\"predio-na-rua-oscar-freire-e-interditado-apos-risco-estrutural-e-falhas-de-seguranca-em-sp\" sizes=\"(max-width: 408px) 100vw, 408px\" title=\"Pr\u00e9dio na Rua Oscar Freire \u00e9 interditado ap\u00f3s risco estrutural e falhas de seguran\u00e7a em SP\" srcset=\"https:\/\/tarauacanamidia.com.br\/wp-content\/uploads\/2026\/05\/155706-predio-na-rua-oscar-freire-e-interditado-apos-risco-estrutural-e-falhas-de-seguranca-em-sp-450x300.png 450w, https:\/\/tarauacanamidia.com.br\/wp-content\/uploads\/2026\/05\/155706-predio-na-rua-oscar-freire-e-interditado-apos-risco-estrutural-e-falhas-de-seguranca-em-sp-300x200.png 300w, https:\/\/tarauacanamidia.com.br\/wp-content\/uploads\/2026\/05\/155706-predio-na-rua-oscar-freire-e-interditado-apos-risco-estrutural-e-falhas-de-seguranca-em-sp-1024x683.png 1024w, https:\/\/tarauacanamidia.com.br\/wp-content\/uploads\/2026\/05\/155706-predio-na-rua-oscar-freire-e-interditado-apos-risco-estrutural-e-falhas-de-seguranca-em-sp-768x512.png 768w, https:\/\/tarauacanamidia.com.br\/wp-content\/uploads\/2026\/05\/155706-predio-na-rua-oscar-freire-e-interditado-apos-risco-estrutural-e-falhas-de-seguranca-em-sp-150x100.png 150w, https:\/\/tarauacanamidia.com.br\/wp-content\/uploads\/2026\/05\/155706-predio-na-rua-oscar-freire-e-interditado-apos-risco-estrutural-e-falhas-de-seguranca-em-sp-1200x800.png 1200w, https:\/\/tarauacanamidia.com.br\/wp-content\/uploads\/2026\/05\/155706-predio-na-rua-oscar-freire-e-interditado-apos-risco-estrutural-e-falhas-de-seguranca-em-sp-219x146.png 219w, https:\/\/tarauacanamidia.com.br\/wp-content\/uploads\/2026\/05\/155706-predio-na-rua-oscar-freire-e-interditado-apos-risco-estrutural-e-falhas-de-seguranca-em-sp.png 1536w\" \/><\/a>\t\t\t\n\t\t\t\n\t\t\t\n\t\t\t\n\t\t\n\t\t<\/div>\n\t\n\n\t\t\t<div class=\"content-wrap\">\n\t\n\t\t<div class=\"content\">\n\n\t\t\t<div class=\"post-meta post-meta-a meta-contrast has-below\"><div class=\"post-meta-items meta-above\"><span class=\"meta-item cat-labels\">\n\t\t\t\t\t\t\n\t\t\t\t\t\t<a href=\"https:\/\/tarauacanamidia.com.br\/?cat=59\" class=\"category term-color-59\" rel=\"category\" tabindex=\"-1\">Bairros<\/a>\n\t\t\t\t\t<\/span>\n\t\t\t\t\t<\/div><h2 class=\"is-title post-title\"><a href=\"https:\/\/tarauacanamidia.com.br\/?p=155706\">Pr\u00e9dio na Rua Oscar Freire \u00e9 interditado ap\u00f3s risco estrutural e falhas de seguran\u00e7a em SP<\/a><\/h2><div class=\"post-meta-items meta-below\"><span class=\"meta-item post-author\"><span class=\"by\">Fonte:<\/span> <a href=\"https:\/\/tarauacanamidia.com.br\/author\/vinicius-mororo\" title=\"Posts de Vinicius Mororo\" rel=\"author\">Vinicius Mororo<\/a><\/span><span class=\"meta-item date\"><span class=\"date-link\"><time class=\"post-date\" datetime=\"2026-04-22T22:41:00-03:00\">22 de abril de 2026<\/time><\/span><\/span><\/div><\/div>\t\t\t\n\t\t\t\n\t\t\t\n\t\t<\/div>\n\n\t\t\t<\/div>\n\t\n<\/article>\n\t\t\t\n\t\t\t\n<article class=\"l-post grid-overlay overlay-post grid-overlay-a overlay-base-post\">\n\n\t\n\t\t\t<div class=\"media\">\n\n\t\t\n\t\t\t<a href=\"https:\/\/tarauacanamidia.com.br\/?p=155446\" class=\"image-link media-ratio ratio-3-2\" title=\"Homem morre ap\u00f3s ser baleado ao tentar impedir assalto na zona sul de SP\"><img loading=\"lazy\" decoding=\"async\" width=\"408\" height=\"272\" src=\"https:\/\/tarauacanamidia.com.br\/wp-content\/uploads\/2026\/04\/155446-homem-morre-apos-ser-baleado-ao-tentar-impedir-assalto-na-zona-sul-de-sp-450x300.png\" class=\"attachment-bunyad-medium size-bunyad-medium wp-post-image\" alt=\"homem-morre-apos-ser-baleado-ao-tentar-impedir-assalto-na-zona-sul-de-sp\" sizes=\"(max-width: 408px) 100vw, 408px\" title=\"Homem morre ap\u00f3s ser baleado ao tentar impedir assalto na zona sul de SP\" srcset=\"https:\/\/tarauacanamidia.com.br\/wp-content\/uploads\/2026\/04\/155446-homem-morre-apos-ser-baleado-ao-tentar-impedir-assalto-na-zona-sul-de-sp-450x300.png 450w, https:\/\/tarauacanamidia.com.br\/wp-content\/uploads\/2026\/04\/155446-homem-morre-apos-ser-baleado-ao-tentar-impedir-assalto-na-zona-sul-de-sp-300x200.png 300w, https:\/\/tarauacanamidia.com.br\/wp-content\/uploads\/2026\/04\/155446-homem-morre-apos-ser-baleado-ao-tentar-impedir-assalto-na-zona-sul-de-sp-1024x683.png 1024w, https:\/\/tarauacanamidia.com.br\/wp-content\/uploads\/2026\/04\/155446-homem-morre-apos-ser-baleado-ao-tentar-impedir-assalto-na-zona-sul-de-sp-768x512.png 768w, https:\/\/tarauacanamidia.com.br\/wp-content\/uploads\/2026\/04\/155446-homem-morre-apos-ser-baleado-ao-tentar-impedir-assalto-na-zona-sul-de-sp-150x100.png 150w, https:\/\/tarauacanamidia.com.br\/wp-content\/uploads\/2026\/04\/155446-homem-morre-apos-ser-baleado-ao-tentar-impedir-assalto-na-zona-sul-de-sp-1200x800.png 1200w, https:\/\/tarauacanamidia.com.br\/wp-content\/uploads\/2026\/04\/155446-homem-morre-apos-ser-baleado-ao-tentar-impedir-assalto-na-zona-sul-de-sp-219x146.png 219w, https:\/\/tarauacanamidia.com.br\/wp-content\/uploads\/2026\/04\/155446-homem-morre-apos-ser-baleado-ao-tentar-impedir-assalto-na-zona-sul-de-sp.png 1536w\" \/><\/a>\t\t\t\n\t\t\t\n\t\t\t\n\t\t\t\n\t\t\n\t\t<\/div>\n\t\n\n\t\t\t<div class=\"content-wrap\">\n\t\n\t\t<div class=\"content\">\n\n\t\t\t<div class=\"post-meta post-meta-a meta-contrast has-below\"><div class=\"post-meta-items meta-above\"><span class=\"meta-item cat-labels\">\n\t\t\t\t\t\t\n\t\t\t\t\t\t<a href=\"https:\/\/tarauacanamidia.com.br\/?cat=59\" class=\"category term-color-59\" rel=\"category\" tabindex=\"-1\">Bairros<\/a>\n\t\t\t\t\t<\/span>\n\t\t\t\t\t<\/div><h2 class=\"is-title post-title\"><a href=\"https:\/\/tarauacanamidia.com.br\/?p=155446\">Homem morre ap\u00f3s ser baleado ao tentar impedir assalto na zona sul de SP<\/a><\/h2><div class=\"post-meta-items meta-below\"><span class=\"meta-item post-author\"><span class=\"by\">Fonte:<\/span> <a href=\"https:\/\/tarauacanamidia.com.br\/author\/vinicius-mororo\" title=\"Posts de Vinicius Mororo\" rel=\"author\">Vinicius Mororo<\/a><\/span><span class=\"meta-item date\"><span class=\"date-link\"><time class=\"post-date\" datetime=\"2026-04-17T22:44:00-03:00\">17 de abril de 2026<\/time><\/span><\/span><\/div><\/div>\t\t\t\n\t\t\t\n\t\t\t\n\t\t<\/div>\n\n\t\t\t<\/div>\n\t\n<\/article>\n\t\t\t\n\t\t\t\n<article class=\"l-post grid-overlay overlay-post grid-overlay-a overlay-base-post\">\n\n\t\n\t\t\t<div class=\"media\">\n\n\t\t\n\t\t\t<a href=\"https:\/\/tarauacanamidia.com.br\/?p=155434\" class=\"image-link media-ratio ratio-3-2\" title=\"Motorista de aplicativo mata passageiro ap\u00f3s discuss\u00e3o dentro de carro em SP\"><img loading=\"lazy\" decoding=\"async\" width=\"408\" height=\"272\" src=\"https:\/\/tarauacanamidia.com.br\/wp-content\/uploads\/2026\/04\/155434-motorista-de-aplicativo-mata-passageiro-apos-discussao-dentro-de-carro-em-sp-450x300.png\" class=\"attachment-bunyad-medium size-bunyad-medium wp-post-image\" alt=\"motorista-de-aplicativo-mata-passageiro-apos-discussao-dentro-de-carro-em-sp\" sizes=\"(max-width: 408px) 100vw, 408px\" title=\"Motorista de aplicativo mata passageiro ap\u00f3s discuss\u00e3o dentro de carro em SP\" srcset=\"https:\/\/tarauacanamidia.com.br\/wp-content\/uploads\/2026\/04\/155434-motorista-de-aplicativo-mata-passageiro-apos-discussao-dentro-de-carro-em-sp-450x300.png 450w, https:\/\/tarauacanamidia.com.br\/wp-content\/uploads\/2026\/04\/155434-motorista-de-aplicativo-mata-passageiro-apos-discussao-dentro-de-carro-em-sp-300x200.png 300w, https:\/\/tarauacanamidia.com.br\/wp-content\/uploads\/2026\/04\/155434-motorista-de-aplicativo-mata-passageiro-apos-discussao-dentro-de-carro-em-sp-1024x683.png 1024w, https:\/\/tarauacanamidia.com.br\/wp-content\/uploads\/2026\/04\/155434-motorista-de-aplicativo-mata-passageiro-apos-discussao-dentro-de-carro-em-sp-768x512.png 768w, https:\/\/tarauacanamidia.com.br\/wp-content\/uploads\/2026\/04\/155434-motorista-de-aplicativo-mata-passageiro-apos-discussao-dentro-de-carro-em-sp-150x100.png 150w, https:\/\/tarauacanamidia.com.br\/wp-content\/uploads\/2026\/04\/155434-motorista-de-aplicativo-mata-passageiro-apos-discussao-dentro-de-carro-em-sp-1200x800.png 1200w, https:\/\/tarauacanamidia.com.br\/wp-content\/uploads\/2026\/04\/155434-motorista-de-aplicativo-mata-passageiro-apos-discussao-dentro-de-carro-em-sp-219x146.png 219w, https:\/\/tarauacanamidia.com.br\/wp-content\/uploads\/2026\/04\/155434-motorista-de-aplicativo-mata-passageiro-apos-discussao-dentro-de-carro-em-sp.png 1536w\" \/><\/a>\t\t\t\n\t\t\t\n\t\t\t\n\t\t\t\n\t\t\n\t\t<\/div>\n\t\n\n\t\t\t<div class=\"content-wrap\">\n\t\n\t\t<div class=\"content\">\n\n\t\t\t<div class=\"post-meta post-meta-a meta-contrast has-below\"><div class=\"post-meta-items meta-above\"><span class=\"meta-item cat-labels\">\n\t\t\t\t\t\t\n\t\t\t\t\t\t<a href=\"https:\/\/tarauacanamidia.com.br\/?cat=59\" class=\"category term-color-59\" rel=\"category\" tabindex=\"-1\">Bairros<\/a>\n\t\t\t\t\t<\/span>\n\t\t\t\t\t<\/div><h2 class=\"is-title post-title\"><a href=\"https:\/\/tarauacanamidia.com.br\/?p=155434\">Motorista de aplicativo mata passageiro ap\u00f3s discuss\u00e3o dentro de carro em SP<\/a><\/h2><div class=\"post-meta-items meta-below\"><span class=\"meta-item post-author\"><span class=\"by\">Fonte:<\/span> <a href=\"https:\/\/tarauacanamidia.com.br\/author\/vinicius-mororo\" title=\"Posts de Vinicius Mororo\" rel=\"author\">Vinicius Mororo<\/a><\/span><span class=\"meta-item date\"><span class=\"date-link\"><time class=\"post-date\" datetime=\"2026-04-13T00:02:00-03:00\">13 de abril de 2026<\/time><\/span><\/span><\/div><\/div>\t\t\t\n\t\t\t\n\t\t\t\n\t\t<\/div>\n\n\t\t\t<\/div>\n\t\n<\/article>\n\t\t\t\n\t\t\t\n<article class=\"l-post grid-overlay overlay-post grid-overlay-a overlay-base-post\">\n\n\t\n\t\t\t<div class=\"media\">\n\n\t\t\n\t\t\t<a href=\"https:\/\/tarauacanamidia.com.br\/?p=155440\" class=\"image-link media-ratio ratio-3-2\" title=\"Grupo ligado a ladr\u00e3o de casas em SP \u00e9 preso em opera\u00e7\u00e3o policial\"><img loading=\"lazy\" decoding=\"async\" width=\"408\" height=\"272\" src=\"https:\/\/tarauacanamidia.com.br\/wp-content\/uploads\/2026\/04\/155440-grupo-ligado-a-ladrao-de-casas-em-sp-e-preso-em-operacao-policial-450x300.png\" class=\"attachment-bunyad-medium size-bunyad-medium wp-post-image\" alt=\"grupo-ligado-a-ladrao-de-casas-em-sp-e-preso-em-operacao-policial\" sizes=\"(max-width: 408px) 100vw, 408px\" title=\"Grupo ligado a ladr\u00e3o de casas em SP \u00e9 preso em opera\u00e7\u00e3o policial\" srcset=\"https:\/\/tarauacanamidia.com.br\/wp-content\/uploads\/2026\/04\/155440-grupo-ligado-a-ladrao-de-casas-em-sp-e-preso-em-operacao-policial-450x300.png 450w, https:\/\/tarauacanamidia.com.br\/wp-content\/uploads\/2026\/04\/155440-grupo-ligado-a-ladrao-de-casas-em-sp-e-preso-em-operacao-policial-300x200.png 300w, https:\/\/tarauacanamidia.com.br\/wp-content\/uploads\/2026\/04\/155440-grupo-ligado-a-ladrao-de-casas-em-sp-e-preso-em-operacao-policial-1024x683.png 1024w, https:\/\/tarauacanamidia.com.br\/wp-content\/uploads\/2026\/04\/155440-grupo-ligado-a-ladrao-de-casas-em-sp-e-preso-em-operacao-policial-768x512.png 768w, https:\/\/tarauacanamidia.com.br\/wp-content\/uploads\/2026\/04\/155440-grupo-ligado-a-ladrao-de-casas-em-sp-e-preso-em-operacao-policial-150x100.png 150w, https:\/\/tarauacanamidia.com.br\/wp-content\/uploads\/2026\/04\/155440-grupo-ligado-a-ladrao-de-casas-em-sp-e-preso-em-operacao-policial-1200x800.png 1200w, https:\/\/tarauacanamidia.com.br\/wp-content\/uploads\/2026\/04\/155440-grupo-ligado-a-ladrao-de-casas-em-sp-e-preso-em-operacao-policial-219x146.png 219w, https:\/\/tarauacanamidia.com.br\/wp-content\/uploads\/2026\/04\/155440-grupo-ligado-a-ladrao-de-casas-em-sp-e-preso-em-operacao-policial.png 1536w\" \/><\/a>\t\t\t\n\t\t\t\n\t\t\t\n\t\t\t\n\t\t\n\t\t<\/div>\n\t\n\n\t\t\t<div class=\"content-wrap\">\n\t\n\t\t<div class=\"content\">\n\n\t\t\t<div class=\"post-meta post-meta-a meta-contrast has-below\"><div class=\"post-meta-items meta-above\"><span class=\"meta-item cat-labels\">\n\t\t\t\t\t\t\n\t\t\t\t\t\t<a href=\"https:\/\/tarauacanamidia.com.br\/?cat=59\" class=\"category term-color-59\" rel=\"category\" tabindex=\"-1\">Bairros<\/a>\n\t\t\t\t\t<\/span>\n\t\t\t\t\t<\/div><h2 class=\"is-title post-title\"><a href=\"https:\/\/tarauacanamidia.com.br\/?p=155440\">Grupo ligado a ladr\u00e3o de casas em SP \u00e9 preso em opera\u00e7\u00e3o policial<\/a><\/h2><div class=\"post-meta-items meta-below\"><span class=\"meta-item post-author\"><span class=\"by\">Fonte:<\/span> <a href=\"https:\/\/tarauacanamidia.com.br\/author\/vinicius-mororo\" title=\"Posts de Vinicius Mororo\" rel=\"author\">Vinicius Mororo<\/a><\/span><span class=\"meta-item date\"><span class=\"date-link\"><time class=\"post-date\" datetime=\"2026-04-12T23:56:00-03:00\">12 de abril de 2026<\/time><\/span><\/span><\/div><\/div>\t\t\t\n\t\t\t\n\t\t\t\n\t\t<\/div>\n\n\t\t\t<\/div>\n\t\n<\/article>\n\t\t\n\t<\/div>\n\n\t\t\n\t\t\t<\/div>\n\n\t\t<\/section>\n\t\t\t\t\t\t<\/div>\n\t\t\t\t<\/div>\n\t\t\t\t<div class=\"elementor-element elementor-element-53ef89c elementor-widget elementor-widget-smartmag-postssmall\" data-id=\"53ef89c\" data-element_type=\"widget\" data-e-type=\"widget\" data-widget_type=\"smartmag-postssmall.default\">\n\t\t\t\t<div class=\"elementor-widget-container\">\n\t\t\t\t\t\t\t<section class=\"block-wrap block-posts-small block-sc mb-none\" data-id=\"8\">\n\n\t\t\t\t\n\t\t\t<div class=\"block-content\">\n\t\t\t\t\n\t<div class=\"loop loop-small loop-small- grid grid-2 md:grid-1 sm:grid-1 xs:grid-1\">\n\n\t\t\t\t\t\n<article class=\"l-post small-post m-pos-left\">\n\n\t\n\t\t\t<div class=\"media\">\n\n\t\t\n\t\t\t<a href=\"https:\/\/tarauacanamidia.com.br\/?p=155629\" class=\"image-link media-ratio ratio-4-3\" title=\"Tup\u00e3 recebe mais de R$ 4 milh\u00f5es em obras de esgoto para ampliar infraestrutura urbana\"><img decoding=\"async\" width=\"153\" height=\"115\" src=\"https:\/\/tarauacanamidia.com.br\/wp-content\/uploads\/2026\/05\/155629-tupa-recebe-mais-de-r-4-milhoes-em-obras-de-esgoto-para-ampliar-infraestrutura-urbana-300x200.png\" class=\"attachment-medium size-medium wp-post-image\" alt=\"tupa-recebe-mais-de-r$-4-milhoes-em-obras-de-esgoto-para-ampliar-infraestrutura-urbana\" sizes=\"(max-width: 153px) 100vw, 153px\" title=\"Tup\u00e3 recebe mais de R$ 4 milh\u00f5es em obras de esgoto para ampliar infraestrutura urbana\" srcset=\"https:\/\/tarauacanamidia.com.br\/wp-content\/uploads\/2026\/05\/155629-tupa-recebe-mais-de-r-4-milhoes-em-obras-de-esgoto-para-ampliar-infraestrutura-urbana-300x200.png 300w, https:\/\/tarauacanamidia.com.br\/wp-content\/uploads\/2026\/05\/155629-tupa-recebe-mais-de-r-4-milhoes-em-obras-de-esgoto-para-ampliar-infraestrutura-urbana-1024x683.png 1024w, https:\/\/tarauacanamidia.com.br\/wp-content\/uploads\/2026\/05\/155629-tupa-recebe-mais-de-r-4-milhoes-em-obras-de-esgoto-para-ampliar-infraestrutura-urbana-768x512.png 768w, https:\/\/tarauacanamidia.com.br\/wp-content\/uploads\/2026\/05\/155629-tupa-recebe-mais-de-r-4-milhoes-em-obras-de-esgoto-para-ampliar-infraestrutura-urbana-450x300.png 450w, https:\/\/tarauacanamidia.com.br\/wp-content\/uploads\/2026\/05\/155629-tupa-recebe-mais-de-r-4-milhoes-em-obras-de-esgoto-para-ampliar-infraestrutura-urbana-1200x800.png 1200w, https:\/\/tarauacanamidia.com.br\/wp-content\/uploads\/2026\/05\/155629-tupa-recebe-mais-de-r-4-milhoes-em-obras-de-esgoto-para-ampliar-infraestrutura-urbana-219x146.png 219w, https:\/\/tarauacanamidia.com.br\/wp-content\/uploads\/2026\/05\/155629-tupa-recebe-mais-de-r-4-milhoes-em-obras-de-esgoto-para-ampliar-infraestrutura-urbana.png 1536w\" \/><\/a>\t\t\t\n\t\t\t\n\t\t\t\n\t\t\t\n\t\t\n\t\t<\/div>\n\t\n\n\t\n\t\t<div class=\"content\">\n\n\t\t\t<div class=\"post-meta post-meta-a post-meta-left has-below\"><h4 class=\"is-title post-title limit-lines l-lines-2\"><a href=\"https:\/\/tarauacanamidia.com.br\/?p=155629\">Tup\u00e3 recebe mais de R$ 4 milh\u00f5es em obras de esgoto para ampliar infraestrutura urbana<\/a><\/h4><div class=\"post-meta-items meta-below\"><span class=\"meta-item date\"><span class=\"date-link\"><time class=\"post-date\" datetime=\"2026-05-01T03:43:19-03:00\">1 de maio de 2026<\/time><\/span><\/span><\/div><\/div>\t\t\t\n\t\t\t\n\t\t\t\n\t\t<\/div>\n\n\t\n<\/article>\t\n\t\t\t\t\t\n<article class=\"l-post small-post m-pos-left\">\n\n\t\n\t\t\t<div class=\"media\">\n\n\t\t\n\t\t\t<a href=\"https:\/\/tarauacanamidia.com.br\/?p=155374\" class=\"image-link media-ratio ratio-4-3\" title=\"Homem \u00e9 baleado durante tentativa de assalto em S\u00e3o Paulo\"><img loading=\"lazy\" decoding=\"async\" width=\"153\" height=\"115\" src=\"https:\/\/tarauacanamidia.com.br\/wp-content\/uploads\/2026\/04\/155374-homem-e-baleado-durante-tentativa-de-assalto-em-sao-paulo.avif\" class=\"attachment-large size-large wp-post-image\" alt=\"homem-e-baleado-durante-tentativa-de-assalto-em-sao-paulo\" sizes=\"(max-width: 153px) 100vw, 153px\" title=\"Homem \u00e9 baleado durante tentativa de assalto em S\u00e3o Paulo\" \/><\/a>\t\t\t\n\t\t\t\n\t\t\t\n\t\t\t\n\t\t\n\t\t<\/div>\n\t\n\n\t\n\t\t<div class=\"content\">\n\n\t\t\t<div class=\"post-meta post-meta-a post-meta-left has-below\"><h4 class=\"is-title post-title limit-lines l-lines-2\"><a href=\"https:\/\/tarauacanamidia.com.br\/?p=155374\">Homem \u00e9 baleado durante tentativa de assalto em S\u00e3o Paulo<\/a><\/h4><div class=\"post-meta-items meta-below\"><span class=\"meta-item date\"><span class=\"date-link\"><time class=\"post-date\" datetime=\"2026-04-22T17:17:44-03:00\">22 de abril de 2026<\/time><\/span><\/span><\/div><\/div>\t\t\t\n\t\t\t\n\t\t\t\n\t\t<\/div>\n\n\t\n<\/article>\t\n\t\t\n\t<\/div>\n\n\t\t\t\t\t<\/div>\n\n\t\t<\/section>\n\t\t\t\t\t\t<\/div>\n\t\t\t\t<\/div>\n\t\t\t\t<div class=\"elementor-element elementor-element-b171db1 elementor-widget elementor-widget-sidebar\" data-id=\"b171db1\" data-element_type=\"widget\" data-e-type=\"widget\" data-widget_type=\"sidebar.default\">\n\t\t\t\t<div class=\"elementor-widget-container\">\n\t\t\t\t\t<li id=\"adni_widgets-4\" class=\"widget \"><div class=\"angwp_148554 _ning_outer ang_zone_148554 _ning_jss_zone has_label _align_center\" style=\"max-width:1200px;width:100%;overflow:hidden;height:inherit;\"><div class=\"_ning_label _center\" style=\"\">Anunciantes<\/div><div id=\"_ning_zone_148554_1490497942\" class=\"_ning_zone_inner\" style=\"width:1200px; height:200px;position:relative;\"><div u=\"slides\" style=\"position:absolute; overflow:hidden; left:0px; top:0px;width:1200px; height:200px;\"><div class=\"slide_1 slide\" idle=\"5000\"><div class=\"angwp_148551 _ning_cont _ning_hidden _align_center\" data-size=\"custom\" data-bid=\"148551\" data-aid=\"148554\" style=\"max-width:1200px; width:100%;height:inherit;\"><div class=\"_ning_inner\" style=\"\"><a href=\"https:\/\/tarauacanamidia.com.br?_dnlink=148551&aid=148554&t=1777612732\" class=\"strack_cli _ning_link\" target=\"_blank\">&nbsp;<\/a><div class=\"_ning_elmt\"><img decoding=\"async\" src=\"https:\/\/tarauacanamidia.com.br\/wp-content\/uploads\/angwp\/items\/148551\/69c322a496e3b_1774396068.png\" \/><\/div><\/div><\/div><div class=\"clear\"><\/div><\/div><div class=\"slide_2 slide\" idle=\"5000\"><div class=\"angwp_148552 _ning_cont _ning_hidden _align_center\" data-size=\"custom\" data-bid=\"148552\" data-aid=\"148554\" style=\"max-width:1200px; width:100%;height:inherit;\"><div class=\"_ning_inner\" style=\"\"><a href=\"https:\/\/tarauacanamidia.com.br?_dnlink=148552&aid=148554&t=1777612732\" class=\"strack_cli _ning_link\" target=\"_blank\">&nbsp;<\/a><div class=\"_ning_elmt\"><img decoding=\"async\" src=\"https:\/\/tarauacanamidia.com.br\/wp-content\/uploads\/angwp\/items\/148552\/69c322a496e3b_1774396068.png\" \/><\/div><\/div><\/div><div class=\"clear\"><\/div><\/div><div class=\"slide_3 slide\" idle=\"5000\"><div class=\"angwp_148553 _ning_cont _ning_hidden _align_center\" data-size=\"custom\" data-bid=\"148553\" data-aid=\"148554\" style=\"max-width:1200px; width:100%;height:inherit;\"><div class=\"_ning_inner\" style=\"\"><a href=\"https:\/\/tarauacanamidia.com.br?_dnlink=148553&aid=148554&t=1777612732\" class=\"strack_cli _ning_link\" target=\"_blank\">&nbsp;<\/a><div class=\"_ning_elmt\"><img decoding=\"async\" src=\"https:\/\/tarauacanamidia.com.br\/wp-content\/uploads\/angwp\/items\/148553\/69c322a496e3b_1774396068.png\" \/><\/div><\/div><\/div><div class=\"clear\"><\/div><\/div><\/div><\/div><\/div><div class=\"clear\"><\/div><\/li>\n\t\t\t\t<\/div>\n\t\t\t\t<\/div>\n\t\t\t\t<div class=\"elementor-element elementor-element-9b9f8d7 elementor-widget elementor-widget-smartmag-postssmall\" data-id=\"9b9f8d7\" data-element_type=\"widget\" data-e-type=\"widget\" data-widget_type=\"smartmag-postssmall.default\">\n\t\t\t\t<div class=\"elementor-widget-container\">\n\t\t\t\t\t\t\t<section class=\"block-wrap block-posts-small block-sc mb-none\" data-id=\"9\">\n\n\t\t\t\t\t\t\t\t\n\t\t\t\t\t\t\t\n\t\t\t\t<div class=\"block-head block-head-ac block-head-c is-left\">\n\n\t\t\t\t\t<h4 class=\"heading\">DEU POL\u00cdCIA!<\/h4>\t\t\t\t\t\n\t\t\t\t\t\t\t\t\t<\/div>\n\t\t\t\t\n\t\t\t\n\t\t\t\n\t\t\t<div class=\"block-content\">\n\t\t\t\t\n\t<div class=\"loop loop-small loop-small- grid grid-2 md:grid-1 sm:grid-1 xs:grid-1\">\n\n\t\t\t\t\t\n<article class=\"l-post small-post m-pos-left\">\n\n\t\n\t\t\t<div class=\"media\">\n\n\t\t\n\t\t\t<a href=\"https:\/\/tarauacanamidia.com.br\/?p=155637\" class=\"image-link media-ratio ratio-4-3\" title=\"STF determina que SP indenize fot\u00f3grafo que perdeu a vis\u00e3o ap\u00f3s a\u00e7\u00e3o da PM\"><img loading=\"lazy\" decoding=\"async\" width=\"153\" height=\"115\" src=\"https:\/\/tarauacanamidia.com.br\/wp-content\/uploads\/2026\/05\/155637-stf-determina-que-sp-indenize-fotografo-que-perdeu-a-visao-apos-acao-da-pm-300x200.png\" class=\"attachment-medium size-medium wp-post-image\" alt=\"stf-determina-que-sp-indenize-fotografo-que-perdeu-a-visao-apos-acao-da-pm\" sizes=\"(max-width: 153px) 100vw, 153px\" title=\"STF determina que SP indenize fot\u00f3grafo que perdeu a vis\u00e3o ap\u00f3s a\u00e7\u00e3o da PM\" srcset=\"https:\/\/tarauacanamidia.com.br\/wp-content\/uploads\/2026\/05\/155637-stf-determina-que-sp-indenize-fotografo-que-perdeu-a-visao-apos-acao-da-pm-300x200.png 300w, https:\/\/tarauacanamidia.com.br\/wp-content\/uploads\/2026\/05\/155637-stf-determina-que-sp-indenize-fotografo-que-perdeu-a-visao-apos-acao-da-pm-1024x683.png 1024w, https:\/\/tarauacanamidia.com.br\/wp-content\/uploads\/2026\/05\/155637-stf-determina-que-sp-indenize-fotografo-que-perdeu-a-visao-apos-acao-da-pm-768x512.png 768w, https:\/\/tarauacanamidia.com.br\/wp-content\/uploads\/2026\/05\/155637-stf-determina-que-sp-indenize-fotografo-que-perdeu-a-visao-apos-acao-da-pm-450x300.png 450w, https:\/\/tarauacanamidia.com.br\/wp-content\/uploads\/2026\/05\/155637-stf-determina-que-sp-indenize-fotografo-que-perdeu-a-visao-apos-acao-da-pm-1200x800.png 1200w, https:\/\/tarauacanamidia.com.br\/wp-content\/uploads\/2026\/05\/155637-stf-determina-que-sp-indenize-fotografo-que-perdeu-a-visao-apos-acao-da-pm-219x146.png 219w, https:\/\/tarauacanamidia.com.br\/wp-content\/uploads\/2026\/05\/155637-stf-determina-que-sp-indenize-fotografo-que-perdeu-a-visao-apos-acao-da-pm.png 1536w\" \/><\/a>\t\t\t\n\t\t\t\n\t\t\t\n\t\t\t\n\t\t\n\t\t<\/div>\n\t\n\n\t\n\t\t<div class=\"content\">\n\n\t\t\t<div class=\"post-meta post-meta-a post-meta-left has-below\"><h4 class=\"is-title post-title limit-lines l-lines-2\"><a href=\"https:\/\/tarauacanamidia.com.br\/?p=155637\">STF determina que SP indenize fot\u00f3grafo que perdeu a vis\u00e3o ap\u00f3s a\u00e7\u00e3o da PM<\/a><\/h4><div class=\"post-meta-items meta-below\"><span class=\"meta-item date\"><span class=\"date-link\"><time class=\"post-date\" datetime=\"2026-05-01T03:43:40-03:00\">1 de maio de 2026<\/time><\/span><\/span><\/div><\/div>\t\t\t\n\t\t\t\n\t\t\t\n\t\t<\/div>\n\n\t\n<\/article>\t\n\t\t\t\t\t\n<article class=\"l-post small-post m-pos-left\">\n\n\t\n\t\t\t<div class=\"media\">\n\n\t\t\n\t\t\t<a href=\"https:\/\/tarauacanamidia.com.br\/?p=155639\" class=\"image-link media-ratio ratio-4-3\" title=\"Mulher assume comando da Pol\u00edcia Militar de SP pela primeira vez em quase 200 anos\"><img loading=\"lazy\" decoding=\"async\" width=\"153\" height=\"115\" src=\"https:\/\/tarauacanamidia.com.br\/wp-content\/uploads\/2026\/05\/155639-mulher-assume-comando-da-policia-militar-de-sp-pela-primeira-vez-em-quase-200-anos-300x200.png\" class=\"attachment-medium size-medium wp-post-image\" alt=\"mulher-assume-comando-da-policia-militar-de-sp-pela-primeira-vez-em-quase-200-anos\" sizes=\"(max-width: 153px) 100vw, 153px\" title=\"Mulher assume comando da Pol\u00edcia Militar de SP pela primeira vez em quase 200 anos\" srcset=\"https:\/\/tarauacanamidia.com.br\/wp-content\/uploads\/2026\/05\/155639-mulher-assume-comando-da-policia-militar-de-sp-pela-primeira-vez-em-quase-200-anos-300x200.png 300w, https:\/\/tarauacanamidia.com.br\/wp-content\/uploads\/2026\/05\/155639-mulher-assume-comando-da-policia-militar-de-sp-pela-primeira-vez-em-quase-200-anos-1024x683.png 1024w, https:\/\/tarauacanamidia.com.br\/wp-content\/uploads\/2026\/05\/155639-mulher-assume-comando-da-policia-militar-de-sp-pela-primeira-vez-em-quase-200-anos-768x512.png 768w, https:\/\/tarauacanamidia.com.br\/wp-content\/uploads\/2026\/05\/155639-mulher-assume-comando-da-policia-militar-de-sp-pela-primeira-vez-em-quase-200-anos-1536x1024.png 1536w, https:\/\/tarauacanamidia.com.br\/wp-content\/uploads\/2026\/05\/155639-mulher-assume-comando-da-policia-militar-de-sp-pela-primeira-vez-em-quase-200-anos-450x300.png 450w, https:\/\/tarauacanamidia.com.br\/wp-content\/uploads\/2026\/05\/155639-mulher-assume-comando-da-policia-militar-de-sp-pela-primeira-vez-em-quase-200-anos-1200x800.png 1200w, https:\/\/tarauacanamidia.com.br\/wp-content\/uploads\/2026\/05\/155639-mulher-assume-comando-da-policia-militar-de-sp-pela-primeira-vez-em-quase-200-anos-219x146.png 219w, https:\/\/tarauacanamidia.com.br\/wp-content\/uploads\/2026\/05\/155639-mulher-assume-comando-da-policia-militar-de-sp-pela-primeira-vez-em-quase-200-anos.png 1920w\" \/><\/a>\t\t\t\n\t\t\t\n\t\t\t\n\t\t\t\n\t\t\n\t\t<\/div>\n\t\n\n\t\n\t\t<div class=\"content\">\n\n\t\t\t<div class=\"post-meta post-meta-a post-meta-left has-below\"><h4 class=\"is-title post-title limit-lines l-lines-2\"><a href=\"https:\/\/tarauacanamidia.com.br\/?p=155639\">Mulher assume comando da Pol\u00edcia Militar de SP pela primeira vez em quase 200 anos<\/a><\/h4><div class=\"post-meta-items meta-below\"><span class=\"meta-item date\"><span class=\"date-link\"><time class=\"post-date\" datetime=\"2026-05-01T03:43:39-03:00\">1 de maio de 2026<\/time><\/span><\/span><\/div><\/div>\t\t\t\n\t\t\t\n\t\t\t\n\t\t<\/div>\n\n\t\n<\/article>\t\n\t\t\t\t\t\n<article class=\"l-post small-post m-pos-left\">\n\n\t\n\t\t\t<div class=\"media\">\n\n\t\t\n\t\t\t<a href=\"https:\/\/tarauacanamidia.com.br\/?p=155641\" class=\"image-link media-ratio ratio-4-3\" title=\"Pol\u00edcia Federal lan\u00e7a opera\u00e7\u00e3o nacional com 500 agentes contra abuso sexual em todos os estados do pa\u00eds\"><img loading=\"lazy\" decoding=\"async\" width=\"153\" height=\"115\" src=\"https:\/\/tarauacanamidia.com.br\/wp-content\/uploads\/2026\/05\/155641-policia-federal-lanca-operacao-nacional-com-500-agentes-contra-abuso-sexual-em-todos-69f44ba8649fc-300x200.png\" class=\"attachment-medium size-medium wp-post-image\" alt=\"policia-federal-lanca-operacao-nacional-com-500-agentes-contra-abuso-sexual-em-todos-os-estados-do-pais\" sizes=\"(max-width: 153px) 100vw, 153px\" title=\"Pol\u00edcia Federal lan\u00e7a opera\u00e7\u00e3o nacional com 500 agentes contra abuso sexual em todos os estados do pa\u00eds\" srcset=\"https:\/\/tarauacanamidia.com.br\/wp-content\/uploads\/2026\/05\/155641-policia-federal-lanca-operacao-nacional-com-500-agentes-contra-abuso-sexual-em-todos-69f44ba8649fc-300x200.png 300w, https:\/\/tarauacanamidia.com.br\/wp-content\/uploads\/2026\/05\/155641-policia-federal-lanca-operacao-nacional-com-500-agentes-contra-abuso-sexual-em-todos-69f44ba8649fc-1024x683.png 1024w, https:\/\/tarauacanamidia.com.br\/wp-content\/uploads\/2026\/05\/155641-policia-federal-lanca-operacao-nacional-com-500-agentes-contra-abuso-sexual-em-todos-69f44ba8649fc-768x512.png 768w, https:\/\/tarauacanamidia.com.br\/wp-content\/uploads\/2026\/05\/155641-policia-federal-lanca-operacao-nacional-com-500-agentes-contra-abuso-sexual-em-todos-69f44ba8649fc-450x300.png 450w, https:\/\/tarauacanamidia.com.br\/wp-content\/uploads\/2026\/05\/155641-policia-federal-lanca-operacao-nacional-com-500-agentes-contra-abuso-sexual-em-todos-69f44ba8649fc-1200x800.png 1200w, https:\/\/tarauacanamidia.com.br\/wp-content\/uploads\/2026\/05\/155641-policia-federal-lanca-operacao-nacional-com-500-agentes-contra-abuso-sexual-em-todos-69f44ba8649fc-219x146.png 219w, https:\/\/tarauacanamidia.com.br\/wp-content\/uploads\/2026\/05\/155641-policia-federal-lanca-operacao-nacional-com-500-agentes-contra-abuso-sexual-em-todos-69f44ba8649fc.png 1536w\" \/><\/a>\t\t\t\n\t\t\t\n\t\t\t\n\t\t\t\n\t\t\n\t\t<\/div>\n\t\n\n\t\n\t\t<div class=\"content\">\n\n\t\t\t<div class=\"post-meta post-meta-a post-meta-left has-below\"><h4 class=\"is-title post-title limit-lines l-lines-2\"><a href=\"https:\/\/tarauacanamidia.com.br\/?p=155641\">Pol\u00edcia Federal lan\u00e7a opera\u00e7\u00e3o nacional com 500 agentes contra abuso sexual em todos os estados do pa\u00eds<\/a><\/h4><div class=\"post-meta-items meta-below\"><span class=\"meta-item date\"><span class=\"date-link\"><time class=\"post-date\" datetime=\"2026-05-01T03:43:38-03:00\">1 de maio de 2026<\/time><\/span><\/span><\/div><\/div>\t\t\t\n\t\t\t\n\t\t\t\n\t\t<\/div>\n\n\t\n<\/article>\t\n\t\t\t\t\t\n<article class=\"l-post small-post m-pos-left\">\n\n\t\n\t\t\t<div class=\"media\">\n\n\t\t\n\t\t\t<a href=\"https:\/\/tarauacanamidia.com.br\/?p=155380\" class=\"image-link media-ratio ratio-4-3\" title=\"Homem \u00e9 preso suspeito de se passar por motorista de aplicativo em SP\"><img loading=\"lazy\" decoding=\"async\" width=\"153\" height=\"115\" src=\"https:\/\/tarauacanamidia.com.br\/wp-content\/uploads\/2026\/04\/155380-homem-e-preso-suspeito-de-se-passar-por-motorista-de-aplicativo-em-sp.avif\" class=\"attachment-large size-large wp-post-image\" alt=\"homem-e-preso-suspeito-de-se-passar-por-motorista-de-aplicativo-em-sp\" sizes=\"(max-width: 153px) 100vw, 153px\" title=\"Homem \u00e9 preso suspeito de se passar por motorista de aplicativo em SP\" \/><\/a>\t\t\t\n\t\t\t\n\t\t\t\n\t\t\t\n\t\t\n\t\t<\/div>\n\t\n\n\t\n\t\t<div class=\"content\">\n\n\t\t\t<div class=\"post-meta post-meta-a post-meta-left has-below\"><h4 class=\"is-title post-title limit-lines l-lines-2\"><a href=\"https:\/\/tarauacanamidia.com.br\/?p=155380\">Homem \u00e9 preso suspeito de se passar por motorista de aplicativo em SP<\/a><\/h4><div class=\"post-meta-items meta-below\"><span class=\"meta-item date\"><span class=\"date-link\"><time class=\"post-date\" datetime=\"2026-04-22T17:17:49-03:00\">22 de abril de 2026<\/time><\/span><\/span><\/div><\/div>\t\t\t\n\t\t\t\n\t\t\t\n\t\t<\/div>\n\n\t\n<\/article>\t\n\t\t\t\t\t\n<article class=\"l-post small-post m-pos-left\">\n\n\t\n\t\t\t<div class=\"media\">\n\n\t\t\n\t\t\t<a href=\"https:\/\/tarauacanamidia.com.br\/?p=155384\" class=\"image-link media-ratio ratio-4-3\" title=\"Homem \u00e9 preso ap\u00f3s ser encontrado em telhado em S\u00e3o Paulo\"><img loading=\"lazy\" decoding=\"async\" width=\"153\" height=\"115\" src=\"https:\/\/tarauacanamidia.com.br\/wp-content\/uploads\/2026\/04\/155384-homem-e-preso-apos-ser-encontrado-em-telhado-em-sao-paulo.avif\" class=\"attachment-large size-large wp-post-image\" alt=\"homem-e-preso-apos-ser-encontrado-em-telhado-em-sao-paulo\" sizes=\"(max-width: 153px) 100vw, 153px\" title=\"Homem \u00e9 preso ap\u00f3s ser encontrado em telhado em S\u00e3o Paulo\" \/><\/a>\t\t\t\n\t\t\t\n\t\t\t\n\t\t\t\n\t\t\n\t\t<\/div>\n\t\n\n\t\n\t\t<div class=\"content\">\n\n\t\t\t<div class=\"post-meta post-meta-a post-meta-left has-below\"><h4 class=\"is-title post-title limit-lines l-lines-2\"><a href=\"https:\/\/tarauacanamidia.com.br\/?p=155384\">Homem \u00e9 preso ap\u00f3s ser encontrado em telhado em S\u00e3o Paulo<\/a><\/h4><div class=\"post-meta-items meta-below\"><span class=\"meta-item date\"><span class=\"date-link\"><time class=\"post-date\" datetime=\"2026-04-22T17:17:48-03:00\">22 de abril de 2026<\/time><\/span><\/span><\/div><\/div>\t\t\t\n\t\t\t\n\t\t\t\n\t\t<\/div>\n\n\t\n<\/article>\t\n\t\t\t\t\t\n<article class=\"l-post small-post m-pos-left\">\n\n\t\n\t\t\t<div class=\"media\">\n\n\t\t\n\t\t\t<a href=\"https:\/\/tarauacanamidia.com.br\/?p=155388\" class=\"image-link media-ratio ratio-4-3\" title=\"Quadrilha \u00e9 presa suspeita de aplicar golpe do falso pr\u00eamio em SP\"><img loading=\"lazy\" decoding=\"async\" width=\"153\" height=\"115\" src=\"https:\/\/tarauacanamidia.com.br\/wp-content\/uploads\/2026\/04\/155388-quadrilha-e-presa-suspeita-de-aplicar-golpe-do-falso-premio-em-sp.avif\" class=\"attachment-large size-large wp-post-image\" alt=\"quadrilha-e-presa-suspeita-de-aplicar-golpe-do-falso-premio-em-sp\" sizes=\"(max-width: 153px) 100vw, 153px\" title=\"Quadrilha \u00e9 presa suspeita de aplicar golpe do falso pr\u00eamio em SP\" \/><\/a>\t\t\t\n\t\t\t\n\t\t\t\n\t\t\t\n\t\t\n\t\t<\/div>\n\t\n\n\t\n\t\t<div class=\"content\">\n\n\t\t\t<div class=\"post-meta post-meta-a post-meta-left has-below\"><h4 class=\"is-title post-title limit-lines l-lines-2\"><a href=\"https:\/\/tarauacanamidia.com.br\/?p=155388\">Quadrilha \u00e9 presa suspeita de aplicar golpe do falso pr\u00eamio em SP<\/a><\/h4><div class=\"post-meta-items meta-below\"><span class=\"meta-item date\"><span class=\"date-link\"><time class=\"post-date\" datetime=\"2026-04-22T17:17:47-03:00\">22 de abril de 2026<\/time><\/span><\/span><\/div><\/div>\t\t\t\n\t\t\t\n\t\t\t\n\t\t<\/div>\n\n\t\n<\/article>\t\n\t\t\n\t<\/div>\n\n\t\t\t\t\t<\/div>\n\n\t\t<\/section>\n\t\t\t\t\t\t<\/div>\n\t\t\t\t<\/div>\n\t\t\t\t\t<\/div>\n\t\t<\/div>\n\t\t\t\t<div class=\"elementor-column elementor-col-33 elementor-top-column elementor-element elementor-element-68269d1 ts-sticky-native main-sidebar\" data-id=\"68269d1\" data-element_type=\"column\" data-e-type=\"column\">\n\t\t\t<div class=\"elementor-widget-wrap elementor-element-populated\">\n\t\t\t\t\t\t<div class=\"elementor-element elementor-element-f6603fc elementor-widget elementor-widget-smartmag-postssmall\" data-id=\"f6603fc\" data-element_type=\"widget\" data-e-type=\"widget\" data-widget_type=\"smartmag-postssmall.default\">\n\t\t\t\t<div class=\"elementor-widget-container\">\n\t\t\t\t\t\t\t<section class=\"block-wrap block-posts-small block-sc mb-none\" data-id=\"10\">\n\n\t\t\t\t\t\t\t\t\n\t\t\t\t\t\t\t\n\t\t\t\t<div class=\"block-head block-head-ac block-head-d is-center\">\n\n\t\t\t\t\t<h4 class=\"heading\">AS MAIS  RECENTES DO DIA<\/h4>\t\t\t\t\t\n\t\t\t\t\t\t\t\t\t<\/div>\n\t\t\t\t\n\t\t\t\n\t\t\t\n\t\t\t<div class=\"block-content\">\n\t\t\t\t\n\t<div class=\"loop loop-small loop-small- grid grid-1 md:grid-1 sm:grid-1 xs:grid-1\">\n\n\t\t\t\t\t\n<article class=\"l-post small-post m-pos-right\">\n\n\t\n\t\t\t<div class=\"media\">\n\n\t\t\n\t\t\t<a href=\"https:\/\/tarauacanamidia.com.br\/?p=155667\" class=\"image-link media-ratio ratio-4-3\" title=\"Cart\u00f3rios eleitorais de SP abrem no feriado e fim de semana para regulariza\u00e7\u00e3o do t\u00edtulo\"><img loading=\"lazy\" decoding=\"async\" width=\"153\" height=\"115\" src=\"https:\/\/tarauacanamidia.com.br\/wp-content\/uploads\/2026\/05\/155667-cartorios-eleitorais-de-sp-abrem-no-feriado-e-fim-de-semana-para-regularizacao-do-titulo-300x200.png\" class=\"attachment-medium size-medium wp-post-image\" alt=\"cartorios-eleitorais-de-sp-abrem-no-feriado-e-fim-de-semana-para-regularizacao-do-titulo\" sizes=\"(max-width: 153px) 100vw, 153px\" title=\"Cart\u00f3rios eleitorais de SP abrem no feriado e fim de semana para regulariza\u00e7\u00e3o do t\u00edtulo\" srcset=\"https:\/\/tarauacanamidia.com.br\/wp-content\/uploads\/2026\/05\/155667-cartorios-eleitorais-de-sp-abrem-no-feriado-e-fim-de-semana-para-regularizacao-do-titulo-300x200.png 300w, https:\/\/tarauacanamidia.com.br\/wp-content\/uploads\/2026\/05\/155667-cartorios-eleitorais-de-sp-abrem-no-feriado-e-fim-de-semana-para-regularizacao-do-titulo-1024x683.png 1024w, https:\/\/tarauacanamidia.com.br\/wp-content\/uploads\/2026\/05\/155667-cartorios-eleitorais-de-sp-abrem-no-feriado-e-fim-de-semana-para-regularizacao-do-titulo-768x512.png 768w, https:\/\/tarauacanamidia.com.br\/wp-content\/uploads\/2026\/05\/155667-cartorios-eleitorais-de-sp-abrem-no-feriado-e-fim-de-semana-para-regularizacao-do-titulo-450x300.png 450w, https:\/\/tarauacanamidia.com.br\/wp-content\/uploads\/2026\/05\/155667-cartorios-eleitorais-de-sp-abrem-no-feriado-e-fim-de-semana-para-regularizacao-do-titulo-1200x800.png 1200w, https:\/\/tarauacanamidia.com.br\/wp-content\/uploads\/2026\/05\/155667-cartorios-eleitorais-de-sp-abrem-no-feriado-e-fim-de-semana-para-regularizacao-do-titulo-219x146.png 219w, https:\/\/tarauacanamidia.com.br\/wp-content\/uploads\/2026\/05\/155667-cartorios-eleitorais-de-sp-abrem-no-feriado-e-fim-de-semana-para-regularizacao-do-titulo.png 1536w\" \/><\/a>\t\t\t\n\t\t\t\n\t\t\t\n\t\t\t\n\t\t\n\t\t<\/div>\n\t\n\n\t\n\t\t<div class=\"content\">\n\n\t\t\t<div class=\"post-meta post-meta-a post-meta-left has-below\"><h4 class=\"is-title post-title limit-lines l-lines-2\"><a href=\"https:\/\/tarauacanamidia.com.br\/?p=155667\">Cart\u00f3rios eleitorais de SP abrem no feriado e fim de semana para regulariza\u00e7\u00e3o do t\u00edtulo<\/a><\/h4><div class=\"post-meta-items meta-below\"><span class=\"meta-item date\"><span class=\"date-link\"><time class=\"post-date\" datetime=\"2026-05-01T03:44:31-03:00\">1 de maio de 2026<\/time><\/span><\/span><\/div><\/div>\t\t\t\n\t\t\t\n\t\t\t\n\t\t<\/div>\n\n\t\n<\/article>\t\n\t\t\t\t\t\n<article class=\"l-post small-post m-pos-right\">\n\n\t\n\t\t\t<div class=\"media\">\n\n\t\t\n\t\t\t<a href=\"https:\/\/tarauacanamidia.com.br\/?p=155669\" class=\"image-link media-ratio ratio-4-3\" title=\"Mercado financeiro mant\u00e9m press\u00e3o sobre juros e projeta Selic a 13% diante de infla\u00e7\u00e3o resistente\"><img loading=\"lazy\" decoding=\"async\" width=\"153\" height=\"115\" src=\"https:\/\/tarauacanamidia.com.br\/wp-content\/uploads\/2026\/05\/155669-mercado-financeiro-mantem-pressao-sobre-juros-e-projeta-selic-a-13-diante-de-inflacao-resistente-300x200.jpg\" class=\"attachment-medium size-medium wp-post-image\" alt=\"mercado-financeiro-mantem-pressao-sobre-juros-e-projeta-selic-a-13%-diante-de-inflacao-resistente\" sizes=\"(max-width: 153px) 100vw, 153px\" title=\"Mercado financeiro mant\u00e9m press\u00e3o sobre juros e projeta Selic a 13% diante de infla\u00e7\u00e3o resistente\" srcset=\"https:\/\/tarauacanamidia.com.br\/wp-content\/uploads\/2026\/05\/155669-mercado-financeiro-mantem-pressao-sobre-juros-e-projeta-selic-a-13-diante-de-inflacao-resistente-300x200.jpg 300w, https:\/\/tarauacanamidia.com.br\/wp-content\/uploads\/2026\/05\/155669-mercado-financeiro-mantem-pressao-sobre-juros-e-projeta-selic-a-13-diante-de-inflacao-resistente-1024x682.jpg 1024w, https:\/\/tarauacanamidia.com.br\/wp-content\/uploads\/2026\/05\/155669-mercado-financeiro-mantem-pressao-sobre-juros-e-projeta-selic-a-13-diante-de-inflacao-resistente-768x512.jpg 768w, https:\/\/tarauacanamidia.com.br\/wp-content\/uploads\/2026\/05\/155669-mercado-financeiro-mantem-pressao-sobre-juros-e-projeta-selic-a-13-diante-de-inflacao-resistente-1536x1024.jpg 1536w, https:\/\/tarauacanamidia.com.br\/wp-content\/uploads\/2026\/05\/155669-mercado-financeiro-mantem-pressao-sobre-juros-e-projeta-selic-a-13-diante-de-inflacao-resistente-2048x1365.jpg 2048w, https:\/\/tarauacanamidia.com.br\/wp-content\/uploads\/2026\/05\/155669-mercado-financeiro-mantem-pressao-sobre-juros-e-projeta-selic-a-13-diante-de-inflacao-resistente-450x300.jpg 450w, https:\/\/tarauacanamidia.com.br\/wp-content\/uploads\/2026\/05\/155669-mercado-financeiro-mantem-pressao-sobre-juros-e-projeta-selic-a-13-diante-de-inflacao-resistente-1200x800.jpg 1200w, https:\/\/tarauacanamidia.com.br\/wp-content\/uploads\/2026\/05\/155669-mercado-financeiro-mantem-pressao-sobre-juros-e-projeta-selic-a-13-diante-de-inflacao-resistente-219x146.jpg 219w\" \/><\/a>\t\t\t\n\t\t\t\n\t\t\t\n\t\t\t\n\t\t\n\t\t<\/div>\n\t\n\n\t\n\t\t<div class=\"content\">\n\n\t\t\t<div class=\"post-meta post-meta-a post-meta-left has-below\"><h4 class=\"is-title post-title limit-lines l-lines-2\"><a href=\"https:\/\/tarauacanamidia.com.br\/?p=155669\">Mercado financeiro mant\u00e9m press\u00e3o sobre juros e projeta Selic a 13% diante de infla\u00e7\u00e3o resistente<\/a><\/h4><div class=\"post-meta-items meta-below\"><span class=\"meta-item date\"><span class=\"date-link\"><time class=\"post-date\" datetime=\"2026-05-01T03:44:30-03:00\">1 de maio de 2026<\/time><\/span><\/span><\/div><\/div>\t\t\t\n\t\t\t\n\t\t\t\n\t\t<\/div>\n\n\t\n<\/article>\t\n\t\t\t\t\t\n<article class=\"l-post small-post m-pos-right\">\n\n\t\n\t\t\t<div class=\"media\">\n\n\t\t\n\t\t\t<a href=\"https:\/\/tarauacanamidia.com.br\/?p=155671\" class=\"image-link media-ratio ratio-4-3\" title=\"Pesquisadores de SP desenvolvem dispositivo que integra computa\u00e7\u00e3o ao c\u00e9rebro humano\"><img loading=\"lazy\" decoding=\"async\" width=\"153\" height=\"115\" src=\"https:\/\/tarauacanamidia.com.br\/wp-content\/uploads\/2026\/05\/155671-pesquisadores-de-sp-desenvolvem-dispositivo-que-integra-computacao-ao-cerebro-humano-300x200.png\" class=\"attachment-medium size-medium wp-post-image\" alt=\"pesquisadores-de-sp-desenvolvem-dispositivo-que-integra-computacao-ao-cerebro-humano\" sizes=\"(max-width: 153px) 100vw, 153px\" title=\"Pesquisadores de SP desenvolvem dispositivo que integra computa\u00e7\u00e3o ao c\u00e9rebro humano\" srcset=\"https:\/\/tarauacanamidia.com.br\/wp-content\/uploads\/2026\/05\/155671-pesquisadores-de-sp-desenvolvem-dispositivo-que-integra-computacao-ao-cerebro-humano-300x200.png 300w, https:\/\/tarauacanamidia.com.br\/wp-content\/uploads\/2026\/05\/155671-pesquisadores-de-sp-desenvolvem-dispositivo-que-integra-computacao-ao-cerebro-humano-1024x683.png 1024w, https:\/\/tarauacanamidia.com.br\/wp-content\/uploads\/2026\/05\/155671-pesquisadores-de-sp-desenvolvem-dispositivo-que-integra-computacao-ao-cerebro-humano-768x512.png 768w, https:\/\/tarauacanamidia.com.br\/wp-content\/uploads\/2026\/05\/155671-pesquisadores-de-sp-desenvolvem-dispositivo-que-integra-computacao-ao-cerebro-humano-450x300.png 450w, https:\/\/tarauacanamidia.com.br\/wp-content\/uploads\/2026\/05\/155671-pesquisadores-de-sp-desenvolvem-dispositivo-que-integra-computacao-ao-cerebro-humano-1200x800.png 1200w, https:\/\/tarauacanamidia.com.br\/wp-content\/uploads\/2026\/05\/155671-pesquisadores-de-sp-desenvolvem-dispositivo-que-integra-computacao-ao-cerebro-humano-219x146.png 219w, https:\/\/tarauacanamidia.com.br\/wp-content\/uploads\/2026\/05\/155671-pesquisadores-de-sp-desenvolvem-dispositivo-que-integra-computacao-ao-cerebro-humano.png 1536w\" \/><\/a>\t\t\t\n\t\t\t\n\t\t\t\n\t\t\t\n\t\t\n\t\t<\/div>\n\t\n\n\t\n\t\t<div class=\"content\">\n\n\t\t\t<div class=\"post-meta post-meta-a post-meta-left has-below\"><h4 class=\"is-title post-title limit-lines l-lines-2\"><a href=\"https:\/\/tarauacanamidia.com.br\/?p=155671\">Pesquisadores de SP desenvolvem dispositivo que integra computa\u00e7\u00e3o ao c\u00e9rebro humano<\/a><\/h4><div class=\"post-meta-items meta-below\"><span class=\"meta-item date\"><span class=\"date-link\"><time class=\"post-date\" datetime=\"2026-05-01T03:44:29-03:00\">1 de maio de 2026<\/time><\/span><\/span><\/div><\/div>\t\t\t\n\t\t\t\n\t\t\t\n\t\t<\/div>\n\n\t\n<\/article>\t\n\t\t\t\t\t\n<article class=\"l-post small-post m-pos-right\">\n\n\t\n\t\t\t<div class=\"media\">\n\n\t\t\n\t\t\t<a href=\"https:\/\/tarauacanamidia.com.br\/?p=155661\" class=\"image-link media-ratio ratio-4-3\" title=\"Van escolar com crian\u00e7as bate em casa na capital paulista\"><img loading=\"lazy\" decoding=\"async\" width=\"153\" height=\"115\" src=\"https:\/\/tarauacanamidia.com.br\/wp-content\/uploads\/2026\/05\/155661-van-escolar-com-criancas-bate-em-casa-na-capital-paulista-300x200.png\" class=\"attachment-medium size-medium wp-post-image\" alt=\"van-escolar-com-criancas-bate-em-casa-na-capital-paulista\" sizes=\"(max-width: 153px) 100vw, 153px\" title=\"Van escolar com crian\u00e7as bate em casa na capital paulista\" srcset=\"https:\/\/tarauacanamidia.com.br\/wp-content\/uploads\/2026\/05\/155661-van-escolar-com-criancas-bate-em-casa-na-capital-paulista-300x200.png 300w, https:\/\/tarauacanamidia.com.br\/wp-content\/uploads\/2026\/05\/155661-van-escolar-com-criancas-bate-em-casa-na-capital-paulista-1024x683.png 1024w, https:\/\/tarauacanamidia.com.br\/wp-content\/uploads\/2026\/05\/155661-van-escolar-com-criancas-bate-em-casa-na-capital-paulista-768x512.png 768w, https:\/\/tarauacanamidia.com.br\/wp-content\/uploads\/2026\/05\/155661-van-escolar-com-criancas-bate-em-casa-na-capital-paulista-1536x1024.png 1536w, https:\/\/tarauacanamidia.com.br\/wp-content\/uploads\/2026\/05\/155661-van-escolar-com-criancas-bate-em-casa-na-capital-paulista-450x300.png 450w, https:\/\/tarauacanamidia.com.br\/wp-content\/uploads\/2026\/05\/155661-van-escolar-com-criancas-bate-em-casa-na-capital-paulista-1200x800.png 1200w, https:\/\/tarauacanamidia.com.br\/wp-content\/uploads\/2026\/05\/155661-van-escolar-com-criancas-bate-em-casa-na-capital-paulista-219x146.png 219w, https:\/\/tarauacanamidia.com.br\/wp-content\/uploads\/2026\/05\/155661-van-escolar-com-criancas-bate-em-casa-na-capital-paulista.png 1920w\" \/><\/a>\t\t\t\n\t\t\t\n\t\t\t\n\t\t\t\n\t\t\n\t\t<\/div>\n\t\n\n\t\n\t\t<div class=\"content\">\n\n\t\t\t<div class=\"post-meta post-meta-a post-meta-left has-below\"><h4 class=\"is-title post-title limit-lines l-lines-2\"><a href=\"https:\/\/tarauacanamidia.com.br\/?p=155661\">Van escolar com crian\u00e7as bate em casa na capital paulista<\/a><\/h4><div class=\"post-meta-items meta-below\"><span class=\"meta-item date\"><span class=\"date-link\"><time class=\"post-date\" datetime=\"2026-05-01T03:44:19-03:00\">1 de maio de 2026<\/time><\/span><\/span><\/div><\/div>\t\t\t\n\t\t\t\n\t\t\t\n\t\t<\/div>\n\n\t\n<\/article>\t\n\t\t\n\t<\/div>\n\n\t\t\t\t\t<\/div>\n\n\t\t<\/section>\n\t\t\t\t\t\t<\/div>\n\t\t\t\t<\/div>\n\t\t\t\t<div class=\"elementor-element elementor-element-292132b elementor-widget elementor-widget-spacer\" data-id=\"292132b\" data-element_type=\"widget\" data-e-type=\"widget\" data-widget_type=\"spacer.default\">\n\t\t\t\t<div class=\"elementor-widget-container\">\n\t\t\t\t\t\t\t<div class=\"elementor-spacer\">\n\t\t\t<div class=\"elementor-spacer-inner\"><\/div>\n\t\t<\/div>\n\t\t\t\t\t\t<\/div>\n\t\t\t\t<\/div>\n\t\t\t\t<div class=\"elementor-element elementor-element-515e9f2 elementor-widget elementor-widget-smartmag-grid\" data-id=\"515e9f2\" data-element_type=\"widget\" data-e-type=\"widget\" data-widget_type=\"smartmag-grid.default\">\n\t\t\t\t<div class=\"elementor-widget-container\">\n\t\t\t\t\t\t\t<section class=\"block-wrap block-grid block-sc mb-sm\" data-id=\"11\">\n\n\t\t\t\t\t\t\t\t\n\t\t\t\t\t\t\t\n\t\t\t\t<div class=\"block-head block-head-ac block-head-c is-left\">\n\n\t\t\t\t\t<h4 class=\"heading\">ESPORTES<\/h4>\t\t\t\t\t\n\t\t\t\t\t\t\t\t\t<\/div>\n\t\t\t\t\n\t\t\t\n\t\t\t\n\t\t\t<div class=\"block-content\">\n\t\t\t\t\t\n\t<div class=\"loop loop-grid loop-grid-base grid grid-1 md:grid-1 xs:grid-1\">\n\n\t\t\t\t\t\n<article class=\"l-post grid-post grid-base-post\">\n\n\t\n\t\t\t<div class=\"media\">\n\n\t\t\n\t\t\t<a href=\"https:\/\/tarauacanamidia.com.br\/?p=155631\" class=\"image-link media-ratio ratio-is-custom\" title=\"Treinador de jiu-jitsu e policial civil \u00e9 preso em Manaus por suspeita de estupro de vulner\u00e1veis\"><img loading=\"lazy\" decoding=\"async\" width=\"408\" height=\"243\" src=\"https:\/\/tarauacanamidia.com.br\/wp-content\/uploads\/2026\/05\/155631-treinador-de-jiu-jitsu-e-policial-civil-e-preso-em-manaus-por-suspeita-de-estupro-de-vulneraveis-450x300.jpg\" class=\"attachment-bunyad-medium size-bunyad-medium wp-post-image\" alt=\"treinador-de-jiu-jitsu-e-policial-civil-e-preso-em-manaus-por-suspeita-de-estupro-de-vulneraveis\" sizes=\"(max-width: 408px) 100vw, 408px\" title=\"Treinador de jiu-jitsu e policial civil \u00e9 preso em Manaus por suspeita de estupro de vulner\u00e1veis\" srcset=\"https:\/\/tarauacanamidia.com.br\/wp-content\/uploads\/2026\/05\/155631-treinador-de-jiu-jitsu-e-policial-civil-e-preso-em-manaus-por-suspeita-de-estupro-de-vulneraveis-450x300.jpg 450w, https:\/\/tarauacanamidia.com.br\/wp-content\/uploads\/2026\/05\/155631-treinador-de-jiu-jitsu-e-policial-civil-e-preso-em-manaus-por-suspeita-de-estupro-de-vulneraveis-1024x683.jpg 1024w, https:\/\/tarauacanamidia.com.br\/wp-content\/uploads\/2026\/05\/155631-treinador-de-jiu-jitsu-e-policial-civil-e-preso-em-manaus-por-suspeita-de-estupro-de-vulneraveis-768x512.jpg 768w, https:\/\/tarauacanamidia.com.br\/wp-content\/uploads\/2026\/05\/155631-treinador-de-jiu-jitsu-e-policial-civil-e-preso-em-manaus-por-suspeita-de-estupro-de-vulneraveis-1200x800.jpg 1200w, https:\/\/tarauacanamidia.com.br\/wp-content\/uploads\/2026\/05\/155631-treinador-de-jiu-jitsu-e-policial-civil-e-preso-em-manaus-por-suspeita-de-estupro-de-vulneraveis.jpg 1536w\" \/><\/a>\t\t\t\n\t\t\t\n\t\t\t\n\t\t\t\t\t\t\t\n\t\t\t\t<span class=\"cat-labels cat-labels-overlay c-overlay p-bot-left\">\n\t\t\t\t<a href=\"https:\/\/tarauacanamidia.com.br\/?cat=39\" class=\"category term-color-39\" rel=\"category\" tabindex=\"-1\">Esportes<\/a>\n\t\t\t<\/span>\n\t\t\t\t\t\t\n\t\t\t\n\t\t\n\t\t<\/div>\n\t\n\n\t\n\t\t<div class=\"content\">\n\n\t\t\t<div class=\"post-meta post-meta-a has-below\"><h2 class=\"is-title post-title\"><a href=\"https:\/\/tarauacanamidia.com.br\/?p=155631\">Treinador de jiu-jitsu e policial civil \u00e9 preso em Manaus por suspeita de estupro de vulner\u00e1veis<\/a><\/h2><div class=\"post-meta-items meta-below\"><span class=\"meta-item post-author\"><span class=\"by\">Fonte:<\/span> <a href=\"https:\/\/tarauacanamidia.com.br\/author\/marcelo-henrique-de-carvalho\" title=\"Posts de Marcelo Henrique de Carvalho\" rel=\"author\">Marcelo Henrique de Carvalho<\/a><\/span><span class=\"meta-item date\"><span class=\"date-link\"><time class=\"post-date\" datetime=\"2026-05-01T03:43:30-03:00\">1 de maio de 2026<\/time><\/span><\/span><\/div><\/div>\t\t\t\n\t\t\t\n\t\t\t\n\t\t<\/div>\n\n\t\n<\/article>\t\t\n\t<\/div>\n\n\t\t\n\t\t\t<\/div>\n\n\t\t<\/section>\n\t\t\t\t\t\t<\/div>\n\t\t\t\t<\/div>\n\t\t\t\t<div class=\"elementor-element elementor-element-213039d elementor-widget elementor-widget-sidebar\" data-id=\"213039d\" data-element_type=\"widget\" data-e-type=\"widget\" data-widget_type=\"sidebar.default\">\n\t\t\t\t<div class=\"elementor-widget-container\">\n\t\t\t\t\t<li id=\"adni_widgets-7\" class=\"widget \"><div class=\"angwp_148578 _ning_outer ang_zone_148578 _ning_jss_zone has_label _align_center\" style=\"max-width:350px;width:100%;overflow:hidden;height:inherit;\"><div class=\"_ning_label _center\" style=\"\">Anunciantes em Destaque<\/div><div id=\"_ning_zone_148578_1835742470\" class=\"_ning_zone_inner\" style=\"width:350px; height:350px;position:relative;\"><div u=\"slides\" style=\"position:absolute; overflow:hidden; left:0px; top:0px;width:350px; height:350px;\"><div class=\"slide_1 slide\" idle=\"5000\"><div class=\"angwp_148570 _ning_cont _ning_hidden _align_center\" data-size=\"custom\" data-bid=\"148570\" data-aid=\"148578\" style=\"max-width:350px; width:100%;height:inherit;\"><div class=\"_ning_inner\" style=\"\"><a href=\"https:\/\/tarauacanamidia.com.br?_dnlink=148570&aid=148578&t=1777612732\" class=\"strack_cli _ning_link\" target=\"_blank\">&nbsp;<\/a><div class=\"_ning_elmt\"><img decoding=\"async\" src=\"https:\/\/tarauacanamidia.com.br\/wp-content\/uploads\/angwp\/items\/148570\/300-1.jpg\" \/><\/div><\/div><\/div><div class=\"clear\"><\/div><\/div><div class=\"slide_2 slide\" idle=\"5000\"><div class=\"angwp_148576 _ning_cont _ning_hidden _align_center\" data-size=\"custom\" data-bid=\"148576\" data-aid=\"148578\" style=\"max-width:350px; width:100%;height:inherit;\"><div class=\"_ning_inner\" style=\"\"><a href=\"https:\/\/tarauacanamidia.com.br?_dnlink=148576&aid=148578&t=1777612732\" class=\"strack_cli _ning_link\" target=\"_blank\">&nbsp;<\/a><div class=\"_ning_elmt\"><img decoding=\"async\" src=\"https:\/\/tarauacanamidia.com.br\/wp-content\/uploads\/angwp\/items\/148576\/300-1.jpg\" \/><\/div><\/div><\/div><div class=\"clear\"><\/div><\/div><div class=\"slide_3 slide\" idle=\"5000\"><div class=\"angwp_148577 _ning_cont _ning_hidden _align_center\" data-size=\"custom\" data-bid=\"148577\" data-aid=\"148578\" style=\"max-width:350px; width:100%;height:inherit;\"><div class=\"_ning_inner\" style=\"\"><a href=\"https:\/\/tarauacanamidia.com.br?_dnlink=148577&aid=148578&t=1777612732\" class=\"strack_cli _ning_link\" target=\"_blank\">&nbsp;<\/a><div class=\"_ning_elmt\"><img decoding=\"async\" src=\"https:\/\/tarauacanamidia.com.br\/wp-content\/uploads\/angwp\/items\/148577\/300-1.jpg\" \/><\/div><\/div><\/div><div class=\"clear\"><\/div><\/div><\/div><\/div><\/div><div class=\"clear\"><\/div><\/li>\n\t\t\t\t<\/div>\n\t\t\t\t<\/div>\n\t\t\t\t<div class=\"elementor-element elementor-element-b881eba elementor-widget elementor-widget-smartmag-postssmall\" data-id=\"b881eba\" data-element_type=\"widget\" data-e-type=\"widget\" data-widget_type=\"smartmag-postssmall.default\">\n\t\t\t\t<div class=\"elementor-widget-container\">\n\t\t\t\t\t\t\t<section class=\"block-wrap block-posts-small block-sc mb-none\" data-id=\"12\">\n\n\t\t\t\t\n\t\t\t<div class=\"block-content\">\n\t\t\t\t\n\t<div class=\"loop loop-small loop-small- grid grid-1 md:grid-1 sm:grid-1 xs:grid-1\">\n\n\t\t\n\t<\/div>\n\n\t\t\t\t\t<\/div>\n\n\t\t<\/section>\n\t\t\t\t\t\t<\/div>\n\t\t\t\t<\/div>\n\t\t\t\t<div class=\"elementor-element elementor-element-6867779 elementor-widget elementor-widget-smartmag-overlay\" data-id=\"6867779\" data-element_type=\"widget\" data-e-type=\"widget\" data-widget_type=\"smartmag-overlay.default\">\n\t\t\t\t<div class=\"elementor-widget-container\">\n\t\t\t\t\t\t\t<section class=\"block-wrap block-overlay block-sc cols-gap-sm mb-none\" data-id=\"13\">\n\n\t\t\t\t\n\t\t\t<div class=\"block-content\">\n\t\t\t\t\t\n\t<div data-slider=\"carousel\" data-autoplay=\"1\" data-speed data-slides=\"1\" data-slides-md data-slides-sm data-arrows=\"b\" data-dots class=\"loop loop-overlay common-slider loop-carousel arrow-hover slider-arrow-b grid grid-1 md:grid-1 xs:grid-1\">\n\n\t\t\t\n\t\t\t\n<article class=\"l-post grid-overlay overlay-post grid-overlay-a overlay-base-post\">\n\n\t\n\t\t\t<div class=\"media\">\n\n\t\t\n\t\t\t<a href=\"https:\/\/tarauacanamidia.com.br\/?p=155667\" class=\"image-link media-ratio ratio-3-2\" title=\"Cart\u00f3rios eleitorais de SP abrem no feriado e fim de semana para regulariza\u00e7\u00e3o do t\u00edtulo\"><img loading=\"lazy\" decoding=\"async\" width=\"408\" height=\"272\" src=\"https:\/\/tarauacanamidia.com.br\/wp-content\/uploads\/2026\/05\/155667-cartorios-eleitorais-de-sp-abrem-no-feriado-e-fim-de-semana-para-regularizacao-do-titulo-450x300.png\" class=\"attachment-bunyad-medium size-bunyad-medium wp-post-image\" alt=\"cartorios-eleitorais-de-sp-abrem-no-feriado-e-fim-de-semana-para-regularizacao-do-titulo\" sizes=\"(max-width: 408px) 100vw, 408px\" title=\"Cart\u00f3rios eleitorais de SP abrem no feriado e fim de semana para regulariza\u00e7\u00e3o do t\u00edtulo\" srcset=\"https:\/\/tarauacanamidia.com.br\/wp-content\/uploads\/2026\/05\/155667-cartorios-eleitorais-de-sp-abrem-no-feriado-e-fim-de-semana-para-regularizacao-do-titulo-450x300.png 450w, https:\/\/tarauacanamidia.com.br\/wp-content\/uploads\/2026\/05\/155667-cartorios-eleitorais-de-sp-abrem-no-feriado-e-fim-de-semana-para-regularizacao-do-titulo-300x200.png 300w, https:\/\/tarauacanamidia.com.br\/wp-content\/uploads\/2026\/05\/155667-cartorios-eleitorais-de-sp-abrem-no-feriado-e-fim-de-semana-para-regularizacao-do-titulo-1024x683.png 1024w, https:\/\/tarauacanamidia.com.br\/wp-content\/uploads\/2026\/05\/155667-cartorios-eleitorais-de-sp-abrem-no-feriado-e-fim-de-semana-para-regularizacao-do-titulo-768x512.png 768w, https:\/\/tarauacanamidia.com.br\/wp-content\/uploads\/2026\/05\/155667-cartorios-eleitorais-de-sp-abrem-no-feriado-e-fim-de-semana-para-regularizacao-do-titulo-150x100.png 150w, https:\/\/tarauacanamidia.com.br\/wp-content\/uploads\/2026\/05\/155667-cartorios-eleitorais-de-sp-abrem-no-feriado-e-fim-de-semana-para-regularizacao-do-titulo-1200x800.png 1200w, https:\/\/tarauacanamidia.com.br\/wp-content\/uploads\/2026\/05\/155667-cartorios-eleitorais-de-sp-abrem-no-feriado-e-fim-de-semana-para-regularizacao-do-titulo-219x146.png 219w, https:\/\/tarauacanamidia.com.br\/wp-content\/uploads\/2026\/05\/155667-cartorios-eleitorais-de-sp-abrem-no-feriado-e-fim-de-semana-para-regularizacao-do-titulo.png 1536w\" \/><\/a>\t\t\t\n\t\t\t\n\t\t\t\n\t\t\t\n\t\t\n\t\t<\/div>\n\t\n\n\t\t\t<div class=\"content-wrap\">\n\t\n\t\t<div class=\"content\">\n\n\t\t\t<div class=\"post-meta post-meta-a meta-contrast\"><div class=\"post-meta-items meta-above\"><span class=\"meta-item cat-labels\">\n\t\t\t\t\t\t\n\t\t\t\t\t\t<a href=\"https:\/\/tarauacanamidia.com.br\/?cat=41\" class=\"category term-color-41\" rel=\"category\" tabindex=\"-1\">Tecnologia<\/a>\n\t\t\t\t\t<\/span>\n\t\t\t\t\t<\/div><h2 class=\"is-title post-title\"><a href=\"https:\/\/tarauacanamidia.com.br\/?p=155667\">Cart\u00f3rios eleitorais de SP abrem no feriado e fim de semana para regulariza\u00e7\u00e3o do t\u00edtulo<\/a><\/h2><\/div>\t\t\t\n\t\t\t\n\t\t\t\n\t\t<\/div>\n\n\t\t\t<\/div>\n\t\n<\/article>\n\t\t\t\n\t\t\t\n<article class=\"l-post grid-overlay overlay-post grid-overlay-a overlay-base-post\">\n\n\t\n\t\t\t<div class=\"media\">\n\n\t\t\n\t\t\t<a href=\"https:\/\/tarauacanamidia.com.br\/?p=155669\" class=\"image-link media-ratio ratio-3-2\" title=\"Mercado financeiro mant\u00e9m press\u00e3o sobre juros e projeta Selic a 13% diante de infla\u00e7\u00e3o resistente\"><img loading=\"lazy\" decoding=\"async\" width=\"408\" height=\"272\" src=\"https:\/\/tarauacanamidia.com.br\/wp-content\/uploads\/2026\/05\/155669-mercado-financeiro-mantem-pressao-sobre-juros-e-projeta-selic-a-13-diante-de-inflacao-resistente-450x300.jpg\" class=\"attachment-bunyad-medium size-bunyad-medium wp-post-image\" alt=\"mercado-financeiro-mantem-pressao-sobre-juros-e-projeta-selic-a-13%-diante-de-inflacao-resistente\" sizes=\"(max-width: 408px) 100vw, 408px\" title=\"Mercado financeiro mant\u00e9m press\u00e3o sobre juros e projeta Selic a 13% diante de infla\u00e7\u00e3o resistente\" srcset=\"https:\/\/tarauacanamidia.com.br\/wp-content\/uploads\/2026\/05\/155669-mercado-financeiro-mantem-pressao-sobre-juros-e-projeta-selic-a-13-diante-de-inflacao-resistente-450x300.jpg 450w, https:\/\/tarauacanamidia.com.br\/wp-content\/uploads\/2026\/05\/155669-mercado-financeiro-mantem-pressao-sobre-juros-e-projeta-selic-a-13-diante-de-inflacao-resistente-300x200.jpg 300w, https:\/\/tarauacanamidia.com.br\/wp-content\/uploads\/2026\/05\/155669-mercado-financeiro-mantem-pressao-sobre-juros-e-projeta-selic-a-13-diante-de-inflacao-resistente-1024x682.jpg 1024w, https:\/\/tarauacanamidia.com.br\/wp-content\/uploads\/2026\/05\/155669-mercado-financeiro-mantem-pressao-sobre-juros-e-projeta-selic-a-13-diante-de-inflacao-resistente-768x512.jpg 768w, https:\/\/tarauacanamidia.com.br\/wp-content\/uploads\/2026\/05\/155669-mercado-financeiro-mantem-pressao-sobre-juros-e-projeta-selic-a-13-diante-de-inflacao-resistente-1536x1024.jpg 1536w, https:\/\/tarauacanamidia.com.br\/wp-content\/uploads\/2026\/05\/155669-mercado-financeiro-mantem-pressao-sobre-juros-e-projeta-selic-a-13-diante-de-inflacao-resistente-2048x1365.jpg 2048w, https:\/\/tarauacanamidia.com.br\/wp-content\/uploads\/2026\/05\/155669-mercado-financeiro-mantem-pressao-sobre-juros-e-projeta-selic-a-13-diante-de-inflacao-resistente-150x100.jpg 150w, https:\/\/tarauacanamidia.com.br\/wp-content\/uploads\/2026\/05\/155669-mercado-financeiro-mantem-pressao-sobre-juros-e-projeta-selic-a-13-diante-de-inflacao-resistente-1200x800.jpg 1200w, https:\/\/tarauacanamidia.com.br\/wp-content\/uploads\/2026\/05\/155669-mercado-financeiro-mantem-pressao-sobre-juros-e-projeta-selic-a-13-diante-de-inflacao-resistente-219x146.jpg 219w\" \/><\/a>\t\t\t\n\t\t\t\n\t\t\t\n\t\t\t\n\t\t\n\t\t<\/div>\n\t\n\n\t\t\t<div class=\"content-wrap\">\n\t\n\t\t<div class=\"content\">\n\n\t\t\t<div class=\"post-meta post-meta-a meta-contrast\"><div class=\"post-meta-items meta-above\"><span class=\"meta-item cat-labels\">\n\t\t\t\t\t\t\n\t\t\t\t\t\t<a href=\"https:\/\/tarauacanamidia.com.br\/?cat=41\" class=\"category term-color-41\" rel=\"category\" tabindex=\"-1\">Tecnologia<\/a>\n\t\t\t\t\t<\/span>\n\t\t\t\t\t<\/div><h2 class=\"is-title post-title\"><a href=\"https:\/\/tarauacanamidia.com.br\/?p=155669\">Mercado financeiro mant\u00e9m press\u00e3o sobre juros e projeta Selic a 13% diante de infla\u00e7\u00e3o resistente<\/a><\/h2><\/div>\t\t\t\n\t\t\t\n\t\t\t\n\t\t<\/div>\n\n\t\t\t<\/div>\n\t\n<\/article>\n\t\t\n\t<\/div>\n\n\t\t\n\t\t\t<\/div>\n\n\t\t<\/section>\n\t\t\t\t\t\t<\/div>\n\t\t\t\t<\/div>\n\t\t\t\t<div class=\"elementor-element elementor-element-91eb7dd elementor-widget elementor-widget-smartmag-grid\" data-id=\"91eb7dd\" data-element_type=\"widget\" data-e-type=\"widget\" data-widget_type=\"smartmag-grid.default\">\n\t\t\t\t<div class=\"elementor-widget-container\">\n\t\t\t\t\t\t\t<section class=\"block-wrap block-grid block-sc mb-none\" data-id=\"14\">\n\n\t\t\t\t\t\t\t\t\n\t\t\t\t\t\t\t\n\t\t\t\t<div class=\"block-head block-head-ac block-head-c is-left\">\n\n\t\t\t\t\t<h4 class=\"heading\">MUNDO \/ INTERNACIONAL<\/h4>\t\t\t\t\t\n\t\t\t\t\t\t\t\t\t<\/div>\n\t\t\t\t\n\t\t\t\n\t\t\t\n\t\t\t<div class=\"block-content\">\n\t\t\t\t\t\n\t<div class=\"loop loop-grid loop-grid-base has-nums has-nums-c grid grid-1 md:grid-1 xs:grid-1\">\n\n\t\t\t\t\t\n<article class=\"l-post grid-post grid-base-post\">\n\n\t\n\t\n\n\t\n\t\t<div class=\"content\">\n\n\t\t\t<div class=\"post-meta post-meta-a has-below\"><h2 class=\"is-title post-title\"><a href=\"https:\/\/tarauacanamidia.com.br\/?p=155619\">Agroneg\u00f3cio e exporta\u00e7\u00f5es sustentam crescimento, mas gargalos de infraestrutura pressionam competitividade<\/a><\/h2><div class=\"post-meta-items meta-below\"><span class=\"meta-item post-author\"><span class=\"by\">Fonte:<\/span> <a href=\"https:\/\/tarauacanamidia.com.br\/author\/marcelo-henrique-de-carvalho\" title=\"Posts de Marcelo Henrique de Carvalho\" rel=\"author\">Marcelo Henrique de Carvalho<\/a><\/span><span class=\"meta-item date\"><span class=\"date-link\"><time class=\"post-date\" datetime=\"2026-05-01T03:43:10-03:00\">1 de maio de 2026<\/time><\/span><\/span><\/div><\/div>\t\t\t\n\t\t\t\n\t\t\t\n\t\t<\/div>\n\n\t\n<\/article>\t\t\t\t\t\n<article class=\"l-post grid-post grid-base-post\">\n\n\t\n\t\n\n\t\n\t\t<div class=\"content\">\n\n\t\t\t<div class=\"post-meta post-meta-a has-below\"><h2 class=\"is-title post-title\"><a href=\"https:\/\/tarauacanamidia.com.br\/?p=155370\">Chef indica o que comer em cada regi\u00e3o do Jap\u00e3o e destaca diversidade da culin\u00e1ria local<\/a><\/h2><div class=\"post-meta-items meta-below\"><span class=\"meta-item post-author\"><span class=\"by\">Fonte:<\/span> <a href=\"https:\/\/tarauacanamidia.com.br\/author\/vinicius-mororo\" title=\"Posts de Vinicius Mororo\" rel=\"author\">Vinicius Mororo<\/a><\/span><span class=\"meta-item date\"><span class=\"date-link\"><time class=\"post-date\" datetime=\"2026-04-22T17:17:39-03:00\">22 de abril de 2026<\/time><\/span><\/span><\/div><\/div>\t\t\t\n\t\t\t\n\t\t\t\n\t\t<\/div>\n\n\t\n<\/article>\t\t\t\t\t\n<article class=\"l-post grid-post grid-base-post\">\n\n\t\n\t\n\n\t\n\t\t<div class=\"content\">\n\n\t\t\t<div class=\"post-meta post-meta-a has-below\"><h2 class=\"is-title post-title\"><a href=\"https:\/\/tarauacanamidia.com.br\/?p=155372\">Filme brasileiro O Filho de Mil Homens \u00e9 destacado pelo New York Times<\/a><\/h2><div class=\"post-meta-items meta-below\"><span class=\"meta-item post-author\"><span class=\"by\">Fonte:<\/span> <a href=\"https:\/\/tarauacanamidia.com.br\/author\/vinicius-mororo\" title=\"Posts de Vinicius Mororo\" rel=\"author\">Vinicius Mororo<\/a><\/span><span class=\"meta-item date\"><span class=\"date-link\"><time class=\"post-date\" datetime=\"2026-04-22T17:17:38-03:00\">22 de abril de 2026<\/time><\/span><\/span><\/div><\/div>\t\t\t\n\t\t\t\n\t\t\t\n\t\t<\/div>\n\n\t\n<\/article>\t\t\n\t<\/div>\n\n\t\t\n\t\t\t<\/div>\n\n\t\t<\/section>\n\t\t\t\t\t\t<\/div>\n\t\t\t\t<\/div>\n\t\t\t\t\t<\/div>\n\t\t<\/div>\n\t\t\t\t\t<\/div>\n\t\t<\/section>\n\t\t\t\t<section class=\"has-el-gap el-gap-default elementor-section elementor-top-section elementor-element elementor-element-7f896775 is-full-xs elementor-section-content-middle elementor-section-full_width elementor-hidden-tablet elementor-hidden-mobile elementor-section-height-default elementor-section-height-default\" data-id=\"7f896775\" data-element_type=\"section\" data-e-type=\"section\" data-settings=\"{&quot;background_background&quot;:&quot;classic&quot;}\">\n\t\t\t\t\t\t<div class=\"elementor-container elementor-column-gap-no\">\n\t\t\t\t\t<div class=\"elementor-column elementor-col-50 elementor-top-column elementor-element elementor-element-41944e22 el-col-sep\" data-id=\"41944e22\" data-element_type=\"column\" data-e-type=\"column\">\n\t\t\t<div class=\"elementor-widget-wrap elementor-element-populated\">\n\t\t\t\t\t\t<div class=\"elementor-element elementor-element-4d5188a1 elementor-headline--style-highlight elementor-widget elementor-widget-animated-headline\" data-id=\"4d5188a1\" data-element_type=\"widget\" data-e-type=\"widget\" data-settings=\"{&quot;highlighted_text&quot;:&quot;AO VIVO!&quot;,&quot;headline_style&quot;:&quot;highlight&quot;,&quot;marker&quot;:&quot;circle&quot;,&quot;loop&quot;:&quot;yes&quot;,&quot;highlight_animation_duration&quot;:1200,&quot;highlight_iteration_delay&quot;:8000}\" data-widget_type=\"animated-headline.default\">\n\t\t\t\t<div class=\"elementor-widget-container\">\n\t\t\t\t\t\t\t<h3 class=\"elementor-headline\">\n\t\t\t\t\t<span class=\"elementor-headline-plain-text elementor-headline-text-wrapper\">Pega a pipoca, estamos <\/span>\n\t\t\t\t<span class=\"elementor-headline-dynamic-wrapper elementor-headline-text-wrapper\">\n\t\t\t\t\t<span class=\"elementor-headline-dynamic-text elementor-headline-text-active\">AO VIVO!<\/span>\n\t\t\t\t<\/span>\n\t\t\t\t<\/h3>\n\t\t\t\t\t\t<\/div>\n\t\t\t\t<\/div>\n\t\t\t\t<div class=\"elementor-element elementor-element-ecde2b6 elementor-widget__width-initial elementor-widget elementor-widget-image\" data-id=\"ecde2b6\" data-element_type=\"widget\" data-e-type=\"widget\" data-widget_type=\"image.default\">\n\t\t\t\t<div class=\"elementor-widget-container\">\n\t\t\t\t\t\t\t\t\t\t\t\t\t\t\t<img loading=\"lazy\" decoding=\"async\" class=\"attachment-medium size-medium wp-image-155225 lazyload\" width=\"300\" height=\"199\" src=\"data:image\/svg+xml;base64,PHN2ZyB2aWV3Qm94PScwIDAgMzAwIDE5OScgeG1sbnM9J2h0dHA6Ly93d3cudzMub3JnLzIwMDAvc3ZnJz48L3N2Zz4=\" alt srcset=\"https:\/\/tarauacanamidia.com.br\/wp-content\/uploads\/2026\/04\/logotipo-TV-INFOCO-sem-fundo-1-e1774799564646-300x199.png 300w, https:\/\/tarauacanamidia.com.br\/wp-content\/uploads\/2026\/04\/logotipo-TV-INFOCO-sem-fundo-1-e1774799564646-150x99.png 150w, https:\/\/tarauacanamidia.com.br\/wp-content\/uploads\/2026\/04\/logotipo-TV-INFOCO-sem-fundo-1-e1774799564646-450x298.png 450w, https:\/\/tarauacanamidia.com.br\/wp-content\/uploads\/2026\/04\/logotipo-TV-INFOCO-sem-fundo-1-e1774799564646-221x146.png 221w, https:\/\/tarauacanamidia.com.br\/wp-content\/uploads\/2026\/04\/logotipo-TV-INFOCO-sem-fundo-1-e1774799564646.png 710w\" sizes=\"(max-width: 300px) 100vw, 300px\" data-src=\"https:\/\/tarauacanamidia.com.br\/wp-content\/uploads\/2026\/04\/logotipo-TV-INFOCO-sem-fundo-1-e1774799564646-300x199.png\" \/>\t\t\t\t\t\t\t\t\t\t\t\t\t\t\t<\/div>\n\t\t\t\t<\/div>\n\t\t\t\t<div class=\"elementor-element elementor-element-6404830c elementor-widget elementor-widget-heading\" data-id=\"6404830c\" data-element_type=\"widget\" data-e-type=\"widget\" data-widget_type=\"heading.default\">\n\t\t\t\t<div class=\"elementor-widget-container\">\n\t\t\t\t\t<h2 class=\"elementor-heading-title elementor-size-default\">24h por dia, 7 dias por semana!<\/h2>\t\t\t\t<\/div>\n\t\t\t\t<\/div>\n\t\t\t\t<div class=\"elementor-element elementor-element-1c9aabde elementor-widget elementor-widget-heading\" data-id=\"1c9aabde\" data-element_type=\"widget\" data-e-type=\"widget\" data-widget_type=\"heading.default\">\n\t\t\t\t<div class=\"elementor-widget-container\">\n\t\t\t\t\t<h2 class=\"elementor-heading-title elementor-size-default\">Se conecta com a TV INFOCO. Online em + de 400 portais de not\u00edcias no Brasil.<\/h2>\t\t\t\t<\/div>\n\t\t\t\t<\/div>\n\t\t\t\t<div class=\"elementor-element elementor-element-5cb8a95a elementor-align-justify elementor-widget elementor-widget-button\" data-id=\"5cb8a95a\" data-element_type=\"widget\" data-e-type=\"widget\" data-widget_type=\"button.default\">\n\t\t\t\t<div class=\"elementor-widget-container\">\n\t\t\t\t\t\t\t\t\t<div class=\"elementor-button-wrapper\">\n\t\t\t\t\t<a class=\"elementor-button elementor-button-link elementor-size-sm\" href=\"https:\/\/wa.me\/5511955526792\" target=\"_blank\" rel=\"noopener\">\n\t\t\t\t\t\t<span class=\"elementor-button-content-wrapper\">\n\t\t\t\t\t\t\t\t\t<span class=\"elementor-button-text\">COLOCAR MEU PODCAST NA TV INFOCO<\/span>\n\t\t\t\t\t<\/span>\n\t\t\t\t\t<\/a>\n\t\t\t\t<\/div>\n\t\t\t\t\t\t\t\t<\/div>\n\t\t\t\t<\/div>\n\t\t\t\t<div class=\"elementor-element elementor-element-5ebc9a71 elementor-align-justify elementor-widget elementor-widget-button\" data-id=\"5ebc9a71\" data-element_type=\"widget\" data-e-type=\"widget\" data-widget_type=\"button.default\">\n\t\t\t\t<div class=\"elementor-widget-container\">\n\t\t\t\t\t\t\t\t\t<div class=\"elementor-button-wrapper\">\n\t\t\t\t\t<a class=\"elementor-button elementor-button-link elementor-size-sm\" href=\"https:\/\/wa.me\/5511955526792\" target=\"_blank\" rel=\"noopener\">\n\t\t\t\t\t\t<span class=\"elementor-button-content-wrapper\">\n\t\t\t\t\t\t\t\t\t<span class=\"elementor-button-text\">QUERO SER ENTREVISTADO<\/span>\n\t\t\t\t\t<\/span>\n\t\t\t\t\t<\/a>\n\t\t\t\t<\/div>\n\t\t\t\t\t\t\t\t<\/div>\n\t\t\t\t<\/div>\n\t\t\t\t\t<\/div>\n\t\t<\/div>\n\t\t\t\t<div class=\"elementor-column elementor-col-50 elementor-top-column elementor-element elementor-element-126cdfff ts-sticky-col\" data-id=\"126cdfff\" data-element_type=\"column\" data-e-type=\"column\" data-settings=\"{&quot;background_background&quot;:&quot;classic&quot;,&quot;background_motion_fx_motion_fx_scrolling&quot;:&quot;yes&quot;,&quot;background_motion_fx_devices&quot;:[&quot;desktop&quot;,&quot;tablet&quot;,&quot;mobile&quot;]}\">\n\t\t\t<div class=\"elementor-widget-wrap elementor-element-populated\">\n\t\t\t\t\t\t<div class=\"elementor-element elementor-element-179f0302 elementor-widget elementor-widget-html\" data-id=\"179f0302\" data-element_type=\"widget\" data-e-type=\"widget\" data-widget_type=\"html.default\">\n\t\t\t\t<div class=\"elementor-widget-container\">\n\t\t\t\t\t<iframe style=\"width:1920px; height:440px;\" src=\"https:\/\/player.taaqui.org\/video\/tvinfoco\/1\/true\/true\/4:3\/\/true\/true\" scrolling=\"no\" frameborder=\"0\" allowfullscreen><\/iframe>\t\t\t\t<\/div>\n\t\t\t\t<\/div>\n\t\t\t\t<div class=\"elementor-element elementor-element-70993d63 elementor-widget__width-initial elementor-widget elementor-widget-image\" data-id=\"70993d63\" data-element_type=\"widget\" data-e-type=\"widget\" data-widget_type=\"image.default\">\n\t\t\t\t<div class=\"elementor-widget-container\">\n\t\t\t\t\t\t\t\t\t\t\t\t\t\t\t<img loading=\"lazy\" decoding=\"async\" class=\"attachment-full size-full wp-image-155226 lazyload\" width=\"1200\" height=\"200\" src=\"data:image\/svg+xml;base64,PHN2ZyB2aWV3Qm94PScwIDAgMTIwMCAyMDAnIHhtbG5zPSdodHRwOi8vd3d3LnczLm9yZy8yMDAwL3N2Zyc+PC9zdmc+\" alt srcset=\"https:\/\/tarauacanamidia.com.br\/wp-content\/uploads\/2026\/04\/banner-site-e-plataforma.png 1200w, https:\/\/tarauacanamidia.com.br\/wp-content\/uploads\/2026\/04\/banner-site-e-plataforma-300x50.png 300w, https:\/\/tarauacanamidia.com.br\/wp-content\/uploads\/2026\/04\/banner-site-e-plataforma-1024x171.png 1024w, https:\/\/tarauacanamidia.com.br\/wp-content\/uploads\/2026\/04\/banner-site-e-plataforma-768x128.png 768w, https:\/\/tarauacanamidia.com.br\/wp-content\/uploads\/2026\/04\/banner-site-e-plataforma-150x25.png 150w, https:\/\/tarauacanamidia.com.br\/wp-content\/uploads\/2026\/04\/banner-site-e-plataforma-450x75.png 450w, https:\/\/tarauacanamidia.com.br\/wp-content\/uploads\/2026\/04\/banner-site-e-plataforma-260x43.png 260w\" sizes=\"(max-width: 1200px) 100vw, 1200px\" data-src=\"https:\/\/tarauacanamidia.com.br\/wp-content\/uploads\/2026\/04\/banner-site-e-plataforma.png\" \/>\t\t\t\t\t\t\t\t\t\t\t\t\t\t\t<\/div>\n\t\t\t\t<\/div>\n\t\t\t\t\t<\/div>\n\t\t<\/div>\n\t\t\t\t\t<\/div>\n\t\t<\/section>\n\t\t\t\t<section class=\"has-el-gap el-gap-default elementor-section elementor-top-section elementor-element elementor-element-665fafa elementor-section-boxed elementor-section-height-default elementor-section-height-default\" data-id=\"665fafa\" data-element_type=\"section\" data-e-type=\"section\">\n\t\t\t\t\t\t<div class=\"elementor-container elementor-column-gap-no\">\n\t\t\t\t\t<div class=\"elementor-column elementor-col-100 elementor-top-column elementor-element elementor-element-30fb243\" data-id=\"30fb243\" data-element_type=\"column\" data-e-type=\"column\">\n\t\t\t<div class=\"elementor-widget-wrap elementor-element-populated\">\n\t\t\t\t\t\t<div class=\"elementor-element elementor-element-8b99511 elementor-widget elementor-widget-sidebar\" data-id=\"8b99511\" data-element_type=\"widget\" data-e-type=\"widget\" data-widget_type=\"sidebar.default\">\n\t\t\t\t<div class=\"elementor-widget-container\">\n\t\t\t\t\t<li id=\"adni_widgets-5\" class=\"widget \"><div class=\"angwp_148558 _ning_outer ang_zone_148558 _ning_jss_zone has_label _align_center\" style=\"max-width:1200px;width:100%;overflow:hidden;height:inherit;\"><div class=\"_ning_label _center\" style=\"\">Anunciantes<\/div><div id=\"_ning_zone_148558_984706516\" class=\"_ning_zone_inner\" style=\"width:1200px; height:200px;position:relative;\"><div u=\"slides\" style=\"position:absolute; overflow:hidden; left:0px; top:0px;width:1200px; height:200px;\"><div class=\"slide_1 slide\" idle=\"5000\"><div class=\"angwp_148555 _ning_cont _ning_hidden _align_center\" data-size=\"custom\" data-bid=\"148555\" data-aid=\"148558\" style=\"max-width:1200px; width:100%;height:inherit;\"><div class=\"_ning_inner\" style=\"\"><a href=\"https:\/\/tarauacanamidia.com.br?_dnlink=148555&amp;aid=148558&amp;t=1777612732\" class=\"strack_cli _ning_link\" target=\"_blank\">&nbsp;<\/a><div class=\"_ning_elmt\"><img decoding=\"async\" src=\"https:\/\/tarauacanamidia.com.br\/wp-content\/uploads\/angwp\/items\/148555\/69c322a496e3b_1774396068.png\" \/><\/div><\/div><\/div><div class=\"clear\"><\/div><\/div><div class=\"slide_2 slide\" idle=\"5000\"><div class=\"angwp_148556 _ning_cont _ning_hidden _align_center\" data-size=\"custom\" data-bid=\"148556\" data-aid=\"148558\" style=\"max-width:1200px; width:100%;height:inherit;\"><div class=\"_ning_inner\" style=\"\"><a href=\"https:\/\/tarauacanamidia.com.br?_dnlink=148556&amp;aid=148558&amp;t=1777612732\" class=\"strack_cli _ning_link\" target=\"_blank\">&nbsp;<\/a><div class=\"_ning_elmt\"><img decoding=\"async\" src=\"https:\/\/tarauacanamidia.com.br\/wp-content\/uploads\/angwp\/items\/148556\/69c322a496e3b_1774396068.png\" \/><\/div><\/div><\/div><div class=\"clear\"><\/div><\/div><div class=\"slide_3 slide\" idle=\"5000\"><div class=\"angwp_148557 _ning_cont _ning_hidden _align_center\" data-size=\"custom\" data-bid=\"148557\" data-aid=\"148558\" style=\"max-width:1200px; width:100%;height:inherit;\"><div class=\"_ning_inner\" style=\"\"><a href=\"https:\/\/tarauacanamidia.com.br?_dnlink=148557&amp;aid=148558&amp;t=1777612732\" class=\"strack_cli _ning_link\" target=\"_blank\">&nbsp;<\/a><div class=\"_ning_elmt\"><img decoding=\"async\" src=\"https:\/\/tarauacanamidia.com.br\/wp-content\/uploads\/angwp\/items\/148557\/69c322a496e3b_1774396068.png\" \/><\/div><\/div><\/div><div class=\"clear\"><\/div><\/div><\/div><\/div><\/div><div class=\"clear\"><\/div><\/li>\n\t\t\t\t<\/div>\n\t\t\t\t<\/div>\n\t\t\t\t\t<\/div>\n\t\t<\/div>\n\t\t\t\t\t<\/div>\n\t\t<\/section>\n\t\t\t\t<section class=\"has-el-gap el-gap-default elementor-section elementor-top-section elementor-element elementor-element-9393be2 elementor-section-boxed elementor-section-height-default elementor-section-height-default\" data-id=\"9393be2\" data-element_type=\"section\" data-e-type=\"section\">\n\t\t\t\t\t\t<div class=\"elementor-container elementor-column-gap-no\">\n\t\t\t\t\t<div class=\"elementor-column elementor-col-66 elementor-top-column elementor-element elementor-element-0e6f215 main-content\" data-id=\"0e6f215\" data-element_type=\"column\" data-e-type=\"column\">\n\t\t\t<div class=\"elementor-widget-wrap elementor-element-populated\">\n\t\t\t\t\t\t<div class=\"elementor-element elementor-element-4b92628 elementor-widget elementor-widget-smartmag-highlights\" data-id=\"4b92628\" data-element_type=\"widget\" data-e-type=\"widget\" data-widget_type=\"smartmag-highlights.default\">\n\t\t\t\t<div class=\"elementor-widget-container\">\n\t\t\t\t\t\t\t<section class=\"block-wrap block-highlights block-sc mb-none\" data-id=\"15\" data-is-mixed=\"1\">\n\n\t\t\t\t\t\t\t\t\n\t\t\t\t\t\t\t\n\t\t\t\t<div class=\"block-head block-head-ac block-head-c is-left\">\n\n\t\t\t\t\t<h4 class=\"heading\">VEJA OS DESTAQUES DA POL\u00cdTICA<\/h4>\t\t\t\t\t\n\t\t\t\t\t\t\t\t\t<\/div>\n\t\t\t\t\n\t\t\t\n\t\t\t\n\t\t\t<div class=\"block-content\">\n\t\t\t\t\t\n\t<div class=\"loops-mixed\">\n\t\t\t\n\t<div class=\"loop loop-grid loop-grid-base grid grid-2 md:grid-2 xs:grid-1\">\n\n\t\t\t\t\t\n<article class=\"l-post grid-post grid-base-post\">\n\n\t\n\t\t\t<div class=\"media\">\n\n\t\t\n\t\t\t<a href=\"https:\/\/tarauacanamidia.com.br\/?p=155643\" class=\"image-link media-ratio ratio-is-custom\" title=\"Congresso Nacional vota nesta quinta-feira o veto presidencial ao PL da dosimetria e decide o futuro dos condenados pelo 8 de janeiro\"><img loading=\"lazy\" decoding=\"async\" width=\"408\" height=\"243\" src=\"https:\/\/tarauacanamidia.com.br\/wp-content\/uploads\/2026\/05\/155643-congresso-nacional-vota-nesta-quinta-feira-o-veto-presidencial-ao-pl-da-dosimetria-e-69f44baaed8b9-450x295.jpg\" class=\"attachment-bunyad-medium size-bunyad-medium wp-post-image\" alt=\"congresso-nacional-vota-nesta-quinta-feira-o-veto-presidencial-ao-pl-da-dosimetria-e-decide-o-futuro-dos-condenados-pelo-8-de-janeiro\" sizes=\"(max-width: 408px) 100vw, 408px\" title=\"Congresso Nacional vota nesta quinta-feira o veto presidencial ao PL da dosimetria e decide o futuro dos condenados pelo 8 de janeiro\" srcset=\"https:\/\/tarauacanamidia.com.br\/wp-content\/uploads\/2026\/05\/155643-congresso-nacional-vota-nesta-quinta-feira-o-veto-presidencial-ao-pl-da-dosimetria-e-69f44baaed8b9-450x295.jpg 450w, https:\/\/tarauacanamidia.com.br\/wp-content\/uploads\/2026\/05\/155643-congresso-nacional-vota-nesta-quinta-feira-o-veto-presidencial-ao-pl-da-dosimetria-e-69f44baaed8b9-300x197.jpg 300w, https:\/\/tarauacanamidia.com.br\/wp-content\/uploads\/2026\/05\/155643-congresso-nacional-vota-nesta-quinta-feira-o-veto-presidencial-ao-pl-da-dosimetria-e-69f44baaed8b9-1024x671.jpg 1024w, https:\/\/tarauacanamidia.com.br\/wp-content\/uploads\/2026\/05\/155643-congresso-nacional-vota-nesta-quinta-feira-o-veto-presidencial-ao-pl-da-dosimetria-e-69f44baaed8b9-768x503.jpg 768w, https:\/\/tarauacanamidia.com.br\/wp-content\/uploads\/2026\/05\/155643-congresso-nacional-vota-nesta-quinta-feira-o-veto-presidencial-ao-pl-da-dosimetria-e-69f44baaed8b9-150x98.jpg 150w, https:\/\/tarauacanamidia.com.br\/wp-content\/uploads\/2026\/05\/155643-congresso-nacional-vota-nesta-quinta-feira-o-veto-presidencial-ao-pl-da-dosimetria-e-69f44baaed8b9-223x146.jpg 223w, https:\/\/tarauacanamidia.com.br\/wp-content\/uploads\/2026\/05\/155643-congresso-nacional-vota-nesta-quinta-feira-o-veto-presidencial-ao-pl-da-dosimetria-e-69f44baaed8b9.jpg 1100w\" \/><\/a>\t\t\t\n\t\t\t\n\t\t\t\n\t\t\t\t\t\t\t\n\t\t\t\t<span class=\"cat-labels cat-labels-overlay c-overlay p-bot-left\">\n\t\t\t\t<a href=\"https:\/\/tarauacanamidia.com.br\/?cat=33\" class=\"category term-color-33\" rel=\"category\" tabindex=\"-1\">Politica<\/a>\n\t\t\t<\/span>\n\t\t\t\t\t\t\n\t\t\t\n\t\t\n\t\t<\/div>\n\t\n\n\t\n\t\t<div class=\"content\">\n\n\t\t\t<div class=\"post-meta post-meta-a has-below\"><h2 class=\"is-title post-title\"><a href=\"https:\/\/tarauacanamidia.com.br\/?p=155643\">Congresso Nacional vota nesta quinta-feira o veto presidencial ao PL da dosimetria e decide o futuro dos condenados pelo 8 de janeiro<\/a><\/h2><div class=\"post-meta-items meta-below\"><span class=\"meta-item post-author\"><span class=\"by\">Fonte:<\/span> <a href=\"https:\/\/tarauacanamidia.com.br\/author\/marcelo-henrique-de-carvalho\" title=\"Posts de Marcelo Henrique de Carvalho\" rel=\"author\">Marcelo Henrique de Carvalho<\/a><\/span><span class=\"meta-item date\"><span class=\"date-link\"><time class=\"post-date\" datetime=\"2026-05-01T03:43:54-03:00\">1 de maio de 2026<\/time><\/span><\/span><\/div><\/div>\t\t\t\n\t\t\t\t\t\t\n\t\t\t\t<div class=\"excerpt\">\n\t\t\t\t\t<p>Nesta quinta-feira, 30 de abril de 2026, o Congresso Nacional enfrenta uma das vota\u00e7\u00f5es mais&hellip;<\/p>\n\t\t\t\t<\/div>\n\t\t\t\n\t\t\t\n\t\t\t\n\t\t<\/div>\n\n\t\n<\/article>\t\t\t\t\t\n<article class=\"l-post grid-post grid-base-post\">\n\n\t\n\t\t\t<div class=\"media\">\n\n\t\t\n\t\t\t<a href=\"https:\/\/tarauacanamidia.com.br\/?p=155645\" class=\"image-link media-ratio ratio-is-custom\" title=\"STF atinge marca de 1.400 condenados pelos atos golpistas de 8 de janeiro e reafirma o papel da Justi\u00e7a na defesa da Democracia\"><img loading=\"lazy\" decoding=\"async\" width=\"408\" height=\"243\" src=\"https:\/\/tarauacanamidia.com.br\/wp-content\/uploads\/2026\/05\/155645-stf-atinge-marca-de-1-400-condenados-pelos-atos-golpistas-de-8-de-janeiro-e-reafirma-69f44babebcea-450x239.jpg\" class=\"attachment-bunyad-medium size-bunyad-medium wp-post-image\" alt=\"stf-atinge-marca-de-1.400-condenados-pelos-atos-golpistas-de-8-de-janeiro-e-reafirma-o-papel-da-justica-na-defesa-da-democracia\" sizes=\"(max-width: 408px) 100vw, 408px\" title=\"STF atinge marca de 1.400 condenados pelos atos golpistas de 8 de janeiro e reafirma o papel da Justi\u00e7a na defesa da Democracia\" srcset=\"https:\/\/tarauacanamidia.com.br\/wp-content\/uploads\/2026\/05\/155645-stf-atinge-marca-de-1-400-condenados-pelos-atos-golpistas-de-8-de-janeiro-e-reafirma-69f44babebcea-450x239.jpg 450w, https:\/\/tarauacanamidia.com.br\/wp-content\/uploads\/2026\/05\/155645-stf-atinge-marca-de-1-400-condenados-pelos-atos-golpistas-de-8-de-janeiro-e-reafirma-69f44babebcea-1024x544.jpg 1024w, https:\/\/tarauacanamidia.com.br\/wp-content\/uploads\/2026\/05\/155645-stf-atinge-marca-de-1-400-condenados-pelos-atos-golpistas-de-8-de-janeiro-e-reafirma-69f44babebcea-768x408.jpg 768w, https:\/\/tarauacanamidia.com.br\/wp-content\/uploads\/2026\/05\/155645-stf-atinge-marca-de-1-400-condenados-pelos-atos-golpistas-de-8-de-janeiro-e-reafirma-69f44babebcea-1536x816.jpg 1536w, https:\/\/tarauacanamidia.com.br\/wp-content\/uploads\/2026\/05\/155645-stf-atinge-marca-de-1-400-condenados-pelos-atos-golpistas-de-8-de-janeiro-e-reafirma-69f44babebcea-2048x1088.jpg 2048w, https:\/\/tarauacanamidia.com.br\/wp-content\/uploads\/2026\/05\/155645-stf-atinge-marca-de-1-400-condenados-pelos-atos-golpistas-de-8-de-janeiro-e-reafirma-69f44babebcea-1200x638.jpg 1200w\" \/><\/a>\t\t\t\n\t\t\t\n\t\t\t\n\t\t\t\t\t\t\t\n\t\t\t\t<span class=\"cat-labels cat-labels-overlay c-overlay p-bot-left\">\n\t\t\t\t<a href=\"https:\/\/tarauacanamidia.com.br\/?cat=33\" class=\"category term-color-33\" rel=\"category\" tabindex=\"-1\">Politica<\/a>\n\t\t\t<\/span>\n\t\t\t\t\t\t\n\t\t\t\n\t\t\n\t\t<\/div>\n\t\n\n\t\n\t\t<div class=\"content\">\n\n\t\t\t<div class=\"post-meta post-meta-a has-below\"><h2 class=\"is-title post-title\"><a href=\"https:\/\/tarauacanamidia.com.br\/?p=155645\">STF atinge marca de 1.400 condenados pelos atos golpistas de 8 de janeiro e reafirma o papel da Justi\u00e7a na defesa da Democracia<\/a><\/h2><div class=\"post-meta-items meta-below\"><span class=\"meta-item post-author\"><span class=\"by\">Fonte:<\/span> <a href=\"https:\/\/tarauacanamidia.com.br\/author\/marcelo-henrique-de-carvalho\" title=\"Posts de Marcelo Henrique de Carvalho\" rel=\"author\">Marcelo Henrique de Carvalho<\/a><\/span><span class=\"meta-item date\"><span class=\"date-link\"><time class=\"post-date\" datetime=\"2026-05-01T03:43:53-03:00\">1 de maio de 2026<\/time><\/span><\/span><\/div><\/div>\t\t\t\n\t\t\t\t\t\t\n\t\t\t\t<div class=\"excerpt\">\n\t\t\t\t\t<p>Em um momento em que o Congresso Nacional se debru\u00e7a sobre o Veto n\u00ba 3\/2026&hellip;<\/p>\n\t\t\t\t<\/div>\n\t\t\t\n\t\t\t\n\t\t\t\n\t\t<\/div>\n\n\t\n<\/article>\t\t\n\t<\/div>\n\n\t\t\n\n\t<div class=\"loop loop-small loop-small-a grid grid-2 md:grid-1 sm:grid-1 xs:grid-1\">\n\n\t\t\t\t\t\n<article class=\"l-post small-post small-a-post m-pos-left\">\n\n\t\n\t\t\t<div class=\"media\">\n\n\t\t\n\t\t\t<a href=\"https:\/\/tarauacanamidia.com.br\/?p=155647\" class=\"image-link media-ratio ratio-4-3\" title=\"Governo de SP demite auditores fiscais e refor\u00e7a a\u00e7\u00f5es contra irregularidades\"><img loading=\"lazy\" decoding=\"async\" width=\"153\" height=\"115\" src=\"https:\/\/tarauacanamidia.com.br\/wp-content\/uploads\/2026\/05\/155647-governo-de-sp-demite-auditores-fiscais-e-reforca-acoes-contra-irregularidades-300x200.png\" class=\"attachment-medium size-medium wp-post-image\" alt=\"governo-de-sp-demite-auditores-fiscais-e-reforca-acoes-contra-irregularidades\" sizes=\"(max-width: 153px) 100vw, 153px\" title=\"Governo de SP demite auditores fiscais e refor\u00e7a a\u00e7\u00f5es contra irregularidades\" srcset=\"https:\/\/tarauacanamidia.com.br\/wp-content\/uploads\/2026\/05\/155647-governo-de-sp-demite-auditores-fiscais-e-reforca-acoes-contra-irregularidades-300x200.png 300w, https:\/\/tarauacanamidia.com.br\/wp-content\/uploads\/2026\/05\/155647-governo-de-sp-demite-auditores-fiscais-e-reforca-acoes-contra-irregularidades-1024x683.png 1024w, https:\/\/tarauacanamidia.com.br\/wp-content\/uploads\/2026\/05\/155647-governo-de-sp-demite-auditores-fiscais-e-reforca-acoes-contra-irregularidades-768x512.png 768w, https:\/\/tarauacanamidia.com.br\/wp-content\/uploads\/2026\/05\/155647-governo-de-sp-demite-auditores-fiscais-e-reforca-acoes-contra-irregularidades-450x300.png 450w, https:\/\/tarauacanamidia.com.br\/wp-content\/uploads\/2026\/05\/155647-governo-de-sp-demite-auditores-fiscais-e-reforca-acoes-contra-irregularidades-1200x800.png 1200w, https:\/\/tarauacanamidia.com.br\/wp-content\/uploads\/2026\/05\/155647-governo-de-sp-demite-auditores-fiscais-e-reforca-acoes-contra-irregularidades-219x146.png 219w, https:\/\/tarauacanamidia.com.br\/wp-content\/uploads\/2026\/05\/155647-governo-de-sp-demite-auditores-fiscais-e-reforca-acoes-contra-irregularidades.png 1536w\" \/><\/a>\t\t\t\n\t\t\t\n\t\t\t\n\t\t\t\n\t\t\n\t\t<\/div>\n\t\n\n\t\n\t\t<div class=\"content\">\n\n\t\t\t<div class=\"post-meta post-meta-a post-meta-left has-below\"><h4 class=\"is-title post-title\"><a href=\"https:\/\/tarauacanamidia.com.br\/?p=155647\">Governo de SP demite auditores fiscais e refor\u00e7a a\u00e7\u00f5es contra irregularidades<\/a><\/h4><div class=\"post-meta-items meta-below\"><span class=\"meta-item date\"><span class=\"date-link\"><time class=\"post-date\" datetime=\"2026-05-01T03:43:52-03:00\">1 de maio de 2026<\/time><\/span><\/span><\/div><\/div>\t\t\t\n\t\t\t\n\t\t\t\n\t\t<\/div>\n\n\t\n<\/article>\t\n\t\t\t\t\t\n<article class=\"l-post small-post small-a-post m-pos-left\">\n\n\t\n\t\t\t<div class=\"media\">\n\n\t\t\n\t\t\t<a href=\"https:\/\/tarauacanamidia.com.br\/?p=155382\" class=\"image-link media-ratio ratio-4-3\" title=\"Professores da rede estadual de SP encerram greve, mas mant\u00eam mobiliza\u00e7\u00e3o\"><img loading=\"lazy\" decoding=\"async\" width=\"153\" height=\"115\" src=\"https:\/\/tarauacanamidia.com.br\/wp-content\/uploads\/2026\/04\/155382-professores-da-rede-estadual-de-sp-encerram-greve-mas-mantem-mobilizacao-300x200.png\" class=\"attachment-medium size-medium wp-post-image\" alt=\"professores-da-rede-estadual-de-sp-encerram-greve,-mas-mantem-mobilizacao\" sizes=\"(max-width: 153px) 100vw, 153px\" title=\"Professores da rede estadual de SP encerram greve, mas mant\u00eam mobiliza\u00e7\u00e3o\" srcset=\"https:\/\/tarauacanamidia.com.br\/wp-content\/uploads\/2026\/04\/155382-professores-da-rede-estadual-de-sp-encerram-greve-mas-mantem-mobilizacao-300x200.png 300w, https:\/\/tarauacanamidia.com.br\/wp-content\/uploads\/2026\/04\/155382-professores-da-rede-estadual-de-sp-encerram-greve-mas-mantem-mobilizacao-1024x683.png 1024w, https:\/\/tarauacanamidia.com.br\/wp-content\/uploads\/2026\/04\/155382-professores-da-rede-estadual-de-sp-encerram-greve-mas-mantem-mobilizacao-768x512.png 768w, https:\/\/tarauacanamidia.com.br\/wp-content\/uploads\/2026\/04\/155382-professores-da-rede-estadual-de-sp-encerram-greve-mas-mantem-mobilizacao-450x300.png 450w, https:\/\/tarauacanamidia.com.br\/wp-content\/uploads\/2026\/04\/155382-professores-da-rede-estadual-de-sp-encerram-greve-mas-mantem-mobilizacao-1200x800.png 1200w, https:\/\/tarauacanamidia.com.br\/wp-content\/uploads\/2026\/04\/155382-professores-da-rede-estadual-de-sp-encerram-greve-mas-mantem-mobilizacao-219x146.png 219w, https:\/\/tarauacanamidia.com.br\/wp-content\/uploads\/2026\/04\/155382-professores-da-rede-estadual-de-sp-encerram-greve-mas-mantem-mobilizacao.png 1536w\" \/><\/a>\t\t\t\n\t\t\t\n\t\t\t\n\t\t\t\n\t\t\n\t\t<\/div>\n\t\n\n\t\n\t\t<div class=\"content\">\n\n\t\t\t<div class=\"post-meta post-meta-a post-meta-left has-below\"><h4 class=\"is-title post-title\"><a href=\"https:\/\/tarauacanamidia.com.br\/?p=155382\">Professores da rede estadual de SP encerram greve, mas mant\u00eam mobiliza\u00e7\u00e3o<\/a><\/h4><div class=\"post-meta-items meta-below\"><span class=\"meta-item date\"><span class=\"date-link\"><time class=\"post-date\" datetime=\"2026-04-22T17:17:50-03:00\">22 de abril de 2026<\/time><\/span><\/span><\/div><\/div>\t\t\t\n\t\t\t\n\t\t\t\n\t\t<\/div>\n\n\t\n<\/article>\t\n\t\t\t\t\t\n<article class=\"l-post small-post small-a-post m-pos-left\">\n\n\t\n\t\t\t<div class=\"media\">\n\n\t\t\n\t\t\t<a href=\"https:\/\/tarauacanamidia.com.br\/?p=155395\" class=\"image-link media-ratio ratio-4-3\" title=\"Governo de SP abre consulta p\u00fablica para plano de combate ao lixo no mar\"><img loading=\"lazy\" decoding=\"async\" width=\"153\" height=\"115\" src=\"https:\/\/tarauacanamidia.com.br\/wp-content\/uploads\/2026\/04\/155395-governo-de-sp-abre-consulta-publica-para-plano-de-combate-ao-lixo-no-mar-300x200.png\" class=\"attachment-medium size-medium wp-post-image\" alt=\"governo-de-sp-abre-consulta-publica-para-plano-de-combate-ao-lixo-no-mar\" sizes=\"(max-width: 153px) 100vw, 153px\" title=\"Governo de SP abre consulta p\u00fablica para plano de combate ao lixo no mar\" srcset=\"https:\/\/tarauacanamidia.com.br\/wp-content\/uploads\/2026\/04\/155395-governo-de-sp-abre-consulta-publica-para-plano-de-combate-ao-lixo-no-mar-300x200.png 300w, https:\/\/tarauacanamidia.com.br\/wp-content\/uploads\/2026\/04\/155395-governo-de-sp-abre-consulta-publica-para-plano-de-combate-ao-lixo-no-mar-1024x683.png 1024w, https:\/\/tarauacanamidia.com.br\/wp-content\/uploads\/2026\/04\/155395-governo-de-sp-abre-consulta-publica-para-plano-de-combate-ao-lixo-no-mar-768x512.png 768w, https:\/\/tarauacanamidia.com.br\/wp-content\/uploads\/2026\/04\/155395-governo-de-sp-abre-consulta-publica-para-plano-de-combate-ao-lixo-no-mar-450x300.png 450w, https:\/\/tarauacanamidia.com.br\/wp-content\/uploads\/2026\/04\/155395-governo-de-sp-abre-consulta-publica-para-plano-de-combate-ao-lixo-no-mar-1200x800.png 1200w, https:\/\/tarauacanamidia.com.br\/wp-content\/uploads\/2026\/04\/155395-governo-de-sp-abre-consulta-publica-para-plano-de-combate-ao-lixo-no-mar-219x146.png 219w, https:\/\/tarauacanamidia.com.br\/wp-content\/uploads\/2026\/04\/155395-governo-de-sp-abre-consulta-publica-para-plano-de-combate-ao-lixo-no-mar.png 1536w\" \/><\/a>\t\t\t\n\t\t\t\n\t\t\t\n\t\t\t\n\t\t\n\t\t<\/div>\n\t\n\n\t\n\t\t<div class=\"content\">\n\n\t\t\t<div class=\"post-meta post-meta-a post-meta-left has-below\"><h4 class=\"is-title post-title\"><a href=\"https:\/\/tarauacanamidia.com.br\/?p=155395\">Governo de SP abre consulta p\u00fablica para plano de combate ao lixo no mar<\/a><\/h4><div class=\"post-meta-items meta-below\"><span class=\"meta-item date\"><span class=\"date-link\"><time class=\"post-date\" datetime=\"2026-04-22T17:17:49-03:00\">22 de abril de 2026<\/time><\/span><\/span><\/div><\/div>\t\t\t\n\t\t\t\n\t\t\t\n\t\t<\/div>\n\n\t\n<\/article>\t\n\t\t\t\t\t\n<article class=\"l-post small-post small-a-post m-pos-left\">\n\n\t\n\t\t\t<div class=\"media\">\n\n\t\t\n\t\t\t<a href=\"https:\/\/tarauacanamidia.com.br\/?p=155404\" class=\"image-link media-ratio ratio-4-3\" title=\"Renda per capita em SP dobra em 11 anos, mas desigualdade ainda persiste\"><img loading=\"lazy\" decoding=\"async\" width=\"153\" height=\"115\" src=\"https:\/\/tarauacanamidia.com.br\/wp-content\/uploads\/2026\/04\/155404-renda-per-capita-em-sp-dobra-em-11-anos-mas-desigualdade-ainda-persiste-300x200.png\" class=\"attachment-medium size-medium wp-post-image\" alt=\"renda-per-capita-em-sp-dobra-em-11-anos,-mas-desigualdade-ainda-persiste\" sizes=\"(max-width: 153px) 100vw, 153px\" title=\"Renda per capita em SP dobra em 11 anos, mas desigualdade ainda persiste\" srcset=\"https:\/\/tarauacanamidia.com.br\/wp-content\/uploads\/2026\/04\/155404-renda-per-capita-em-sp-dobra-em-11-anos-mas-desigualdade-ainda-persiste-300x200.png 300w, https:\/\/tarauacanamidia.com.br\/wp-content\/uploads\/2026\/04\/155404-renda-per-capita-em-sp-dobra-em-11-anos-mas-desigualdade-ainda-persiste-1024x683.png 1024w, https:\/\/tarauacanamidia.com.br\/wp-content\/uploads\/2026\/04\/155404-renda-per-capita-em-sp-dobra-em-11-anos-mas-desigualdade-ainda-persiste-768x512.png 768w, https:\/\/tarauacanamidia.com.br\/wp-content\/uploads\/2026\/04\/155404-renda-per-capita-em-sp-dobra-em-11-anos-mas-desigualdade-ainda-persiste-450x300.png 450w, https:\/\/tarauacanamidia.com.br\/wp-content\/uploads\/2026\/04\/155404-renda-per-capita-em-sp-dobra-em-11-anos-mas-desigualdade-ainda-persiste-1200x800.png 1200w, https:\/\/tarauacanamidia.com.br\/wp-content\/uploads\/2026\/04\/155404-renda-per-capita-em-sp-dobra-em-11-anos-mas-desigualdade-ainda-persiste-219x146.png 219w, https:\/\/tarauacanamidia.com.br\/wp-content\/uploads\/2026\/04\/155404-renda-per-capita-em-sp-dobra-em-11-anos-mas-desigualdade-ainda-persiste.png 1536w\" \/><\/a>\t\t\t\n\t\t\t\n\t\t\t\n\t\t\t\n\t\t\n\t\t<\/div>\n\t\n\n\t\n\t\t<div class=\"content\">\n\n\t\t\t<div class=\"post-meta post-meta-a post-meta-left has-below\"><h4 class=\"is-title post-title\"><a href=\"https:\/\/tarauacanamidia.com.br\/?p=155404\">Renda per capita em SP dobra em 11 anos, mas desigualdade ainda persiste<\/a><\/h4><div class=\"post-meta-items meta-below\"><span class=\"meta-item date\"><span class=\"date-link\"><time class=\"post-date\" datetime=\"2026-04-22T17:17:48-03:00\">22 de abril de 2026<\/time><\/span><\/span><\/div><\/div>\t\t\t\n\t\t\t\n\t\t\t\n\t\t<\/div>\n\n\t\n<\/article>\t\n\t\t\n\t<\/div>\n\n\t\t\t<\/div>\n\n\n\t\t\t\t<\/div>\n\n\t\t<\/section>\n\t\t\t\t\t\t<\/div>\n\t\t\t\t<\/div>\n\t\t\t\t<div class=\"elementor-element elementor-element-06c18bd elementor-widget elementor-widget-smartmag-overlay\" data-id=\"06c18bd\" data-element_type=\"widget\" data-e-type=\"widget\" data-widget_type=\"smartmag-overlay.default\">\n\t\t\t\t<div class=\"elementor-widget-container\">\n\t\t\t\t\t\t\t<section class=\"block-wrap block-overlay block-sc cols-gap-sm mb-none\" data-id=\"18\">\n\n\t\t\t\t\t\t\t\t\n\t\t\t\t\t\t\t\n\t\t\t\t<div class=\"block-head block-head-ac block-head-c is-left\">\n\n\t\t\t\t\t<h4 class=\"heading\">SHOWS, FEIRAS E EXPOSI\u00c7\u00d5ES<\/h4>\t\t\t\t\t\n\t\t\t\t\t\t\t\t\t<\/div>\n\t\t\t\t\n\t\t\t\n\t\t\t\n\t\t\t<div class=\"block-content\">\n\t\t\t\t\t\n\t<div data-slider=\"carousel\" data-autoplay=\"1\" data-speed data-slides=\"3\" data-slides-md data-slides-sm data-arrows=\"b\" data-dots=\"1\" class=\"loop loop-overlay common-slider loop-carousel arrow-hover slider-arrow-b grid grid-3 md:grid-2 xs:grid-1\">\n\n\t\t\t\n\t\t\t\n<article class=\"l-post grid-overlay overlay-post grid-overlay-a overlay-base-post\">\n\n\t\n\t\t\t<div class=\"media\">\n\n\t\t\n\t\t\t<a href=\"https:\/\/tarauacanamidia.com.br\/?p=155516\" class=\"image-link media-ratio ratio-4-3\" title=\"Orquestra Jovem do Estado se apresenta na Sala S\u00e3o Paulo neste domingo\"><img loading=\"lazy\" decoding=\"async\" width=\"408\" height=\"306\" src=\"https:\/\/tarauacanamidia.com.br\/wp-content\/uploads\/2026\/04\/155516-orquestra-jovem-do-estado-se-apresenta-na-sala-sao-paulo-neste-domingo-450x300.png\" class=\"attachment-bunyad-medium size-bunyad-medium wp-post-image\" alt=\"orquestra-jovem-do-estado-se-apresenta-na-sala-sao-paulo-neste-domingo\" sizes=\"(max-width: 408px) 100vw, 408px\" title=\"Orquestra Jovem do Estado se apresenta na Sala S\u00e3o Paulo neste domingo\" srcset=\"https:\/\/tarauacanamidia.com.br\/wp-content\/uploads\/2026\/04\/155516-orquestra-jovem-do-estado-se-apresenta-na-sala-sao-paulo-neste-domingo-450x300.png 450w, https:\/\/tarauacanamidia.com.br\/wp-content\/uploads\/2026\/04\/155516-orquestra-jovem-do-estado-se-apresenta-na-sala-sao-paulo-neste-domingo-1024x683.png 1024w, https:\/\/tarauacanamidia.com.br\/wp-content\/uploads\/2026\/04\/155516-orquestra-jovem-do-estado-se-apresenta-na-sala-sao-paulo-neste-domingo-768x512.png 768w, https:\/\/tarauacanamidia.com.br\/wp-content\/uploads\/2026\/04\/155516-orquestra-jovem-do-estado-se-apresenta-na-sala-sao-paulo-neste-domingo-1200x800.png 1200w, https:\/\/tarauacanamidia.com.br\/wp-content\/uploads\/2026\/04\/155516-orquestra-jovem-do-estado-se-apresenta-na-sala-sao-paulo-neste-domingo.png 1536w\" \/><\/a>\t\t\t\n\t\t\t\n\t\t\t\n\t\t\t\n\t\t\n\t\t<\/div>\n\t\n\n\t\t\t<div class=\"content-wrap\">\n\t\n\t\t<div class=\"content\">\n\n\t\t\t<div class=\"post-meta post-meta-a meta-contrast\"><div class=\"post-meta-items meta-above\"><span class=\"meta-item cat-labels\">\n\t\t\t\t\t\t\n\t\t\t\t\t\t<a href=\"https:\/\/tarauacanamidia.com.br\/?cat=71\" class=\"category term-color-71\" rel=\"category\" tabindex=\"-1\">Shows e Eventos<\/a>\n\t\t\t\t\t<\/span>\n\t\t\t\t\t<\/div><h2 class=\"is-title post-title\"><a href=\"https:\/\/tarauacanamidia.com.br\/?p=155516\">Orquestra Jovem do Estado se apresenta na Sala S\u00e3o Paulo neste domingo<\/a><\/h2><\/div>\t\t\t\n\t\t\t\n\t\t\t\n\t\t<\/div>\n\n\t\t\t<\/div>\n\t\n<\/article>\n\t\t\t\n\t\t\t\n<article class=\"l-post grid-overlay overlay-post grid-overlay-a overlay-base-post\">\n\n\t\n\t\t\t<div class=\"media\">\n\n\t\t\n\t\t\t<a href=\"https:\/\/tarauacanamidia.com.br\/?p=155523\" class=\"image-link media-ratio ratio-4-3\" title=\"Mostra Picadilha promove bate-papo gratuito sobre grafite neste s\u00e1bado em SP\"><img loading=\"lazy\" decoding=\"async\" width=\"408\" height=\"306\" src=\"https:\/\/tarauacanamidia.com.br\/wp-content\/uploads\/2026\/04\/155523-mostra-picadilha-promove-bate-papo-gratuito-sobre-grafite-neste-sabado-em-sp-450x300.png\" class=\"attachment-bunyad-medium size-bunyad-medium wp-post-image\" alt=\"mostra-picadilha-promove-bate-papo-gratuito-sobre-grafite-neste-sabado-em-sp\" sizes=\"(max-width: 408px) 100vw, 408px\" title=\"Mostra Picadilha promove bate-papo gratuito sobre grafite neste s\u00e1bado em SP\" srcset=\"https:\/\/tarauacanamidia.com.br\/wp-content\/uploads\/2026\/04\/155523-mostra-picadilha-promove-bate-papo-gratuito-sobre-grafite-neste-sabado-em-sp-450x300.png 450w, https:\/\/tarauacanamidia.com.br\/wp-content\/uploads\/2026\/04\/155523-mostra-picadilha-promove-bate-papo-gratuito-sobre-grafite-neste-sabado-em-sp-1024x683.png 1024w, https:\/\/tarauacanamidia.com.br\/wp-content\/uploads\/2026\/04\/155523-mostra-picadilha-promove-bate-papo-gratuito-sobre-grafite-neste-sabado-em-sp-768x512.png 768w, https:\/\/tarauacanamidia.com.br\/wp-content\/uploads\/2026\/04\/155523-mostra-picadilha-promove-bate-papo-gratuito-sobre-grafite-neste-sabado-em-sp-1200x800.png 1200w, https:\/\/tarauacanamidia.com.br\/wp-content\/uploads\/2026\/04\/155523-mostra-picadilha-promove-bate-papo-gratuito-sobre-grafite-neste-sabado-em-sp.png 1536w\" \/><\/a>\t\t\t\n\t\t\t\n\t\t\t\n\t\t\t\n\t\t\n\t\t<\/div>\n\t\n\n\t\t\t<div class=\"content-wrap\">\n\t\n\t\t<div class=\"content\">\n\n\t\t\t<div class=\"post-meta post-meta-a meta-contrast\"><div class=\"post-meta-items meta-above\"><span class=\"meta-item cat-labels\">\n\t\t\t\t\t\t\n\t\t\t\t\t\t<a href=\"https:\/\/tarauacanamidia.com.br\/?cat=72\" class=\"category term-color-72\" rel=\"category\" tabindex=\"-1\">Feiras e Exposi\u00e7\u00f5es<\/a>\n\t\t\t\t\t<\/span>\n\t\t\t\t\t<\/div><h2 class=\"is-title post-title\"><a href=\"https:\/\/tarauacanamidia.com.br\/?p=155523\">Mostra Picadilha promove bate-papo gratuito sobre grafite neste s\u00e1bado em SP<\/a><\/h2><\/div>\t\t\t\n\t\t\t\n\t\t\t\n\t\t<\/div>\n\n\t\t\t<\/div>\n\t\n<\/article>\n\t\t\t\n\t\t\t\n<article class=\"l-post grid-overlay overlay-post grid-overlay-a overlay-base-post\">\n\n\t\n\t\t\t<div class=\"media\">\n\n\t\t\n\t\t\t<a href=\"https:\/\/tarauacanamidia.com.br\/?p=155525\" class=\"image-link media-ratio ratio-4-3\" title=\"S\u00e3o Paulo Innovation Week ter\u00e1 programa\u00e7\u00e3o voltada \u00e0 m\u00fasica e literatura\"><img loading=\"lazy\" decoding=\"async\" width=\"408\" height=\"306\" src=\"https:\/\/tarauacanamidia.com.br\/wp-content\/uploads\/2026\/04\/155525-sao-paulo-innovation-week-tera-programacao-voltada-a-musica-e-literatura-450x300.png\" class=\"attachment-bunyad-medium size-bunyad-medium wp-post-image\" alt=\"sao-paulo-innovation-week-tera-programacao-voltada-a-musica-e-literatura\" sizes=\"(max-width: 408px) 100vw, 408px\" title=\"S\u00e3o Paulo Innovation Week ter\u00e1 programa\u00e7\u00e3o voltada \u00e0 m\u00fasica e literatura\" srcset=\"https:\/\/tarauacanamidia.com.br\/wp-content\/uploads\/2026\/04\/155525-sao-paulo-innovation-week-tera-programacao-voltada-a-musica-e-literatura-450x300.png 450w, https:\/\/tarauacanamidia.com.br\/wp-content\/uploads\/2026\/04\/155525-sao-paulo-innovation-week-tera-programacao-voltada-a-musica-e-literatura-1024x683.png 1024w, https:\/\/tarauacanamidia.com.br\/wp-content\/uploads\/2026\/04\/155525-sao-paulo-innovation-week-tera-programacao-voltada-a-musica-e-literatura-768x512.png 768w, https:\/\/tarauacanamidia.com.br\/wp-content\/uploads\/2026\/04\/155525-sao-paulo-innovation-week-tera-programacao-voltada-a-musica-e-literatura-1200x800.png 1200w, https:\/\/tarauacanamidia.com.br\/wp-content\/uploads\/2026\/04\/155525-sao-paulo-innovation-week-tera-programacao-voltada-a-musica-e-literatura.png 1536w\" \/><\/a>\t\t\t\n\t\t\t\n\t\t\t\n\t\t\t\n\t\t\n\t\t<\/div>\n\t\n\n\t\t\t<div class=\"content-wrap\">\n\t\n\t\t<div class=\"content\">\n\n\t\t\t<div class=\"post-meta post-meta-a meta-contrast\"><div class=\"post-meta-items meta-above\"><span class=\"meta-item cat-labels\">\n\t\t\t\t\t\t\n\t\t\t\t\t\t<a href=\"https:\/\/tarauacanamidia.com.br\/?cat=71\" class=\"category term-color-71\" rel=\"category\" tabindex=\"-1\">Shows e Eventos<\/a>\n\t\t\t\t\t<\/span>\n\t\t\t\t\t<\/div><h2 class=\"is-title post-title\"><a href=\"https:\/\/tarauacanamidia.com.br\/?p=155525\">S\u00e3o Paulo Innovation Week ter\u00e1 programa\u00e7\u00e3o voltada \u00e0 m\u00fasica e literatura<\/a><\/h2><\/div>\t\t\t\n\t\t\t\n\t\t\t\n\t\t<\/div>\n\n\t\t\t<\/div>\n\t\n<\/article>\n\t\t\n\t<\/div>\n\n\t\t\n\t\t\t<\/div>\n\n\t\t<\/section>\n\t\t\t\t\t\t<\/div>\n\t\t\t\t<\/div>\n\t\t\t\t<div class=\"elementor-element elementor-element-1648572 elementor-widget elementor-widget-smartmag-overlay\" data-id=\"1648572\" data-element_type=\"widget\" data-e-type=\"widget\" data-widget_type=\"smartmag-overlay.default\">\n\t\t\t\t<div class=\"elementor-widget-container\">\n\t\t\t\t\t\t\t<section class=\"block-wrap block-overlay block-sc cols-gap-sm mb-none\" data-id=\"19\">\n\n\t\t\t\t\t\t\t\t\n\t\t\t\t\t\t\t\n\t\t\t\t<div class=\"block-head block-head-ac block-head-c is-left\">\n\n\t\t\t\t\t<h4 class=\"heading\">EC\u00d4NOMIA, MERCADO E OPORTUNIDADES<\/h4>\t\t\t\t\t\n\t\t\t\t\t\t\t\t\t<\/div>\n\t\t\t\t\n\t\t\t\n\t\t\t\n\t\t\t<div class=\"block-content\">\n\t\t\t\t\t\n\t<div data-slider=\"carousel\" data-autoplay=\"1\" data-speed data-slides=\"3\" data-slides-md data-slides-sm data-arrows=\"b\" data-dots=\"1\" class=\"loop loop-overlay common-slider loop-carousel arrow-hover slider-arrow-b grid grid-3 md:grid-2 xs:grid-1\">\n\n\t\t\t\n\t\t\t\n<article class=\"l-post grid-overlay overlay-post grid-overlay-a overlay-base-post\">\n\n\t\n\t\t\t<div class=\"media\">\n\n\t\t\n\t\t\t<a href=\"https:\/\/tarauacanamidia.com.br\/?p=155649\" class=\"image-link media-ratio ratio-4-3\" title=\"Governo anuncia Desenrola 2.0 para 4 de maio com descontos de at\u00e9 90% e novo foco em d\u00edvidas de cart\u00e3o e cr\u00e9dito pessoal\"><img loading=\"lazy\" decoding=\"async\" width=\"408\" height=\"306\" src=\"https:\/\/tarauacanamidia.com.br\/wp-content\/uploads\/2026\/05\/155649-governo-anuncia-desenrola-2-0-para-4-de-maio-com-descontos-de-ate-90-e-novo-foco-em-d69f44bb2e2241.jpeg\" class=\"attachment-large size-large wp-post-image\" alt=\"governo-anuncia-desenrola-2.0-para-4-de-maio-com-descontos-de-ate-90%-e-novo-foco-em-dividas-de-cartao-e-credito-pessoal\" sizes=\"(max-width: 408px) 100vw, 408px\" title=\"Governo anuncia Desenrola 2.0 para 4 de maio com descontos de at\u00e9 90% e novo foco em d\u00edvidas de cart\u00e3o e cr\u00e9dito pessoal\" \/><\/a>\t\t\t\n\t\t\t\n\t\t\t\n\t\t\t\n\t\t\n\t\t<\/div>\n\t\n\n\t\t\t<div class=\"content-wrap\">\n\t\n\t\t<div class=\"content\">\n\n\t\t\t<div class=\"post-meta post-meta-a meta-contrast\"><div class=\"post-meta-items meta-above\"><span class=\"meta-item cat-labels\">\n\t\t\t\t\t\t\n\t\t\t\t\t\t<a href=\"https:\/\/tarauacanamidia.com.br\/?cat=38\" class=\"category term-color-38\" rel=\"category\" tabindex=\"-1\">Economia<\/a>\n\t\t\t\t\t<\/span>\n\t\t\t\t\t<\/div><h2 class=\"is-title post-title\"><a href=\"https:\/\/tarauacanamidia.com.br\/?p=155649\">Governo anuncia Desenrola 2.0 para 4 de maio com descontos de at\u00e9 90% e novo foco em d\u00edvidas de cart\u00e3o e cr\u00e9dito pessoal<\/a><\/h2><\/div>\t\t\t\n\t\t\t\n\t\t\t\n\t\t<\/div>\n\n\t\t\t<\/div>\n\t\n<\/article>\n\t\t\t\n\t\t\t\n<article class=\"l-post grid-overlay overlay-post grid-overlay-a overlay-base-post\">\n\n\t\n\t\t\t<div class=\"media\">\n\n\t\t\n\t\t\t<a href=\"https:\/\/tarauacanamidia.com.br\/?p=155651\" class=\"image-link media-ratio ratio-4-3\" title=\"Confira o funcionamento dos servi\u00e7os estaduais em SP no feriado de 1\u00ba de maio\"><img loading=\"lazy\" decoding=\"async\" width=\"408\" height=\"306\" src=\"https:\/\/tarauacanamidia.com.br\/wp-content\/uploads\/2026\/05\/155651-confira-o-funcionamento-dos-servicos-estaduais-em-sp-no-feriado-de-1o-de-maio-450x247.jpg\" class=\"attachment-bunyad-medium size-bunyad-medium wp-post-image\" alt=\"confira-o-funcionamento-dos-servicos-estaduais-em-sp-no-feriado-de-1o-de-maio\" sizes=\"(max-width: 408px) 100vw, 408px\" title=\"Confira o funcionamento dos servi\u00e7os estaduais em SP no feriado de 1\u00ba de maio\" srcset=\"https:\/\/tarauacanamidia.com.br\/wp-content\/uploads\/2026\/05\/155651-confira-o-funcionamento-dos-servicos-estaduais-em-sp-no-feriado-de-1o-de-maio-1024x562.jpg 1024w, https:\/\/tarauacanamidia.com.br\/wp-content\/uploads\/2026\/05\/155651-confira-o-funcionamento-dos-servicos-estaduais-em-sp-no-feriado-de-1o-de-maio-768x422.jpg 768w, https:\/\/tarauacanamidia.com.br\/wp-content\/uploads\/2026\/05\/155651-confira-o-funcionamento-dos-servicos-estaduais-em-sp-no-feriado-de-1o-de-maio-1536x844.jpg 1536w, https:\/\/tarauacanamidia.com.br\/wp-content\/uploads\/2026\/05\/155651-confira-o-funcionamento-dos-servicos-estaduais-em-sp-no-feriado-de-1o-de-maio-2048x1125.jpg 2048w, https:\/\/tarauacanamidia.com.br\/wp-content\/uploads\/2026\/05\/155651-confira-o-funcionamento-dos-servicos-estaduais-em-sp-no-feriado-de-1o-de-maio-1200x659.jpg 1200w\" \/><\/a>\t\t\t\n\t\t\t\n\t\t\t\n\t\t\t\n\t\t\n\t\t<\/div>\n\t\n\n\t\t\t<div class=\"content-wrap\">\n\t\n\t\t<div class=\"content\">\n\n\t\t\t<div class=\"post-meta post-meta-a meta-contrast\"><div class=\"post-meta-items meta-above\"><span class=\"meta-item cat-labels\">\n\t\t\t\t\t\t\n\t\t\t\t\t\t<a href=\"https:\/\/tarauacanamidia.com.br\/?cat=38\" class=\"category term-color-38\" rel=\"category\" tabindex=\"-1\">Economia<\/a>\n\t\t\t\t\t<\/span>\n\t\t\t\t\t<\/div><h2 class=\"is-title post-title\"><a href=\"https:\/\/tarauacanamidia.com.br\/?p=155651\">Confira o funcionamento dos servi\u00e7os estaduais em SP no feriado de 1\u00ba de maio<\/a><\/h2><\/div>\t\t\t\n\t\t\t\n\t\t\t\n\t\t<\/div>\n\n\t\t\t<\/div>\n\t\n<\/article>\n\t\t\t\n\t\t\t\n<article class=\"l-post grid-overlay overlay-post grid-overlay-a overlay-base-post\">\n\n\t\n\t\t\t<div class=\"media\">\n\n\t\t\n\t\t\t<a href=\"https:\/\/tarauacanamidia.com.br\/?p=155653\" class=\"image-link media-ratio ratio-4-3\" title=\"Mega-Sena acumula pr\u00eamio de R$ 115 milh\u00f5es no concurso 3001 e renova o sonho coletivo da fortuna instant\u00e2nea no Brasil\"><img loading=\"lazy\" decoding=\"async\" width=\"408\" height=\"306\" src=\"https:\/\/tarauacanamidia.com.br\/wp-content\/uploads\/2026\/05\/155653-mega-sena-acumula-premio-de-r-115-milhoes-no-concurso-3001-e-renova-o-sonho-coletivo-69f44bb81c271-450x338.jpg\" class=\"attachment-bunyad-medium size-bunyad-medium wp-post-image\" alt=\"mega-sena-acumula-premio-de-r$-115-milhoes-no-concurso-3001-e-renova-o-sonho-coletivo-da-fortuna-instantanea-no-brasil\" sizes=\"(max-width: 408px) 100vw, 408px\" title=\"Mega-Sena acumula pr\u00eamio de R$ 115 milh\u00f5es no concurso 3001 e renova o sonho coletivo da fortuna instant\u00e2nea no Brasil\" srcset=\"https:\/\/tarauacanamidia.com.br\/wp-content\/uploads\/2026\/05\/155653-mega-sena-acumula-premio-de-r-115-milhoes-no-concurso-3001-e-renova-o-sonho-coletivo-69f44bb81c271-450x338.jpg 450w, https:\/\/tarauacanamidia.com.br\/wp-content\/uploads\/2026\/05\/155653-mega-sena-acumula-premio-de-r-115-milhoes-no-concurso-3001-e-renova-o-sonho-coletivo-69f44bb81c271-300x225.jpg 300w, https:\/\/tarauacanamidia.com.br\/wp-content\/uploads\/2026\/05\/155653-mega-sena-acumula-premio-de-r-115-milhoes-no-concurso-3001-e-renova-o-sonho-coletivo-69f44bb81c271-1024x768.jpg 1024w, https:\/\/tarauacanamidia.com.br\/wp-content\/uploads\/2026\/05\/155653-mega-sena-acumula-premio-de-r-115-milhoes-no-concurso-3001-e-renova-o-sonho-coletivo-69f44bb81c271-768x576.jpg 768w, https:\/\/tarauacanamidia.com.br\/wp-content\/uploads\/2026\/05\/155653-mega-sena-acumula-premio-de-r-115-milhoes-no-concurso-3001-e-renova-o-sonho-coletivo-69f44bb81c271-1536x1152.jpg 1536w, https:\/\/tarauacanamidia.com.br\/wp-content\/uploads\/2026\/05\/155653-mega-sena-acumula-premio-de-r-115-milhoes-no-concurso-3001-e-renova-o-sonho-coletivo-69f44bb81c271-150x113.jpg 150w, https:\/\/tarauacanamidia.com.br\/wp-content\/uploads\/2026\/05\/155653-mega-sena-acumula-premio-de-r-115-milhoes-no-concurso-3001-e-renova-o-sonho-coletivo-69f44bb81c271-1200x900.jpg 1200w, https:\/\/tarauacanamidia.com.br\/wp-content\/uploads\/2026\/05\/155653-mega-sena-acumula-premio-de-r-115-milhoes-no-concurso-3001-e-renova-o-sonho-coletivo-69f44bb81c271-195x146.jpg 195w, https:\/\/tarauacanamidia.com.br\/wp-content\/uploads\/2026\/05\/155653-mega-sena-acumula-premio-de-r-115-milhoes-no-concurso-3001-e-renova-o-sonho-coletivo-69f44bb81c271.jpg 1600w\" \/><\/a>\t\t\t\n\t\t\t\n\t\t\t\n\t\t\t\n\t\t\n\t\t<\/div>\n\t\n\n\t\t\t<div class=\"content-wrap\">\n\t\n\t\t<div class=\"content\">\n\n\t\t\t<div class=\"post-meta post-meta-a meta-contrast\"><div class=\"post-meta-items meta-above\"><span class=\"meta-item cat-labels\">\n\t\t\t\t\t\t\n\t\t\t\t\t\t<a href=\"https:\/\/tarauacanamidia.com.br\/?cat=38\" class=\"category term-color-38\" rel=\"category\" tabindex=\"-1\">Economia<\/a>\n\t\t\t\t\t<\/span>\n\t\t\t\t\t<\/div><h2 class=\"is-title post-title\"><a href=\"https:\/\/tarauacanamidia.com.br\/?p=155653\">Mega-Sena acumula pr\u00eamio de R$ 115 milh\u00f5es no concurso 3001 e renova o sonho coletivo da fortuna instant\u00e2nea no Brasil<\/a><\/h2><\/div>\t\t\t\n\t\t\t\n\t\t\t\n\t\t<\/div>\n\n\t\t\t<\/div>\n\t\n<\/article>\n\t\t\n\t<\/div>\n\n\t\t\n\t\t\t<\/div>\n\n\t\t<\/section>\n\t\t\t\t\t\t<\/div>\n\t\t\t\t<\/div>\n\t\t\t\t<div class=\"elementor-element elementor-element-c22fb5c elementor-widget elementor-widget-smartmag-postssmall\" data-id=\"c22fb5c\" data-element_type=\"widget\" data-e-type=\"widget\" data-widget_type=\"smartmag-postssmall.default\">\n\t\t\t\t<div class=\"elementor-widget-container\">\n\t\t\t\t\t\t\t<section class=\"block-wrap block-posts-small block-sc mb-none\" data-id=\"20\">\n\n\t\t\t\t\t\t\t\t\n\t\t\t\t\t\t\t\n\t\t\t\t<div class=\"block-head block-head-ac block-head-c is-left\">\n\n\t\t\t\t\t<h4 class=\"heading\">EDUCA\u00c7\u00c3O, SOCIEDADE E EXPERI\u00caNCIAS<\/h4>\t\t\t\t\t\n\t\t\t\t\t\t\t\t\t<\/div>\n\t\t\t\t\n\t\t\t\n\t\t\t\n\t\t\t<div class=\"block-content\">\n\t\t\t\t\n\t<div data-slider=\"carousel\" data-autoplay=\"1\" data-speed data-slides=\"2\" data-slides-md data-slides-sm data-arrows=\"b\" data-dots=\"1\" class=\"loop loop-small loop-small- common-slider loop-carousel arrow-hover slider-arrow-b grid grid-2 md:grid-1 sm:grid-1 xs:grid-1\">\n\n\t\t\t\t\t\n<article class=\"l-post small-post m-pos-left\">\n\n\t\n\t\t\t<div class=\"media\">\n\n\t\t\n\t\t\t<a href=\"https:\/\/tarauacanamidia.com.br\/?p=155661\" class=\"image-link media-ratio ratio-4-3\" title=\"Van escolar com crian\u00e7as bate em casa na capital paulista\"><img loading=\"lazy\" decoding=\"async\" width=\"153\" height=\"115\" src=\"https:\/\/tarauacanamidia.com.br\/wp-content\/uploads\/2026\/05\/155661-van-escolar-com-criancas-bate-em-casa-na-capital-paulista-300x200.png\" class=\"attachment-medium size-medium wp-post-image\" alt=\"van-escolar-com-criancas-bate-em-casa-na-capital-paulista\" sizes=\"(max-width: 153px) 100vw, 153px\" title=\"Van escolar com crian\u00e7as bate em casa na capital paulista\" srcset=\"https:\/\/tarauacanamidia.com.br\/wp-content\/uploads\/2026\/05\/155661-van-escolar-com-criancas-bate-em-casa-na-capital-paulista-300x200.png 300w, https:\/\/tarauacanamidia.com.br\/wp-content\/uploads\/2026\/05\/155661-van-escolar-com-criancas-bate-em-casa-na-capital-paulista-1024x683.png 1024w, https:\/\/tarauacanamidia.com.br\/wp-content\/uploads\/2026\/05\/155661-van-escolar-com-criancas-bate-em-casa-na-capital-paulista-768x512.png 768w, https:\/\/tarauacanamidia.com.br\/wp-content\/uploads\/2026\/05\/155661-van-escolar-com-criancas-bate-em-casa-na-capital-paulista-1536x1024.png 1536w, https:\/\/tarauacanamidia.com.br\/wp-content\/uploads\/2026\/05\/155661-van-escolar-com-criancas-bate-em-casa-na-capital-paulista-450x300.png 450w, https:\/\/tarauacanamidia.com.br\/wp-content\/uploads\/2026\/05\/155661-van-escolar-com-criancas-bate-em-casa-na-capital-paulista-1200x800.png 1200w, https:\/\/tarauacanamidia.com.br\/wp-content\/uploads\/2026\/05\/155661-van-escolar-com-criancas-bate-em-casa-na-capital-paulista-219x146.png 219w, https:\/\/tarauacanamidia.com.br\/wp-content\/uploads\/2026\/05\/155661-van-escolar-com-criancas-bate-em-casa-na-capital-paulista.png 1920w\" \/><\/a>\t\t\t\n\t\t\t\n\t\t\t\n\t\t\t\n\t\t\n\t\t<\/div>\n\t\n\n\t\n\t\t<div class=\"content\">\n\n\t\t\t<div class=\"post-meta post-meta-a post-meta-left has-below\"><h4 class=\"is-title post-title limit-lines l-lines-2\"><a href=\"https:\/\/tarauacanamidia.com.br\/?p=155661\">Van escolar com crian\u00e7as bate em casa na capital paulista<\/a><\/h4><div class=\"post-meta-items meta-below\"><span class=\"meta-item date\"><span class=\"date-link\"><time class=\"post-date\" datetime=\"2026-05-01T03:44:19-03:00\">1 de maio de 2026<\/time><\/span><\/span><\/div><\/div>\t\t\t\n\t\t\t\n\t\t\t\n\t\t<\/div>\n\n\t\n<\/article>\t\n\t\t\t\t\t\n<article class=\"l-post small-post m-pos-left\">\n\n\t\n\t\t\t<div class=\"media\">\n\n\t\t\n\t\t\t<a href=\"https:\/\/tarauacanamidia.com.br\/?p=155663\" class=\"image-link media-ratio ratio-4-3\" title=\"Prefeitura de Osasco descarta livros de biblioteca p\u00fablica e a\u00e7\u00e3o gera repercuss\u00e3o\"><img loading=\"lazy\" decoding=\"async\" width=\"153\" height=\"115\" src=\"https:\/\/tarauacanamidia.com.br\/wp-content\/uploads\/2026\/05\/155663-prefeitura-de-osasco-descarta-livros-de-biblioteca-publica-e-acao-gera-repercussao-300x200.png\" class=\"attachment-medium size-medium wp-post-image\" alt=\"prefeitura-de-osasco-descarta-livros-de-biblioteca-publica-e-acao-gera-repercussao\" sizes=\"(max-width: 153px) 100vw, 153px\" title=\"Prefeitura de Osasco descarta livros de biblioteca p\u00fablica e a\u00e7\u00e3o gera repercuss\u00e3o\" srcset=\"https:\/\/tarauacanamidia.com.br\/wp-content\/uploads\/2026\/05\/155663-prefeitura-de-osasco-descarta-livros-de-biblioteca-publica-e-acao-gera-repercussao-300x200.png 300w, https:\/\/tarauacanamidia.com.br\/wp-content\/uploads\/2026\/05\/155663-prefeitura-de-osasco-descarta-livros-de-biblioteca-publica-e-acao-gera-repercussao-1024x683.png 1024w, https:\/\/tarauacanamidia.com.br\/wp-content\/uploads\/2026\/05\/155663-prefeitura-de-osasco-descarta-livros-de-biblioteca-publica-e-acao-gera-repercussao-768x512.png 768w, https:\/\/tarauacanamidia.com.br\/wp-content\/uploads\/2026\/05\/155663-prefeitura-de-osasco-descarta-livros-de-biblioteca-publica-e-acao-gera-repercussao-450x300.png 450w, https:\/\/tarauacanamidia.com.br\/wp-content\/uploads\/2026\/05\/155663-prefeitura-de-osasco-descarta-livros-de-biblioteca-publica-e-acao-gera-repercussao-1200x800.png 1200w, https:\/\/tarauacanamidia.com.br\/wp-content\/uploads\/2026\/05\/155663-prefeitura-de-osasco-descarta-livros-de-biblioteca-publica-e-acao-gera-repercussao-219x146.png 219w, https:\/\/tarauacanamidia.com.br\/wp-content\/uploads\/2026\/05\/155663-prefeitura-de-osasco-descarta-livros-de-biblioteca-publica-e-acao-gera-repercussao.png 1536w\" \/><\/a>\t\t\t\n\t\t\t\n\t\t\t\n\t\t\t\n\t\t\n\t\t<\/div>\n\t\n\n\t\n\t\t<div class=\"content\">\n\n\t\t\t<div class=\"post-meta post-meta-a post-meta-left has-below\"><h4 class=\"is-title post-title limit-lines l-lines-2\"><a href=\"https:\/\/tarauacanamidia.com.br\/?p=155663\">Prefeitura de Osasco descarta livros de biblioteca p\u00fablica e a\u00e7\u00e3o gera repercuss\u00e3o<\/a><\/h4><div class=\"post-meta-items meta-below\"><span class=\"meta-item date\"><span class=\"date-link\"><time class=\"post-date\" datetime=\"2026-05-01T03:44:18-03:00\">1 de maio de 2026<\/time><\/span><\/span><\/div><\/div>\t\t\t\n\t\t\t\n\t\t\t\n\t\t<\/div>\n\n\t\n<\/article>\t\n\t\t\t\t\t\n<article class=\"l-post small-post m-pos-left\">\n\n\t\n\t\t\t<div class=\"media\">\n\n\t\t\n\t\t\t<a href=\"https:\/\/tarauacanamidia.com.br\/?p=155665\" class=\"image-link media-ratio ratio-4-3\" title=\"Polo aeroespacial de S\u00e3o Jos\u00e9 dos Campos recebe incentivo e amplia projetos industriais\"><img loading=\"lazy\" decoding=\"async\" width=\"153\" height=\"115\" src=\"https:\/\/tarauacanamidia.com.br\/wp-content\/uploads\/2026\/05\/155665-polo-aeroespacial-de-sao-jose-dos-campos-recebe-incentivo-e-amplia-projetos-industriais-300x200.png\" class=\"attachment-medium size-medium wp-post-image\" alt=\"polo-aeroespacial-de-sao-jose-dos-campos-recebe-incentivo-e-amplia-projetos-industriais\" sizes=\"(max-width: 153px) 100vw, 153px\" title=\"Polo aeroespacial de S\u00e3o Jos\u00e9 dos Campos recebe incentivo e amplia projetos industriais\" srcset=\"https:\/\/tarauacanamidia.com.br\/wp-content\/uploads\/2026\/05\/155665-polo-aeroespacial-de-sao-jose-dos-campos-recebe-incentivo-e-amplia-projetos-industriais-300x200.png 300w, https:\/\/tarauacanamidia.com.br\/wp-content\/uploads\/2026\/05\/155665-polo-aeroespacial-de-sao-jose-dos-campos-recebe-incentivo-e-amplia-projetos-industriais-1024x683.png 1024w, https:\/\/tarauacanamidia.com.br\/wp-content\/uploads\/2026\/05\/155665-polo-aeroespacial-de-sao-jose-dos-campos-recebe-incentivo-e-amplia-projetos-industriais-768x512.png 768w, https:\/\/tarauacanamidia.com.br\/wp-content\/uploads\/2026\/05\/155665-polo-aeroespacial-de-sao-jose-dos-campos-recebe-incentivo-e-amplia-projetos-industriais-450x300.png 450w, https:\/\/tarauacanamidia.com.br\/wp-content\/uploads\/2026\/05\/155665-polo-aeroespacial-de-sao-jose-dos-campos-recebe-incentivo-e-amplia-projetos-industriais-1200x800.png 1200w, https:\/\/tarauacanamidia.com.br\/wp-content\/uploads\/2026\/05\/155665-polo-aeroespacial-de-sao-jose-dos-campos-recebe-incentivo-e-amplia-projetos-industriais-219x146.png 219w, https:\/\/tarauacanamidia.com.br\/wp-content\/uploads\/2026\/05\/155665-polo-aeroespacial-de-sao-jose-dos-campos-recebe-incentivo-e-amplia-projetos-industriais.png 1536w\" \/><\/a>\t\t\t\n\t\t\t\n\t\t\t\n\t\t\t\n\t\t\n\t\t<\/div>\n\t\n\n\t\n\t\t<div class=\"content\">\n\n\t\t\t<div class=\"post-meta post-meta-a post-meta-left has-below\"><h4 class=\"is-title post-title limit-lines l-lines-2\"><a href=\"https:\/\/tarauacanamidia.com.br\/?p=155665\">Polo aeroespacial de S\u00e3o Jos\u00e9 dos Campos recebe incentivo e amplia projetos industriais<\/a><\/h4><div class=\"post-meta-items meta-below\"><span class=\"meta-item date\"><span class=\"date-link\"><time class=\"post-date\" datetime=\"2026-05-01T03:44:17-03:00\">1 de maio de 2026<\/time><\/span><\/span><\/div><\/div>\t\t\t\n\t\t\t\n\t\t\t\n\t\t<\/div>\n\n\t\n<\/article>\t\n\t\t\t\t\t\n<article class=\"l-post small-post m-pos-left\">\n\n\t\n\t\t\t<div class=\"media\">\n\n\t\t\n\t\t\t<a href=\"https:\/\/tarauacanamidia.com.br\/?p=155398\" class=\"image-link media-ratio ratio-4-3\" title=\"SP abre 1,7 mil vagas em cursos gratuitos com inscri\u00e7\u00f5es at\u00e9 28 de abril\"><img loading=\"lazy\" decoding=\"async\" width=\"153\" height=\"115\" src=\"https:\/\/tarauacanamidia.com.br\/wp-content\/uploads\/2026\/04\/155398-sp-abre-17-mil-vagas-em-cursos-gratuitos-com-inscricoes-ate-28-de-abril-300x200.png\" class=\"attachment-medium size-medium wp-post-image\" alt=\"sp-abre-1,7-mil-vagas-em-cursos-gratuitos-com-inscricoes-ate-28-de-abril\" sizes=\"(max-width: 153px) 100vw, 153px\" title=\"SP abre 1,7 mil vagas em cursos gratuitos com inscri\u00e7\u00f5es at\u00e9 28 de abril\" srcset=\"https:\/\/tarauacanamidia.com.br\/wp-content\/uploads\/2026\/04\/155398-sp-abre-17-mil-vagas-em-cursos-gratuitos-com-inscricoes-ate-28-de-abril-300x200.png 300w, https:\/\/tarauacanamidia.com.br\/wp-content\/uploads\/2026\/04\/155398-sp-abre-17-mil-vagas-em-cursos-gratuitos-com-inscricoes-ate-28-de-abril-1024x683.png 1024w, https:\/\/tarauacanamidia.com.br\/wp-content\/uploads\/2026\/04\/155398-sp-abre-17-mil-vagas-em-cursos-gratuitos-com-inscricoes-ate-28-de-abril-768x512.png 768w, https:\/\/tarauacanamidia.com.br\/wp-content\/uploads\/2026\/04\/155398-sp-abre-17-mil-vagas-em-cursos-gratuitos-com-inscricoes-ate-28-de-abril-450x300.png 450w, https:\/\/tarauacanamidia.com.br\/wp-content\/uploads\/2026\/04\/155398-sp-abre-17-mil-vagas-em-cursos-gratuitos-com-inscricoes-ate-28-de-abril-1200x800.png 1200w, https:\/\/tarauacanamidia.com.br\/wp-content\/uploads\/2026\/04\/155398-sp-abre-17-mil-vagas-em-cursos-gratuitos-com-inscricoes-ate-28-de-abril-219x146.png 219w, https:\/\/tarauacanamidia.com.br\/wp-content\/uploads\/2026\/04\/155398-sp-abre-17-mil-vagas-em-cursos-gratuitos-com-inscricoes-ate-28-de-abril.png 1536w\" \/><\/a>\t\t\t\n\t\t\t\n\t\t\t\n\t\t\t\n\t\t\n\t\t<\/div>\n\t\n\n\t\n\t\t<div class=\"content\">\n\n\t\t\t<div class=\"post-meta post-meta-a post-meta-left has-below\"><h4 class=\"is-title post-title limit-lines l-lines-2\"><a href=\"https:\/\/tarauacanamidia.com.br\/?p=155398\">SP abre 1,7 mil vagas em cursos gratuitos com inscri\u00e7\u00f5es at\u00e9 28 de abril<\/a><\/h4><div class=\"post-meta-items meta-below\"><span class=\"meta-item date\"><span class=\"date-link\"><time class=\"post-date\" datetime=\"2026-04-22T17:17:55-03:00\">22 de abril de 2026<\/time><\/span><\/span><\/div><\/div>\t\t\t\n\t\t\t\n\t\t\t\n\t\t<\/div>\n\n\t\n<\/article>\t\n\t\t\t\t\t\n<article class=\"l-post small-post m-pos-left\">\n\n\t\n\t\t\t<div class=\"media\">\n\n\t\t\n\t\t\t<a href=\"https:\/\/tarauacanamidia.com.br\/?p=155406\" class=\"image-link media-ratio ratio-4-3\" title=\"Matr\u00edculas para o Prov\u00e3o Paulista est\u00e3o abertas na primeira chamada\"><img loading=\"lazy\" decoding=\"async\" width=\"153\" height=\"115\" src=\"https:\/\/tarauacanamidia.com.br\/wp-content\/uploads\/2026\/04\/155406-matriculas-para-o-provao-paulista-estao-abertas-na-primeira-chamada-300x200.png\" class=\"attachment-medium size-medium wp-post-image\" alt=\"matriculas-para-o-provao-paulista-estao-abertas-na-primeira-chamada\" sizes=\"(max-width: 153px) 100vw, 153px\" title=\"Matr\u00edculas para o Prov\u00e3o Paulista est\u00e3o abertas na primeira chamada\" srcset=\"https:\/\/tarauacanamidia.com.br\/wp-content\/uploads\/2026\/04\/155406-matriculas-para-o-provao-paulista-estao-abertas-na-primeira-chamada-300x200.png 300w, https:\/\/tarauacanamidia.com.br\/wp-content\/uploads\/2026\/04\/155406-matriculas-para-o-provao-paulista-estao-abertas-na-primeira-chamada-1024x683.png 1024w, https:\/\/tarauacanamidia.com.br\/wp-content\/uploads\/2026\/04\/155406-matriculas-para-o-provao-paulista-estao-abertas-na-primeira-chamada-768x512.png 768w, https:\/\/tarauacanamidia.com.br\/wp-content\/uploads\/2026\/04\/155406-matriculas-para-o-provao-paulista-estao-abertas-na-primeira-chamada-450x300.png 450w, https:\/\/tarauacanamidia.com.br\/wp-content\/uploads\/2026\/04\/155406-matriculas-para-o-provao-paulista-estao-abertas-na-primeira-chamada-1200x800.png 1200w, https:\/\/tarauacanamidia.com.br\/wp-content\/uploads\/2026\/04\/155406-matriculas-para-o-provao-paulista-estao-abertas-na-primeira-chamada-219x146.png 219w, https:\/\/tarauacanamidia.com.br\/wp-content\/uploads\/2026\/04\/155406-matriculas-para-o-provao-paulista-estao-abertas-na-primeira-chamada.png 1536w\" \/><\/a>\t\t\t\n\t\t\t\n\t\t\t\n\t\t\t\n\t\t\n\t\t<\/div>\n\t\n\n\t\n\t\t<div class=\"content\">\n\n\t\t\t<div class=\"post-meta post-meta-a post-meta-left has-below\"><h4 class=\"is-title post-title limit-lines l-lines-2\"><a href=\"https:\/\/tarauacanamidia.com.br\/?p=155406\">Matr\u00edculas para o Prov\u00e3o Paulista est\u00e3o abertas na primeira chamada<\/a><\/h4><div class=\"post-meta-items meta-below\"><span class=\"meta-item date\"><span class=\"date-link\"><time class=\"post-date\" datetime=\"2026-04-22T17:17:54-03:00\">22 de abril de 2026<\/time><\/span><\/span><\/div><\/div>\t\t\t\n\t\t\t\n\t\t\t\n\t\t<\/div>\n\n\t\n<\/article>\t\n\t\t\t\t\t\n<article class=\"l-post small-post m-pos-left\">\n\n\t\n\t\t\t<div class=\"media\">\n\n\t\t\n\t\t\t<a href=\"https:\/\/tarauacanamidia.com.br\/?p=155413\" class=\"image-link media-ratio ratio-4-3\" title=\"Acesso ao pr\u00e9-natal completo \u00e9 menor entre ind\u00edgenas e mulheres com baixa escolaridade no Brasil\"><img loading=\"lazy\" decoding=\"async\" width=\"153\" height=\"115\" src=\"https:\/\/tarauacanamidia.com.br\/wp-content\/uploads\/2026\/04\/155413-acesso-ao-pre-natal-completo-e-menor-entre-indigenas-e-mulheres-com-baixa-escolaridade-no-brasil-300x200.png\" class=\"attachment-medium size-medium wp-post-image\" alt=\"acesso-ao-pre-natal-completo-e-menor-entre-indigenas-e-mulheres-com-baixa-escolaridade-no-brasil\" sizes=\"(max-width: 153px) 100vw, 153px\" title=\"Acesso ao pr\u00e9-natal completo \u00e9 menor entre ind\u00edgenas e mulheres com baixa escolaridade no Brasil\" srcset=\"https:\/\/tarauacanamidia.com.br\/wp-content\/uploads\/2026\/04\/155413-acesso-ao-pre-natal-completo-e-menor-entre-indigenas-e-mulheres-com-baixa-escolaridade-no-brasil-300x200.png 300w, https:\/\/tarauacanamidia.com.br\/wp-content\/uploads\/2026\/04\/155413-acesso-ao-pre-natal-completo-e-menor-entre-indigenas-e-mulheres-com-baixa-escolaridade-no-brasil-1024x683.png 1024w, https:\/\/tarauacanamidia.com.br\/wp-content\/uploads\/2026\/04\/155413-acesso-ao-pre-natal-completo-e-menor-entre-indigenas-e-mulheres-com-baixa-escolaridade-no-brasil-768x512.png 768w, https:\/\/tarauacanamidia.com.br\/wp-content\/uploads\/2026\/04\/155413-acesso-ao-pre-natal-completo-e-menor-entre-indigenas-e-mulheres-com-baixa-escolaridade-no-brasil-450x300.png 450w, https:\/\/tarauacanamidia.com.br\/wp-content\/uploads\/2026\/04\/155413-acesso-ao-pre-natal-completo-e-menor-entre-indigenas-e-mulheres-com-baixa-escolaridade-no-brasil-1200x800.png 1200w, https:\/\/tarauacanamidia.com.br\/wp-content\/uploads\/2026\/04\/155413-acesso-ao-pre-natal-completo-e-menor-entre-indigenas-e-mulheres-com-baixa-escolaridade-no-brasil-219x146.png 219w, https:\/\/tarauacanamidia.com.br\/wp-content\/uploads\/2026\/04\/155413-acesso-ao-pre-natal-completo-e-menor-entre-indigenas-e-mulheres-com-baixa-escolaridade-no-brasil.png 1536w\" \/><\/a>\t\t\t\n\t\t\t\n\t\t\t\n\t\t\t\n\t\t\n\t\t<\/div>\n\t\n\n\t\n\t\t<div class=\"content\">\n\n\t\t\t<div class=\"post-meta post-meta-a post-meta-left has-below\"><h4 class=\"is-title post-title limit-lines l-lines-2\"><a href=\"https:\/\/tarauacanamidia.com.br\/?p=155413\">Acesso ao pr\u00e9-natal completo \u00e9 menor entre ind\u00edgenas e mulheres com baixa escolaridade no Brasil<\/a><\/h4><div class=\"post-meta-items meta-below\"><span class=\"meta-item date\"><span class=\"date-link\"><time class=\"post-date\" datetime=\"2026-04-22T17:17:53-03:00\">22 de abril de 2026<\/time><\/span><\/span><\/div><\/div>\t\t\t\n\t\t\t\n\t\t\t\n\t\t<\/div>\n\n\t\n<\/article>\t\n\t\t\n\t<\/div>\n\n\t\t\t\t\t<\/div>\n\n\t\t<\/section>\n\t\t\t\t\t\t<\/div>\n\t\t\t\t<\/div>\n\t\t\t\t<div class=\"elementor-element elementor-element-49f0cf3 elementor-widget elementor-widget-smartmag-overlay\" data-id=\"49f0cf3\" data-element_type=\"widget\" data-e-type=\"widget\" data-widget_type=\"smartmag-overlay.default\">\n\t\t\t\t<div class=\"elementor-widget-container\">\n\t\t\t\t\t\t\t<section class=\"block-wrap block-overlay block-sc cols-gap-sm mb-none\" data-id=\"21\">\n\n\t\t\t\t\t\t\t\t\n\t\t\t\t\t\t\t\n\t\t\t\t<div class=\"block-head block-head-ac block-head-c is-left\">\n\n\t\t\t\t\t<h4 class=\"heading\">CULTURA E ENTRETENIMENTO<\/h4>\t\t\t\t\t\n\t\t\t\t\t\t\t\t\t<\/div>\n\t\t\t\t\n\t\t\t\n\t\t\t\n\t\t\t<div class=\"block-content\">\n\t\t\t\t\t\n\t<div data-slider=\"carousel\" data-autoplay=\"1\" data-speed data-slides=\"3\" data-slides-md data-slides-sm data-arrows=\"b\" data-dots=\"1\" class=\"loop loop-overlay common-slider loop-carousel arrow-hover slider-arrow-b grid grid-3 md:grid-2 xs:grid-1\">\n\n\t\t\t\n\t\t\t\n<article class=\"l-post grid-overlay overlay-post grid-overlay-a overlay-base-post\">\n\n\t\n\t\t\t<div class=\"media\">\n\n\t\t\n\t\t\t<a href=\"https:\/\/tarauacanamidia.com.br\/?p=155748\" class=\"image-link media-ratio ratio-4-3\" title=\"Governo de SP abre mil vagas para cursos gratuitos na \u00e1rea de cultura\"><img loading=\"lazy\" decoding=\"async\" width=\"408\" height=\"306\" src=\"https:\/\/tarauacanamidia.com.br\/wp-content\/uploads\/2026\/05\/155748-governo-de-sp-abre-mil-vagas-para-cursos-gratuitos-na-area-de-cultura-450x300.png\" class=\"attachment-bunyad-medium size-bunyad-medium wp-post-image\" alt=\"governo-de-sp-abre-mil-vagas-para-cursos-gratuitos-na-area-de-cultura\" sizes=\"(max-width: 408px) 100vw, 408px\" title=\"Governo de SP abre mil vagas para cursos gratuitos na \u00e1rea de cultura\" srcset=\"https:\/\/tarauacanamidia.com.br\/wp-content\/uploads\/2026\/05\/155748-governo-de-sp-abre-mil-vagas-para-cursos-gratuitos-na-area-de-cultura-450x300.png 450w, https:\/\/tarauacanamidia.com.br\/wp-content\/uploads\/2026\/05\/155748-governo-de-sp-abre-mil-vagas-para-cursos-gratuitos-na-area-de-cultura-1024x683.png 1024w, https:\/\/tarauacanamidia.com.br\/wp-content\/uploads\/2026\/05\/155748-governo-de-sp-abre-mil-vagas-para-cursos-gratuitos-na-area-de-cultura-768x512.png 768w, https:\/\/tarauacanamidia.com.br\/wp-content\/uploads\/2026\/05\/155748-governo-de-sp-abre-mil-vagas-para-cursos-gratuitos-na-area-de-cultura-1200x800.png 1200w, https:\/\/tarauacanamidia.com.br\/wp-content\/uploads\/2026\/05\/155748-governo-de-sp-abre-mil-vagas-para-cursos-gratuitos-na-area-de-cultura.png 1536w\" \/><\/a>\t\t\t\n\t\t\t\n\t\t\t\n\t\t\t\n\t\t\n\t\t<\/div>\n\t\n\n\t\t\t<div class=\"content-wrap\">\n\t\n\t\t<div class=\"content\">\n\n\t\t\t<div class=\"post-meta post-meta-a meta-contrast\"><div class=\"post-meta-items meta-above\"><span class=\"meta-item cat-labels\">\n\t\t\t\t\t\t\n\t\t\t\t\t\t<a href=\"https:\/\/tarauacanamidia.com.br\/?cat=68\" class=\"category term-color-68\" rel=\"category\" tabindex=\"-1\">Cultura<\/a>\n\t\t\t\t\t<\/span>\n\t\t\t\t\t<\/div><h2 class=\"is-title post-title\"><a href=\"https:\/\/tarauacanamidia.com.br\/?p=155748\">Governo de SP abre mil vagas para cursos gratuitos na \u00e1rea de cultura<\/a><\/h2><\/div>\t\t\t\n\t\t\t\n\t\t\t\n\t\t<\/div>\n\n\t\t\t<\/div>\n\t\n<\/article>\n\t\t\t\n\t\t\t\n<article class=\"l-post grid-overlay overlay-post grid-overlay-a overlay-base-post\">\n\n\t\n\t\t\t<div class=\"media\">\n\n\t\t\n\t\t\t<a href=\"https:\/\/tarauacanamidia.com.br\/?p=155487\" class=\"image-link media-ratio ratio-4-3\" title=\"Governo de SP autoriza R$ 276 milh\u00f5es em conv\u00eanios com munic\u00edpios tur\u00edsticos\"><img loading=\"lazy\" decoding=\"async\" width=\"408\" height=\"306\" src=\"https:\/\/tarauacanamidia.com.br\/wp-content\/uploads\/2026\/04\/155487-governo-de-sp-autoriza-r-276-milhoes-em-convenios-com-municipios-turisticos-450x300.png\" class=\"attachment-bunyad-medium size-bunyad-medium wp-post-image\" alt=\"governo-de-sp-autoriza-r$-276-milhoes-em-convenios-com-municipios-turisticos\" sizes=\"(max-width: 408px) 100vw, 408px\" title=\"Governo de SP autoriza R$ 276 milh\u00f5es em conv\u00eanios com munic\u00edpios tur\u00edsticos\" srcset=\"https:\/\/tarauacanamidia.com.br\/wp-content\/uploads\/2026\/04\/155487-governo-de-sp-autoriza-r-276-milhoes-em-convenios-com-municipios-turisticos-450x300.png 450w, https:\/\/tarauacanamidia.com.br\/wp-content\/uploads\/2026\/04\/155487-governo-de-sp-autoriza-r-276-milhoes-em-convenios-com-municipios-turisticos-1024x683.png 1024w, https:\/\/tarauacanamidia.com.br\/wp-content\/uploads\/2026\/04\/155487-governo-de-sp-autoriza-r-276-milhoes-em-convenios-com-municipios-turisticos-768x512.png 768w, https:\/\/tarauacanamidia.com.br\/wp-content\/uploads\/2026\/04\/155487-governo-de-sp-autoriza-r-276-milhoes-em-convenios-com-municipios-turisticos-1200x800.png 1200w, https:\/\/tarauacanamidia.com.br\/wp-content\/uploads\/2026\/04\/155487-governo-de-sp-autoriza-r-276-milhoes-em-convenios-com-municipios-turisticos.png 1536w\" \/><\/a>\t\t\t\n\t\t\t\n\t\t\t\n\t\t\t\n\t\t\n\t\t<\/div>\n\t\n\n\t\t\t<div class=\"content-wrap\">\n\t\n\t\t<div class=\"content\">\n\n\t\t\t<div class=\"post-meta post-meta-a meta-contrast\"><div class=\"post-meta-items meta-above\"><span class=\"meta-item cat-labels\">\n\t\t\t\t\t\t\n\t\t\t\t\t\t<a href=\"https:\/\/tarauacanamidia.com.br\/?cat=68\" class=\"category term-color-68\" rel=\"category\" tabindex=\"-1\">Cultura<\/a>\n\t\t\t\t\t<\/span>\n\t\t\t\t\t<\/div><h2 class=\"is-title post-title\"><a href=\"https:\/\/tarauacanamidia.com.br\/?p=155487\">Governo de SP autoriza R$ 276 milh\u00f5es em conv\u00eanios com munic\u00edpios tur\u00edsticos<\/a><\/h2><\/div>\t\t\t\n\t\t\t\n\t\t\t\n\t\t<\/div>\n\n\t\t\t<\/div>\n\t\n<\/article>\n\t\t\t\n\t\t\t\n<article class=\"l-post grid-overlay overlay-post grid-overlay-a overlay-base-post\">\n\n\t\n\t\t\t<div class=\"media\">\n\n\t\t\n\t\t\t<a href=\"https:\/\/tarauacanamidia.com.br\/?p=155501\" class=\"image-link media-ratio ratio-4-3\" title=\"Dia Mundial do Caf\u00e9 destaca S\u00e3o Paulo como terceiro maior produtor do pa\u00eds\"><img loading=\"lazy\" decoding=\"async\" width=\"408\" height=\"306\" src=\"https:\/\/tarauacanamidia.com.br\/wp-content\/uploads\/2026\/04\/155501-dia-mundial-do-cafe-destaca-sao-paulo-como-terceiro-maior-produtor-do-pais-450x300.png\" class=\"attachment-bunyad-medium size-bunyad-medium wp-post-image\" alt=\"dia-mundial-do-cafe-destaca-sao-paulo-como-terceiro-maior-produtor-do-pais\" sizes=\"(max-width: 408px) 100vw, 408px\" title=\"Dia Mundial do Caf\u00e9 destaca S\u00e3o Paulo como terceiro maior produtor do pa\u00eds\" srcset=\"https:\/\/tarauacanamidia.com.br\/wp-content\/uploads\/2026\/04\/155501-dia-mundial-do-cafe-destaca-sao-paulo-como-terceiro-maior-produtor-do-pais-450x300.png 450w, https:\/\/tarauacanamidia.com.br\/wp-content\/uploads\/2026\/04\/155501-dia-mundial-do-cafe-destaca-sao-paulo-como-terceiro-maior-produtor-do-pais-1024x683.png 1024w, https:\/\/tarauacanamidia.com.br\/wp-content\/uploads\/2026\/04\/155501-dia-mundial-do-cafe-destaca-sao-paulo-como-terceiro-maior-produtor-do-pais-768x512.png 768w, https:\/\/tarauacanamidia.com.br\/wp-content\/uploads\/2026\/04\/155501-dia-mundial-do-cafe-destaca-sao-paulo-como-terceiro-maior-produtor-do-pais-1200x800.png 1200w, https:\/\/tarauacanamidia.com.br\/wp-content\/uploads\/2026\/04\/155501-dia-mundial-do-cafe-destaca-sao-paulo-como-terceiro-maior-produtor-do-pais.png 1536w\" \/><\/a>\t\t\t\n\t\t\t\n\t\t\t\n\t\t\t\n\t\t\n\t\t<\/div>\n\t\n\n\t\t\t<div class=\"content-wrap\">\n\t\n\t\t<div class=\"content\">\n\n\t\t\t<div class=\"post-meta post-meta-a meta-contrast\"><div class=\"post-meta-items meta-above\"><span class=\"meta-item cat-labels\">\n\t\t\t\t\t\t\n\t\t\t\t\t\t<a href=\"https:\/\/tarauacanamidia.com.br\/?cat=68\" class=\"category term-color-68\" rel=\"category\" tabindex=\"-1\">Cultura<\/a>\n\t\t\t\t\t<\/span>\n\t\t\t\t\t<\/div><h2 class=\"is-title post-title\"><a href=\"https:\/\/tarauacanamidia.com.br\/?p=155501\">Dia Mundial do Caf\u00e9 destaca S\u00e3o Paulo como terceiro maior produtor do pa\u00eds<\/a><\/h2><\/div>\t\t\t\n\t\t\t\n\t\t\t\n\t\t<\/div>\n\n\t\t\t<\/div>\n\t\n<\/article>\n\t\t\n\t<\/div>\n\n\t\t\n\t\t\t<\/div>\n\n\t\t<\/section>\n\t\t\t\t\t\t<\/div>\n\t\t\t\t<\/div>\n\t\t\t\t<div class=\"elementor-element elementor-element-74ef097 elementor-widget elementor-widget-smartmag-focusgrid\" data-id=\"74ef097\" data-element_type=\"widget\" data-e-type=\"widget\" data-widget_type=\"smartmag-focusgrid.default\">\n\t\t\t\t<div class=\"elementor-widget-container\">\n\t\t\t\t\t\t\t<section class=\"block-wrap block-focus-grid block-sc cols-gap-sm mb-none\" data-id=\"22\" data-is-mixed=\"1\">\n\n\t\t\t\t\t\t\t\t\n\t\t\t\t\t\t\t\n\t\t\t\t<div class=\"block-head block-head-ac block-head-c is-left\">\n\n\t\t\t\t\t<h4 class=\"heading\">SA\u00daDE<\/h4>\t\t\t\t\t\n\t\t\t\t\t\t\t\t\t<\/div>\n\t\t\t\t\n\t\t\t\n\t\t\t\n\t\t\t<div class=\"block-content\">\n\t\t\t\t\t\n\t<div class=\"grid grid-2 sm:grid-1 cols-not-eq loops-mixed\">\n\n\t\t\t\n\t<div class=\"loop loop-grid loop-grid-base grid grid-1 md:grid-1 xs:grid-1\">\n\n\t\t\t\t\t\n<article class=\"l-post grid-post grid-base-post\">\n\n\t\n\t\t\t<div class=\"media\">\n\n\t\t\n\t\t\t<a href=\"https:\/\/tarauacanamidia.com.br\/?p=155655\" class=\"image-link media-ratio ratio-is-custom\" title=\"S\u00e3o Paulo confirma segundo caso importado de sarampo e refor\u00e7a alerta sanit\u00e1rio\"><img loading=\"lazy\" decoding=\"async\" width=\"869\" height=\"517\" src=\"https:\/\/tarauacanamidia.com.br\/wp-content\/uploads\/2026\/05\/155655-sao-paulo-confirma-segundo-caso-importado-de-sarampo-e-reforca-alerta-sanitario-1024x683.png\" class=\"attachment-large size-large wp-post-image\" alt=\"sao-paulo-confirma-segundo-caso-importado-de-sarampo-e-reforca-alerta-sanitario\" sizes=\"(max-width: 869px) 100vw, 869px\" title=\"S\u00e3o Paulo confirma segundo caso importado de sarampo e refor\u00e7a alerta sanit\u00e1rio\" srcset=\"https:\/\/tarauacanamidia.com.br\/wp-content\/uploads\/2026\/05\/155655-sao-paulo-confirma-segundo-caso-importado-de-sarampo-e-reforca-alerta-sanitario-1024x683.png 1024w, https:\/\/tarauacanamidia.com.br\/wp-content\/uploads\/2026\/05\/155655-sao-paulo-confirma-segundo-caso-importado-de-sarampo-e-reforca-alerta-sanitario-1200x800.png 1200w, https:\/\/tarauacanamidia.com.br\/wp-content\/uploads\/2026\/05\/155655-sao-paulo-confirma-segundo-caso-importado-de-sarampo-e-reforca-alerta-sanitario.png 1536w\" \/><\/a>\t\t\t\n\t\t\t\n\t\t\t\n\t\t\t\t\t\t\t\n\t\t\t\t<span class=\"cat-labels cat-labels-overlay c-overlay p-bot-left\">\n\t\t\t\t<a href=\"https:\/\/tarauacanamidia.com.br\/?cat=36\" class=\"category term-color-36\" rel=\"category\" tabindex=\"-1\">Saude<\/a>\n\t\t\t<\/span>\n\t\t\t\t\t\t\n\t\t\t\n\t\t\n\t\t<\/div>\n\t\n\n\t\n\t\t<div class=\"content\">\n\n\t\t\t<div class=\"post-meta post-meta-a has-below\"><h2 class=\"is-title post-title limit-lines l-lines-2\"><a href=\"https:\/\/tarauacanamidia.com.br\/?p=155655\">S\u00e3o Paulo confirma segundo caso importado de sarampo e refor\u00e7a alerta sanit\u00e1rio<\/a><\/h2><div class=\"post-meta-items meta-below\"><span class=\"meta-item post-author\"><span class=\"by\">Fonte:<\/span> <a href=\"https:\/\/tarauacanamidia.com.br\/author\/vinicius-mororo\" title=\"Posts de Vinicius Mororo\" rel=\"author\">Vinicius Mororo<\/a><\/span><span class=\"meta-item date\"><span class=\"date-link\"><time class=\"post-date\" datetime=\"2026-05-01T03:44:09-03:00\">1 de maio de 2026<\/time><\/span><\/span><\/div><\/div>\t\t\t\n\t\t\t\t\t\t\n\t\t\t\t<div class=\"excerpt\">\n\t\t\t\t\t<p>Autoridades monitoram situa\u00e7\u00e3o e destacam import\u00e2ncia da vacina\u00e7\u00e3o para conter a doen\u00e7a O estado de&hellip;<\/p>\n\t\t\t\t<\/div>\n\t\t\t\n\t\t\t\n\t\t\t\n\t\t<\/div>\n\n\t\n<\/article>\t\t\n\t<\/div>\n\n\t\t\n\t\n\t<div class=\"loop loop-grid loop-grid-sm grid grid-2 md:grid-2 sm:grid-2\">\n\n\t\t\t\t\t\n<article class=\"l-post grid-post grid-sm-post\">\n\n\t\n\t\t\t<div class=\"media\">\n\n\t\t\n\t\t\t<a href=\"https:\/\/tarauacanamidia.com.br\/?p=155657\" class=\"image-link media-ratio ratio-is-custom\" title=\"Governo federal entrega mais de 3 mil ve\u00edculos e novos equipamentos de radioterapia ao SUS\"><img loading=\"lazy\" decoding=\"async\" width=\"408\" height=\"243\" src=\"https:\/\/tarauacanamidia.com.br\/wp-content\/uploads\/2026\/05\/155657-governo-federal-entrega-mais-de-3-mil-veiculos-e-novos-equipamentos-de-radioterapia-ao-sus-450x269.webp\" class=\"attachment-bunyad-medium size-bunyad-medium wp-post-image\" alt=\"governo-federal-entrega-mais-de-3-mil-veiculos-e-novos-equipamentos-de-radioterapia-ao-sus\" sizes=\"(max-width: 408px) 100vw, 408px\" title=\"Governo federal entrega mais de 3 mil ve\u00edculos e novos equipamentos de radioterapia ao SUS\" srcset=\"https:\/\/tarauacanamidia.com.br\/wp-content\/uploads\/2026\/05\/155657-governo-federal-entrega-mais-de-3-mil-veiculos-e-novos-equipamentos-de-radioterapia-ao-sus-450x269.webp 450w, https:\/\/tarauacanamidia.com.br\/wp-content\/uploads\/2026\/05\/155657-governo-federal-entrega-mais-de-3-mil-veiculos-e-novos-equipamentos-de-radioterapia-ao-sus-300x179.webp 300w, https:\/\/tarauacanamidia.com.br\/wp-content\/uploads\/2026\/05\/155657-governo-federal-entrega-mais-de-3-mil-veiculos-e-novos-equipamentos-de-radioterapia-ao-sus-1024x613.webp 1024w, https:\/\/tarauacanamidia.com.br\/wp-content\/uploads\/2026\/05\/155657-governo-federal-entrega-mais-de-3-mil-veiculos-e-novos-equipamentos-de-radioterapia-ao-sus-768x459.webp 768w, https:\/\/tarauacanamidia.com.br\/wp-content\/uploads\/2026\/05\/155657-governo-federal-entrega-mais-de-3-mil-veiculos-e-novos-equipamentos-de-radioterapia-ao-sus-150x90.webp 150w, https:\/\/tarauacanamidia.com.br\/wp-content\/uploads\/2026\/05\/155657-governo-federal-entrega-mais-de-3-mil-veiculos-e-novos-equipamentos-de-radioterapia-ao-sus-244x146.webp 244w, https:\/\/tarauacanamidia.com.br\/wp-content\/uploads\/2026\/05\/155657-governo-federal-entrega-mais-de-3-mil-veiculos-e-novos-equipamentos-de-radioterapia-ao-sus.webp 1170w\" \/><\/a>\t\t\t\n\t\t\t\n\t\t\t\n\t\t\t\n\t\t\n\t\t<\/div>\n\t\n\n\t\n\t\t<div class=\"content\">\n\n\t\t\t<div class=\"post-meta post-meta-a has-below\"><h2 class=\"is-title post-title limit-lines l-lines-2\"><a href=\"https:\/\/tarauacanamidia.com.br\/?p=155657\">Governo federal entrega mais de 3 mil ve\u00edculos e novos equipamentos de radioterapia ao SUS<\/a><\/h2><div class=\"post-meta-items meta-below\"><span class=\"meta-item date\"><span class=\"date-link\"><time class=\"post-date\" datetime=\"2026-05-01T03:44:08-03:00\">1 de maio de 2026<\/time><\/span><\/span><\/div><\/div>\t\t\t\n\t\t\t\n\t\t\t\n\t\t<\/div>\n\n\t\n<\/article>\t\t\t\t\t\n<article class=\"l-post grid-post grid-sm-post\">\n\n\t\n\t\t\t<div class=\"media\">\n\n\t\t\n\t\t\t<a href=\"https:\/\/tarauacanamidia.com.br\/?p=155659\" class=\"image-link media-ratio ratio-is-custom\" title=\"Governo de SP abre consulta p\u00fablica para programa de saneamento com previs\u00e3o de R$ 100 bilh\u00f5es\"><img loading=\"lazy\" decoding=\"async\" width=\"408\" height=\"243\" src=\"https:\/\/tarauacanamidia.com.br\/wp-content\/uploads\/2026\/05\/155659-governo-de-sp-abre-consulta-publica-para-programa-de-saneamento-com-previsao-de-r-100-bilhoes-450x300.jpg\" class=\"attachment-bunyad-medium size-bunyad-medium wp-post-image\" alt=\"governo-de-sp-abre-consulta-publica-para-programa-de-saneamento-com-previsao-de-r$-100-bilhoes\" sizes=\"(max-width: 408px) 100vw, 408px\" title=\"Governo de SP abre consulta p\u00fablica para programa de saneamento com previs\u00e3o de R$ 100 bilh\u00f5es\" srcset=\"https:\/\/tarauacanamidia.com.br\/wp-content\/uploads\/2026\/05\/155659-governo-de-sp-abre-consulta-publica-para-programa-de-saneamento-com-previsao-de-r-100-bilhoes-450x300.jpg 450w, https:\/\/tarauacanamidia.com.br\/wp-content\/uploads\/2026\/05\/155659-governo-de-sp-abre-consulta-publica-para-programa-de-saneamento-com-previsao-de-r-100-bilhoes-1024x683.jpg 1024w, https:\/\/tarauacanamidia.com.br\/wp-content\/uploads\/2026\/05\/155659-governo-de-sp-abre-consulta-publica-para-programa-de-saneamento-com-previsao-de-r-100-bilhoes-768x512.jpg 768w, https:\/\/tarauacanamidia.com.br\/wp-content\/uploads\/2026\/05\/155659-governo-de-sp-abre-consulta-publica-para-programa-de-saneamento-com-previsao-de-r-100-bilhoes-1536x1024.jpg 1536w, https:\/\/tarauacanamidia.com.br\/wp-content\/uploads\/2026\/05\/155659-governo-de-sp-abre-consulta-publica-para-programa-de-saneamento-com-previsao-de-r-100-bilhoes-1200x800.jpg 1200w, https:\/\/tarauacanamidia.com.br\/wp-content\/uploads\/2026\/05\/155659-governo-de-sp-abre-consulta-publica-para-programa-de-saneamento-com-previsao-de-r-100-bilhoes.jpg 1920w\" \/><\/a>\t\t\t\n\t\t\t\n\t\t\t\n\t\t\t\n\t\t\n\t\t<\/div>\n\t\n\n\t\n\t\t<div class=\"content\">\n\n\t\t\t<div class=\"post-meta post-meta-a has-below\"><h2 class=\"is-title post-title limit-lines l-lines-2\"><a href=\"https:\/\/tarauacanamidia.com.br\/?p=155659\">Governo de SP abre consulta p\u00fablica para programa de saneamento com previs\u00e3o de R$ 100 bilh\u00f5es<\/a><\/h2><div class=\"post-meta-items meta-below\"><span class=\"meta-item date\"><span class=\"date-link\"><time class=\"post-date\" datetime=\"2026-05-01T03:44:07-03:00\">1 de maio de 2026<\/time><\/span><\/span><\/div><\/div>\t\t\t\n\t\t\t\n\t\t\t\n\t\t<\/div>\n\n\t\n<\/article>\t\t\t\t\t\n<article class=\"l-post grid-post grid-sm-post\">\n\n\t\n\t\t\t<div class=\"media\">\n\n\t\t\n\t\t\t<a href=\"https:\/\/tarauacanamidia.com.br\/?p=155391\" class=\"image-link media-ratio ratio-is-custom\" title=\"SP registra primeiros casos de febre amarela em 2026 e intensifica vacina\u00e7\u00e3o no Vale do Para\u00edba\"><img loading=\"lazy\" decoding=\"async\" width=\"408\" height=\"243\" src=\"https:\/\/tarauacanamidia.com.br\/wp-content\/uploads\/2026\/04\/155391-sp-registra-primeiros-casos-de-febre-amarela-em-2026-e-intensifica-vacinacao-no-vale-do-paraiba-450x300.png\" class=\"attachment-bunyad-medium size-bunyad-medium wp-post-image\" alt=\"sp-registra-primeiros-casos-de-febre-amarela-em-2026-e-intensifica-vacinacao-no-vale-do-paraiba\" sizes=\"(max-width: 408px) 100vw, 408px\" title=\"SP registra primeiros casos de febre amarela em 2026 e intensifica vacina\u00e7\u00e3o no Vale do Para\u00edba\" srcset=\"https:\/\/tarauacanamidia.com.br\/wp-content\/uploads\/2026\/04\/155391-sp-registra-primeiros-casos-de-febre-amarela-em-2026-e-intensifica-vacinacao-no-vale-do-paraiba-450x300.png 450w, https:\/\/tarauacanamidia.com.br\/wp-content\/uploads\/2026\/04\/155391-sp-registra-primeiros-casos-de-febre-amarela-em-2026-e-intensifica-vacinacao-no-vale-do-paraiba-1024x683.png 1024w, https:\/\/tarauacanamidia.com.br\/wp-content\/uploads\/2026\/04\/155391-sp-registra-primeiros-casos-de-febre-amarela-em-2026-e-intensifica-vacinacao-no-vale-do-paraiba-768x512.png 768w, https:\/\/tarauacanamidia.com.br\/wp-content\/uploads\/2026\/04\/155391-sp-registra-primeiros-casos-de-febre-amarela-em-2026-e-intensifica-vacinacao-no-vale-do-paraiba-1200x800.png 1200w, https:\/\/tarauacanamidia.com.br\/wp-content\/uploads\/2026\/04\/155391-sp-registra-primeiros-casos-de-febre-amarela-em-2026-e-intensifica-vacinacao-no-vale-do-paraiba.png 1536w\" \/><\/a>\t\t\t\n\t\t\t\n\t\t\t\n\t\t\t\n\t\t\n\t\t<\/div>\n\t\n\n\t\n\t\t<div class=\"content\">\n\n\t\t\t<div class=\"post-meta post-meta-a has-below\"><h2 class=\"is-title post-title limit-lines l-lines-2\"><a href=\"https:\/\/tarauacanamidia.com.br\/?p=155391\">SP registra primeiros casos de febre amarela em 2026 e intensifica vacina\u00e7\u00e3o no Vale do Para\u00edba<\/a><\/h2><div class=\"post-meta-items meta-below\"><span class=\"meta-item date\"><span class=\"date-link\"><time class=\"post-date\" datetime=\"2026-04-22T17:17:53-03:00\">22 de abril de 2026<\/time><\/span><\/span><\/div><\/div>\t\t\t\n\t\t\t\n\t\t\t\n\t\t<\/div>\n\n\t\n<\/article>\t\t\t\t\t\n<article class=\"l-post grid-post grid-sm-post\">\n\n\t\n\t\t\t<div class=\"media\">\n\n\t\t\n\t\t\t<a href=\"https:\/\/tarauacanamidia.com.br\/?p=155402\" class=\"image-link media-ratio ratio-is-custom\" title=\"A\u00e7\u00e3o gratuita de sa\u00fade ser\u00e1 realizada na esta\u00e7\u00e3o Jundia\u00ed nesta quarta (16)\"><img loading=\"lazy\" decoding=\"async\" width=\"408\" height=\"243\" src=\"https:\/\/tarauacanamidia.com.br\/wp-content\/uploads\/2026\/04\/155402-acao-gratuita-de-saude-sera-realizada-na-estacao-jundiai-nesta-quarta-16-450x300.png\" class=\"attachment-bunyad-medium size-bunyad-medium wp-post-image\" alt=\"acao-gratuita-de-saude-sera-realizada-na-estacao-jundiai-nesta-quarta-(16)\" sizes=\"(max-width: 408px) 100vw, 408px\" title=\"A\u00e7\u00e3o gratuita de sa\u00fade ser\u00e1 realizada na esta\u00e7\u00e3o Jundia\u00ed nesta quarta (16)\" srcset=\"https:\/\/tarauacanamidia.com.br\/wp-content\/uploads\/2026\/04\/155402-acao-gratuita-de-saude-sera-realizada-na-estacao-jundiai-nesta-quarta-16-450x300.png 450w, https:\/\/tarauacanamidia.com.br\/wp-content\/uploads\/2026\/04\/155402-acao-gratuita-de-saude-sera-realizada-na-estacao-jundiai-nesta-quarta-16-1024x683.png 1024w, https:\/\/tarauacanamidia.com.br\/wp-content\/uploads\/2026\/04\/155402-acao-gratuita-de-saude-sera-realizada-na-estacao-jundiai-nesta-quarta-16-768x512.png 768w, https:\/\/tarauacanamidia.com.br\/wp-content\/uploads\/2026\/04\/155402-acao-gratuita-de-saude-sera-realizada-na-estacao-jundiai-nesta-quarta-16-1200x800.png 1200w, https:\/\/tarauacanamidia.com.br\/wp-content\/uploads\/2026\/04\/155402-acao-gratuita-de-saude-sera-realizada-na-estacao-jundiai-nesta-quarta-16.png 1536w\" \/><\/a>\t\t\t\n\t\t\t\n\t\t\t\n\t\t\t\n\t\t\n\t\t<\/div>\n\t\n\n\t\n\t\t<div class=\"content\">\n\n\t\t\t<div class=\"post-meta post-meta-a has-below\"><h2 class=\"is-title post-title limit-lines l-lines-2\"><a href=\"https:\/\/tarauacanamidia.com.br\/?p=155402\">A\u00e7\u00e3o gratuita de sa\u00fade ser\u00e1 realizada na esta\u00e7\u00e3o Jundia\u00ed nesta quarta (16)<\/a><\/h2><div class=\"post-meta-items meta-below\"><span class=\"meta-item date\"><span class=\"date-link\"><time class=\"post-date\" datetime=\"2026-04-22T17:17:52-03:00\">22 de abril de 2026<\/time><\/span><\/span><\/div><\/div>\t\t\t\n\t\t\t\n\t\t\t\n\t\t<\/div>\n\n\t\n<\/article>\t\t\n\t<\/div>\n\n\t\t\n\t<\/div>\n\n\t\t\t\t<\/div>\n\n\t\t<\/section>\n\t\t\t\t\t\t<\/div>\n\t\t\t\t<\/div>\n\t\t\t\t\t<\/div>\n\t\t<\/div>\n\t\t\t\t<div class=\"elementor-column elementor-col-33 elementor-top-column elementor-element elementor-element-56c1b55 ts-sticky-native main-sidebar\" data-id=\"56c1b55\" data-element_type=\"column\" data-e-type=\"column\">\n\t\t\t<div class=\"elementor-widget-wrap elementor-element-populated\">\n\t\t\t\t\t\t<div class=\"elementor-element elementor-element-0eda6a0 elementor-widget elementor-widget-sidebar\" data-id=\"0eda6a0\" data-element_type=\"widget\" data-e-type=\"widget\" data-widget_type=\"sidebar.default\">\n\t\t\t\t<div class=\"elementor-widget-container\">\n\t\t\t\t\t<li id=\"adni_widgets-8\" class=\"widget \"><div class=\"angwp_148582 _ning_outer ang_zone_148582 _ning_jss_zone has_label _align_center\" style=\"max-width:350px;width:100%;overflow:hidden;height:inherit;\"><div class=\"_ning_label _center\" style=\"\">Anunciantes em Destaque<\/div><div id=\"_ning_zone_148582_253633099\" class=\"_ning_zone_inner\" style=\"width:350px; height:350px;position:relative;\"><div u=\"slides\" style=\"position:absolute; overflow:hidden; left:0px; top:0px;width:350px; height:350px;\"><div class=\"slide_1 slide\" idle=\"5000\"><div class=\"angwp_148579 _ning_cont _ning_hidden _align_center\" data-size=\"custom\" data-bid=\"148579\" data-aid=\"148582\" style=\"max-width:350px; width:100%;height:inherit;\"><div class=\"_ning_inner\" style=\"\"><a href=\"https:\/\/tarauacanamidia.com.br?_dnlink=148579&amp;aid=148582&amp;t=1777612732\" class=\"strack_cli _ning_link\" target=\"_blank\">&nbsp;<\/a><div class=\"_ning_elmt\"><img decoding=\"async\" src=\"https:\/\/tarauacanamidia.com.br\/wp-content\/uploads\/2025\/01\/300-1.jpg\" \/><\/div><\/div><\/div><div class=\"clear\"><\/div><\/div><div class=\"slide_2 slide\" idle=\"5000\"><div class=\"angwp_148580 _ning_cont _ning_hidden _align_center\" data-size=\"custom\" data-bid=\"148580\" data-aid=\"148582\" style=\"max-width:350px; width:100%;height:inherit;\"><div class=\"_ning_inner\" style=\"\"><a href=\"https:\/\/tarauacanamidia.com.br?_dnlink=148580&amp;aid=148582&amp;t=1777612732\" class=\"strack_cli _ning_link\" target=\"_blank\">&nbsp;<\/a><div class=\"_ning_elmt\"><img decoding=\"async\" src=\"https:\/\/tarauacanamidia.com.br\/wp-content\/uploads\/angwp\/items\/148580\/300-1.jpg\" \/><\/div><\/div><\/div><div class=\"clear\"><\/div><\/div><div class=\"slide_3 slide\" idle=\"5000\"><div class=\"angwp_148581 _ning_cont _ning_hidden _align_center\" data-size=\"custom\" data-bid=\"148581\" data-aid=\"148582\" style=\"max-width:350px; width:100%;height:inherit;\"><div class=\"_ning_inner\" style=\"\"><a href=\"https:\/\/tarauacanamidia.com.br?_dnlink=148581&amp;aid=148582&amp;t=1777612732\" class=\"strack_cli _ning_link\" target=\"_blank\">&nbsp;<\/a><div class=\"_ning_elmt\"><img decoding=\"async\" src=\"https:\/\/tarauacanamidia.com.br\/wp-content\/uploads\/angwp\/items\/148581\/300-1.jpg\" \/><\/div><\/div><\/div><div class=\"clear\"><\/div><\/div><\/div><\/div><\/div><div class=\"clear\"><\/div><\/li>\n\t\t\t\t<\/div>\n\t\t\t\t<\/div>\n\t\t\t\t<div class=\"elementor-element elementor-element-919b242 elementor-widget elementor-widget-spacer\" data-id=\"919b242\" data-element_type=\"widget\" data-e-type=\"widget\" data-widget_type=\"spacer.default\">\n\t\t\t\t<div class=\"elementor-widget-container\">\n\t\t\t\t\t\t\t<div class=\"elementor-spacer\">\n\t\t\t<div class=\"elementor-spacer-inner\"><\/div>\n\t\t<\/div>\n\t\t\t\t\t\t<\/div>\n\t\t\t\t<\/div>\n\t\t\t\t<div class=\"elementor-element elementor-element-78743c2 elementor-widget elementor-widget-smartmag-grid\" data-id=\"78743c2\" data-element_type=\"widget\" data-e-type=\"widget\" data-widget_type=\"smartmag-grid.default\">\n\t\t\t\t<div class=\"elementor-widget-container\">\n\t\t\t\t\t\t\t<section class=\"block-wrap block-grid block-sc mb-none\" data-id=\"25\">\n\n\t\t\t\t\t\t\t\t\n\t\t\t\t\t\t\t\n\t\t\t\t<div class=\"block-head block-head-ac block-head-c is-left\">\n\n\t\t\t\t\t<h4 class=\"heading\">GOVERNO E INSTITUI\u00c7\u00d5ES<\/h4>\t\t\t\t\t\n\t\t\t\t\t\t\t\t\t<\/div>\n\t\t\t\t\n\t\t\t\n\t\t\t\n\t\t\t<div class=\"block-content\">\n\t\t\t\t\t\n\t<div class=\"loop loop-grid loop-grid-base grid grid-2 md:grid-2 xs:grid-1\">\n\n\t\t\t\t\t\n<article class=\"l-post grid-post grid-base-post\">\n\n\t\n\t\t\t<div class=\"media\">\n\n\t\t\n\t\t\t<a href=\"https:\/\/tarauacanamidia.com.br\/?p=155714\" class=\"image-link media-ratio ratio-is-custom\" title=\"Prefeitura do Rio de Janeiro cancela registro de bar que proibiu americanos e israelenses e acende debate sobre os limites da liberdade comercial\"><img loading=\"lazy\" decoding=\"async\" width=\"408\" height=\"243\" src=\"https:\/\/tarauacanamidia.com.br\/wp-content\/uploads\/2026\/05\/155714-prefeitura-do-rio-de-janeiro-cancela-registro-de-bar-que-proibiu-americanos-e-israele69f44c2b79477-450x253.webp\" class=\"attachment-bunyad-medium size-bunyad-medium wp-post-image\" alt=\"prefeitura-do-rio-de-janeiro-cancela-registro-de-bar-que-proibiu-americanos-e-israelenses-e-acende-debate-sobre-os-limites-da-liberdade-comercial\" sizes=\"(max-width: 408px) 100vw, 408px\" title=\"Prefeitura do Rio de Janeiro cancela registro de bar que proibiu americanos e israelenses e acende debate sobre os limites da liberdade comercial\" srcset=\"https:\/\/tarauacanamidia.com.br\/wp-content\/uploads\/2026\/05\/155714-prefeitura-do-rio-de-janeiro-cancela-registro-de-bar-que-proibiu-americanos-e-israele69f44c2b79477-450x253.webp 450w, https:\/\/tarauacanamidia.com.br\/wp-content\/uploads\/2026\/05\/155714-prefeitura-do-rio-de-janeiro-cancela-registro-de-bar-que-proibiu-americanos-e-israele69f44c2b79477-300x169.webp 300w, https:\/\/tarauacanamidia.com.br\/wp-content\/uploads\/2026\/05\/155714-prefeitura-do-rio-de-janeiro-cancela-registro-de-bar-que-proibiu-americanos-e-israele69f44c2b79477-1024x576.webp 1024w, https:\/\/tarauacanamidia.com.br\/wp-content\/uploads\/2026\/05\/155714-prefeitura-do-rio-de-janeiro-cancela-registro-de-bar-que-proibiu-americanos-e-israele69f44c2b79477-768x432.webp 768w, https:\/\/tarauacanamidia.com.br\/wp-content\/uploads\/2026\/05\/155714-prefeitura-do-rio-de-janeiro-cancela-registro-de-bar-que-proibiu-americanos-e-israele69f44c2b79477-150x84.webp 150w, https:\/\/tarauacanamidia.com.br\/wp-content\/uploads\/2026\/05\/155714-prefeitura-do-rio-de-janeiro-cancela-registro-de-bar-que-proibiu-americanos-e-israele69f44c2b79477-1200x675.webp 1200w, https:\/\/tarauacanamidia.com.br\/wp-content\/uploads\/2026\/05\/155714-prefeitura-do-rio-de-janeiro-cancela-registro-de-bar-que-proibiu-americanos-e-israele69f44c2b79477-260x146.webp 260w, https:\/\/tarauacanamidia.com.br\/wp-content\/uploads\/2026\/05\/155714-prefeitura-do-rio-de-janeiro-cancela-registro-de-bar-que-proibiu-americanos-e-israele69f44c2b79477.webp 1280w\" \/><\/a>\t\t\t\n\t\t\t\n\t\t\t\n\t\t\t\n\t\t\n\t\t<\/div>\n\t\n\n\t\n\t\t<div class=\"content\">\n\n\t\t\t<div class=\"post-meta post-meta-a\"><h2 class=\"is-title post-title limit-lines l-lines-2\"><a href=\"https:\/\/tarauacanamidia.com.br\/?p=155714\">Prefeitura do Rio de Janeiro cancela registro de bar que proibiu americanos e israelenses e acende debate sobre os limites da liberdade comercial<\/a><\/h2><\/div>\t\t\t\n\t\t\t\n\t\t\t\n\t\t<\/div>\n\n\t\n<\/article>\t\t\t\t\t\n<article class=\"l-post grid-post grid-base-post\">\n\n\t\n\t\t\t<div class=\"media\">\n\n\t\t\n\t\t\t<a href=\"https:\/\/tarauacanamidia.com.br\/?p=155716\" class=\"image-link media-ratio ratio-is-custom\" title=\"Pesquisa Atlas\/Bloomberg aponta empate t\u00e9cnico entre Fl\u00e1vio Bolsonaro e Lula no segundo turno\"><img loading=\"lazy\" decoding=\"async\" width=\"408\" height=\"243\" src=\"https:\/\/tarauacanamidia.com.br\/wp-content\/uploads\/2026\/05\/155716-pesquisa-atlas-bloomberg-aponta-empate-tecnico-entre-flavio-bolsonaro-e-lula-no-segundo-turno-450x243.jpeg\" class=\"attachment-bunyad-medium size-bunyad-medium wp-post-image\" alt=\"pesquisa-atlas\/bloomberg-aponta-empate-tecnico-entre-flavio-bolsonaro-e-lula-no-segundo-turno\" sizes=\"(max-width: 408px) 100vw, 408px\" title=\"Pesquisa Atlas\/Bloomberg aponta empate t\u00e9cnico entre Fl\u00e1vio Bolsonaro e Lula no segundo turno\" srcset=\"https:\/\/tarauacanamidia.com.br\/wp-content\/uploads\/2026\/05\/155716-pesquisa-atlas-bloomberg-aponta-empate-tecnico-entre-flavio-bolsonaro-e-lula-no-segundo-turno-450x243.jpeg 450w, https:\/\/tarauacanamidia.com.br\/wp-content\/uploads\/2026\/05\/155716-pesquisa-atlas-bloomberg-aponta-empate-tecnico-entre-flavio-bolsonaro-e-lula-no-segundo-turno-300x162.jpeg 300w, https:\/\/tarauacanamidia.com.br\/wp-content\/uploads\/2026\/05\/155716-pesquisa-atlas-bloomberg-aponta-empate-tecnico-entre-flavio-bolsonaro-e-lula-no-segundo-turno-1024x552.jpeg 1024w, https:\/\/tarauacanamidia.com.br\/wp-content\/uploads\/2026\/05\/155716-pesquisa-atlas-bloomberg-aponta-empate-tecnico-entre-flavio-bolsonaro-e-lula-no-segundo-turno-768x414.jpeg 768w, https:\/\/tarauacanamidia.com.br\/wp-content\/uploads\/2026\/05\/155716-pesquisa-atlas-bloomberg-aponta-empate-tecnico-entre-flavio-bolsonaro-e-lula-no-segundo-turno-150x81.jpeg 150w, https:\/\/tarauacanamidia.com.br\/wp-content\/uploads\/2026\/05\/155716-pesquisa-atlas-bloomberg-aponta-empate-tecnico-entre-flavio-bolsonaro-e-lula-no-segundo-turno-260x140.jpeg 260w, https:\/\/tarauacanamidia.com.br\/wp-content\/uploads\/2026\/05\/155716-pesquisa-atlas-bloomberg-aponta-empate-tecnico-entre-flavio-bolsonaro-e-lula-no-segundo-turno.jpeg 1140w\" \/><\/a>\t\t\t\n\t\t\t\n\t\t\t\n\t\t\t\n\t\t\n\t\t<\/div>\n\t\n\n\t\n\t\t<div class=\"content\">\n\n\t\t\t<div class=\"post-meta post-meta-a\"><h2 class=\"is-title post-title limit-lines l-lines-2\"><a href=\"https:\/\/tarauacanamidia.com.br\/?p=155716\">Pesquisa Atlas\/Bloomberg aponta empate t\u00e9cnico entre Fl\u00e1vio Bolsonaro e Lula no segundo turno<\/a><\/h2><\/div>\t\t\t\n\t\t\t\n\t\t\t\n\t\t<\/div>\n\n\t\n<\/article>\t\t\t\t\t\n<article class=\"l-post grid-post grid-base-post\">\n\n\t\n\t\t\t<div class=\"media\">\n\n\t\t\n\t\t\t<a href=\"https:\/\/tarauacanamidia.com.br\/?p=155718\" class=\"image-link media-ratio ratio-is-custom\" title=\"Governo prepara pacote bilion\u00e1rio contra o endividamento das fam\u00edlias, com an\u00fancio previsto para o Dia do Trabalhador\"><img loading=\"lazy\" decoding=\"async\" width=\"408\" height=\"243\" src=\"https:\/\/tarauacanamidia.com.br\/wp-content\/uploads\/2026\/05\/155718-governo-prepara-pacote-bilionario-contra-o-endividamento-das-familias-com-anuncio-pre69f44c30eb6a2-450x300.jpg\" class=\"attachment-bunyad-medium size-bunyad-medium wp-post-image\" alt=\"governo-prepara-pacote-bilionario-contra-o-endividamento-das-familias,-com-anuncio-previsto-para-o-dia-do-trabalhador\" sizes=\"(max-width: 408px) 100vw, 408px\" title=\"Governo prepara pacote bilion\u00e1rio contra o endividamento das fam\u00edlias, com an\u00fancio previsto para o Dia do Trabalhador\" srcset=\"https:\/\/tarauacanamidia.com.br\/wp-content\/uploads\/2026\/05\/155718-governo-prepara-pacote-bilionario-contra-o-endividamento-das-familias-com-anuncio-pre69f44c30eb6a2-450x300.jpg 450w, https:\/\/tarauacanamidia.com.br\/wp-content\/uploads\/2026\/05\/155718-governo-prepara-pacote-bilionario-contra-o-endividamento-das-familias-com-anuncio-pre69f44c30eb6a2-1024x683.jpg 1024w, https:\/\/tarauacanamidia.com.br\/wp-content\/uploads\/2026\/05\/155718-governo-prepara-pacote-bilionario-contra-o-endividamento-das-familias-com-anuncio-pre69f44c30eb6a2-768x512.jpg 768w, https:\/\/tarauacanamidia.com.br\/wp-content\/uploads\/2026\/05\/155718-governo-prepara-pacote-bilionario-contra-o-endividamento-das-familias-com-anuncio-pre69f44c30eb6a2-1536x1024.jpg 1536w, https:\/\/tarauacanamidia.com.br\/wp-content\/uploads\/2026\/05\/155718-governo-prepara-pacote-bilionario-contra-o-endividamento-das-familias-com-anuncio-pre69f44c30eb6a2-2048x1366.jpg 2048w, https:\/\/tarauacanamidia.com.br\/wp-content\/uploads\/2026\/05\/155718-governo-prepara-pacote-bilionario-contra-o-endividamento-das-familias-com-anuncio-pre69f44c30eb6a2-1200x800.jpg 1200w\" \/><\/a>\t\t\t\n\t\t\t\n\t\t\t\n\t\t\t\n\t\t\n\t\t<\/div>\n\t\n\n\t\n\t\t<div class=\"content\">\n\n\t\t\t<div class=\"post-meta post-meta-a\"><h2 class=\"is-title post-title limit-lines l-lines-2\"><a href=\"https:\/\/tarauacanamidia.com.br\/?p=155718\">Governo prepara pacote bilion\u00e1rio contra o endividamento das fam\u00edlias, com an\u00fancio previsto para o Dia do Trabalhador<\/a><\/h2><\/div>\t\t\t\n\t\t\t\n\t\t\t\n\t\t<\/div>\n\n\t\n<\/article>\t\t\t\t\t\n<article class=\"l-post grid-post grid-base-post\">\n\n\t\n\t\t\t<div class=\"media\">\n\n\t\t\n\t\t\t<a href=\"https:\/\/tarauacanamidia.com.br\/?p=155722\" class=\"image-link media-ratio ratio-is-custom\" title=\"TSE cassa mandato do governador de Roraima e torna ex-governador ineleg\u00edvel em julgamento de repercuss\u00e3o nacional\"><img loading=\"lazy\" decoding=\"async\" width=\"408\" height=\"243\" src=\"https:\/\/tarauacanamidia.com.br\/wp-content\/uploads\/2026\/05\/155722-tse-cassa-mandato-do-governador-de-roraima-e-torna-ex-governador-inelegivel-em-julgam69f44c3c45c43-450x218.jpg\" class=\"attachment-bunyad-medium size-bunyad-medium wp-post-image\" alt=\"tse-cassa-mandato-do-governador-de-roraima-e-torna-ex-governador-inelegivel-em-julgamento-de-repercussao-nacional\" sizes=\"(max-width: 408px) 100vw, 408px\" title=\"TSE cassa mandato do governador de Roraima e torna ex-governador ineleg\u00edvel em julgamento de repercuss\u00e3o nacional\" srcset=\"https:\/\/tarauacanamidia.com.br\/wp-content\/uploads\/2026\/05\/155722-tse-cassa-mandato-do-governador-de-roraima-e-torna-ex-governador-inelegivel-em-julgam69f44c3c45c43-450x218.jpg 450w, https:\/\/tarauacanamidia.com.br\/wp-content\/uploads\/2026\/05\/155722-tse-cassa-mandato-do-governador-de-roraima-e-torna-ex-governador-inelegivel-em-julgam69f44c3c45c43-1024x495.jpg 1024w, https:\/\/tarauacanamidia.com.br\/wp-content\/uploads\/2026\/05\/155722-tse-cassa-mandato-do-governador-de-roraima-e-torna-ex-governador-inelegivel-em-julgam69f44c3c45c43-768x371.jpg 768w, https:\/\/tarauacanamidia.com.br\/wp-content\/uploads\/2026\/05\/155722-tse-cassa-mandato-do-governador-de-roraima-e-torna-ex-governador-inelegivel-em-julgam69f44c3c45c43-1536x743.jpg 1536w, https:\/\/tarauacanamidia.com.br\/wp-content\/uploads\/2026\/05\/155722-tse-cassa-mandato-do-governador-de-roraima-e-torna-ex-governador-inelegivel-em-julgam69f44c3c45c43-2048x990.jpg 2048w, https:\/\/tarauacanamidia.com.br\/wp-content\/uploads\/2026\/05\/155722-tse-cassa-mandato-do-governador-de-roraima-e-torna-ex-governador-inelegivel-em-julgam69f44c3c45c43-1200x580.jpg 1200w\" \/><\/a>\t\t\t\n\t\t\t\n\t\t\t\n\t\t\t\n\t\t\n\t\t<\/div>\n\t\n\n\t\n\t\t<div class=\"content\">\n\n\t\t\t<div class=\"post-meta post-meta-a\"><h2 class=\"is-title post-title limit-lines l-lines-2\"><a href=\"https:\/\/tarauacanamidia.com.br\/?p=155722\">TSE cassa mandato do governador de Roraima e torna ex-governador ineleg\u00edvel em julgamento de repercuss\u00e3o nacional<\/a><\/h2><\/div>\t\t\t\n\t\t\t\n\t\t\t\n\t\t<\/div>\n\n\t\n<\/article>\t\t\n\t<\/div>\n\n\t\t\n\t\t\t<\/div>\n\n\t\t<\/section>\n\t\t\t\t\t\t<\/div>\n\t\t\t\t<\/div>\n\t\t\t\t<div class=\"elementor-element elementor-element-2a4da1e elementor-widget elementor-widget-wp-widget-bunyad-social\" data-id=\"2a4da1e\" data-element_type=\"widget\" data-e-type=\"widget\" data-widget_type=\"wp-widget-bunyad-social.default\">\n\t\t\t\t<div class=\"elementor-widget-container\">\n\t\t\t\t\t<div class=\"widget widget-social-b\"><div class=\"widget-title block-head block-head-ac block-head block-head-ac block-head-c is-left has-style\"><h5 class=\"heading\">NOSSOS CANAIS DIGITAIS<\/h5><\/div>\t\t<div class=\"spc-social-follow spc-social-follow-a spc-social-colors spc-social-bg has-counts\">\n\t\t\t<ul class=\"services grid grid-2 md:grid-4 sm:grid-2\" itemscope itemtype=\"http:\/\/schema.org\/Organization\">\n\t\t\t\t<link itemprop=\"url\" href=\"https:\/\/tarauacanamidia.com.br\/\">\n\t\t\t\t\t\t\t\t\n\t\t\t\t<li class=\"service-wrap\">\n\n\t\t\t\t\t<a href=\"#\" class=\"service service-link s-facebook\" target=\"_blank\" itemprop=\"sameAs\" rel=\"nofollow noopener\">\n\t\t\t\t\t\t<i class=\"the-icon tsi tsi-facebook\"><\/i>\n\t\t\t\t\t\t<span class=\"label\">Facebook<\/span>\n\n\t\t\t\t\t\t\t\n\t\t\t\t\t<\/a>\n\n\t\t\t\t<\/li>\n\t\t\t\t\n\t\t\t\t\t\t\t\t\n\t\t\t\t<li class=\"service-wrap\">\n\n\t\t\t\t\t<a href=\"#\" class=\"service service-link s-twitter\" target=\"_blank\" itemprop=\"sameAs\" rel=\"nofollow noopener\">\n\t\t\t\t\t\t<i class=\"the-icon tsi tsi-twitter\"><\/i>\n\t\t\t\t\t\t<span class=\"label\">Twitter<\/span>\n\n\t\t\t\t\t\t\t\n\t\t\t\t\t<\/a>\n\n\t\t\t\t<\/li>\n\t\t\t\t\n\t\t\t\t\t\t\t\t\n\t\t\t\t<li class=\"service-wrap\">\n\n\t\t\t\t\t<a href=\"#\" class=\"service service-link s-youtube\" target=\"_blank\" itemprop=\"sameAs\" rel=\"nofollow noopener\">\n\t\t\t\t\t\t<i class=\"the-icon tsi tsi-youtube-play\"><\/i>\n\t\t\t\t\t\t<span class=\"label\">YouTube<\/span>\n\n\t\t\t\t\t\t\t\n\t\t\t\t\t<\/a>\n\n\t\t\t\t<\/li>\n\t\t\t\t\n\t\t\t\t\t\t\t\t\n\t\t\t\t<li class=\"service-wrap\">\n\n\t\t\t\t\t<a href=\"#\" class=\"service service-link s-tiktok\" target=\"_blank\" itemprop=\"sameAs\" rel=\"nofollow noopener\">\n\t\t\t\t\t\t<i class=\"the-icon tsi tsi-tiktok\"><\/i>\n\t\t\t\t\t\t<span class=\"label\">TikTok<\/span>\n\n\t\t\t\t\t\t\t\n\t\t\t\t\t<\/a>\n\n\t\t\t\t<\/li>\n\t\t\t\t\n\t\t\t\t\t\t\t\t\n\t\t\t\t<li class=\"service-wrap\">\n\n\t\t\t\t\t<a href=\"\" class=\"service service-link s-telegram\" target=\"_blank\" itemprop=\"sameAs\" rel=\"nofollow noopener\">\n\t\t\t\t\t\t<i class=\"the-icon tsi tsi-telegram\"><\/i>\n\t\t\t\t\t\t<span class=\"label\">Telegram<\/span>\n\n\t\t\t\t\t\t\t\n\t\t\t\t\t<\/a>\n\n\t\t\t\t<\/li>\n\t\t\t\t\n\t\t\t\t\t\t\t\t\n\t\t\t\t<li class=\"service-wrap\">\n\n\t\t\t\t\t<a href=\"#\" class=\"service service-link s-whatsapp\" target=\"_blank\" itemprop=\"sameAs\" rel=\"nofollow noopener\">\n\t\t\t\t\t\t<i class=\"the-icon tsi tsi-whatsapp\"><\/i>\n\t\t\t\t\t\t<span class=\"label\">WhatsApp<\/span>\n\n\t\t\t\t\t\t\t\n\t\t\t\t\t<\/a>\n\n\t\t\t\t<\/li>\n\t\t\t\t\n\t\t\t\t\t\t\t<\/ul>\n\t\t<\/div>\n\t\t\n\t\t<\/div>\t\t\t\t<\/div>\n\t\t\t\t<\/div>\n\t\t\t\t<div class=\"elementor-element elementor-element-1819a04 elementor-widget elementor-widget-smartmag-grid\" data-id=\"1819a04\" data-element_type=\"widget\" data-e-type=\"widget\" data-widget_type=\"smartmag-grid.default\">\n\t\t\t\t<div class=\"elementor-widget-container\">\n\t\t\t\t\t\t\t<section class=\"block-wrap block-grid block-sc mb-sm\" data-id=\"26\">\n\n\t\t\t\t\t\t\t\t\n\t\t\t\t\t\t\t\n\t\t\t\t<div class=\"block-head block-head-ac block-head-c is-left\">\n\n\t\t\t\t\t<h4 class=\"heading\">MEIO AMBIENTE<\/h4>\t\t\t\t\t\n\t\t\t\t\t\t\t\t\t<\/div>\n\t\t\t\t\n\t\t\t\n\t\t\t\n\t\t\t<div class=\"block-content\">\n\t\t\t\t\t\n\t<div data-slider=\"carousel\" data-autoplay=\"1\" data-speed data-slides=\"1\" data-slides-md data-slides-sm data-arrows=\"b\" data-dots=\"1\" class=\"loop loop-grid loop-grid-base common-slider loop-carousel arrow-hover slider-arrow-b grid grid-1 md:grid-1 xs:grid-1\">\n\n\t\t\n\t<\/div>\n\n\t\t\n\t\t\t<\/div>\n\n\t\t<\/section>\n\t\t\t\t\t\t<\/div>\n\t\t\t\t<\/div>\n\t\t\t\t\t<\/div>\n\t\t<\/div>\n\t\t\t\t\t<\/div>\n\t\t<\/section>\n\t\t\t\t<section class=\"has-el-gap el-gap-default elementor-section elementor-top-section elementor-element elementor-element-50c7cd4 elementor-section-boxed elementor-section-height-default elementor-section-height-default\" data-id=\"50c7cd4\" data-element_type=\"section\" data-e-type=\"section\">\n\t\t\t\t\t\t<div class=\"elementor-container elementor-column-gap-no\">\n\t\t\t\t\t<div class=\"elementor-column elementor-col-100 elementor-top-column elementor-element elementor-element-122d454\" data-id=\"122d454\" data-element_type=\"column\" data-e-type=\"column\">\n\t\t\t<div class=\"elementor-widget-wrap elementor-element-populated\">\n\t\t\t\t\t\t<div class=\"elementor-element elementor-element-261c072 elementor-widget elementor-widget-sidebar\" data-id=\"261c072\" data-element_type=\"widget\" data-e-type=\"widget\" data-widget_type=\"sidebar.default\">\n\t\t\t\t<div class=\"elementor-widget-container\">\n\t\t\t\t\t<li id=\"adni_widgets-6\" class=\"widget \"><div class=\"angwp_148566 _ning_outer ang_zone_148566 _ning_jss_zone has_label _align_center\" style=\"max-width:1300px;width:100%;overflow:hidden;height:inherit;\"><div class=\"_ning_label _center\" style=\"\">Anunciantes em Destaque<\/div><div id=\"_ning_zone_148566_1861980666\" class=\"_ning_zone_inner\" style=\"width:1300px; height:250px;position:relative;\"><div u=\"slides\" style=\"position:absolute; overflow:hidden; left:0px; top:0px;width:1300px; height:250px;\"><div class=\"slide_1 slide\" idle=\"5000\"><div class=\"angwp_148559 _ning_cont _ning_hidden _align_center\" data-size=\"custom\" data-bid=\"148559\" data-aid=\"148566\" style=\"max-width:1300px; width:100%;height:inherit;\"><div class=\"_ning_inner\" style=\"\"><a href=\"https:\/\/tarauacanamidia.com.br?_dnlink=148559&amp;aid=148566&amp;t=1777612732\" class=\"strack_cli _ning_link\" target=\"_blank\">&nbsp;<\/a><div class=\"_ning_elmt\"><img decoding=\"async\" src=\"https:\/\/tarauacanamidia.com.br\/wp-content\/uploads\/angwp\/items\/148559\/69c322a496e3b_1774396068.png\" \/><\/div><\/div><\/div><div class=\"clear\"><\/div><\/div><div class=\"slide_2 slide\" idle=\"5000\"><div class=\"angwp_148564 _ning_cont _ning_hidden _align_center\" data-size=\"custom\" data-bid=\"148564\" data-aid=\"148566\" style=\"max-width:1300px; width:100%;height:inherit;\"><div class=\"_ning_inner\" style=\"\"><a href=\"https:\/\/tarauacanamidia.com.br?_dnlink=148564&amp;aid=148566&amp;t=1777612732\" class=\"strack_cli _ning_link\" target=\"_blank\">&nbsp;<\/a><div class=\"_ning_elmt\"><img decoding=\"async\" src=\"https:\/\/tarauacanamidia.com.br\/wp-content\/uploads\/angwp\/items\/148564\/69c322a496e3b_1774396068.png\" \/><\/div><\/div><\/div><div class=\"clear\"><\/div><\/div><div class=\"slide_3 slide\" idle=\"5000\"><div class=\"angwp_148565 _ning_cont _ning_hidden _align_center\" data-size=\"custom\" data-bid=\"148565\" data-aid=\"148566\" style=\"max-width:1300px; width:100%;height:inherit;\"><div class=\"_ning_inner\" style=\"\"><a href=\"https:\/\/tarauacanamidia.com.br?_dnlink=148565&amp;aid=148566&amp;t=1777612732\" class=\"strack_cli _ning_link\" target=\"_blank\">&nbsp;<\/a><div class=\"_ning_elmt\"><img decoding=\"async\" src=\"https:\/\/tarauacanamidia.com.br\/wp-content\/uploads\/angwp\/items\/148565\/69c322a496e3b_1774396068.png\" \/><\/div><\/div><\/div><div class=\"clear\"><\/div><\/div><\/div><\/div><\/div><div class=\"clear\"><\/div><\/li>\n\t\t\t\t<\/div>\n\t\t\t\t<\/div>\n\t\t\t\t<div class=\"elementor-element elementor-element-6a113b2 elementor-widget elementor-widget-smartmag-grid\" data-id=\"6a113b2\" data-element_type=\"widget\" data-e-type=\"widget\" data-widget_type=\"smartmag-grid.default\">\n\t\t\t\t<div class=\"elementor-widget-container\">\n\t\t\t\t\t\t\t<section class=\"block-wrap block-grid block-sc mb-none\" data-id=\"27\">\n\n\t\t\t\t\t\t\t\t\n\t\t\t\t\t\t\t\n\t\t\t\t<div class=\"block-head block-head-ac block-head-c is-left\">\n\n\t\t\t\t\t<h4 class=\"heading\">TECNOLOGIA E INOVA\u00c7\u00c3O<\/h4>\t\t\t\t\t\n\t\t\t\t\t\t\t\t\t<\/div>\n\t\t\t\t\n\t\t\t\n\t\t\t\n\t\t\t<div class=\"block-content\">\n\t\t\t\t\t\n\t<div data-slider=\"carousel\" data-autoplay=\"1\" data-speed=\"1000\" data-slides=\"4\" data-slides-md data-slides-sm data-arrows=\"b\" data-dots class=\"loop loop-grid loop-grid-base common-slider loop-carousel arrow-hover slider-arrow-b grid grid-4 md:grid-2 xs:grid-1\">\n\n\t\t\t\t\t\n<article class=\"l-post grid-post grid-base-post\">\n\n\t\n\t\t\t<div class=\"media\">\n\n\t\t\n\t\t\t<a href=\"https:\/\/tarauacanamidia.com.br\/?p=155667\" class=\"image-link media-ratio ratio-3-2\" title=\"Cart\u00f3rios eleitorais de SP abrem no feriado e fim de semana para regulariza\u00e7\u00e3o do t\u00edtulo\"><img loading=\"lazy\" decoding=\"async\" width=\"408\" height=\"272\" src=\"https:\/\/tarauacanamidia.com.br\/wp-content\/uploads\/2026\/05\/155667-cartorios-eleitorais-de-sp-abrem-no-feriado-e-fim-de-semana-para-regularizacao-do-titulo-450x300.png\" class=\"attachment-bunyad-medium size-bunyad-medium wp-post-image\" alt=\"cartorios-eleitorais-de-sp-abrem-no-feriado-e-fim-de-semana-para-regularizacao-do-titulo\" sizes=\"(max-width: 408px) 100vw, 408px\" title=\"Cart\u00f3rios eleitorais de SP abrem no feriado e fim de semana para regulariza\u00e7\u00e3o do t\u00edtulo\" srcset=\"https:\/\/tarauacanamidia.com.br\/wp-content\/uploads\/2026\/05\/155667-cartorios-eleitorais-de-sp-abrem-no-feriado-e-fim-de-semana-para-regularizacao-do-titulo-450x300.png 450w, https:\/\/tarauacanamidia.com.br\/wp-content\/uploads\/2026\/05\/155667-cartorios-eleitorais-de-sp-abrem-no-feriado-e-fim-de-semana-para-regularizacao-do-titulo-300x200.png 300w, https:\/\/tarauacanamidia.com.br\/wp-content\/uploads\/2026\/05\/155667-cartorios-eleitorais-de-sp-abrem-no-feriado-e-fim-de-semana-para-regularizacao-do-titulo-1024x683.png 1024w, https:\/\/tarauacanamidia.com.br\/wp-content\/uploads\/2026\/05\/155667-cartorios-eleitorais-de-sp-abrem-no-feriado-e-fim-de-semana-para-regularizacao-do-titulo-768x512.png 768w, https:\/\/tarauacanamidia.com.br\/wp-content\/uploads\/2026\/05\/155667-cartorios-eleitorais-de-sp-abrem-no-feriado-e-fim-de-semana-para-regularizacao-do-titulo-150x100.png 150w, https:\/\/tarauacanamidia.com.br\/wp-content\/uploads\/2026\/05\/155667-cartorios-eleitorais-de-sp-abrem-no-feriado-e-fim-de-semana-para-regularizacao-do-titulo-1200x800.png 1200w, https:\/\/tarauacanamidia.com.br\/wp-content\/uploads\/2026\/05\/155667-cartorios-eleitorais-de-sp-abrem-no-feriado-e-fim-de-semana-para-regularizacao-do-titulo-219x146.png 219w, https:\/\/tarauacanamidia.com.br\/wp-content\/uploads\/2026\/05\/155667-cartorios-eleitorais-de-sp-abrem-no-feriado-e-fim-de-semana-para-regularizacao-do-titulo.png 1536w\" \/><\/a>\t\t\t\n\t\t\t\n\t\t\t\n\t\t\t\t\t\t\t\n\t\t\t\t<span class=\"cat-labels cat-labels-overlay c-overlay p-bot-left\">\n\t\t\t\t<a href=\"https:\/\/tarauacanamidia.com.br\/?cat=41\" class=\"category term-color-41\" rel=\"category\" tabindex=\"-1\">Tecnologia<\/a>\n\t\t\t<\/span>\n\t\t\t\t\t\t\n\t\t\t\n\t\t\n\t\t<\/div>\n\t\n\n\t\n\t\t<div class=\"content\">\n\n\t\t\t<div class=\"post-meta post-meta-a has-below\"><h2 class=\"is-title post-title limit-lines l-lines-2\"><a href=\"https:\/\/tarauacanamidia.com.br\/?p=155667\">Cart\u00f3rios eleitorais de SP abrem no feriado e fim de semana para regulariza\u00e7\u00e3o do t\u00edtulo<\/a><\/h2><div class=\"post-meta-items meta-below\"><span class=\"meta-item date\"><span class=\"date-link\"><time class=\"post-date\" datetime=\"2026-05-01T03:44:31-03:00\">1 de maio de 2026<\/time><\/span><\/span><\/div><\/div>\t\t\t\n\t\t\t\n\t\t\t\n\t\t<\/div>\n\n\t\n<\/article>\t\t\t\t\t\n<article class=\"l-post grid-post grid-base-post\">\n\n\t\n\t\t\t<div class=\"media\">\n\n\t\t\n\t\t\t<a href=\"https:\/\/tarauacanamidia.com.br\/?p=155669\" class=\"image-link media-ratio ratio-3-2\" title=\"Mercado financeiro mant\u00e9m press\u00e3o sobre juros e projeta Selic a 13% diante de infla\u00e7\u00e3o resistente\"><img loading=\"lazy\" decoding=\"async\" width=\"408\" height=\"272\" src=\"https:\/\/tarauacanamidia.com.br\/wp-content\/uploads\/2026\/05\/155669-mercado-financeiro-mantem-pressao-sobre-juros-e-projeta-selic-a-13-diante-de-inflacao-resistente-450x300.jpg\" class=\"attachment-bunyad-medium size-bunyad-medium wp-post-image\" alt=\"mercado-financeiro-mantem-pressao-sobre-juros-e-projeta-selic-a-13%-diante-de-inflacao-resistente\" sizes=\"(max-width: 408px) 100vw, 408px\" title=\"Mercado financeiro mant\u00e9m press\u00e3o sobre juros e projeta Selic a 13% diante de infla\u00e7\u00e3o resistente\" srcset=\"https:\/\/tarauacanamidia.com.br\/wp-content\/uploads\/2026\/05\/155669-mercado-financeiro-mantem-pressao-sobre-juros-e-projeta-selic-a-13-diante-de-inflacao-resistente-450x300.jpg 450w, https:\/\/tarauacanamidia.com.br\/wp-content\/uploads\/2026\/05\/155669-mercado-financeiro-mantem-pressao-sobre-juros-e-projeta-selic-a-13-diante-de-inflacao-resistente-300x200.jpg 300w, https:\/\/tarauacanamidia.com.br\/wp-content\/uploads\/2026\/05\/155669-mercado-financeiro-mantem-pressao-sobre-juros-e-projeta-selic-a-13-diante-de-inflacao-resistente-1024x682.jpg 1024w, https:\/\/tarauacanamidia.com.br\/wp-content\/uploads\/2026\/05\/155669-mercado-financeiro-mantem-pressao-sobre-juros-e-projeta-selic-a-13-diante-de-inflacao-resistente-768x512.jpg 768w, https:\/\/tarauacanamidia.com.br\/wp-content\/uploads\/2026\/05\/155669-mercado-financeiro-mantem-pressao-sobre-juros-e-projeta-selic-a-13-diante-de-inflacao-resistente-1536x1024.jpg 1536w, https:\/\/tarauacanamidia.com.br\/wp-content\/uploads\/2026\/05\/155669-mercado-financeiro-mantem-pressao-sobre-juros-e-projeta-selic-a-13-diante-de-inflacao-resistente-2048x1365.jpg 2048w, https:\/\/tarauacanamidia.com.br\/wp-content\/uploads\/2026\/05\/155669-mercado-financeiro-mantem-pressao-sobre-juros-e-projeta-selic-a-13-diante-de-inflacao-resistente-150x100.jpg 150w, https:\/\/tarauacanamidia.com.br\/wp-content\/uploads\/2026\/05\/155669-mercado-financeiro-mantem-pressao-sobre-juros-e-projeta-selic-a-13-diante-de-inflacao-resistente-1200x800.jpg 1200w, https:\/\/tarauacanamidia.com.br\/wp-content\/uploads\/2026\/05\/155669-mercado-financeiro-mantem-pressao-sobre-juros-e-projeta-selic-a-13-diante-de-inflacao-resistente-219x146.jpg 219w\" \/><\/a>\t\t\t\n\t\t\t\n\t\t\t\n\t\t\t\t\t\t\t\n\t\t\t\t<span class=\"cat-labels cat-labels-overlay c-overlay p-bot-left\">\n\t\t\t\t<a href=\"https:\/\/tarauacanamidia.com.br\/?cat=41\" class=\"category term-color-41\" rel=\"category\" tabindex=\"-1\">Tecnologia<\/a>\n\t\t\t<\/span>\n\t\t\t\t\t\t\n\t\t\t\n\t\t\n\t\t<\/div>\n\t\n\n\t\n\t\t<div class=\"content\">\n\n\t\t\t<div class=\"post-meta post-meta-a has-below\"><h2 class=\"is-title post-title limit-lines l-lines-2\"><a href=\"https:\/\/tarauacanamidia.com.br\/?p=155669\">Mercado financeiro mant\u00e9m press\u00e3o sobre juros e projeta Selic a 13% diante de infla\u00e7\u00e3o resistente<\/a><\/h2><div class=\"post-meta-items meta-below\"><span class=\"meta-item date\"><span class=\"date-link\"><time class=\"post-date\" datetime=\"2026-05-01T03:44:30-03:00\">1 de maio de 2026<\/time><\/span><\/span><\/div><\/div>\t\t\t\n\t\t\t\n\t\t\t\n\t\t<\/div>\n\n\t\n<\/article>\t\t\t\t\t\n<article class=\"l-post grid-post grid-base-post\">\n\n\t\n\t\t\t<div class=\"media\">\n\n\t\t\n\t\t\t<a href=\"https:\/\/tarauacanamidia.com.br\/?p=155671\" class=\"image-link media-ratio ratio-3-2\" title=\"Pesquisadores de SP desenvolvem dispositivo que integra computa\u00e7\u00e3o ao c\u00e9rebro humano\"><img loading=\"lazy\" decoding=\"async\" width=\"408\" height=\"272\" src=\"https:\/\/tarauacanamidia.com.br\/wp-content\/uploads\/2026\/05\/155671-pesquisadores-de-sp-desenvolvem-dispositivo-que-integra-computacao-ao-cerebro-humano-450x300.png\" class=\"attachment-bunyad-medium size-bunyad-medium wp-post-image\" alt=\"pesquisadores-de-sp-desenvolvem-dispositivo-que-integra-computacao-ao-cerebro-humano\" sizes=\"(max-width: 408px) 100vw, 408px\" title=\"Pesquisadores de SP desenvolvem dispositivo que integra computa\u00e7\u00e3o ao c\u00e9rebro humano\" srcset=\"https:\/\/tarauacanamidia.com.br\/wp-content\/uploads\/2026\/05\/155671-pesquisadores-de-sp-desenvolvem-dispositivo-que-integra-computacao-ao-cerebro-humano-450x300.png 450w, https:\/\/tarauacanamidia.com.br\/wp-content\/uploads\/2026\/05\/155671-pesquisadores-de-sp-desenvolvem-dispositivo-que-integra-computacao-ao-cerebro-humano-300x200.png 300w, https:\/\/tarauacanamidia.com.br\/wp-content\/uploads\/2026\/05\/155671-pesquisadores-de-sp-desenvolvem-dispositivo-que-integra-computacao-ao-cerebro-humano-1024x683.png 1024w, https:\/\/tarauacanamidia.com.br\/wp-content\/uploads\/2026\/05\/155671-pesquisadores-de-sp-desenvolvem-dispositivo-que-integra-computacao-ao-cerebro-humano-768x512.png 768w, https:\/\/tarauacanamidia.com.br\/wp-content\/uploads\/2026\/05\/155671-pesquisadores-de-sp-desenvolvem-dispositivo-que-integra-computacao-ao-cerebro-humano-150x100.png 150w, https:\/\/tarauacanamidia.com.br\/wp-content\/uploads\/2026\/05\/155671-pesquisadores-de-sp-desenvolvem-dispositivo-que-integra-computacao-ao-cerebro-humano-1200x800.png 1200w, https:\/\/tarauacanamidia.com.br\/wp-content\/uploads\/2026\/05\/155671-pesquisadores-de-sp-desenvolvem-dispositivo-que-integra-computacao-ao-cerebro-humano-219x146.png 219w, https:\/\/tarauacanamidia.com.br\/wp-content\/uploads\/2026\/05\/155671-pesquisadores-de-sp-desenvolvem-dispositivo-que-integra-computacao-ao-cerebro-humano.png 1536w\" \/><\/a>\t\t\t\n\t\t\t\n\t\t\t\n\t\t\t\t\t\t\t\n\t\t\t\t<span class=\"cat-labels cat-labels-overlay c-overlay p-bot-left\">\n\t\t\t\t<a href=\"https:\/\/tarauacanamidia.com.br\/?cat=41\" class=\"category term-color-41\" rel=\"category\" tabindex=\"-1\">Tecnologia<\/a>\n\t\t\t<\/span>\n\t\t\t\t\t\t\n\t\t\t\n\t\t\n\t\t<\/div>\n\t\n\n\t\n\t\t<div class=\"content\">\n\n\t\t\t<div class=\"post-meta post-meta-a has-below\"><h2 class=\"is-title post-title limit-lines l-lines-2\"><a href=\"https:\/\/tarauacanamidia.com.br\/?p=155671\">Pesquisadores de SP desenvolvem dispositivo que integra computa\u00e7\u00e3o ao c\u00e9rebro humano<\/a><\/h2><div class=\"post-meta-items meta-below\"><span class=\"meta-item date\"><span class=\"date-link\"><time class=\"post-date\" datetime=\"2026-05-01T03:44:29-03:00\">1 de maio de 2026<\/time><\/span><\/span><\/div><\/div>\t\t\t\n\t\t\t\n\t\t\t\n\t\t<\/div>\n\n\t\n<\/article>\t\t\t\t\t\n<article class=\"l-post grid-post grid-base-post\">\n\n\t\n\t\t\t<div class=\"media\">\n\n\t\t\n\t\t\t<a href=\"https:\/\/tarauacanamidia.com.br\/?p=155414\" class=\"image-link media-ratio ratio-3-2\" title=\"Campo de Marte pode receber primeiro vertiporto para aeronaves el\u00e9tricas em SP\"><img loading=\"lazy\" decoding=\"async\" width=\"408\" height=\"272\" src=\"https:\/\/tarauacanamidia.com.br\/wp-content\/uploads\/2026\/04\/155414-campo-de-marte-pode-receber-primeiro-vertiporto-para-aeronaves-eletricas-em-sp-450x300.png\" class=\"attachment-bunyad-medium size-bunyad-medium wp-post-image\" alt=\"campo-de-marte-pode-receber-primeiro-vertiporto-para-aeronaves-eletricas-em-sp\" sizes=\"(max-width: 408px) 100vw, 408px\" title=\"Campo de Marte pode receber primeiro vertiporto para aeronaves el\u00e9tricas em SP\" srcset=\"https:\/\/tarauacanamidia.com.br\/wp-content\/uploads\/2026\/04\/155414-campo-de-marte-pode-receber-primeiro-vertiporto-para-aeronaves-eletricas-em-sp-450x300.png 450w, https:\/\/tarauacanamidia.com.br\/wp-content\/uploads\/2026\/04\/155414-campo-de-marte-pode-receber-primeiro-vertiporto-para-aeronaves-eletricas-em-sp-300x200.png 300w, https:\/\/tarauacanamidia.com.br\/wp-content\/uploads\/2026\/04\/155414-campo-de-marte-pode-receber-primeiro-vertiporto-para-aeronaves-eletricas-em-sp-1024x683.png 1024w, https:\/\/tarauacanamidia.com.br\/wp-content\/uploads\/2026\/04\/155414-campo-de-marte-pode-receber-primeiro-vertiporto-para-aeronaves-eletricas-em-sp-768x512.png 768w, https:\/\/tarauacanamidia.com.br\/wp-content\/uploads\/2026\/04\/155414-campo-de-marte-pode-receber-primeiro-vertiporto-para-aeronaves-eletricas-em-sp-150x100.png 150w, https:\/\/tarauacanamidia.com.br\/wp-content\/uploads\/2026\/04\/155414-campo-de-marte-pode-receber-primeiro-vertiporto-para-aeronaves-eletricas-em-sp-1200x800.png 1200w, https:\/\/tarauacanamidia.com.br\/wp-content\/uploads\/2026\/04\/155414-campo-de-marte-pode-receber-primeiro-vertiporto-para-aeronaves-eletricas-em-sp-219x146.png 219w, https:\/\/tarauacanamidia.com.br\/wp-content\/uploads\/2026\/04\/155414-campo-de-marte-pode-receber-primeiro-vertiporto-para-aeronaves-eletricas-em-sp.png 1536w\" \/><\/a>\t\t\t\n\t\t\t\n\t\t\t\n\t\t\t\t\t\t\t\n\t\t\t\t<span class=\"cat-labels cat-labels-overlay c-overlay p-bot-left\">\n\t\t\t\t<a href=\"https:\/\/tarauacanamidia.com.br\/?cat=41\" class=\"category term-color-41\" rel=\"category\" tabindex=\"-1\">Tecnologia<\/a>\n\t\t\t<\/span>\n\t\t\t\t\t\t\n\t\t\t\n\t\t\n\t\t<\/div>\n\t\n\n\t\n\t\t<div class=\"content\">\n\n\t\t\t<div class=\"post-meta post-meta-a has-below\"><h2 class=\"is-title post-title limit-lines l-lines-2\"><a href=\"https:\/\/tarauacanamidia.com.br\/?p=155414\">Campo de Marte pode receber primeiro vertiporto para aeronaves el\u00e9tricas em SP<\/a><\/h2><div class=\"post-meta-items meta-below\"><span class=\"meta-item date\"><span class=\"date-link\"><time class=\"post-date\" datetime=\"2026-04-22T17:18:03-03:00\">22 de abril de 2026<\/time><\/span><\/span><\/div><\/div>\t\t\t\n\t\t\t\n\t\t\t\n\t\t<\/div>\n\n\t\n<\/article>\t\t\t\t\t\n<article class=\"l-post grid-post grid-base-post\">\n\n\t\n\t\t\t<div class=\"media\">\n\n\t\t\n\t\t\t<a href=\"https:\/\/tarauacanamidia.com.br\/?p=155420\" class=\"image-link media-ratio ratio-3-2\" title=\"Pol\u00edcia apreende cerca de 300 kg de drogas em ch\u00e1cara no interior de SP com aux\u00edlio de drone\"><img loading=\"lazy\" decoding=\"async\" width=\"408\" height=\"272\" src=\"https:\/\/tarauacanamidia.com.br\/wp-content\/uploads\/2026\/04\/155420-policia-apreende-cerca-de-300-kg-de-drogas-em-chacara-no-interior-de-sp-com-auxilio-de-drone-450x300.png\" class=\"attachment-bunyad-medium size-bunyad-medium wp-post-image\" alt=\"policia-apreende-cerca-de-300-kg-de-drogas-em-chacara-no-interior-de-sp-com-auxilio-de-drone\" sizes=\"(max-width: 408px) 100vw, 408px\" title=\"Pol\u00edcia apreende cerca de 300 kg de drogas em ch\u00e1cara no interior de SP com aux\u00edlio de drone\" srcset=\"https:\/\/tarauacanamidia.com.br\/wp-content\/uploads\/2026\/04\/155420-policia-apreende-cerca-de-300-kg-de-drogas-em-chacara-no-interior-de-sp-com-auxilio-de-drone-450x300.png 450w, https:\/\/tarauacanamidia.com.br\/wp-content\/uploads\/2026\/04\/155420-policia-apreende-cerca-de-300-kg-de-drogas-em-chacara-no-interior-de-sp-com-auxilio-de-drone-300x200.png 300w, https:\/\/tarauacanamidia.com.br\/wp-content\/uploads\/2026\/04\/155420-policia-apreende-cerca-de-300-kg-de-drogas-em-chacara-no-interior-de-sp-com-auxilio-de-drone-1024x683.png 1024w, https:\/\/tarauacanamidia.com.br\/wp-content\/uploads\/2026\/04\/155420-policia-apreende-cerca-de-300-kg-de-drogas-em-chacara-no-interior-de-sp-com-auxilio-de-drone-768x512.png 768w, https:\/\/tarauacanamidia.com.br\/wp-content\/uploads\/2026\/04\/155420-policia-apreende-cerca-de-300-kg-de-drogas-em-chacara-no-interior-de-sp-com-auxilio-de-drone-150x100.png 150w, https:\/\/tarauacanamidia.com.br\/wp-content\/uploads\/2026\/04\/155420-policia-apreende-cerca-de-300-kg-de-drogas-em-chacara-no-interior-de-sp-com-auxilio-de-drone-1200x800.png 1200w, https:\/\/tarauacanamidia.com.br\/wp-content\/uploads\/2026\/04\/155420-policia-apreende-cerca-de-300-kg-de-drogas-em-chacara-no-interior-de-sp-com-auxilio-de-drone-219x146.png 219w, https:\/\/tarauacanamidia.com.br\/wp-content\/uploads\/2026\/04\/155420-policia-apreende-cerca-de-300-kg-de-drogas-em-chacara-no-interior-de-sp-com-auxilio-de-drone.png 1536w\" \/><\/a>\t\t\t\n\t\t\t\n\t\t\t\n\t\t\t\t\t\t\t\n\t\t\t\t<span class=\"cat-labels cat-labels-overlay c-overlay p-bot-left\">\n\t\t\t\t<a href=\"https:\/\/tarauacanamidia.com.br\/?cat=41\" class=\"category term-color-41\" rel=\"category\" tabindex=\"-1\">Tecnologia<\/a>\n\t\t\t<\/span>\n\t\t\t\t\t\t\n\t\t\t\n\t\t\n\t\t<\/div>\n\t\n\n\t\n\t\t<div class=\"content\">\n\n\t\t\t<div class=\"post-meta post-meta-a has-below\"><h2 class=\"is-title post-title limit-lines l-lines-2\"><a href=\"https:\/\/tarauacanamidia.com.br\/?p=155420\">Pol\u00edcia apreende cerca de 300 kg de drogas em ch\u00e1cara no interior de SP com aux\u00edlio de drone<\/a><\/h2><div class=\"post-meta-items meta-below\"><span class=\"meta-item date\"><span class=\"date-link\"><time class=\"post-date\" datetime=\"2026-04-22T17:18:02-03:00\">22 de abril de 2026<\/time><\/span><\/span><\/div><\/div>\t\t\t\n\t\t\t\n\t\t\t\n\t\t<\/div>\n\n\t\n<\/article>\t\t\n\t<\/div>\n\n\t\t\n\t\t\t<\/div>\n\n\t\t<\/section>\n\t\t\t\t\t\t<\/div>\n\t\t\t\t<\/div>\n\t\t\t\t<div class=\"elementor-element elementor-element-9a991ef elementor-widget elementor-widget-smartmag-grid\" data-id=\"9a991ef\" data-element_type=\"widget\" data-e-type=\"widget\" data-widget_type=\"smartmag-grid.default\">\n\t\t\t\t<div class=\"elementor-widget-container\">\n\t\t\t\t\t\t\t<section class=\"block-wrap block-grid block-sc mb-none\" data-id=\"28\">\n\n\t\t\t\t\t\t\t\t\n\t\t\t\t\t\t\t\n\t\t\t\t<div class=\"block-head block-head-ac block-head-c is-left\">\n\n\t\t\t\t\t<h4 class=\"heading\">EVENTOS E COBERTURAS ESPECIAIS<\/h4>\t\t\t\t\t\n\t\t\t\t\t\t\t\t\t<\/div>\n\t\t\t\t\n\t\t\t\n\t\t\t\n\t\t\t<div class=\"block-content\">\n\t\t\t\t\t\n\t<div data-slider=\"carousel\" data-autoplay=\"1\" data-speed=\"1000\" data-slides=\"4\" data-slides-md data-slides-sm data-arrows=\"b\" data-dots class=\"loop loop-grid loop-grid-base common-slider loop-carousel arrow-hover slider-arrow-b grid grid-4 md:grid-2 xs:grid-1\">\n\n\t\t\t\t\t\n<article class=\"l-post grid-post grid-base-post\">\n\n\t\n\t\t\t<div class=\"media\">\n\n\t\t\n\t\t\t<a href=\"https:\/\/tarauacanamidia.com.br\/?p=155516\" class=\"image-link media-ratio ratio-3-2\" title=\"Orquestra Jovem do Estado se apresenta na Sala S\u00e3o Paulo neste domingo\"><img loading=\"lazy\" decoding=\"async\" width=\"408\" height=\"272\" src=\"https:\/\/tarauacanamidia.com.br\/wp-content\/uploads\/2026\/04\/155516-orquestra-jovem-do-estado-se-apresenta-na-sala-sao-paulo-neste-domingo-450x300.png\" class=\"attachment-bunyad-medium size-bunyad-medium wp-post-image\" alt=\"orquestra-jovem-do-estado-se-apresenta-na-sala-sao-paulo-neste-domingo\" sizes=\"(max-width: 408px) 100vw, 408px\" title=\"Orquestra Jovem do Estado se apresenta na Sala S\u00e3o Paulo neste domingo\" srcset=\"https:\/\/tarauacanamidia.com.br\/wp-content\/uploads\/2026\/04\/155516-orquestra-jovem-do-estado-se-apresenta-na-sala-sao-paulo-neste-domingo-450x300.png 450w, https:\/\/tarauacanamidia.com.br\/wp-content\/uploads\/2026\/04\/155516-orquestra-jovem-do-estado-se-apresenta-na-sala-sao-paulo-neste-domingo-300x200.png 300w, https:\/\/tarauacanamidia.com.br\/wp-content\/uploads\/2026\/04\/155516-orquestra-jovem-do-estado-se-apresenta-na-sala-sao-paulo-neste-domingo-1024x683.png 1024w, https:\/\/tarauacanamidia.com.br\/wp-content\/uploads\/2026\/04\/155516-orquestra-jovem-do-estado-se-apresenta-na-sala-sao-paulo-neste-domingo-768x512.png 768w, https:\/\/tarauacanamidia.com.br\/wp-content\/uploads\/2026\/04\/155516-orquestra-jovem-do-estado-se-apresenta-na-sala-sao-paulo-neste-domingo-150x100.png 150w, https:\/\/tarauacanamidia.com.br\/wp-content\/uploads\/2026\/04\/155516-orquestra-jovem-do-estado-se-apresenta-na-sala-sao-paulo-neste-domingo-1200x800.png 1200w, https:\/\/tarauacanamidia.com.br\/wp-content\/uploads\/2026\/04\/155516-orquestra-jovem-do-estado-se-apresenta-na-sala-sao-paulo-neste-domingo-219x146.png 219w, https:\/\/tarauacanamidia.com.br\/wp-content\/uploads\/2026\/04\/155516-orquestra-jovem-do-estado-se-apresenta-na-sala-sao-paulo-neste-domingo.png 1536w\" \/><\/a>\t\t\t\n\t\t\t\n\t\t\t\n\t\t\t\t\t\t\t\n\t\t\t\t<span class=\"cat-labels cat-labels-overlay c-overlay p-bot-left\">\n\t\t\t\t<a href=\"https:\/\/tarauacanamidia.com.br\/?cat=71\" class=\"category term-color-71\" rel=\"category\" tabindex=\"-1\">Shows e Eventos<\/a>\n\t\t\t<\/span>\n\t\t\t\t\t\t\n\t\t\t\n\t\t\n\t\t<\/div>\n\t\n\n\t\n\t\t<div class=\"content\">\n\n\t\t\t<div class=\"post-meta post-meta-a has-below\"><h2 class=\"is-title post-title limit-lines l-lines-2\"><a href=\"https:\/\/tarauacanamidia.com.br\/?p=155516\">Orquestra Jovem do Estado se apresenta na Sala S\u00e3o Paulo neste domingo<\/a><\/h2><div class=\"post-meta-items meta-below\"><span class=\"meta-item date\"><span class=\"date-link\"><time class=\"post-date\" datetime=\"2026-04-09T23:01:00-03:00\">9 de abril de 2026<\/time><\/span><\/span><\/div><\/div>\t\t\t\n\t\t\t\n\t\t\t\n\t\t<\/div>\n\n\t\n<\/article>\t\t\t\t\t\n<article class=\"l-post grid-post grid-base-post\">\n\n\t\n\t\t\t<div class=\"media\">\n\n\t\t\n\t\t\t<a href=\"https:\/\/tarauacanamidia.com.br\/?p=155523\" class=\"image-link media-ratio ratio-3-2\" title=\"Mostra Picadilha promove bate-papo gratuito sobre grafite neste s\u00e1bado em SP\"><img loading=\"lazy\" decoding=\"async\" width=\"408\" height=\"272\" src=\"https:\/\/tarauacanamidia.com.br\/wp-content\/uploads\/2026\/04\/155523-mostra-picadilha-promove-bate-papo-gratuito-sobre-grafite-neste-sabado-em-sp-450x300.png\" class=\"attachment-bunyad-medium size-bunyad-medium wp-post-image\" alt=\"mostra-picadilha-promove-bate-papo-gratuito-sobre-grafite-neste-sabado-em-sp\" sizes=\"(max-width: 408px) 100vw, 408px\" title=\"Mostra Picadilha promove bate-papo gratuito sobre grafite neste s\u00e1bado em SP\" srcset=\"https:\/\/tarauacanamidia.com.br\/wp-content\/uploads\/2026\/04\/155523-mostra-picadilha-promove-bate-papo-gratuito-sobre-grafite-neste-sabado-em-sp-450x300.png 450w, https:\/\/tarauacanamidia.com.br\/wp-content\/uploads\/2026\/04\/155523-mostra-picadilha-promove-bate-papo-gratuito-sobre-grafite-neste-sabado-em-sp-300x200.png 300w, https:\/\/tarauacanamidia.com.br\/wp-content\/uploads\/2026\/04\/155523-mostra-picadilha-promove-bate-papo-gratuito-sobre-grafite-neste-sabado-em-sp-1024x683.png 1024w, https:\/\/tarauacanamidia.com.br\/wp-content\/uploads\/2026\/04\/155523-mostra-picadilha-promove-bate-papo-gratuito-sobre-grafite-neste-sabado-em-sp-768x512.png 768w, https:\/\/tarauacanamidia.com.br\/wp-content\/uploads\/2026\/04\/155523-mostra-picadilha-promove-bate-papo-gratuito-sobre-grafite-neste-sabado-em-sp-150x100.png 150w, https:\/\/tarauacanamidia.com.br\/wp-content\/uploads\/2026\/04\/155523-mostra-picadilha-promove-bate-papo-gratuito-sobre-grafite-neste-sabado-em-sp-1200x800.png 1200w, https:\/\/tarauacanamidia.com.br\/wp-content\/uploads\/2026\/04\/155523-mostra-picadilha-promove-bate-papo-gratuito-sobre-grafite-neste-sabado-em-sp-219x146.png 219w, https:\/\/tarauacanamidia.com.br\/wp-content\/uploads\/2026\/04\/155523-mostra-picadilha-promove-bate-papo-gratuito-sobre-grafite-neste-sabado-em-sp.png 1536w\" \/><\/a>\t\t\t\n\t\t\t\n\t\t\t\n\t\t\t\t\t\t\t\n\t\t\t\t<span class=\"cat-labels cat-labels-overlay c-overlay p-bot-left\">\n\t\t\t\t<a href=\"https:\/\/tarauacanamidia.com.br\/?cat=72\" class=\"category term-color-72\" rel=\"category\" tabindex=\"-1\">Feiras e Exposi\u00e7\u00f5es<\/a>\n\t\t\t<\/span>\n\t\t\t\t\t\t\n\t\t\t\n\t\t\n\t\t<\/div>\n\t\n\n\t\n\t\t<div class=\"content\">\n\n\t\t\t<div class=\"post-meta post-meta-a has-below\"><h2 class=\"is-title post-title limit-lines l-lines-2\"><a href=\"https:\/\/tarauacanamidia.com.br\/?p=155523\">Mostra Picadilha promove bate-papo gratuito sobre grafite neste s\u00e1bado em SP<\/a><\/h2><div class=\"post-meta-items meta-below\"><span class=\"meta-item date\"><span class=\"date-link\"><time class=\"post-date\" datetime=\"2026-04-09T01:42:00-03:00\">9 de abril de 2026<\/time><\/span><\/span><\/div><\/div>\t\t\t\n\t\t\t\n\t\t\t\n\t\t<\/div>\n\n\t\n<\/article>\t\t\t\t\t\n<article class=\"l-post grid-post grid-base-post\">\n\n\t\n\t\t\t<div class=\"media\">\n\n\t\t\n\t\t\t<a href=\"https:\/\/tarauacanamidia.com.br\/?p=155525\" class=\"image-link media-ratio ratio-3-2\" title=\"S\u00e3o Paulo Innovation Week ter\u00e1 programa\u00e7\u00e3o voltada \u00e0 m\u00fasica e literatura\"><img loading=\"lazy\" decoding=\"async\" width=\"408\" height=\"272\" src=\"https:\/\/tarauacanamidia.com.br\/wp-content\/uploads\/2026\/04\/155525-sao-paulo-innovation-week-tera-programacao-voltada-a-musica-e-literatura-450x300.png\" class=\"attachment-bunyad-medium size-bunyad-medium wp-post-image\" alt=\"sao-paulo-innovation-week-tera-programacao-voltada-a-musica-e-literatura\" sizes=\"(max-width: 408px) 100vw, 408px\" title=\"S\u00e3o Paulo Innovation Week ter\u00e1 programa\u00e7\u00e3o voltada \u00e0 m\u00fasica e literatura\" srcset=\"https:\/\/tarauacanamidia.com.br\/wp-content\/uploads\/2026\/04\/155525-sao-paulo-innovation-week-tera-programacao-voltada-a-musica-e-literatura-450x300.png 450w, https:\/\/tarauacanamidia.com.br\/wp-content\/uploads\/2026\/04\/155525-sao-paulo-innovation-week-tera-programacao-voltada-a-musica-e-literatura-300x200.png 300w, https:\/\/tarauacanamidia.com.br\/wp-content\/uploads\/2026\/04\/155525-sao-paulo-innovation-week-tera-programacao-voltada-a-musica-e-literatura-1024x683.png 1024w, https:\/\/tarauacanamidia.com.br\/wp-content\/uploads\/2026\/04\/155525-sao-paulo-innovation-week-tera-programacao-voltada-a-musica-e-literatura-768x512.png 768w, https:\/\/tarauacanamidia.com.br\/wp-content\/uploads\/2026\/04\/155525-sao-paulo-innovation-week-tera-programacao-voltada-a-musica-e-literatura-150x100.png 150w, https:\/\/tarauacanamidia.com.br\/wp-content\/uploads\/2026\/04\/155525-sao-paulo-innovation-week-tera-programacao-voltada-a-musica-e-literatura-1200x800.png 1200w, https:\/\/tarauacanamidia.com.br\/wp-content\/uploads\/2026\/04\/155525-sao-paulo-innovation-week-tera-programacao-voltada-a-musica-e-literatura-219x146.png 219w, https:\/\/tarauacanamidia.com.br\/wp-content\/uploads\/2026\/04\/155525-sao-paulo-innovation-week-tera-programacao-voltada-a-musica-e-literatura.png 1536w\" \/><\/a>\t\t\t\n\t\t\t\n\t\t\t\n\t\t\t\t\t\t\t\n\t\t\t\t<span class=\"cat-labels cat-labels-overlay c-overlay p-bot-left\">\n\t\t\t\t<a href=\"https:\/\/tarauacanamidia.com.br\/?cat=71\" class=\"category term-color-71\" rel=\"category\" tabindex=\"-1\">Shows e Eventos<\/a>\n\t\t\t<\/span>\n\t\t\t\t\t\t\n\t\t\t\n\t\t\n\t\t<\/div>\n\t\n\n\t\n\t\t<div class=\"content\">\n\n\t\t\t<div class=\"post-meta post-meta-a has-below\"><h2 class=\"is-title post-title limit-lines l-lines-2\"><a href=\"https:\/\/tarauacanamidia.com.br\/?p=155525\">S\u00e3o Paulo Innovation Week ter\u00e1 programa\u00e7\u00e3o voltada \u00e0 m\u00fasica e literatura<\/a><\/h2><div class=\"post-meta-items meta-below\"><span class=\"meta-item date\"><span class=\"date-link\"><time class=\"post-date\" datetime=\"2026-04-04T21:46:00-03:00\">4 de abril de 2026<\/time><\/span><\/span><\/div><\/div>\t\t\t\n\t\t\t\n\t\t\t\n\t\t<\/div>\n\n\t\n<\/article>\t\t\t\t\t\n<article class=\"l-post grid-post grid-base-post\">\n\n\t\n\t\t\t<div class=\"media\">\n\n\t\t\n\t\t\t<a href=\"https:\/\/tarauacanamidia.com.br\/?p=155540\" class=\"image-link media-ratio ratio-3-2\" title=\"Governo de SP lan\u00e7a guia tur\u00edstico com roteiros de religi\u00f5es orientais\"><img loading=\"lazy\" decoding=\"async\" width=\"408\" height=\"272\" src=\"https:\/\/tarauacanamidia.com.br\/wp-content\/uploads\/2026\/04\/155540-governo-de-sp-lanca-guia-turistico-com-roteiros-de-religioes-orientais-450x338.png\" class=\"attachment-bunyad-medium size-bunyad-medium wp-post-image\" alt=\"governo-de-sp-lanca-guia-turistico-com-roteiros-de-religioes-orientais\" sizes=\"(max-width: 408px) 100vw, 408px\" title=\"Governo de SP lan\u00e7a guia tur\u00edstico com roteiros de religi\u00f5es orientais\" srcset=\"https:\/\/tarauacanamidia.com.br\/wp-content\/uploads\/2026\/04\/155540-governo-de-sp-lanca-guia-turistico-com-roteiros-de-religioes-orientais-450x338.png 450w, https:\/\/tarauacanamidia.com.br\/wp-content\/uploads\/2026\/04\/155540-governo-de-sp-lanca-guia-turistico-com-roteiros-de-religioes-orientais-1024x768.png 1024w, https:\/\/tarauacanamidia.com.br\/wp-content\/uploads\/2026\/04\/155540-governo-de-sp-lanca-guia-turistico-com-roteiros-de-religioes-orientais-768x576.png 768w, https:\/\/tarauacanamidia.com.br\/wp-content\/uploads\/2026\/04\/155540-governo-de-sp-lanca-guia-turistico-com-roteiros-de-religioes-orientais-1200x900.png 1200w, https:\/\/tarauacanamidia.com.br\/wp-content\/uploads\/2026\/04\/155540-governo-de-sp-lanca-guia-turistico-com-roteiros-de-religioes-orientais.png 1365w\" \/><\/a>\t\t\t\n\t\t\t\n\t\t\t\n\t\t\t\t\t\t\t\n\t\t\t\t<span class=\"cat-labels cat-labels-overlay c-overlay p-bot-left\">\n\t\t\t\t<a href=\"https:\/\/tarauacanamidia.com.br\/?cat=72\" class=\"category term-color-72\" rel=\"category\" tabindex=\"-1\">Feiras e Exposi\u00e7\u00f5es<\/a>\n\t\t\t<\/span>\n\t\t\t\t\t\t\n\t\t\t\n\t\t\n\t\t<\/div>\n\t\n\n\t\n\t\t<div class=\"content\">\n\n\t\t\t<div class=\"post-meta post-meta-a has-below\"><h2 class=\"is-title post-title limit-lines l-lines-2\"><a href=\"https:\/\/tarauacanamidia.com.br\/?p=155540\">Governo de SP lan\u00e7a guia tur\u00edstico com roteiros de religi\u00f5es orientais<\/a><\/h2><div class=\"post-meta-items meta-below\"><span class=\"meta-item date\"><span class=\"date-link\"><time class=\"post-date\" datetime=\"2026-03-22T12:28:00-03:00\">22 de mar\u00e7o de 2026<\/time><\/span><\/span><\/div><\/div>\t\t\t\n\t\t\t\n\t\t\t\n\t\t<\/div>\n\n\t\n<\/article>\t\t\t\t\t\n<article class=\"l-post grid-post grid-base-post\">\n\n\t\n\t\t\t<div class=\"media\">\n\n\t\t\n\t\t\t<a href=\"https:\/\/tarauacanamidia.com.br\/?p=155559\" class=\"image-link media-ratio ratio-3-2\" title=\"Carreta do Museu Catavento leva experi\u00eancias cient\u00edficas a Hercul\u00e2ndia\"><img loading=\"lazy\" decoding=\"async\" width=\"408\" height=\"272\" src=\"https:\/\/tarauacanamidia.com.br\/wp-content\/uploads\/2026\/04\/155559-carreta-do-museu-catavento-leva-experiencias-cientificas-a-herculandia-450x300.png\" class=\"attachment-bunyad-medium size-bunyad-medium wp-post-image\" alt=\"carreta-do-museu-catavento-leva-experiencias-cientificas-a-herculandia\" sizes=\"(max-width: 408px) 100vw, 408px\" title=\"Carreta do Museu Catavento leva experi\u00eancias cient\u00edficas a Hercul\u00e2ndia\" srcset=\"https:\/\/tarauacanamidia.com.br\/wp-content\/uploads\/2026\/04\/155559-carreta-do-museu-catavento-leva-experiencias-cientificas-a-herculandia-450x300.png 450w, https:\/\/tarauacanamidia.com.br\/wp-content\/uploads\/2026\/04\/155559-carreta-do-museu-catavento-leva-experiencias-cientificas-a-herculandia-300x200.png 300w, https:\/\/tarauacanamidia.com.br\/wp-content\/uploads\/2026\/04\/155559-carreta-do-museu-catavento-leva-experiencias-cientificas-a-herculandia-1024x683.png 1024w, https:\/\/tarauacanamidia.com.br\/wp-content\/uploads\/2026\/04\/155559-carreta-do-museu-catavento-leva-experiencias-cientificas-a-herculandia-768x512.png 768w, https:\/\/tarauacanamidia.com.br\/wp-content\/uploads\/2026\/04\/155559-carreta-do-museu-catavento-leva-experiencias-cientificas-a-herculandia-150x100.png 150w, https:\/\/tarauacanamidia.com.br\/wp-content\/uploads\/2026\/04\/155559-carreta-do-museu-catavento-leva-experiencias-cientificas-a-herculandia-1200x800.png 1200w, https:\/\/tarauacanamidia.com.br\/wp-content\/uploads\/2026\/04\/155559-carreta-do-museu-catavento-leva-experiencias-cientificas-a-herculandia-219x146.png 219w, https:\/\/tarauacanamidia.com.br\/wp-content\/uploads\/2026\/04\/155559-carreta-do-museu-catavento-leva-experiencias-cientificas-a-herculandia.png 1536w\" \/><\/a>\t\t\t\n\t\t\t\n\t\t\t\n\t\t\t\t\t\t\t\n\t\t\t\t<span class=\"cat-labels cat-labels-overlay c-overlay p-bot-left\">\n\t\t\t\t<a href=\"https:\/\/tarauacanamidia.com.br\/?cat=72\" class=\"category term-color-72\" rel=\"category\" tabindex=\"-1\">Feiras e Exposi\u00e7\u00f5es<\/a>\n\t\t\t<\/span>\n\t\t\t\t\t\t\n\t\t\t\n\t\t\n\t\t<\/div>\n\t\n\n\t\n\t\t<div class=\"content\">\n\n\t\t\t<div class=\"post-meta post-meta-a has-below\"><h2 class=\"is-title post-title limit-lines l-lines-2\"><a href=\"https:\/\/tarauacanamidia.com.br\/?p=155559\">Carreta do Museu Catavento leva experi\u00eancias cient\u00edficas a Hercul\u00e2ndia<\/a><\/h2><div class=\"post-meta-items meta-below\"><span class=\"meta-item date\"><span class=\"date-link\"><time class=\"post-date\" datetime=\"2026-03-22T12:08:00-03:00\">22 de mar\u00e7o de 2026<\/time><\/span><\/span><\/div><\/div>\t\t\t\n\t\t\t\n\t\t\t\n\t\t<\/div>\n\n\t\n<\/article>\t\t\n\t<\/div>\n\n\t\t\n\t\t\t<\/div>\n\n\t\t<\/section>\n\t\t\t\t\t\t<\/div>\n\t\t\t\t<\/div>\n\t\t\t\t\t<\/div>\n\t\t<\/div>\n\t\t\t\t\t<\/div>\n\t\t<\/section>\n\t\t\t\t<section class=\"has-el-gap el-gap-default elementor-section elementor-top-section elementor-element elementor-element-4609d6b1 elementor-section-full_width elementor-section-height-default elementor-section-height-default\" data-id=\"4609d6b1\" data-element_type=\"section\" data-e-type=\"section\" data-settings=\"{&quot;background_background&quot;:&quot;classic&quot;}\">\n\t\t\t\t\t\t\t<div class=\"elementor-background-overlay\"><\/div>\n\t\t\t\t\t\t\t<div class=\"elementor-container elementor-column-gap-no\">\n\t\t\t\t\t<div class=\"elementor-column elementor-col-100 elementor-top-column elementor-element elementor-element-239f7f29\" data-id=\"239f7f29\" data-element_type=\"column\" data-e-type=\"column\" data-settings=\"{&quot;background_background&quot;:&quot;classic&quot;}\">\n\t\t\t<div class=\"elementor-widget-wrap elementor-element-populated\">\n\t\t\t\t\t\t<div class=\"elementor-element elementor-element-7cc7bd44 elementor-widget elementor-widget-smartmag-postslist\" data-id=\"7cc7bd44\" data-element_type=\"widget\" data-e-type=\"widget\" data-widget_type=\"smartmag-postslist.default\">\n\t\t\t\t<div class=\"elementor-widget-container\">\n\t\t\t\t\t\t\t<section class=\"block-wrap block-posts-list block-sc s-dark mb-none\" data-id=\"29\">\n\n\t\t\t\t\t\t\t\t\n\t\t\t\t\t\t\t\n\t\t\t\t<div class=\"block-head block-head-ac block-head-c is-left\">\n\n\t\t\t\t\t<h4 class=\"heading\">DESTAQUE NACIONAL<\/h4>\t\t\t\t\t\n\t\t\t\t\t\t\t\t\t<\/div>\n\t\t\t\t\n\t\t\t\n\t\t\t\n\t\t\t<div class=\"block-content\">\n\t\t\t\t\t\n\t<div class=\"loop loop-list loop-sep loop-list-sep grid grid-1 md:grid-1 sm:grid-1\">\n\n\t\t\t\t\n\t\t\t\n<article class=\"l-post list-post list-post-v-center grid-on-sm m-pos-right\">\n\n\t\n\t\t\t<div class=\"media\">\n\n\t\t\n\t\t\t<a href=\"https:\/\/tarauacanamidia.com.br\/?p=155806\" class=\"image-link media-ratio ratio-is-custom\" title=\"Governo de SP entrega moderniza\u00e7\u00e3o de aeroporto em Ribeir\u00e3o Preto e amplia capacidade\"><img loading=\"lazy\" decoding=\"async\" width=\"933\" height=\"455\" src=\"https:\/\/tarauacanamidia.com.br\/wp-content\/uploads\/2026\/05\/155806-governo-de-sp-entrega-modernizacao-de-aeroporto-em-ribeirao-preto-e-amplia-capacidade-1024x683.png\" class=\"attachment-large size-large wp-post-image\" alt=\"governo-de-sp-entrega-modernizacao-de-aeroporto-em-ribeirao-preto-e-amplia-capacidade\" sizes=\"(max-width: 933px) 100vw, 933px\" title=\"Governo de SP entrega moderniza\u00e7\u00e3o de aeroporto em Ribeir\u00e3o Preto e amplia capacidade\" srcset=\"https:\/\/tarauacanamidia.com.br\/wp-content\/uploads\/2026\/05\/155806-governo-de-sp-entrega-modernizacao-de-aeroporto-em-ribeirao-preto-e-amplia-capacidade-1024x683.png 1024w, https:\/\/tarauacanamidia.com.br\/wp-content\/uploads\/2026\/05\/155806-governo-de-sp-entrega-modernizacao-de-aeroporto-em-ribeirao-preto-e-amplia-capacidade-768x512.png 768w, https:\/\/tarauacanamidia.com.br\/wp-content\/uploads\/2026\/05\/155806-governo-de-sp-entrega-modernizacao-de-aeroporto-em-ribeirao-preto-e-amplia-capacidade-1536x1024.png 1536w, https:\/\/tarauacanamidia.com.br\/wp-content\/uploads\/2026\/05\/155806-governo-de-sp-entrega-modernizacao-de-aeroporto-em-ribeirao-preto-e-amplia-capacidade-1200x800.png 1200w, https:\/\/tarauacanamidia.com.br\/wp-content\/uploads\/2026\/05\/155806-governo-de-sp-entrega-modernizacao-de-aeroporto-em-ribeirao-preto-e-amplia-capacidade.png 1920w\" \/><\/a>\t\t\t\n\t\t\t\n\t\t\t\n\t\t\t\t\t\t\t\n\t\t\t\t<span class=\"cat-labels cat-labels-overlay c-overlay p-bot-left\">\n\t\t\t\t<a href=\"https:\/\/tarauacanamidia.com.br\/?cat=79\" class=\"category term-color-79\" rel=\"category\" tabindex=\"-1\">Destaque Nacional<\/a>\n\t\t\t<\/span>\n\t\t\t\t\t\t\n\t\t\t\n\t\t\n\t\t<\/div>\n\t\n\n\t\n\t\t<div class=\"content\">\n\n\t\t\t<div class=\"post-meta post-meta-a has-below\"><div class=\"post-meta-items meta-above\"><span class=\"meta-item post-cat\">\n\t\t\t\t\t\t\n\t\t\t\t\t\t<a href=\"https:\/\/tarauacanamidia.com.br\/?cat=79\" class=\"category term-color-79\" rel=\"category\">Destaque Nacional<\/a>\n\t\t\t\t\t<\/span>\n\t\t\t\t\t<\/div><h2 class=\"is-title post-title\"><a href=\"https:\/\/tarauacanamidia.com.br\/?p=155806\">Governo de SP entrega moderniza\u00e7\u00e3o de aeroporto em Ribeir\u00e3o Preto e amplia capacidade<\/a><\/h2><div class=\"post-meta-items meta-below\"><span class=\"meta-item post-author\"><span class=\"by\">Fonte:<\/span> <a href=\"https:\/\/tarauacanamidia.com.br\/author\/vinicius-mororo\" title=\"Posts de Vinicius Mororo\" rel=\"author\">Vinicius Mororo<\/a><\/span><\/div><\/div>\t\t\t\n\t\t\t\t\t\t\n\t\t\t\t<div class=\"excerpt\">\n\t\t\t\t\t<p>Terminal passa a comportar at\u00e9 1,5 milh\u00e3o de passageiros por ano ap\u00f3s obras de melhoria&hellip;<\/p>\n\t\t\t\t<\/div>\n\t\t\t\n\t\t\t\n\t\t\t\n\t\t<\/div>\n\n\t\n<\/article>\n\t\t\n\t<\/div>\n\n\t\t\t\t\t<\/div>\n\n\t\t<\/section>\n\t\t\t\t\t\t<\/div>\n\t\t\t\t<\/div>\n\t\t\t\t<div class=\"elementor-element elementor-element-1b3bee41 elementor-widget elementor-widget-smartmag-grid\" data-id=\"1b3bee41\" data-element_type=\"widget\" data-e-type=\"widget\" data-widget_type=\"smartmag-grid.default\">\n\t\t\t\t<div class=\"elementor-widget-container\">\n\t\t\t\t\t\t\t<section class=\"block-wrap block-grid block-sc\" data-id=\"30\">\n\n\t\t\t\t\n\t\t\t<div class=\"block-content\">\n\t\t\t\t\t\n\t<div class=\"loop loop-grid loop-grid-base grid grid-5 md:grid-2 xs:grid-1\">\n\n\t\t\t\t\t\n<article class=\"l-post grid-post grid-base-post\">\n\n\t\n\t\t\t<div class=\"media\">\n\n\t\t\n\t\t\t<a href=\"https:\/\/tarauacanamidia.com.br\/?p=155808\" class=\"image-link media-ratio ratio-is-custom\" title=\"Justi\u00e7a condena Estado de SP a indenizar pais de jovem morto por PM em mercado\"><img loading=\"lazy\" decoding=\"async\" width=\"408\" height=\"247\" src=\"https:\/\/tarauacanamidia.com.br\/wp-content\/uploads\/2026\/05\/155808-justica-condena-estado-de-sp-a-indenizar-pais-de-jovem-morto-por-pm-em-mercado-450x300.png\" class=\"attachment-bunyad-medium size-bunyad-medium wp-post-image\" alt=\"justica-condena-estado-de-sp-a-indenizar-pais-de-jovem-morto-por-pm-em-mercado\" sizes=\"(max-width: 408px) 100vw, 408px\" title=\"Justi\u00e7a condena Estado de SP a indenizar pais de jovem morto por PM em mercado\" srcset=\"https:\/\/tarauacanamidia.com.br\/wp-content\/uploads\/2026\/05\/155808-justica-condena-estado-de-sp-a-indenizar-pais-de-jovem-morto-por-pm-em-mercado-450x300.png 450w, https:\/\/tarauacanamidia.com.br\/wp-content\/uploads\/2026\/05\/155808-justica-condena-estado-de-sp-a-indenizar-pais-de-jovem-morto-por-pm-em-mercado-300x200.png 300w, https:\/\/tarauacanamidia.com.br\/wp-content\/uploads\/2026\/05\/155808-justica-condena-estado-de-sp-a-indenizar-pais-de-jovem-morto-por-pm-em-mercado-1024x683.png 1024w, https:\/\/tarauacanamidia.com.br\/wp-content\/uploads\/2026\/05\/155808-justica-condena-estado-de-sp-a-indenizar-pais-de-jovem-morto-por-pm-em-mercado-768x512.png 768w, https:\/\/tarauacanamidia.com.br\/wp-content\/uploads\/2026\/05\/155808-justica-condena-estado-de-sp-a-indenizar-pais-de-jovem-morto-por-pm-em-mercado-150x100.png 150w, https:\/\/tarauacanamidia.com.br\/wp-content\/uploads\/2026\/05\/155808-justica-condena-estado-de-sp-a-indenizar-pais-de-jovem-morto-por-pm-em-mercado-1200x800.png 1200w, https:\/\/tarauacanamidia.com.br\/wp-content\/uploads\/2026\/05\/155808-justica-condena-estado-de-sp-a-indenizar-pais-de-jovem-morto-por-pm-em-mercado-219x146.png 219w, https:\/\/tarauacanamidia.com.br\/wp-content\/uploads\/2026\/05\/155808-justica-condena-estado-de-sp-a-indenizar-pais-de-jovem-morto-por-pm-em-mercado.png 1536w\" \/><\/a>\t\t\t\n\t\t\t\n\t\t\t\n\t\t\t\t\t\t\t\n\t\t\t\t<span class=\"cat-labels cat-labels-overlay c-overlay p-bot-left\">\n\t\t\t\t<a href=\"https:\/\/tarauacanamidia.com.br\/?cat=79\" class=\"category term-color-79\" rel=\"category\" tabindex=\"-1\">Destaque Nacional<\/a>\n\t\t\t<\/span>\n\t\t\t\t\t\t\n\t\t\t\n\t\t\n\t\t<\/div>\n\t\n\n\t\n\t\t<div class=\"content\">\n\n\t\t\t<div class=\"post-meta post-meta-a\"><div class=\"post-meta-items meta-above\"><span class=\"meta-item post-cat\">\n\t\t\t\t\t\t\n\t\t\t\t\t\t<a href=\"https:\/\/tarauacanamidia.com.br\/?cat=79\" class=\"category term-color-79\" rel=\"category\">Destaque Nacional<\/a>\n\t\t\t\t\t<\/span>\n\t\t\t\t\t<\/div><h2 class=\"is-title post-title\"><a href=\"https:\/\/tarauacanamidia.com.br\/?p=155808\">Justi\u00e7a condena Estado de SP a indenizar pais de jovem morto por PM em mercado<\/a><\/h2><\/div>\t\t\t\n\t\t\t\n\t\t\t\n\t\t<\/div>\n\n\t\n<\/article>\t\t\t\t\t\n<article class=\"l-post grid-post grid-base-post\">\n\n\t\n\t\t\t<div class=\"media\">\n\n\t\t\n\t\t\t<a href=\"https:\/\/tarauacanamidia.com.br\/?p=155549\" class=\"image-link media-ratio ratio-is-custom\" title=\"Previs\u00e3o do tempo em SP para quinta (16): sol predomina e n\u00e3o h\u00e1 previs\u00e3o de chuva\"><img loading=\"lazy\" decoding=\"async\" width=\"408\" height=\"247\" src=\"https:\/\/tarauacanamidia.com.br\/wp-content\/uploads\/2026\/04\/155549-previsao-do-tempo-em-sp-para-quinta-16-sol-predomina-e-nao-ha-previsao-de-chuva-450x300.png\" class=\"attachment-bunyad-medium size-bunyad-medium wp-post-image\" alt=\"previsao-do-tempo-em-sp-para-quinta-(16):-sol-predomina-e-nao-ha-previsao-de-chuva\" sizes=\"(max-width: 408px) 100vw, 408px\" title=\"Previs\u00e3o do tempo em SP para quinta (16): sol predomina e n\u00e3o h\u00e1 previs\u00e3o de chuva\" srcset=\"https:\/\/tarauacanamidia.com.br\/wp-content\/uploads\/2026\/04\/155549-previsao-do-tempo-em-sp-para-quinta-16-sol-predomina-e-nao-ha-previsao-de-chuva-450x300.png 450w, https:\/\/tarauacanamidia.com.br\/wp-content\/uploads\/2026\/04\/155549-previsao-do-tempo-em-sp-para-quinta-16-sol-predomina-e-nao-ha-previsao-de-chuva-300x200.png 300w, https:\/\/tarauacanamidia.com.br\/wp-content\/uploads\/2026\/04\/155549-previsao-do-tempo-em-sp-para-quinta-16-sol-predomina-e-nao-ha-previsao-de-chuva-1024x683.png 1024w, https:\/\/tarauacanamidia.com.br\/wp-content\/uploads\/2026\/04\/155549-previsao-do-tempo-em-sp-para-quinta-16-sol-predomina-e-nao-ha-previsao-de-chuva-768x512.png 768w, https:\/\/tarauacanamidia.com.br\/wp-content\/uploads\/2026\/04\/155549-previsao-do-tempo-em-sp-para-quinta-16-sol-predomina-e-nao-ha-previsao-de-chuva-150x100.png 150w, https:\/\/tarauacanamidia.com.br\/wp-content\/uploads\/2026\/04\/155549-previsao-do-tempo-em-sp-para-quinta-16-sol-predomina-e-nao-ha-previsao-de-chuva-1200x800.png 1200w, https:\/\/tarauacanamidia.com.br\/wp-content\/uploads\/2026\/04\/155549-previsao-do-tempo-em-sp-para-quinta-16-sol-predomina-e-nao-ha-previsao-de-chuva-219x146.png 219w, https:\/\/tarauacanamidia.com.br\/wp-content\/uploads\/2026\/04\/155549-previsao-do-tempo-em-sp-para-quinta-16-sol-predomina-e-nao-ha-previsao-de-chuva.png 1536w\" \/><\/a>\t\t\t\n\t\t\t\n\t\t\t\n\t\t\t\t\t\t\t\n\t\t\t\t<span class=\"cat-labels cat-labels-overlay c-overlay p-bot-left\">\n\t\t\t\t<a href=\"https:\/\/tarauacanamidia.com.br\/?cat=79\" class=\"category term-color-79\" rel=\"category\" tabindex=\"-1\">Destaque Nacional<\/a>\n\t\t\t<\/span>\n\t\t\t\t\t\t\n\t\t\t\n\t\t\n\t\t<\/div>\n\t\n\n\t\n\t\t<div class=\"content\">\n\n\t\t\t<div class=\"post-meta post-meta-a\"><div class=\"post-meta-items meta-above\"><span class=\"meta-item post-cat\">\n\t\t\t\t\t\t\n\t\t\t\t\t\t<a href=\"https:\/\/tarauacanamidia.com.br\/?cat=79\" class=\"category term-color-79\" rel=\"category\">Destaque Nacional<\/a>\n\t\t\t\t\t<\/span>\n\t\t\t\t\t<\/div><h2 class=\"is-title post-title\"><a href=\"https:\/\/tarauacanamidia.com.br\/?p=155549\">Previs\u00e3o do tempo em SP para quinta (16): sol predomina e n\u00e3o h\u00e1 previs\u00e3o de chuva<\/a><\/h2><\/div>\t\t\t\n\t\t\t\n\t\t\t\n\t\t<\/div>\n\n\t\n<\/article>\t\t\t\t\t\n<article class=\"l-post grid-post grid-base-post\">\n\n\t\n\t\t\t<div class=\"media\">\n\n\t\t\n\t\t\t<a href=\"https:\/\/tarauacanamidia.com.br\/?p=155564\" class=\"image-link media-ratio ratio-is-custom\" title=\"Grupo encapuzado invade pr\u00e9dio da USP em S\u00e3o Paulo\"><img loading=\"lazy\" decoding=\"async\" width=\"408\" height=\"247\" src=\"https:\/\/tarauacanamidia.com.br\/wp-content\/uploads\/2026\/04\/155564-grupo-encapuzado-invade-predio-da-usp-em-sao-paulo-450x300.png\" class=\"attachment-bunyad-medium size-bunyad-medium wp-post-image\" alt=\"grupo-encapuzado-invade-predio-da-usp-em-sao-paulo\" sizes=\"(max-width: 408px) 100vw, 408px\" title=\"Grupo encapuzado invade pr\u00e9dio da USP em S\u00e3o Paulo\" srcset=\"https:\/\/tarauacanamidia.com.br\/wp-content\/uploads\/2026\/04\/155564-grupo-encapuzado-invade-predio-da-usp-em-sao-paulo-450x300.png 450w, https:\/\/tarauacanamidia.com.br\/wp-content\/uploads\/2026\/04\/155564-grupo-encapuzado-invade-predio-da-usp-em-sao-paulo-300x200.png 300w, https:\/\/tarauacanamidia.com.br\/wp-content\/uploads\/2026\/04\/155564-grupo-encapuzado-invade-predio-da-usp-em-sao-paulo-1024x683.png 1024w, https:\/\/tarauacanamidia.com.br\/wp-content\/uploads\/2026\/04\/155564-grupo-encapuzado-invade-predio-da-usp-em-sao-paulo-768x512.png 768w, https:\/\/tarauacanamidia.com.br\/wp-content\/uploads\/2026\/04\/155564-grupo-encapuzado-invade-predio-da-usp-em-sao-paulo-150x100.png 150w, https:\/\/tarauacanamidia.com.br\/wp-content\/uploads\/2026\/04\/155564-grupo-encapuzado-invade-predio-da-usp-em-sao-paulo-1200x800.png 1200w, https:\/\/tarauacanamidia.com.br\/wp-content\/uploads\/2026\/04\/155564-grupo-encapuzado-invade-predio-da-usp-em-sao-paulo-219x146.png 219w, https:\/\/tarauacanamidia.com.br\/wp-content\/uploads\/2026\/04\/155564-grupo-encapuzado-invade-predio-da-usp-em-sao-paulo.png 1536w\" \/><\/a>\t\t\t\n\t\t\t\n\t\t\t\n\t\t\t\t\t\t\t\n\t\t\t\t<span class=\"cat-labels cat-labels-overlay c-overlay p-bot-left\">\n\t\t\t\t<a href=\"https:\/\/tarauacanamidia.com.br\/?cat=79\" class=\"category term-color-79\" rel=\"category\" tabindex=\"-1\">Destaque Nacional<\/a>\n\t\t\t<\/span>\n\t\t\t\t\t\t\n\t\t\t\n\t\t\n\t\t<\/div>\n\t\n\n\t\n\t\t<div class=\"content\">\n\n\t\t\t<div class=\"post-meta post-meta-a\"><div class=\"post-meta-items meta-above\"><span class=\"meta-item post-cat\">\n\t\t\t\t\t\t\n\t\t\t\t\t\t<a href=\"https:\/\/tarauacanamidia.com.br\/?cat=79\" class=\"category term-color-79\" rel=\"category\">Destaque Nacional<\/a>\n\t\t\t\t\t<\/span>\n\t\t\t\t\t<\/div><h2 class=\"is-title post-title\"><a href=\"https:\/\/tarauacanamidia.com.br\/?p=155564\">Grupo encapuzado invade pr\u00e9dio da USP em S\u00e3o Paulo<\/a><\/h2><\/div>\t\t\t\n\t\t\t\n\t\t\t\n\t\t<\/div>\n\n\t\n<\/article>\t\t\t\t\t\n<article class=\"l-post grid-post grid-base-post\">\n\n\t\n\t\t\t<div class=\"media\">\n\n\t\t\n\t\t\t<a href=\"https:\/\/tarauacanamidia.com.br\/?p=155572\" class=\"image-link media-ratio ratio-is-custom\" title=\"Diagn\u00f3stico precoce \u00e9 fundamental no tratamento do Parkinson, alertam especialistas\"><img loading=\"lazy\" decoding=\"async\" width=\"408\" height=\"247\" src=\"https:\/\/tarauacanamidia.com.br\/wp-content\/uploads\/2026\/04\/155572-diagnostico-precoce-e-fundamental-no-tratamento-do-parkinson-alertam-especialistas-450x300.png\" class=\"attachment-bunyad-medium size-bunyad-medium wp-post-image\" alt=\"diagnostico-precoce-e-fundamental-no-tratamento-do-parkinson,-alertam-especialistas\" sizes=\"(max-width: 408px) 100vw, 408px\" title=\"Diagn\u00f3stico precoce \u00e9 fundamental no tratamento do Parkinson, alertam especialistas\" srcset=\"https:\/\/tarauacanamidia.com.br\/wp-content\/uploads\/2026\/04\/155572-diagnostico-precoce-e-fundamental-no-tratamento-do-parkinson-alertam-especialistas-450x300.png 450w, https:\/\/tarauacanamidia.com.br\/wp-content\/uploads\/2026\/04\/155572-diagnostico-precoce-e-fundamental-no-tratamento-do-parkinson-alertam-especialistas-300x200.png 300w, https:\/\/tarauacanamidia.com.br\/wp-content\/uploads\/2026\/04\/155572-diagnostico-precoce-e-fundamental-no-tratamento-do-parkinson-alertam-especialistas-1024x683.png 1024w, https:\/\/tarauacanamidia.com.br\/wp-content\/uploads\/2026\/04\/155572-diagnostico-precoce-e-fundamental-no-tratamento-do-parkinson-alertam-especialistas-768x512.png 768w, https:\/\/tarauacanamidia.com.br\/wp-content\/uploads\/2026\/04\/155572-diagnostico-precoce-e-fundamental-no-tratamento-do-parkinson-alertam-especialistas-150x100.png 150w, https:\/\/tarauacanamidia.com.br\/wp-content\/uploads\/2026\/04\/155572-diagnostico-precoce-e-fundamental-no-tratamento-do-parkinson-alertam-especialistas-1200x800.png 1200w, https:\/\/tarauacanamidia.com.br\/wp-content\/uploads\/2026\/04\/155572-diagnostico-precoce-e-fundamental-no-tratamento-do-parkinson-alertam-especialistas-219x146.png 219w, https:\/\/tarauacanamidia.com.br\/wp-content\/uploads\/2026\/04\/155572-diagnostico-precoce-e-fundamental-no-tratamento-do-parkinson-alertam-especialistas.png 1536w\" \/><\/a>\t\t\t\n\t\t\t\n\t\t\t\n\t\t\t\t\t\t\t\n\t\t\t\t<span class=\"cat-labels cat-labels-overlay c-overlay p-bot-left\">\n\t\t\t\t<a href=\"https:\/\/tarauacanamidia.com.br\/?cat=79\" class=\"category term-color-79\" rel=\"category\" tabindex=\"-1\">Destaque Nacional<\/a>\n\t\t\t<\/span>\n\t\t\t\t\t\t\n\t\t\t\n\t\t\n\t\t<\/div>\n\t\n\n\t\n\t\t<div class=\"content\">\n\n\t\t\t<div class=\"post-meta post-meta-a\"><div class=\"post-meta-items meta-above\"><span class=\"meta-item post-cat\">\n\t\t\t\t\t\t\n\t\t\t\t\t\t<a href=\"https:\/\/tarauacanamidia.com.br\/?cat=79\" class=\"category term-color-79\" rel=\"category\">Destaque Nacional<\/a>\n\t\t\t\t\t<\/span>\n\t\t\t\t\t<\/div><h2 class=\"is-title post-title\"><a href=\"https:\/\/tarauacanamidia.com.br\/?p=155572\">Diagn\u00f3stico precoce \u00e9 fundamental no tratamento do Parkinson, alertam especialistas<\/a><\/h2><\/div>\t\t\t\n\t\t\t\n\t\t\t\n\t\t<\/div>\n\n\t\n<\/article>\t\t\t\t\t\n<article class=\"l-post grid-post grid-base-post\">\n\n\t\n\t\t\t<div class=\"media\">\n\n\t\t\n\t\t\t<a href=\"https:\/\/tarauacanamidia.com.br\/?p=155470\" class=\"image-link media-ratio ratio-is-custom\" title=\"Fisioterapia precoce pode influenciar desenvolvimento de beb\u00eas, aponta especialista\"><img loading=\"lazy\" decoding=\"async\" width=\"408\" height=\"247\" src=\"https:\/\/tarauacanamidia.com.br\/wp-content\/uploads\/2026\/04\/155470-fisioterapia-precoce-pode-influenciar-desenvolvimento-de-bebes-aponta-especialista-450x300.png\" class=\"attachment-bunyad-medium size-bunyad-medium wp-post-image\" alt=\"fisioterapia-precoce-pode-influenciar-desenvolvimento-de-bebes,-aponta-especialista\" sizes=\"(max-width: 408px) 100vw, 408px\" title=\"Fisioterapia precoce pode influenciar desenvolvimento de beb\u00eas, aponta especialista\" srcset=\"https:\/\/tarauacanamidia.com.br\/wp-content\/uploads\/2026\/04\/155470-fisioterapia-precoce-pode-influenciar-desenvolvimento-de-bebes-aponta-especialista-450x300.png 450w, https:\/\/tarauacanamidia.com.br\/wp-content\/uploads\/2026\/04\/155470-fisioterapia-precoce-pode-influenciar-desenvolvimento-de-bebes-aponta-especialista-300x200.png 300w, https:\/\/tarauacanamidia.com.br\/wp-content\/uploads\/2026\/04\/155470-fisioterapia-precoce-pode-influenciar-desenvolvimento-de-bebes-aponta-especialista-1024x683.png 1024w, https:\/\/tarauacanamidia.com.br\/wp-content\/uploads\/2026\/04\/155470-fisioterapia-precoce-pode-influenciar-desenvolvimento-de-bebes-aponta-especialista-768x512.png 768w, https:\/\/tarauacanamidia.com.br\/wp-content\/uploads\/2026\/04\/155470-fisioterapia-precoce-pode-influenciar-desenvolvimento-de-bebes-aponta-especialista-150x100.png 150w, https:\/\/tarauacanamidia.com.br\/wp-content\/uploads\/2026\/04\/155470-fisioterapia-precoce-pode-influenciar-desenvolvimento-de-bebes-aponta-especialista-1200x800.png 1200w, https:\/\/tarauacanamidia.com.br\/wp-content\/uploads\/2026\/04\/155470-fisioterapia-precoce-pode-influenciar-desenvolvimento-de-bebes-aponta-especialista-219x146.png 219w, https:\/\/tarauacanamidia.com.br\/wp-content\/uploads\/2026\/04\/155470-fisioterapia-precoce-pode-influenciar-desenvolvimento-de-bebes-aponta-especialista.png 1536w\" \/><\/a>\t\t\t\n\t\t\t\n\t\t\t\n\t\t\t\t\t\t\t\n\t\t\t\t<span class=\"cat-labels cat-labels-overlay c-overlay p-bot-left\">\n\t\t\t\t<a href=\"https:\/\/tarauacanamidia.com.br\/?cat=64\" class=\"category term-color-64\" rel=\"category\" tabindex=\"-1\">Neg\u00f3cio em Destaque<\/a>\n\t\t\t<\/span>\n\t\t\t\t\t\t\n\t\t\t\n\t\t\n\t\t<\/div>\n\t\n\n\t\n\t\t<div class=\"content\">\n\n\t\t\t<div class=\"post-meta post-meta-a\"><div class=\"post-meta-items meta-above\"><span class=\"meta-item post-cat\">\n\t\t\t\t\t\t\n\t\t\t\t\t\t<a href=\"https:\/\/tarauacanamidia.com.br\/?cat=64\" class=\"category term-color-64\" rel=\"category\">Neg\u00f3cio em Destaque<\/a>\n\t\t\t\t\t<\/span>\n\t\t\t\t\t<\/div><h2 class=\"is-title post-title\"><a href=\"https:\/\/tarauacanamidia.com.br\/?p=155470\">Fisioterapia precoce pode influenciar desenvolvimento de beb\u00eas, aponta especialista<\/a><\/h2><\/div>\t\t\t\n\t\t\t\n\t\t\t\n\t\t<\/div>\n\n\t\n<\/article>\t\t\n\t<\/div>\n\n\t\t\n\t\t\t<\/div>\n\n\t\t<\/section>\n\t\t\t\t\t\t<\/div>\n\t\t\t\t<\/div>\n\t\t\t\t\t<\/div>\n\t\t<\/div>\n\t\t\t\t\t<\/div>\n\t\t<\/section>\n\t\t\t\t<section class=\"elementor-section elementor-top-section elementor-element elementor-element-6f4bc9a4 elementor-section-boxed elementor-section-height-default elementor-section-height-default\" data-id=\"6f4bc9a4\" data-element_type=\"section\" data-e-type=\"section\">\n\t\t\t\t\t\t<div class=\"elementor-container elementor-column-gap-no\">\n\t\t\t\t\t<div class=\"elementor-column elementor-col-50 elementor-top-column elementor-element elementor-element-7ce3931\" data-id=\"7ce3931\" data-element_type=\"column\" data-e-type=\"column\">\n\t\t\t<div class=\"elementor-widget-wrap elementor-element-populated\">\n\t\t\t\t\t\t<div class=\"elementor-element elementor-element-135a1452 elementor-widget elementor-widget-smartmag-featgrid\" data-id=\"135a1452\" data-element_type=\"widget\" data-e-type=\"widget\" data-widget_type=\"smartmag-featgrid.default\">\n\t\t\t\t<div class=\"elementor-widget-container\">\n\t\t\t\t\t\t\t<section class=\"block-wrap block-feat-grid block-sc mb-none\" data-id=\"31\">\n\n\t\t\t\t\n\t\t\t<div class=\"block-content\">\n\t\t\t\t\t\n<section class=\"feat-grid feat-grid-eq1 static feat-grid-height feat-grid-equals\">\n\n\t<div class=\"slides\" data-parallax>\n\t\n\t\n\t\t\t\t\t\n\t\t\t\t\t\t\t\n\t\t\n\t\t<\/div>\n\n<\/section>\n\t\t\t<\/div>\n\n\t\t<\/section>\n\t\t\t\t\t\t<\/div>\n\t\t\t\t<\/div>\n\t\t\t\t<div class=\"elementor-element elementor-element-47210e5a elementor-widget elementor-widget-smartmag-grid\" data-id=\"47210e5a\" data-element_type=\"widget\" data-e-type=\"widget\" data-widget_type=\"smartmag-grid.default\">\n\t\t\t\t<div class=\"elementor-widget-container\">\n\t\t\t\t\t\t\t<section class=\"block-wrap block-grid block-sc mb-none\" data-id=\"32\">\n\n\t\t\t\t\n\t\t\t<div class=\"block-content\">\n\t\t\t\t\t\n\t<div class=\"loop loop-grid loop-grid-card grid grid-2 md:grid-2 xs:grid-1\">\n\n\t\t\n\t<\/div>\n\n\t\t\n\t\t\t<\/div>\n\n\t\t<\/section>\n\t\t\t\t\t\t<\/div>\n\t\t\t\t<\/div>\n\t\t\t\t\t<\/div>\n\t\t<\/div>\n\t\t\t\t<div class=\"elementor-column elementor-col-50 elementor-top-column elementor-element elementor-element-2b093be1 ts-sticky-native\" data-id=\"2b093be1\" data-element_type=\"column\" data-e-type=\"column\">\n\t\t\t<div class=\"elementor-widget-wrap elementor-element-populated\">\n\t\t\t\t\t\t<div class=\"elementor-element elementor-element-76102e52 elementor-widget elementor-widget-smartmag-postslist\" data-id=\"76102e52\" data-element_type=\"widget\" data-e-type=\"widget\" data-widget_type=\"smartmag-postslist.default\">\n\t\t\t\t<div class=\"elementor-widget-container\">\n\t\t\t\t\t\t\t<section class=\"block-wrap block-posts-list block-sc mb-none\" data-id=\"33\">\n\n\t\t\t\t\t\t\t\t\n\t\t\t\t\t\t\t\n\t\t\t\t<div class=\"block-head block-head-ac block-head-c is-left\">\n\n\t\t\t\t\t<h4 class=\"heading\">NOSSOS COLUNISTAS<\/h4>\t\t\t\t\t\n\t\t\t\t\t\t\t\t\t<\/div>\n\t\t\t\t\n\t\t\t\n\t\t\t\n\t\t\t<div class=\"block-content\">\n\t\t\t\t\t\n\t<div class=\"loop loop-list loop-sep loop-list-sep grid grid-1 md:grid-1 sm:grid-1\">\n\n\t\t\n\t<\/div>\n\n\t\t\t\t\t<\/div>\n\n\t\t<\/section>\n\t\t\t\t\t\t<\/div>\n\t\t\t\t<\/div>\n\t\t\t\t\t<\/div>\n\t\t<\/div>\n\t\t\t\t\t<\/div>\n\t\t<\/section>\n\t\t\t\t<\/div>\n\t\t","protected":false},"excerpt":{"rendered":"<p>Tecnologia 22 de abril de 2026 Campo de Marte pode receber primeiro vertiporto para aeronaves el\u00e9tricas em SP Tecnologia 22 de abril de 2026 Pol\u00edcia apreende cerca de 300 kg de drogas em ch\u00e1cara no interior de SP com aux\u00edlio de drone Tecnologia 22 de abril de 2026 Intelig\u00eancia artificial passa a ser usada no<\/p>\n","protected":false},"author":1,"featured_media":0,"parent":0,"menu_order":0,"comment_status":"closed","ping_status":"closed","template":"elementor_header_footer","meta":{"footnotes":""},"class_list":["post-5330","page","type-page","status-publish"],"_links":{"self":[{"href":"https:\/\/tarauacanamidia.com.br\/index.php?rest_route=\/wp\/v2\/pages\/5330","targetHints":{"allow":["GET"]}}],"collection":[{"href":"https:\/\/tarauacanamidia.com.br\/index.php?rest_route=\/wp\/v2\/pages"}],"about":[{"href":"https:\/\/tarauacanamidia.com.br\/index.php?rest_route=\/wp\/v2\/types\/page"}],"author":[{"embeddable":true,"href":"https:\/\/tarauacanamidia.com.br\/index.php?rest_route=\/wp\/v2\/users\/1"}],"replies":[{"embeddable":true,"href":"https:\/\/tarauacanamidia.com.br\/index.php?rest_route=%2Fwp%2Fv2%2Fcomments&post=5330"}],"version-history":[{"count":54,"href":"https:\/\/tarauacanamidia.com.br\/index.php?rest_route=\/wp\/v2\/pages\/5330\/revisions"}],"predecessor-version":[{"id":155612,"href":"https:\/\/tarauacanamidia.com.br\/index.php?rest_route=\/wp\/v2\/pages\/5330\/revisions\/155612"}],"wp:attachment":[{"href":"https:\/\/tarauacanamidia.com.br\/index.php?rest_route=%2Fwp%2Fv2%2Fmedia&parent=5330"}],"curies":[{"name":"wp","href":"https:\/\/api.w.org\/{rel}","templated":true}]}}